{"id":100682,"date":"2024-03-15T15:47:27","date_gmt":"2024-03-15T18:47:27","guid":{"rendered":"https:\/\/cebb.org.br\/?page_id=100682"},"modified":"2024-05-15T09:18:34","modified_gmt":"2024-05-15T12:18:34","slug":"david-loy","status":"publish","type":"page","link":"https:\/\/cebb.org.br\/en\/david-loy\/","title":{"rendered":"David Loy"},"content":{"rendered":"<div data-elementor-type=\"wp-page\" data-elementor-id=\"100682\" class=\"elementor elementor-100682\" data-elementor-post-type=\"page\">\n\t\t\t\t\t\t<section class=\"elementor-section elementor-top-section elementor-element elementor-element-d34adb3 elementor-section-boxed elementor-section-height-default elementor-section-height-default\" data-id=\"d34adb3\" data-element_type=\"section\" data-e-type=\"section\">\n\t\t\t\t\t\t<div class=\"elementor-container elementor-column-gap-default\">\n\t\t\t\t\t<div class=\"elementor-column elementor-col-100 elementor-top-column elementor-element elementor-element-29d6dad\" data-id=\"29d6dad\" data-element_type=\"column\" data-e-type=\"column\">\n\t\t\t<div class=\"elementor-widget-wrap elementor-element-populated\">\n\t\t\t\t\t\t<div class=\"elementor-element elementor-element-5960434 elementor-widget elementor-widget-text-editor\" data-id=\"5960434\" data-element_type=\"widget\" data-e-type=\"widget\" data-widget_type=\"text-editor.default\">\n\t\t\t\t<div class=\"elementor-widget-container\">\n\t\t\t\t\t\t\t\t\t<p><b><i>O CEBB estar\u00e1 recebendo o Professor David Loy no Brasil. Ele ir\u00e1 percorrer diferentes centros urbanos e rurais, oferendo encontros, ensinamentos e compartilhando experi\u00eancias com a sanga. Acompanhe a programa\u00e7\u00e3o!<\/i><\/b><\/p>\t\t\t\t\t\t\t\t<\/div>\n\t\t\t\t<\/div>\n\t\t\t\t\t<\/div>\n\t\t<\/div>\n\t\t\t\t\t<\/div>\n\t\t<\/section>\n\t\t\t\t<section class=\"elementor-section elementor-top-section elementor-element elementor-element-cd5e7ff elementor-section-boxed elementor-section-height-default elementor-section-height-default\" data-id=\"cd5e7ff\" data-element_type=\"section\" data-e-type=\"section\">\n\t\t\t\t\t\t<div class=\"elementor-container elementor-column-gap-default\">\n\t\t\t\t\t<div class=\"elementor-column elementor-col-100 elementor-top-column elementor-element elementor-element-34e6242\" data-id=\"34e6242\" data-element_type=\"column\" data-e-type=\"column\">\n\t\t\t<div class=\"elementor-widget-wrap elementor-element-populated\">\n\t\t\t\t\t\t<div class=\"elementor-element elementor-element-446a096 elementor-widget elementor-widget-text-editor\" data-id=\"446a096\" data-element_type=\"widget\" data-e-type=\"widget\" data-widget_type=\"text-editor.default\">\n\t\t\t\t<div class=\"elementor-widget-container\">\n\t\t\t\t\t\t\t\t\t<p><strong>RETIROS PELO BRASIL<br \/><\/strong><\/p><hr \/>\t\t\t\t\t\t\t\t<\/div>\n\t\t\t\t<\/div>\n\t\t\t\t<div class=\"elementor-element elementor-element-f96f886 elementor-widget elementor-widget-text-editor\" data-id=\"f96f886\" data-element_type=\"widget\" data-e-type=\"widget\" data-widget_type=\"text-editor.default\">\n\t\t\t\t<div class=\"elementor-widget-container\">\n\t\t\t\t\t\t\t\t\t<p>O professor David Loy ir\u00e1 estar presente em diferentes CEBBs Urbanos e Rurais, oferecendo retiros, palestras e encontros, conhecendo a sanga e compartilhando ensinamentos.<\/p>\t\t\t\t\t\t\t\t<\/div>\n\t\t\t\t<\/div>\n\t\t\t\t<div class=\"elementor-element elementor-element-8fb4c8e elementor-widget elementor-widget-text-editor\" data-id=\"8fb4c8e\" data-element_type=\"widget\" data-e-type=\"widget\" data-widget_type=\"text-editor.default\">\n\t\t\t\t<div class=\"elementor-widget-container\">\n\t\t\t\t\t\t\t\t\t<h3><strong>S\u00e3o Paulo (SP)\u00a0<\/strong><\/h3><p><a href=\"https:\/\/cebb.org.br\/en\/visita-david-loy-cebb-dewachen\/\"><em><span style=\"text-decoration: underline;\"><strong>01 de Maio | Visita \u00e0 Aldeia Dewachen (Janiru SP)<\/strong><\/span><\/em><\/a><\/p><p><a href=\"https:\/\/cebb.org.br\/en\/retiro-sp-david-loy\/\"><em><span style=\"text-decoration: underline;\"><strong>4 e 5 de Maio | Retiro em SP | &#8220;Curando a Terra, descobrindo nosso lugar coletivo no Mundo&#8221; <\/strong><\/span><\/em><\/a><\/p><h3><strong>Recife e Timba\u00faba (PE)\u00a0<\/strong><strong>\u00a0<\/strong><\/h3><p><em><strong><span style=\"text-decoration: underline;\"><a href=\"https:\/\/cebb.org.br\/en\/david-loy-recife\/\">8 e 9 de maio | Palestras em Recife &#8211; Por que o Budismo e o Ocidente precisam um do outro? (UFPE) e Curando a Terra: Descobrindo nosso lugar coletivo no Mundo (NEIMFA)<\/a><\/span><\/strong><\/em><\/p><p><em><strong><span style=\"text-decoration: underline;\"><a href=\"https:\/\/cebb.org.br\/en\/retiro-ecodarma\/\">10, 11 e 12 de maio | Retiro em Timba\u00faba (PE) CEBB Darmata |&#8221;Retiro Ecodarma: De volta ao caminho natural, o poder curativo da medita\u00e7\u00e3o na natureza&#8221;<\/a><\/span><\/strong><\/em><\/p><h3><strong><br \/>Bras\u00edlia e Alto Para\u00edso (GO)\u00a0<\/strong><\/h3><p><a href=\"https:\/\/cebb.org.br\/en\/palestra-em-brasilia-ecologia-curativa-uma-perspectiva-budista-sobre-a-crise-ecologica-com-david-loy\/\"><em><span style=\"text-decoration: underline;\"><strong>15 de Maio | Palestra em Bras\u00edlia | Ecologia Curativa: Uma perspectiva budista sobre a crise ecol\u00f3gica <\/strong><\/span><\/em><\/a><\/p><p><a href=\"https:\/\/cebb.org.br\/en\/retiro-cebb-alto-paraiso-dinheiro-sexo-guerra-carma-notas-para-uma-revolucao-budista-interconexao-comunidade-e-transformacao-global-com-david-loy\/\"><em><strong><span style=\"text-decoration: underline;\"> 17, 18 e 19 de Maio | Retiro em Alto Para\u00edso (GO) |&#8221;Dinheiro, Sexo, Guerra, Carma: Notas para uma Revolu\u00e7\u00e3o Budista&#8221;<\/span><\/strong><\/em><\/a><\/p><h3><strong><br \/>Quatro Barras e Curitiba (PR)<\/strong><\/h3><p><em><strong><span style=\"text-decoration: underline;\"><a href=\"https:\/\/cebb.org.br\/en\/ecodarma-o-caminho-do-ecosatva-retiro-com-david-loy\/\">24, 25 e 26 de Maio | Retiro em\u00a0 Quatro Barras (PR) CEBB Sukhavati |&#8221;Ecodarma, o caminho do Ecosatva&#8221;<\/a> <\/span><\/strong><\/em><\/p><h3><strong><br \/>Florian\u00f3polis e Canelinha (SC)\u00a0<\/strong><\/h3><p><em><strong><a href=\"https:\/\/cebb.org.br\/en\/palestra-resiliencia\/\">29 de maio | Palestra Como responder com resili\u00eancia \u00e0 crise clim\u00e1tica? | Cebb Florian\u00f3polis (SC)<\/a><\/strong><\/em><\/p><p><em><strong><span style=\"text-decoration: underline;\"><a href=\"https:\/\/cebb.org.br\/en\/interconexao-cebb-mendjila\/\">30 de maio \u00e0 02 de junho | Retiro em\u00a0 Canelinha (SC) CEBB Caminho do Meio |&#8221;Interconex\u00e3o, comunidade e transforma\u00e7\u00e3o global&#8221;<\/a> <\/span><\/strong><\/em><\/p><div class=\"notranslate\" style=\"all: initial;\">\u00a0<\/div>\t\t\t\t\t\t\t\t<\/div>\n\t\t\t\t<\/div>\n\t\t\t\t<div class=\"elementor-element elementor-element-c09c2cf elementor-widget elementor-widget-text-editor\" data-id=\"c09c2cf\" data-element_type=\"widget\" data-e-type=\"widget\" data-widget_type=\"text-editor.default\">\n\t\t\t\t<div class=\"elementor-widget-container\">\n\t\t\t\t\t\t\t\t\t<p><strong><a href=\"https:\/\/caminhodomeio.org.br\/\">INSCRI\u00c7\u00d5ES PARA OS RETIROS ONLINE<\/a><br \/><\/strong><\/p><hr \/>\t\t\t\t\t\t\t\t<\/div>\n\t\t\t\t<\/div>\n\t\t\t\t\t<\/div>\n\t\t<\/div>\n\t\t\t\t\t<\/div>\n\t\t<\/section>\n\t\t\t\t<section class=\"elementor-section elementor-top-section elementor-element elementor-element-a998723 elementor-section-boxed elementor-section-height-default elementor-section-height-default\" data-id=\"a998723\" data-element_type=\"section\" data-e-type=\"section\">\n\t\t\t\t\t\t<div class=\"elementor-container elementor-column-gap-default\">\n\t\t\t\t\t<div class=\"elementor-column elementor-col-50 elementor-top-column elementor-element elementor-element-8082416\" data-id=\"8082416\" data-element_type=\"column\" data-e-type=\"column\">\n\t\t\t<div class=\"elementor-widget-wrap elementor-element-populated\">\n\t\t\t\t\t\t<div class=\"elementor-element elementor-element-504a7bb elementor-widget elementor-widget-image\" data-id=\"504a7bb\" data-element_type=\"widget\" data-e-type=\"widget\" data-widget_type=\"image.default\">\n\t\t\t\t<div class=\"elementor-widget-container\">\n\t\t\t\t\t\t\t\t\t\t\t\t\t\t\t<img fetchpriority=\"high\" decoding=\"async\" width=\"685\" height=\"1024\" src=\"https:\/\/cebb.org.br\/wp-content\/uploads\/2024\/03\/IASphoto2-685x1024.jpg\" class=\"attachment-large size-large wp-image-100685\" alt=\"\" srcset=\"https:\/\/cebb.org.br\/wp-content\/uploads\/2024\/03\/IASphoto2-685x1024.jpg 685w, https:\/\/cebb.org.br\/wp-content\/uploads\/2024\/03\/IASphoto2-201x300.jpg 201w, https:\/\/cebb.org.br\/wp-content\/uploads\/2024\/03\/IASphoto2-768x1147.jpg 768w, https:\/\/cebb.org.br\/wp-content\/uploads\/2024\/03\/IASphoto2-1028x1536.jpg 1028w, https:\/\/cebb.org.br\/wp-content\/uploads\/2024\/03\/IASphoto2-1371x2048.jpg 1371w, https:\/\/cebb.org.br\/wp-content\/uploads\/2024\/03\/IASphoto2-scaled.jpg 1714w\" sizes=\"(max-width: 685px) 100vw, 685px\" \/>\t\t\t\t\t\t\t\t\t\t\t\t\t\t\t<\/div>\n\t\t\t\t<\/div>\n\t\t\t\t\t<\/div>\n\t\t<\/div>\n\t\t\t\t<div class=\"elementor-column elementor-col-50 elementor-top-column elementor-element elementor-element-b27e7aa\" data-id=\"b27e7aa\" data-element_type=\"column\" data-e-type=\"column\">\n\t\t\t<div class=\"elementor-widget-wrap elementor-element-populated\">\n\t\t\t\t\t\t<div class=\"elementor-element elementor-element-a71064d elementor-widget elementor-widget-text-editor\" data-id=\"a71064d\" data-element_type=\"widget\" data-e-type=\"widget\" data-widget_type=\"text-editor.default\">\n\t\t\t\t<div class=\"elementor-widget-container\">\n\t\t\t\t\t\t\t\t\t<p><strong>David Loy<\/strong><\/p>\t\t\t\t\t\t\t\t<\/div>\n\t\t\t\t<\/div>\n\t\t\t\t<div class=\"elementor-element elementor-element-5f546b1 elementor-widget elementor-widget-text-editor\" data-id=\"5f546b1\" data-element_type=\"widget\" data-e-type=\"widget\" data-widget_type=\"text-editor.default\">\n\t\t\t\t<div class=\"elementor-widget-container\">\n\t\t\t\t\t\t\t\t\tDavid Loy \u00e9 um professor Zen, ativista, soci\u00f3logo e fundador do Centro de EcoDarma das Montanhas Rochosas (Rocky Mountain EcoDharma Center), no Colorado, EUA. Escritor prol\u00edfico, seu trabalho tem usado o entendimento budista da vacuidade para analisar a hist\u00f3ria do ocidente e os problemas globais contempor\u00e2neos. Loy atua em diversos grupos e movimentos, incluindo o Extinction Rebellion e os Zen Peacemakers.\t\t\t\t\t\t\t\t<\/div>\n\t\t\t\t<\/div>\n\t\t\t\t<div class=\"elementor-element elementor-element-b36a40f elementor-widget elementor-widget-text-editor\" data-id=\"b36a40f\" data-element_type=\"widget\" data-e-type=\"widget\" data-widget_type=\"text-editor.default\">\n\t\t\t\t<div class=\"elementor-widget-container\">\n\t\t\t\t\t\t\t\t\t<p><span style=\"text-decoration: underline;\"><em><a href=\"https:\/\/davidloy.org\/\">website David Loy<\/a><\/em><\/span><\/p>\t\t\t\t\t\t\t\t<\/div>\n\t\t\t\t<\/div>\n\t\t\t\t\t<\/div>\n\t\t<\/div>\n\t\t\t\t\t<\/div>\n\t\t<\/section>\n\t\t\t\t<section class=\"elementor-section elementor-top-section elementor-element elementor-element-bbd7410 elementor-section-boxed elementor-section-height-default elementor-section-height-default\" data-id=\"bbd7410\" data-element_type=\"section\" data-e-type=\"section\">\n\t\t\t\t\t\t<div class=\"elementor-container elementor-column-gap-default\">\n\t\t\t\t\t<div class=\"elementor-column elementor-col-100 elementor-top-column elementor-element elementor-element-6dd3f1d\" data-id=\"6dd3f1d\" data-element_type=\"column\" data-e-type=\"column\">\n\t\t\t<div class=\"elementor-widget-wrap elementor-element-populated\">\n\t\t\t\t\t\t<div class=\"elementor-element elementor-element-1e51b40 elementor-widget elementor-widget-image\" data-id=\"1e51b40\" data-element_type=\"widget\" data-e-type=\"widget\" data-widget_type=\"image.default\">\n\t\t\t\t<div class=\"elementor-widget-container\">\n\t\t\t\t\t\t\t\t\t\t\t\t\t\t\t<img decoding=\"async\" width=\"150\" height=\"23\" src=\"https:\/\/cebb.org.br\/wp-content\/uploads\/2021\/05\/linha-com-no-infinto.png\" class=\"attachment-full size-full wp-image-83907\" alt=\"\" \/>\t\t\t\t\t\t\t\t\t\t\t\t\t\t\t<\/div>\n\t\t\t\t<\/div>\n\t\t\t\t\t<\/div>\n\t\t<\/div>\n\t\t\t\t\t<\/div>\n\t\t<\/section>\n\t\t\t\t<section class=\"elementor-section elementor-top-section elementor-element elementor-element-a919c9f elementor-section-boxed elementor-section-height-default elementor-section-height-default\" data-id=\"a919c9f\" data-element_type=\"section\" data-e-type=\"section\">\n\t\t\t\t\t\t<div class=\"elementor-container elementor-column-gap-default\">\n\t\t\t\t\t<div class=\"elementor-column elementor-col-50 elementor-top-column elementor-element elementor-element-f88ba23\" data-id=\"f88ba23\" data-element_type=\"column\" data-e-type=\"column\">\n\t\t\t<div class=\"elementor-widget-wrap elementor-element-populated\">\n\t\t\t\t\t\t<div class=\"elementor-element elementor-element-d3ba5f4 elementor-widget elementor-widget-gallery\" data-id=\"d3ba5f4\" data-element_type=\"widget\" data-e-type=\"widget\" data-settings=\"{&quot;gallery_layout&quot;:&quot;masonry&quot;,&quot;columns&quot;:2,&quot;gap&quot;:{&quot;unit&quot;:&quot;px&quot;,&quot;size&quot;:7,&quot;sizes&quot;:[]},&quot;lazyload&quot;:&quot;yes&quot;,&quot;columns_tablet&quot;:2,&quot;columns_mobile&quot;:1,&quot;gap_tablet&quot;:{&quot;unit&quot;:&quot;px&quot;,&quot;size&quot;:10,&quot;sizes&quot;:[]},&quot;gap_mobile&quot;:{&quot;unit&quot;:&quot;px&quot;,&quot;size&quot;:10,&quot;sizes&quot;:[]},&quot;link_to&quot;:&quot;file&quot;,&quot;overlay_background&quot;:&quot;yes&quot;,&quot;content_hover_animation&quot;:&quot;fade-in&quot;}\" data-widget_type=\"gallery.default\">\n\t\t\t\t<div class=\"elementor-widget-container\">\n\t\t\t\t\t\t\t<div class=\"elementor-gallery__container\">\n\t\t\t\t\t\t\t<a class=\"e-gallery-item elementor-gallery-item elementor-animated-content\" href=\"https:\/\/cebb.org.br\/wp-content\/uploads\/2024\/03\/David-and-lama-smiles.png\" data-elementor-open-lightbox=\"yes\" data-elementor-lightbox-slideshow=\"d3ba5f4\" data-elementor-lightbox-title=\"David and lama smiles\" data-e-action-hash=\"#elementor-action%3Aaction%3Dlightbox%26settings%3DeyJpZCI6MTAwOTAzLCJ1cmwiOiJodHRwczpcL1wvY2ViYi5vcmcuYnJcL3dwLWNvbnRlbnRcL3VwbG9hZHNcLzIwMjRcLzAzXC9EYXZpZC1hbmQtbGFtYS1zbWlsZXMucG5nIiwic2xpZGVzaG93IjoiZDNiYTVmNCJ9\">\n\t\t\t\t\t<div class=\"e-gallery-image elementor-gallery-item__image\" data-thumbnail=\"https:\/\/cebb.org.br\/wp-content\/uploads\/2024\/03\/David-and-lama-smiles.png\" data-width=\"1353\" data-height=\"381\" aria-label=\"\" role=\"img\" ><\/div>\n\t\t\t\t\t\t\t\t\t\t\t<div class=\"elementor-gallery-item__overlay\"><\/div>\n\t\t\t\t\t\t\t\t\t\t\t\t\t\t<\/a>\n\t\t\t\t\t\t\t<a class=\"e-gallery-item elementor-gallery-item elementor-animated-content\" href=\"https:\/\/cebb.org.br\/wp-content\/uploads\/2024\/03\/David-lama-and-Andreas-e1765930629139.png\" data-elementor-open-lightbox=\"yes\" data-elementor-lightbox-slideshow=\"d3ba5f4\" data-elementor-lightbox-title=\"David, lama and Andreas\" data-e-action-hash=\"#elementor-action%3Aaction%3Dlightbox%26settings%3DeyJpZCI6MTAwOTAyLCJ1cmwiOiJodHRwczpcL1wvY2ViYi5vcmcuYnJcL3dwLWNvbnRlbnRcL3VwbG9hZHNcLzIwMjRcLzAzXC9EYXZpZC1sYW1hLWFuZC1BbmRyZWFzLWUxNzY1OTMwNjI5MTM5LnBuZyIsInNsaWRlc2hvdyI6ImQzYmE1ZjQifQ%3D%3D\">\n\t\t\t\t\t<div class=\"e-gallery-image elementor-gallery-item__image\" data-thumbnail=\"https:\/\/cebb.org.br\/wp-content\/uploads\/2024\/03\/David-lama-and-Andreas-e1765930629139.png\" data-width=\"554\" data-height=\"330\" aria-label=\"\" role=\"img\" ><\/div>\n\t\t\t\t\t\t\t\t\t\t\t<div class=\"elementor-gallery-item__overlay\"><\/div>\n\t\t\t\t\t\t\t\t\t\t\t\t\t\t<\/a>\n\t\t\t\t\t\t\t<a class=\"e-gallery-item elementor-gallery-item elementor-animated-content\" href=\"https:\/\/cebb.org.br\/wp-content\/uploads\/2024\/03\/David-lama-and-sanga.png\" data-elementor-open-lightbox=\"yes\" data-elementor-lightbox-slideshow=\"d3ba5f4\" data-elementor-lightbox-title=\"David, lama and sanga\" data-e-action-hash=\"#elementor-action%3Aaction%3Dlightbox%26settings%3DeyJpZCI6MTAwOTA2LCJ1cmwiOiJodHRwczpcL1wvY2ViYi5vcmcuYnJcL3dwLWNvbnRlbnRcL3VwbG9hZHNcLzIwMjRcLzAzXC9EYXZpZC1sYW1hLWFuZC1zYW5nYS5wbmciLCJzbGlkZXNob3ciOiJkM2JhNWY0In0%3D\">\n\t\t\t\t\t<div class=\"e-gallery-image elementor-gallery-item__image\" data-thumbnail=\"https:\/\/cebb.org.br\/wp-content\/uploads\/2024\/03\/David-lama-and-sanga.png\" data-width=\"1157\" data-height=\"662\" aria-label=\"\" role=\"img\" ><\/div>\n\t\t\t\t\t\t\t\t\t\t\t<div class=\"elementor-gallery-item__overlay\"><\/div>\n\t\t\t\t\t\t\t\t\t\t\t\t\t\t<\/a>\n\t\t\t\t\t\t\t<a class=\"e-gallery-item elementor-gallery-item elementor-animated-content\" href=\"https:\/\/cebb.org.br\/wp-content\/uploads\/2024\/03\/David-and-lama.png\" data-elementor-open-lightbox=\"yes\" data-elementor-lightbox-slideshow=\"d3ba5f4\" data-elementor-lightbox-title=\"David and lama\" data-e-action-hash=\"#elementor-action%3Aaction%3Dlightbox%26settings%3DeyJpZCI6MTAwOTA0LCJ1cmwiOiJodHRwczpcL1wvY2ViYi5vcmcuYnJcL3dwLWNvbnRlbnRcL3VwbG9hZHNcLzIwMjRcLzAzXC9EYXZpZC1hbmQtbGFtYS5wbmciLCJzbGlkZXNob3ciOiJkM2JhNWY0In0%3D\">\n\t\t\t\t\t<div class=\"e-gallery-image elementor-gallery-item__image\" data-thumbnail=\"https:\/\/cebb.org.br\/wp-content\/uploads\/2024\/03\/David-and-lama.png\" data-width=\"1353\" data-height=\"377\" aria-label=\"\" role=\"img\" ><\/div>\n\t\t\t\t\t\t\t\t\t\t\t<div class=\"elementor-gallery-item__overlay\"><\/div>\n\t\t\t\t\t\t\t\t\t\t\t\t\t\t<\/a>\n\t\t\t\t\t<\/div>\n\t\t\t\t\t<\/div>\n\t\t\t\t<\/div>\n\t\t\t\t<div class=\"elementor-element elementor-element-07e257c elementor-widget elementor-widget-text-editor\" data-id=\"07e257c\" data-element_type=\"widget\" data-e-type=\"widget\" data-widget_type=\"text-editor.default\">\n\t\t\t\t<div class=\"elementor-widget-container\">\n\t\t\t\t\t\t\t\t\tLama Padma Samten e David Loy, no encontro Cebb Talks de 12 de novembro de 2020. O tema do encontro foi <em><br>Crise mundial e novos caminhos espirituais.<\/em>\t\t\t\t\t\t\t\t<\/div>\n\t\t\t\t<\/div>\n\t\t\t\t\t<\/div>\n\t\t<\/div>\n\t\t\t\t<div class=\"elementor-column elementor-col-50 elementor-top-column elementor-element elementor-element-48feb68\" data-id=\"48feb68\" data-element_type=\"column\" data-e-type=\"column\">\n\t\t\t<div class=\"elementor-widget-wrap elementor-element-populated\">\n\t\t\t\t\t\t<div class=\"elementor-element elementor-element-0aaf766 elementor-widget elementor-widget-video\" data-id=\"0aaf766\" data-element_type=\"widget\" data-e-type=\"widget\" data-settings=\"{&quot;youtube_url&quot;:&quot;https:\\\/\\\/www.youtube.com\\\/watch?v=_HClFtxgsP0&quot;,&quot;video_type&quot;:&quot;youtube&quot;,&quot;controls&quot;:&quot;yes&quot;}\" data-widget_type=\"video.default\">\n\t\t\t\t<div class=\"elementor-widget-container\">\n\t\t\t\t\t\t\t<div class=\"elementor-wrapper elementor-open-inline\">\n\t\t\t<div class=\"elementor-video\"><\/div>\t\t<\/div>\n\t\t\t\t\t\t<\/div>\n\t\t\t\t<\/div>\n\t\t\t\t\t<\/div>\n\t\t<\/div>\n\t\t\t\t\t<\/div>\n\t\t<\/section>\n\t\t\t\t<section class=\"elementor-section elementor-top-section elementor-element elementor-element-309ebbe elementor-section-boxed elementor-section-height-default elementor-section-height-default\" data-id=\"309ebbe\" data-element_type=\"section\" data-e-type=\"section\">\n\t\t\t\t\t\t<div class=\"elementor-container elementor-column-gap-default\">\n\t\t\t\t\t<div class=\"elementor-column elementor-col-100 elementor-top-column elementor-element elementor-element-864f6c3\" data-id=\"864f6c3\" data-element_type=\"column\" data-e-type=\"column\">\n\t\t\t<div class=\"elementor-widget-wrap elementor-element-populated\">\n\t\t\t\t\t\t<div class=\"elementor-element elementor-element-9236704 elementor-widget elementor-widget-text-editor\" data-id=\"9236704\" data-element_type=\"widget\" data-e-type=\"widget\" data-widget_type=\"text-editor.default\">\n\t\t\t\t<div class=\"elementor-widget-container\">\n\t\t\t\t\t\t\t\t\t<p><strong>David Loy e o CEBB<\/strong><\/p>\t\t\t\t\t\t\t\t<\/div>\n\t\t\t\t<\/div>\n\t\t\t\t<div class=\"elementor-element elementor-element-34bf844 elementor-widget elementor-widget-image\" data-id=\"34bf844\" data-element_type=\"widget\" data-e-type=\"widget\" data-widget_type=\"image.default\">\n\t\t\t\t<div class=\"elementor-widget-container\">\n\t\t\t\t\t\t\t\t\t\t\t\t\t\t\t<img decoding=\"async\" width=\"150\" height=\"23\" src=\"https:\/\/cebb.org.br\/wp-content\/uploads\/2021\/05\/linha-com-no-infinto.png\" class=\"attachment-full size-full wp-image-83907\" alt=\"\" \/>\t\t\t\t\t\t\t\t\t\t\t\t\t\t\t<\/div>\n\t\t\t\t<\/div>\n\t\t\t\t\t<\/div>\n\t\t<\/div>\n\t\t\t\t\t<\/div>\n\t\t<\/section>\n\t\t\t\t<section class=\"elementor-section elementor-top-section elementor-element elementor-element-95d8af5 elementor-section-boxed elementor-section-height-default elementor-section-height-default\" data-id=\"95d8af5\" data-element_type=\"section\" data-e-type=\"section\">\n\t\t\t\t\t\t<div class=\"elementor-container elementor-column-gap-default\">\n\t\t\t\t\t<div class=\"elementor-column elementor-col-100 elementor-top-column elementor-element elementor-element-59cff38\" data-id=\"59cff38\" data-element_type=\"column\" data-e-type=\"column\">\n\t\t\t<div class=\"elementor-widget-wrap elementor-element-populated\">\n\t\t\t\t\t\t<div class=\"elementor-element elementor-element-dc14122 elementor-widget elementor-widget-text-editor\" data-id=\"dc14122\" data-element_type=\"widget\" data-e-type=\"widget\" data-widget_type=\"text-editor.default\">\n\t\t\t\t<div class=\"elementor-widget-container\">\n\t\t\t\t\t\t\t\t\t<p>A eco-crise \u00e9 tamb\u00e9m uma crise espiritual? Como o budismo pode contribuir para responder \u00e0s m\u00faltiplas crises do colapso ecol\u00f3gico, da instabilidade pol\u00edtica, do racismo e do sexismo e da profunda desigualdade? <strong>Qual \u00e9 o caminho do Ecosattva no s\u00e9culo XXI?<\/strong><\/p><p><em>O Mestre Zen fil\u00f3sofo e autor David Loy, reuniu essas quest\u00f5es por meio da abordagem do Ecodharma.<\/em><\/p><p>David lembra que<strong><em> a crise ecol\u00f3gica \u00e9 um novo desafio que os ensinamentos budistas tradicionais<\/em> <\/strong>n\u00e3o abordam, mas muitos desses ensinamentos t\u00eam implica\u00e7\u00f5es que s\u00e3o relevantes para a nossa situa\u00e7\u00e3o contempor\u00e2nea. Por exemplo, ele argumenta que existem paralelos importantes entre a nossa situa\u00e7\u00e3o pessoal habitual \u2013 o nosso sentimento de separa\u00e7\u00e3o do resto do mundo \u2013 e o nosso sentimento coletivo de separa\u00e7\u00e3o do mundo natural hoje. <strong>Ele pergunta se existem paralelos importantes entre as solu\u00e7\u00f5es?<\/strong><\/p><p>David tamb\u00e9m ressalta que depois que o Buda saiu de casa, ele meditou na natureza, despertou sob uma \u00e1rvore e viveu e ensinou principalmente no mundo natural. Quando desafiado por Mara, o Buda tocou a Terra, dizendo que a pr\u00f3pria Terra foi testemunha do seu despertar. <strong>David nos pergunta o que se perde ao trazer o budismo para dentro?<\/strong> Ele diz que h\u00e1 algo especial e precioso em meditar ao ar livre, na natureza, e redescobrir nossa profunda conex\u00e3o com ela.<\/p><p>De acordo com David, o pr\u00f3prio budismo precisa se transformar para responder adequadamente \u00e0s exig\u00eancias do s\u00e9culo XXI. Por exemplo, na \u00e9poca do Buda, o sofrimento (dukkha) era entendido como uma quest\u00e3o mais pessoal. David abre caminhos para responder \u00e0 forma como o sofrimento tamb\u00e9m \u00e9 coletivo e institucionalizado atrav\u00e9s da economia (gan\u00e2ncia), guerra e coloniza\u00e7\u00e3o (m\u00e1 vontade) e informa\u00e7\u00e3o controlada pelas empresas e redes de not\u00edcias falsas (delus\u00e3o).<\/p><p><span style=\"font-weight: 400;\">Essas e outras profundas reflex\u00f5es ser\u00e3o trazidas e debatidas por David Loy em sua primeira visita ao Brasil durante os meses de maio e junho. Ao longo desse per\u00edodo, David visitar\u00e1 diferentes sangas do Cebb, tanto centros urbanos como algumas aldeias Cebb\u2019s situadas em \u00e1reas rurais, promovendo debates, trocas e oferecendo sua extensa experi\u00eancia nessa interse\u00e7\u00e3o do budismo com o mundo contempor\u00e2neo.<\/span><\/p>\t\t\t\t\t\t\t\t<\/div>\n\t\t\t\t<\/div>\n\t\t\t\t\t<\/div>\n\t\t<\/div>\n\t\t\t\t\t<\/div>\n\t\t<\/section>\n\t\t\t\t<section class=\"elementor-section elementor-top-section elementor-element elementor-element-598619d elementor-section-boxed elementor-section-height-default elementor-section-height-default\" data-id=\"598619d\" data-element_type=\"section\" data-e-type=\"section\">\n\t\t\t\t\t\t<div class=\"elementor-container elementor-column-gap-default\">\n\t\t\t\t\t<div class=\"elementor-column elementor-col-100 elementor-top-column elementor-element elementor-element-5c784aa\" data-id=\"5c784aa\" data-element_type=\"column\" data-e-type=\"column\">\n\t\t\t<div class=\"elementor-widget-wrap elementor-element-populated\">\n\t\t\t\t\t\t<div class=\"elementor-element elementor-element-b086b16 elementor-widget elementor-widget-text-editor\" data-id=\"b086b16\" data-element_type=\"widget\" data-e-type=\"widget\" data-widget_type=\"text-editor.default\">\n\t\t\t\t<div class=\"elementor-widget-container\">\n\t\t\t\t\t\t\t\t\t<p><em>David est\u00e1 entusiasmado em fazer uma peregrina\u00e7\u00e3o pelo Brasil e pelas comunidades do CEBB. Ele deseja aprender com a sanga vibrante e as pr\u00e1ticas sociais e ecol\u00f3gicas desenvolvidas no CEBB. Ele tamb\u00e9m est\u00e1 animado para compartilhar seus insights e pr\u00e1ticas do ecodharma por meio de conversas e retiros. Al\u00e9m disso, David se envolver\u00e1 com universidades, assentamentos de reforma agr\u00e1ria, quilombolas, pol\u00edticos e grupos ind\u00edgenas, entre muitos outros movimentos e organiza\u00e7\u00f5es de base. <\/em><\/p><p><em>No final desta peregrina\u00e7\u00e3o, David e Lama Samten oferecer\u00e3o um retiro no Caminho do Meio, presencial e online, que discutir\u00e1, entre outros temas, <strong>\u201cInterconex\u00e3o, Comunidade e Transforma\u00e7\u00e3o Global\u201d<\/strong>. Esperamos que todos que se sentirem chamados se juntem online ou presencialmente para pelo menos parte desta peregrina\u00e7\u00e3o!<\/em><\/p>\t\t\t\t\t\t\t\t<\/div>\n\t\t\t\t<\/div>\n\t\t\t\t\t<\/div>\n\t\t<\/div>\n\t\t\t\t\t<\/div>\n\t\t<\/section>\n\t\t\t\t<section class=\"elementor-section elementor-top-section elementor-element elementor-element-87bf6b7 elementor-section-boxed elementor-section-height-default elementor-section-height-default\" data-id=\"87bf6b7\" data-element_type=\"section\" data-e-type=\"section\">\n\t\t\t\t\t\t<div class=\"elementor-container elementor-column-gap-default\">\n\t\t\t\t\t<div class=\"elementor-column elementor-col-100 elementor-top-column elementor-element elementor-element-31ba3a5\" data-id=\"31ba3a5\" data-element_type=\"column\" data-e-type=\"column\">\n\t\t\t<div class=\"elementor-widget-wrap elementor-element-populated\">\n\t\t\t\t\t\t<div class=\"elementor-element elementor-element-7516df8 elementor-widget elementor-widget-text-editor\" data-id=\"7516df8\" data-element_type=\"widget\" data-e-type=\"widget\" data-widget_type=\"text-editor.default\">\n\t\t\t\t<div class=\"elementor-widget-container\">\n\t\t\t\t\t\t\t\t\t<p><strong>Artigos e publica\u00e7\u00f5es em portugu\u00eas<\/strong><\/p>\t\t\t\t\t\t\t\t<\/div>\n\t\t\t\t<\/div>\n\t\t\t\t<div class=\"elementor-element elementor-element-7791cc6 elementor-widget elementor-widget-image\" data-id=\"7791cc6\" data-element_type=\"widget\" data-e-type=\"widget\" data-widget_type=\"image.default\">\n\t\t\t\t<div class=\"elementor-widget-container\">\n\t\t\t\t\t\t\t\t\t\t\t\t\t\t\t<img decoding=\"async\" width=\"150\" height=\"23\" src=\"https:\/\/cebb.org.br\/wp-content\/uploads\/2021\/05\/linha-com-no-infinto.png\" class=\"attachment-full size-full wp-image-83907\" alt=\"\" \/>\t\t\t\t\t\t\t\t\t\t\t\t\t\t\t<\/div>\n\t\t\t\t<\/div>\n\t\t\t\t\t<\/div>\n\t\t<\/div>\n\t\t\t\t\t<\/div>\n\t\t<\/section>\n\t\t\t\t<section class=\"elementor-section elementor-top-section elementor-element elementor-element-ae5c062 elementor-section-boxed elementor-section-height-default elementor-section-height-default\" data-id=\"ae5c062\" data-element_type=\"section\" data-e-type=\"section\">\n\t\t\t\t\t\t<div class=\"elementor-container elementor-column-gap-default\">\n\t\t\t\t\t<div class=\"elementor-column elementor-col-33 elementor-top-column elementor-element elementor-element-516b569\" data-id=\"516b569\" data-element_type=\"column\" data-e-type=\"column\">\n\t\t\t<div class=\"elementor-widget-wrap elementor-element-populated\">\n\t\t\t\t\t\t<div class=\"elementor-element elementor-element-fad7b32 elementor-widget elementor-widget-text-editor\" data-id=\"fad7b32\" data-element_type=\"widget\" data-e-type=\"widget\" data-widget_type=\"text-editor.default\">\n\t\t\t\t<div class=\"elementor-widget-container\">\n\t\t\t\t\t\t\t\t\t<strong>Como lidar <br>com o luto<\/strong>\t\t\t\t\t\t\t\t<\/div>\n\t\t\t\t<\/div>\n\t\t\t\t<div class=\"elementor-element elementor-element-cf6d27f elementor-widget elementor-widget-image\" data-id=\"cf6d27f\" data-element_type=\"widget\" data-e-type=\"widget\" data-widget_type=\"image.default\">\n\t\t\t\t<div class=\"elementor-widget-container\">\n\t\t\t\t\t\t\t\t\t\t\t\t\t\t\t<img decoding=\"async\" width=\"796\" height=\"751\" src=\"https:\/\/cebb.org.br\/wp-content\/uploads\/2024\/03\/Screenshot-2024-03-15-153835.png\" class=\"attachment-large size-large wp-image-100734\" alt=\"\" srcset=\"https:\/\/cebb.org.br\/wp-content\/uploads\/2024\/03\/Screenshot-2024-03-15-153835.png 796w, https:\/\/cebb.org.br\/wp-content\/uploads\/2024\/03\/Screenshot-2024-03-15-153835-300x283.png 300w, https:\/\/cebb.org.br\/wp-content\/uploads\/2024\/03\/Screenshot-2024-03-15-153835-768x725.png 768w\" sizes=\"(max-width: 796px) 100vw, 796px\" \/>\t\t\t\t\t\t\t\t\t\t\t\t\t\t\t<\/div>\n\t\t\t\t<\/div>\n\t\t\t\t<div class=\"elementor-element elementor-element-ae9a29b elementor-widget elementor-widget-text-editor\" data-id=\"ae9a29b\" data-element_type=\"widget\" data-e-type=\"widget\" data-widget_type=\"text-editor.default\">\n\t\t\t\t<div class=\"elementor-widget-container\">\n\t\t\t\t\t\t\t\t\t<div class=\"excerpt\"><p><em>Nosso caminho n\u00e3o \u00e9 sobre escapar deste mundo, mas sobre nos tornarmos mais \u00edntimos com ele.<\/em><\/p><\/div>\t\t\t\t\t\t\t\t<\/div>\n\t\t\t\t<\/div>\n\t\t\t\t<div class=\"elementor-element elementor-element-63e9f5a elementor-align-center elementor-widget elementor-widget-button\" data-id=\"63e9f5a\" data-element_type=\"widget\" data-e-type=\"widget\" data-widget_type=\"button.default\">\n\t\t\t\t<div class=\"elementor-widget-container\">\n\t\t\t\t\t\t\t\t\t<div class=\"elementor-button-wrapper\">\n\t\t\t\t\t<a class=\"elementor-button elementor-button-link elementor-size-sm\" href=\"https:\/\/bodisatva.com.br\/como-lidar-com-o-luto-quando-a-equanimidade-nao-e-suficiente\/\">\n\t\t\t\t\t\t<span class=\"elementor-button-content-wrapper\">\n\t\t\t\t\t\t\t\t\t<span class=\"elementor-button-text\">Acessar texto completo<\/span>\n\t\t\t\t\t<\/span>\n\t\t\t\t\t<\/a>\n\t\t\t\t<\/div>\n\t\t\t\t\t\t\t\t<\/div>\n\t\t\t\t<\/div>\n\t\t\t\t\t<\/div>\n\t\t<\/div>\n\t\t\t\t<div class=\"elementor-column elementor-col-33 elementor-top-column elementor-element elementor-element-3f2e498\" data-id=\"3f2e498\" data-element_type=\"column\" data-e-type=\"column\">\n\t\t\t<div class=\"elementor-widget-wrap elementor-element-populated\">\n\t\t\t\t\t\t<div class=\"elementor-element elementor-element-1a8f7ae elementor-widget elementor-widget-text-editor\" data-id=\"1a8f7ae\" data-element_type=\"widget\" data-e-type=\"widget\" data-widget_type=\"text-editor.default\">\n\t\t\t\t<div class=\"elementor-widget-container\">\n\t\t\t\t\t\t\t\t\t<strong>Livro <br>EcoDarma<\/strong>\t\t\t\t\t\t\t\t<\/div>\n\t\t\t\t<\/div>\n\t\t\t\t<div class=\"elementor-element elementor-element-eefac34 elementor-widget elementor-widget-image\" data-id=\"eefac34\" data-element_type=\"widget\" data-e-type=\"widget\" data-widget_type=\"image.default\">\n\t\t\t\t<div class=\"elementor-widget-container\">\n\t\t\t\t\t\t\t\t\t\t\t\t\t\t\t<img loading=\"lazy\" decoding=\"async\" width=\"800\" height=\"665\" src=\"https:\/\/cebb.org.br\/wp-content\/uploads\/2024\/03\/Screenshot-2024-03-15-154130.png\" class=\"attachment-large size-large wp-image-100738\" alt=\"\" srcset=\"https:\/\/cebb.org.br\/wp-content\/uploads\/2024\/03\/Screenshot-2024-03-15-154130.png 917w, https:\/\/cebb.org.br\/wp-content\/uploads\/2024\/03\/Screenshot-2024-03-15-154130-300x249.png 300w, https:\/\/cebb.org.br\/wp-content\/uploads\/2024\/03\/Screenshot-2024-03-15-154130-768x638.png 768w\" sizes=\"(max-width: 800px) 100vw, 800px\" \/>\t\t\t\t\t\t\t\t\t\t\t\t\t\t\t<\/div>\n\t\t\t\t<\/div>\n\t\t\t\t<div class=\"elementor-element elementor-element-6edb9bd elementor-widget elementor-widget-text-editor\" data-id=\"6edb9bd\" data-element_type=\"widget\" data-e-type=\"widget\" data-widget_type=\"text-editor.default\">\n\t\t\t\t<div class=\"elementor-widget-container\">\n\t\t\t\t\t\t\t\t\t<div class=\"excerpt\"><p><em>Novo livro de David Loy posiciona a urg\u00eancia ecol\u00f3gica como contexto inescap\u00e1vel para a pr\u00e1tica budista<\/em><\/p><\/div>\t\t\t\t\t\t\t\t<\/div>\n\t\t\t\t<\/div>\n\t\t\t\t<div class=\"elementor-element elementor-element-b8e5456 elementor-align-center elementor-widget elementor-widget-button\" data-id=\"b8e5456\" data-element_type=\"widget\" data-e-type=\"widget\" data-widget_type=\"button.default\">\n\t\t\t\t<div class=\"elementor-widget-container\">\n\t\t\t\t\t\t\t\t\t<div class=\"elementor-button-wrapper\">\n\t\t\t\t\t<a class=\"elementor-button elementor-button-link elementor-size-sm\" href=\"https:\/\/bodisatva.com.br\/voce-ama-a-vida-conheca-o-ecodarma\/\">\n\t\t\t\t\t\t<span class=\"elementor-button-content-wrapper\">\n\t\t\t\t\t\t\t\t\t<span class=\"elementor-button-text\">Acessar texto completo<\/span>\n\t\t\t\t\t<\/span>\n\t\t\t\t\t<\/a>\n\t\t\t\t<\/div>\n\t\t\t\t\t\t\t\t<\/div>\n\t\t\t\t<\/div>\n\t\t\t\t\t<\/div>\n\t\t<\/div>\n\t\t\t\t<div class=\"elementor-column elementor-col-33 elementor-top-column elementor-element elementor-element-079920d\" data-id=\"079920d\" data-element_type=\"column\" data-e-type=\"column\">\n\t\t\t<div class=\"elementor-widget-wrap elementor-element-populated\">\n\t\t\t\t\t\t<div class=\"elementor-element elementor-element-8eacaf0 elementor-widget elementor-widget-text-editor\" data-id=\"8eacaf0\" data-element_type=\"widget\" data-e-type=\"widget\" data-widget_type=\"text-editor.default\">\n\t\t\t\t<div class=\"elementor-widget-container\">\n\t\t\t\t\t\t\t\t\t<b>O mundo \u00e9 <\/b>\n<b>feito de<br> hist\u00f3rias<\/b>\t\t\t\t\t\t\t\t<\/div>\n\t\t\t\t<\/div>\n\t\t\t\t<div class=\"elementor-element elementor-element-7fbb760 elementor-widget elementor-widget-image\" data-id=\"7fbb760\" data-element_type=\"widget\" data-e-type=\"widget\" data-widget_type=\"image.default\">\n\t\t\t\t<div class=\"elementor-widget-container\">\n\t\t\t\t\t\t\t\t\t\t\t\t\t\t\t<img loading=\"lazy\" decoding=\"async\" width=\"800\" height=\"683\" src=\"https:\/\/cebb.org.br\/wp-content\/uploads\/2024\/03\/Screenshot-2024-03-15-153611.png\" class=\"attachment-large size-large wp-image-100733\" alt=\"\" srcset=\"https:\/\/cebb.org.br\/wp-content\/uploads\/2024\/03\/Screenshot-2024-03-15-153611.png 887w, https:\/\/cebb.org.br\/wp-content\/uploads\/2024\/03\/Screenshot-2024-03-15-153611-300x256.png 300w, https:\/\/cebb.org.br\/wp-content\/uploads\/2024\/03\/Screenshot-2024-03-15-153611-768x655.png 768w\" sizes=\"(max-width: 800px) 100vw, 800px\" \/>\t\t\t\t\t\t\t\t\t\t\t\t\t\t\t<\/div>\n\t\t\t\t<\/div>\n\t\t\t\t<div class=\"elementor-element elementor-element-2bd0105 elementor-widget elementor-widget-text-editor\" data-id=\"2bd0105\" data-element_type=\"widget\" data-e-type=\"widget\" data-widget_type=\"text-editor.default\">\n\t\t\t\t<div class=\"elementor-widget-container\">\n\t\t\t\t\t\t\t\t\t<p><em>Acreditando que ultrapassamos o mito religioso, confundimos a mais recente hist\u00f3ria da nossa cultura com o pr\u00f3prio mundo.<\/em><\/p>\t\t\t\t\t\t\t\t<\/div>\n\t\t\t\t<\/div>\n\t\t\t\t<div class=\"elementor-element elementor-element-9632e26 elementor-align-center elementor-widget elementor-widget-button\" data-id=\"9632e26\" data-element_type=\"widget\" data-e-type=\"widget\" data-widget_type=\"button.default\">\n\t\t\t\t<div class=\"elementor-widget-container\">\n\t\t\t\t\t\t\t\t\t<div class=\"elementor-button-wrapper\">\n\t\t\t\t\t<a class=\"elementor-button elementor-button-link elementor-size-sm\" href=\"https:\/\/bodisatva.com.br\/o-mundo-e-feito-de-historias\/\">\n\t\t\t\t\t\t<span class=\"elementor-button-content-wrapper\">\n\t\t\t\t\t\t\t\t\t<span class=\"elementor-button-text\">Acessar texto completo<\/span>\n\t\t\t\t\t<\/span>\n\t\t\t\t\t<\/a>\n\t\t\t\t<\/div>\n\t\t\t\t\t\t\t\t<\/div>\n\t\t\t\t<\/div>\n\t\t\t\t\t<\/div>\n\t\t<\/div>\n\t\t\t\t\t<\/div>\n\t\t<\/section>\n\t\t\t\t<section class=\"elementor-section elementor-top-section elementor-element elementor-element-67df8b5 elementor-section-boxed elementor-section-height-default elementor-section-height-default\" data-id=\"67df8b5\" data-element_type=\"section\" data-e-type=\"section\">\n\t\t\t\t\t\t<div class=\"elementor-container elementor-column-gap-default\">\n\t\t\t\t\t<div class=\"elementor-column elementor-col-100 elementor-top-column elementor-element elementor-element-95cd236\" data-id=\"95cd236\" data-element_type=\"column\" data-e-type=\"column\">\n\t\t\t<div class=\"elementor-widget-wrap elementor-element-populated\">\n\t\t\t\t\t\t<div class=\"elementor-element elementor-element-5fbdbd1 elementor-widget elementor-widget-text-editor\" data-id=\"5fbdbd1\" data-element_type=\"widget\" data-e-type=\"widget\" data-widget_type=\"text-editor.default\">\n\t\t\t\t<div class=\"elementor-widget-container\">\n\t\t\t\t\t\t\t\t\t<p><em><a href=\"https:\/\/bodisatva.com.br\/?s=david+loy\"><strong>Outros textos<\/strong><\/a><\/em><\/p>\t\t\t\t\t\t\t\t<\/div>\n\t\t\t\t<\/div>\n\t\t\t\t\t<\/div>\n\t\t<\/div>\n\t\t\t\t\t<\/div>\n\t\t<\/section>\n\t\t\t\t<section class=\"elementor-section elementor-top-section elementor-element elementor-element-7d8c2d5 elementor-section-boxed elementor-section-height-default elementor-section-height-default\" data-id=\"7d8c2d5\" data-element_type=\"section\" data-e-type=\"section\">\n\t\t\t\t\t\t<div class=\"elementor-container elementor-column-gap-default\">\n\t\t\t\t\t<div class=\"elementor-column elementor-col-100 elementor-top-column elementor-element elementor-element-8dab5af\" data-id=\"8dab5af\" data-element_type=\"column\" data-e-type=\"column\">\n\t\t\t<div class=\"elementor-widget-wrap elementor-element-populated\">\n\t\t\t\t\t\t<div class=\"elementor-element elementor-element-d6ed7ed elementor-widget elementor-widget-menu-anchor\" data-id=\"d6ed7ed\" data-element_type=\"widget\" data-e-type=\"widget\" data-widget_type=\"menu-anchor.default\">\n\t\t\t\t<div class=\"elementor-widget-container\">\n\t\t\t\t\t\t\t<div class=\"elementor-menu-anchor\" id=\"retiros\"><\/div>\n\t\t\t\t\t\t<\/div>\n\t\t\t\t<\/div>\n\t\t\t\t<div class=\"elementor-element elementor-element-ca90161 elementor-widget elementor-widget-text-editor\" data-id=\"ca90161\" data-element_type=\"widget\" data-e-type=\"widget\" data-widget_type=\"text-editor.default\">\n\t\t\t\t<div class=\"elementor-widget-container\">\n\t\t\t\t\t\t\t\t\t<p><em>Em caso de d\u00favida, entre em contato via <span style=\"text-decoration: underline;\">whatsapp &#8211; Bruno (48) 99148-6176<\/span><\/em><\/p>\t\t\t\t\t\t\t\t<\/div>\n\t\t\t\t<\/div>\n\t\t\t\t\t<\/div>\n\t\t<\/div>\n\t\t\t\t\t<\/div>\n\t\t<\/section>\n\t\t\t\t<\/div>","protected":false},"excerpt":{"rendered":"<p>O CEBB estar\u00e1 recebendo o Professor David Loy no Brasil. Ele ir\u00e1 percorrer diferentes centros urbanos e rurais, oferendo encontros, ensinamentos e compartilhando experi\u00eancias com a sanga. Acompanhe a programa\u00e7\u00e3o! RETIROS PELO BRASIL O professor David Loy ir\u00e1 estar presente em diferentes CEBBs Urbanos e Rurais, oferecendo retiros, palestras e encontros, conhecendo a sanga e [&hellip;]<\/p>\n","protected":false},"author":66,"featured_media":0,"parent":0,"menu_order":0,"comment_status":"closed","ping_status":"closed","template":"page-templates\/template-pagebuilder-full-width.php","meta":{"footnotes":""},"class_list":["post-100682","page","type-page","status-publish","hentry"],"yoast_head":"<!-- This site is optimized with the Yoast SEO plugin v27.4 - https:\/\/yoast.com\/product\/yoast-seo-wordpress\/ -->\n<title>David Loy - Centro de Estudos Budistas Bodisatva<\/title>\n<meta name=\"robots\" content=\"index, follow, max-snippet:-1, max-image-preview:large, max-video-preview:-1\" \/>\n<link rel=\"canonical\" href=\"https:\/\/cebb.org.br\/en\/david-loy\/\" \/>\n<meta property=\"og:locale\" content=\"en_GB\" \/>\n<meta property=\"og:type\" content=\"article\" \/>\n<meta property=\"og:title\" content=\"David Loy - Centro de Estudos Budistas Bodisatva\" \/>\n<meta property=\"og:description\" content=\"O CEBB estar\u00e1 recebendo o Professor David Loy no Brasil. Ele ir\u00e1 percorrer diferentes centros urbanos e rurais, oferendo encontros, ensinamentos e compartilhando experi\u00eancias com a sanga. Acompanhe a programa\u00e7\u00e3o! RETIROS PELO BRASIL O professor David Loy ir\u00e1 estar presente em diferentes CEBBs Urbanos e Rurais, oferecendo retiros, palestras e encontros, conhecendo a sanga e [&hellip;]\" \/>\n<meta property=\"og:url\" content=\"https:\/\/cebb.org.br\/en\/david-loy\/\" \/>\n<meta property=\"og:site_name\" content=\"Centro de Estudos Budistas Bodisatva\" \/>\n<meta property=\"article:publisher\" content=\"https:\/\/pt-br.facebook.com\/cebb108\" \/>\n<meta property=\"article:modified_time\" content=\"2024-05-15T12:18:34+00:00\" \/>\n<meta property=\"og:image\" content=\"https:\/\/cebb.org.br\/wp-content\/uploads\/2024\/03\/IASphoto2-685x1024.jpg\" \/>\n<meta name=\"twitter:card\" content=\"summary_large_image\" \/>\n<meta name=\"twitter:label1\" content=\"Estimated reading time\" \/>\n\t<meta name=\"twitter:data1\" content=\"7 minutes\" \/>\n<script type=\"application\/ld+json\" class=\"yoast-schema-graph\">{\"@context\":\"https:\\\/\\\/schema.org\",\"@graph\":[{\"@type\":\"WebPage\",\"@id\":\"https:\\\/\\\/cebb.org.br\\\/david-loy\\\/\",\"url\":\"https:\\\/\\\/cebb.org.br\\\/david-loy\\\/\",\"name\":\"David Loy - Centro de Estudos Budistas Bodisatva\",\"isPartOf\":{\"@id\":\"https:\\\/\\\/cebb.org.br\\\/#website\"},\"primaryImageOfPage\":{\"@id\":\"https:\\\/\\\/cebb.org.br\\\/david-loy\\\/#primaryimage\"},\"image\":{\"@id\":\"https:\\\/\\\/cebb.org.br\\\/david-loy\\\/#primaryimage\"},\"thumbnailUrl\":\"https:\\\/\\\/cebb.org.br\\\/wp-content\\\/uploads\\\/2024\\\/03\\\/IASphoto2-685x1024.jpg\",\"datePublished\":\"2024-03-15T18:47:27+00:00\",\"dateModified\":\"2024-05-15T12:18:34+00:00\",\"breadcrumb\":{\"@id\":\"https:\\\/\\\/cebb.org.br\\\/david-loy\\\/#breadcrumb\"},\"inLanguage\":\"en-GB\",\"potentialAction\":[{\"@type\":\"ReadAction\",\"target\":[\"https:\\\/\\\/cebb.org.br\\\/david-loy\\\/\"]}]},{\"@type\":\"ImageObject\",\"inLanguage\":\"en-GB\",\"@id\":\"https:\\\/\\\/cebb.org.br\\\/david-loy\\\/#primaryimage\",\"url\":\"https:\\\/\\\/cebb.org.br\\\/wp-content\\\/uploads\\\/2024\\\/03\\\/IASphoto2-685x1024.jpg\",\"contentUrl\":\"https:\\\/\\\/cebb.org.br\\\/wp-content\\\/uploads\\\/2024\\\/03\\\/IASphoto2-685x1024.jpg\"},{\"@type\":\"BreadcrumbList\",\"@id\":\"https:\\\/\\\/cebb.org.br\\\/david-loy\\\/#breadcrumb\",\"itemListElement\":[{\"@type\":\"ListItem\",\"position\":1,\"name\":\"Home\",\"item\":\"https:\\\/\\\/cebb.org.br\\\/\"},{\"@type\":\"ListItem\",\"position\":2,\"name\":\"David Loy\"}]},{\"@type\":\"WebSite\",\"@id\":\"https:\\\/\\\/cebb.org.br\\\/#website\",\"url\":\"https:\\\/\\\/cebb.org.br\\\/\",\"name\":\"Centro de Estudos Budistas Bodisatva\",\"description\":\"Budismo, medita\u00e7\u00e3o e cultura de paz | Lama Padma Samten\",\"publisher\":{\"@id\":\"https:\\\/\\\/cebb.org.br\\\/#organization\"},\"potentialAction\":[{\"@type\":\"SearchAction\",\"target\":{\"@type\":\"EntryPoint\",\"urlTemplate\":\"https:\\\/\\\/cebb.org.br\\\/?s={search_term_string}\"},\"query-input\":{\"@type\":\"PropertyValueSpecification\",\"valueRequired\":true,\"valueName\":\"search_term_string\"}}],\"inLanguage\":\"en-GB\"},{\"@type\":\"Organization\",\"@id\":\"https:\\\/\\\/cebb.org.br\\\/#organization\",\"name\":\"Centro de Estudos Budistas Bodisatva\",\"url\":\"https:\\\/\\\/cebb.org.br\\\/\",\"logo\":{\"@type\":\"ImageObject\",\"inLanguage\":\"en-GB\",\"@id\":\"https:\\\/\\\/cebb.org.br\\\/#\\\/schema\\\/logo\\\/image\\\/\",\"url\":\"http:\\\/\\\/18.230.164.79\\\/wp-content\\\/uploads\\\/2011\\\/03\\\/logosalvador-peq-e1660064979551.jpg\",\"contentUrl\":\"http:\\\/\\\/18.230.164.79\\\/wp-content\\\/uploads\\\/2011\\\/03\\\/logosalvador-peq-e1660064979551.jpg\",\"width\":280,\"height\":231,\"caption\":\"Centro de Estudos Budistas Bodisatva\"},\"image\":{\"@id\":\"https:\\\/\\\/cebb.org.br\\\/#\\\/schema\\\/logo\\\/image\\\/\"},\"sameAs\":[\"https:\\\/\\\/pt-br.facebook.com\\\/cebb108\",\"https:\\\/\\\/www.instagram.com\\\/cebbcaminhodomeio\\\/\"]}]}<\/script>\n<!-- \/ Yoast SEO plugin. -->","yoast_head_json":{"title":"David Loy - Centro de Estudos Budistas Bodisatva","robots":{"index":"index","follow":"follow","max-snippet":"max-snippet:-1","max-image-preview":"max-image-preview:large","max-video-preview":"max-video-preview:-1"},"canonical":"https:\/\/cebb.org.br\/en\/david-loy\/","og_locale":"en_GB","og_type":"article","og_title":"David Loy - Centro de Estudos Budistas Bodisatva","og_description":"O CEBB estar\u00e1 recebendo o Professor David Loy no Brasil. Ele ir\u00e1 percorrer diferentes centros urbanos e rurais, oferendo encontros, ensinamentos e compartilhando experi\u00eancias com a sanga. Acompanhe a programa\u00e7\u00e3o! RETIROS PELO BRASIL O professor David Loy ir\u00e1 estar presente em diferentes CEBBs Urbanos e Rurais, oferecendo retiros, palestras e encontros, conhecendo a sanga e [&hellip;]","og_url":"https:\/\/cebb.org.br\/en\/david-loy\/","og_site_name":"Centro de Estudos Budistas Bodisatva","article_publisher":"https:\/\/pt-br.facebook.com\/cebb108","article_modified_time":"2024-05-15T12:18:34+00:00","og_image":[{"url":"https:\/\/cebb.org.br\/wp-content\/uploads\/2024\/03\/IASphoto2-685x1024.jpg","type":"","width":"","height":""}],"twitter_card":"summary_large_image","twitter_misc":{"Estimated reading time":"7 minutes"},"schema":{"@context":"https:\/\/schema.org","@graph":[{"@type":"WebPage","@id":"https:\/\/cebb.org.br\/david-loy\/","url":"https:\/\/cebb.org.br\/david-loy\/","name":"David Loy - Centro de Estudos Budistas Bodisatva","isPartOf":{"@id":"https:\/\/cebb.org.br\/#website"},"primaryImageOfPage":{"@id":"https:\/\/cebb.org.br\/david-loy\/#primaryimage"},"image":{"@id":"https:\/\/cebb.org.br\/david-loy\/#primaryimage"},"thumbnailUrl":"https:\/\/cebb.org.br\/wp-content\/uploads\/2024\/03\/IASphoto2-685x1024.jpg","datePublished":"2024-03-15T18:47:27+00:00","dateModified":"2024-05-15T12:18:34+00:00","breadcrumb":{"@id":"https:\/\/cebb.org.br\/david-loy\/#breadcrumb"},"inLanguage":"en-GB","potentialAction":[{"@type":"ReadAction","target":["https:\/\/cebb.org.br\/david-loy\/"]}]},{"@type":"ImageObject","inLanguage":"en-GB","@id":"https:\/\/cebb.org.br\/david-loy\/#primaryimage","url":"https:\/\/cebb.org.br\/wp-content\/uploads\/2024\/03\/IASphoto2-685x1024.jpg","contentUrl":"https:\/\/cebb.org.br\/wp-content\/uploads\/2024\/03\/IASphoto2-685x1024.jpg"},{"@type":"BreadcrumbList","@id":"https:\/\/cebb.org.br\/david-loy\/#breadcrumb","itemListElement":[{"@type":"ListItem","position":1,"name":"Home","item":"https:\/\/cebb.org.br\/"},{"@type":"ListItem","position":2,"name":"David Loy"}]},{"@type":"WebSite","@id":"https:\/\/cebb.org.br\/#website","url":"https:\/\/cebb.org.br\/","name":"Bodhisattva Center for Buddhist Studies","description":"Budismo, medita\u00e7\u00e3o e cultura de paz | Lama Padma Samten","publisher":{"@id":"https:\/\/cebb.org.br\/#organization"},"potentialAction":[{"@type":"SearchAction","target":{"@type":"EntryPoint","urlTemplate":"https:\/\/cebb.org.br\/?s={search_term_string}"},"query-input":{"@type":"PropertyValueSpecification","valueRequired":true,"valueName":"search_term_string"}}],"inLanguage":"en-GB"},{"@type":"Organization","@id":"https:\/\/cebb.org.br\/#organization","name":"Bodhisattva Center for Buddhist Studies","url":"https:\/\/cebb.org.br\/","logo":{"@type":"ImageObject","inLanguage":"en-GB","@id":"https:\/\/cebb.org.br\/#\/schema\/logo\/image\/","url":"http:\/\/18.230.164.79\/wp-content\/uploads\/2011\/03\/logosalvador-peq-e1660064979551.jpg","contentUrl":"http:\/\/18.230.164.79\/wp-content\/uploads\/2011\/03\/logosalvador-peq-e1660064979551.jpg","width":280,"height":231,"caption":"Centro de Estudos Budistas Bodisatva"},"image":{"@id":"https:\/\/cebb.org.br\/#\/schema\/logo\/image\/"},"sameAs":["https:\/\/pt-br.facebook.com\/cebb108","https:\/\/www.instagram.com\/cebbcaminhodomeio\/"]}]}},"_links":{"self":[{"href":"https:\/\/cebb.org.br\/en\/wp-json\/wp\/v2\/pages\/100682","targetHints":{"allow":["GET"]}}],"collection":[{"href":"https:\/\/cebb.org.br\/en\/wp-json\/wp\/v2\/pages"}],"about":[{"href":"https:\/\/cebb.org.br\/en\/wp-json\/wp\/v2\/types\/page"}],"author":[{"embeddable":true,"href":"https:\/\/cebb.org.br\/en\/wp-json\/wp\/v2\/users\/66"}],"replies":[{"embeddable":true,"href":"https:\/\/cebb.org.br\/en\/wp-json\/wp\/v2\/comments?post=100682"}],"version-history":[{"count":169,"href":"https:\/\/cebb.org.br\/en\/wp-json\/wp\/v2\/pages\/100682\/revisions"}],"predecessor-version":[{"id":102465,"href":"https:\/\/cebb.org.br\/en\/wp-json\/wp\/v2\/pages\/100682\/revisions\/102465"}],"wp:attachment":[{"href":"https:\/\/cebb.org.br\/en\/wp-json\/wp\/v2\/media?parent=100682"}],"curies":[{"name":"wp","href":"https:\/\/api.w.org\/{rel}","templated":true}]}}