{"id":102866,"date":"2024-06-15T19:57:14","date_gmt":"2024-06-15T22:57:14","guid":{"rendered":"https:\/\/cebb.org.br\/?page_id=102866"},"modified":"2024-07-02T10:15:51","modified_gmt":"2024-07-02T13:15:51","slug":"jornada-interna-pagina-de-acompanhamento","status":"publish","type":"page","link":"https:\/\/cebb.org.br\/en\/jornada-interna-pagina-de-acompanhamento\/","title":{"rendered":"Um Guia para a Jornada Interna | Contempla\u00e7\u00f5es Fundamentais | 19.06 a 2.07.24 | P\u00e1gina de Acompanhamento"},"content":{"rendered":"<p>&nbsp;<\/p>\n<p>Estudos com tutores de <strong>Contempla\u00e7\u00f5es Fundamentais &#8220;Um Guia para a Jornada Interna: o Caminho Budista para os Tempos Atuais&#8221;<\/strong>, transmitido ao vivo no per\u00edodo de <strong>19.06 a 2.07 de 2024 <\/strong>\u2013 Aqui voc\u00ea encontra as grava\u00e7\u00f5es de todas as sess\u00f5es, que permanecer\u00e3o dispon\u00edveis para inscritos &#8211; <em>mesmo os que se inscreverem depois do estudo ter terminado.<\/em><\/p>\n<p>&nbsp;<\/p>\n<div><strong> \u00b7 IMPORTANTE \u00b7 <\/strong> Por favor, n\u00e3o compartilhe esta p\u00e1gina, v\u00eddeos, links ou documentos aqui listados. Cada praticante aproveita melhor os ensinamentos quando manifesta interesse e se alegra em apoiar o movimento dos mestres. Se quiser compartilhar a alegria deste estudo com mais pessoas, convide-as a tamb\u00e9m fazer a inscri\u00e7\u00e3o, mesmo ap\u00f3s o estudo.<\/div>\n<div><\/div>\n<h3><\/h3>\n<h3>Transmiss\u00e3o ao vivo<\/h3>\n<p>Antes de cada sess\u00e3o <a>atualize esta p\u00e1gina<\/a> para garantir que esteja visualizando o conte\u00fado mais recente.<\/p>\n<p>Voc\u00ea pode assistir pela Sala do Zoom &#8211; (<a href=\"https:\/\/us06web.zoom.us\/j\/85153380457?pwd=Y5igeH6iX78rntlqpbyZMa4ooQh2vX.1\">clique aqui<\/a>), ID da reuni\u00e3o: <strong>851 5338 0457<\/strong>, senha de acesso: 108 e pode acompanhar a pr\u00f3xima sess\u00e3o no v\u00eddeo abaixo ou pode ainda ver diretamente no YouTube.<\/p>\n<p>&nbsp;<\/p>\n<a href=\"https:\/\/cebb.org.br\/wp-content\/uploads\/2024\/07\/Bikshu-Tenzin-Gyatso-e-Biskhuni-Thubten-Chodron-Aproximando-se-do-caminho-budista-VERSAO-PROVISORIA.pdf\" class=\"su-button su-button-style-default\" style=\"color:#FFFFFF;background-color:#b8190d;border-color:#94140b;border-radius:5px\" target=\"_blank\" rel=\"noopener noreferrer\"><span style=\"color:#FFFFFF;padding:0px 16px;font-size:13px;line-height:26px;border-color:#ce5e56;border-radius:5px;text-shadow:none\"> Texto de Estudo<\/span><\/a>\n<a href=\"https:\/\/cebb.org.br\/en\/preces\/\" class=\"su-button su-button-style-default\" style=\"color:#FFFFFF;background-color:#b8190d;border-color:#94140b;border-radius:5px\" target=\"_blank\" rel=\"noopener noreferrer\"><span style=\"color:#FFFFFF;padding:0px 16px;font-size:13px;line-height:26px;border-color:#ce5e56;border-radius:5px;text-shadow:none\"> Preces<\/span><\/a>\n<p>&nbsp;<\/p>\n<a href=\"https:\/\/www.youtube.com\/playlist?list=PLc7PKLO8yzyfDtufrC_YcdTxnJqaW_vmc\" class=\"su-button su-button-style-default\" style=\"color:#FFFFFF;background-color:#b8190d;border-color:#94140b;border-radius:5px\" target=\"_blank\" rel=\"noopener noreferrer\"><span style=\"color:#FFFFFF;padding:0px 16px;font-size:13px;line-height:26px;border-color:#ce5e56;border-radius:5px;text-shadow:none\"> Playlist no Youtube<\/span><\/a>\n<h3><\/h3>\n<p>&nbsp;<\/p>\n<h3>Lista de sess\u00f5es<\/h3>\n<h4>Os hor\u00e1rios e a programa\u00e7\u00e3o das contempla\u00e7\u00f5es fundamentais est\u00e3o sujeitos a altera\u00e7\u00f5es<\/h4>\n<p>quarta | 19\/06\/24<br \/>\n. 9h &#8211; 11h | Estudo \u00b7 <a href=\"https:\/\/us06web.zoom.us\/j\/85153380457?pwd=Y5igeH6iX78rntlqpbyZMa4ooQh2vX.1\">Sala do Zoom<\/a> &#8211; senha: 108 ou <a href=\"https:\/\/www.youtube.com\/live\/Je37IO2vL6A\">Sess\u00e3o #1<\/a><\/p>\n<p>quinta | 20\/06\/24<br \/>\n. 9h &#8211; 11h | Estudo \u00b7 <a href=\"https:\/\/us06web.zoom.us\/j\/85153380457?pwd=Y5igeH6iX78rntlqpbyZMa4ooQh2vX.1\">Sala do Zoom<\/a> &#8211; senha: 108 ou <a href=\"https:\/\/youtube.com\/live\/UWAL33Xom4Y?feature=share\">Sess\u00e3o #2<\/a><\/p>\n<p>sexta | 21\/06\/24<br \/>\n. 9h &#8211; 11h | Estudo \u00b7 <a href=\"https:\/\/us06web.zoom.us\/j\/85153380457?pwd=Y5igeH6iX78rntlqpbyZMa4ooQh2vX.1\">Sala do Zoom<\/a> &#8211; senha: 108 ou <a href=\"https:\/\/youtube.com\/live\/WLMpPL5VPd8?feature=share\">Sess\u00e3o #3<\/a><\/p>\n<p>s\u00e1bado | 22\/06\/24<br \/>\n. 9h &#8211; 11h | Estudo \u00b7 <a href=\"https:\/\/us06web.zoom.us\/j\/85153380457?pwd=Y5igeH6iX78rntlqpbyZMa4ooQh2vX.1\">Sala do Zoom<\/a> &#8211; senha: 108 ou <a href=\"https:\/\/youtube.com\/live\/uE_z-Ih6CUY?feature=share\">Sess\u00e3o #4<\/a><\/p>\n<p>domingo | 23\/06\/24<br \/>\n. 9h &#8211; 11h | Estudo \u00b7 <a href=\"https:\/\/us06web.zoom.us\/j\/85153380457?pwd=Y5igeH6iX78rntlqpbyZMa4ooQh2vX.1\">Sala do Zoom<\/a> &#8211; senha: 108 ou <a href=\"https:\/\/youtube.com\/live\/uwzU-Lp7ebc?feature=share\">Sess\u00e3o #5<\/a><\/p>\n<p>segunda | 24\/06\/24<br \/>\n. 9h &#8211; 11h | Estudo \u00b7 <a href=\"https:\/\/us06web.zoom.us\/j\/85153380457?pwd=Y5igeH6iX78rntlqpbyZMa4ooQh2vX.1\">Sala do Zoom<\/a> &#8211; senha: 108 ou <a href=\"https:\/\/youtube.com\/live\/gWPufGgoe2s?feature=share\">Sess\u00e3o #6<\/a><\/p>\n<p>ter\u00e7a | 25\/06\/24<br \/>\n. 9h &#8211; 11h | Estudo \u00b7 <a href=\"https:\/\/us06web.zoom.us\/j\/85153380457?pwd=Y5igeH6iX78rntlqpbyZMa4ooQh2vX.1\">Sala do Zoom<\/a> &#8211; senha: 108 ou <a href=\"https:\/\/youtube.com\/live\/LuETeB8c2LY?feature=share\">Sess\u00e3o #7<\/a><\/p>\n<p>quarta | 26\/06\/24<br \/>\n. 9h &#8211; 11h | Estudo \u00b7 <a href=\"https:\/\/us06web.zoom.us\/j\/85153380457?pwd=Y5igeH6iX78rntlqpbyZMa4ooQh2vX.1\">Sala do Zoom<\/a> &#8211; senha: 108 ou <a href=\"https:\/\/youtube.com\/live\/sEb1wqrIGhk?feature=share\">Sess\u00e3o #8<\/a><\/p>\n<p>quinta | 27\/06\/24<br \/>\n. 9h &#8211; 11h | Estudo \u00b7 <a href=\"https:\/\/us06web.zoom.us\/j\/85153380457?pwd=Y5igeH6iX78rntlqpbyZMa4ooQh2vX.1\">Sala do Zoom<\/a> &#8211; senha: 108 ou <a href=\"https:\/\/youtube.com\/live\/BLG056KSCJs?feature=share\">Sess\u00e3o #9<\/a><\/p>\n<p>sexta | 28\/06\/24<br \/>\n. 9h &#8211; 11h | Estudo \u00b7 <a href=\"https:\/\/us06web.zoom.us\/j\/85153380457?pwd=Y5igeH6iX78rntlqpbyZMa4ooQh2vX.1\">Sala do Zoom<\/a> &#8211; senha: 108 ou <a href=\"https:\/\/youtube.com\/live\/Xl4c2y31hyE?feature=share\">Sess\u00e3o #10<\/a><\/p>\n<p>s\u00e1bado | 29\/06\/24<br \/>\n. 9h &#8211; 11h | Estudo \u00b7 <a href=\"https:\/\/us06web.zoom.us\/j\/85153380457?pwd=Y5igeH6iX78rntlqpbyZMa4ooQh2vX.1\">Sala do Zoom<\/a> &#8211; senha: 108 ou <a href=\"https:\/\/youtube.com\/live\/6qCaWMwWpSo?feature=share\">Sess\u00e3o #11<\/a><\/p>\n<p>domingo | 30\/06\/24<br \/>\n. 9h &#8211; 11h |Estudo \u00b7 <a href=\"https:\/\/us06web.zoom.us\/j\/85153380457?pwd=Y5igeH6iX78rntlqpbyZMa4ooQh2vX.1\">Sala do Zoom<\/a> &#8211; senha: 108 ou <a href=\"https:\/\/youtube.com\/live\/KPVeHIp-5MY?feature=share\">Sess\u00e3o #12<\/a><\/p>\n<p>segunda | 01\/04\/24<br \/>\n. 9h &#8211; 11h | Estudo \u00b7 <a href=\"https:\/\/us06web.zoom.us\/j\/85153380457?pwd=Y5igeH6iX78rntlqpbyZMa4ooQh2vX.1\">Sala do Zoom<\/a> &#8211; senha: 108 ou <a href=\"https:\/\/youtube.com\/live\/iCtbib0dZdc?feature=share\">Sess\u00e3o #13<\/a><\/p>\n<p>ter\u00e7a | 02\/07\/24<br \/>\n. 9h &#8211; 11h | Estudo \u00b7 <a href=\"https:\/\/us06web.zoom.us\/j\/85153380457?pwd=Y5igeH6iX78rntlqpbyZMa4ooQh2vX.1\">Sala do Zoom<\/a> &#8211; senha: 108 ou <a href=\"https:\/\/youtube.com\/live\/v9gzAbKPGlk?feature=share\">Sess\u00e3o #14<\/a><\/p>\n<p>&nbsp;<\/p>\n<p>&nbsp;<\/p>\n<h3>Inscri\u00e7\u00e3o Participa\u00e7\u00e3o ONLINE<\/h3>\n<p>Sua inscri\u00e7\u00e3o e participa\u00e7\u00e3o independem de contribui\u00e7\u00e3o financeira.<\/p>\n<p>&nbsp;<\/p>\n<h3>Contribui\u00e7\u00f5es<\/h3>\n<p>Sua inscri\u00e7\u00e3o e acesso online ao estudo independe de contribui\u00e7\u00e3o financeira.<\/p>\n<p>Caso aspire e lhe seja poss\u00edvel contribuir, sinta-se livre para definir o valor. Como refer\u00eancia, sugerimos o valor de R$ 550,00.<\/p>\n<p>Sua contribui\u00e7\u00e3o apoiar\u00e1 as atividades do <strong>CEBB Caminho do Meio<\/strong>.<\/p>\n<p><em>The practice of Dana Paramita - perfection of generosity - makes it possible to continue the teachings from the time of the Buddha. The six paramitas - generosity, morality, peace, constant energy, concentration and wisdom - inspire the practice and are the generative and sustaining basis of the CEBB Sangha's centers for study, meditation, hospitality and initiatives for education, environmental protection, Pure Lands and the Culture of Peace.<\/em><\/p>\n<p>&nbsp;<\/p>\n<p>Para contribui\u00e7\u00f5es de dentro do Brasil, os dados banc\u00e1rios para doa\u00e7\u00e3o s\u00e3o:<\/p>\n<blockquote><p>PIX: ppmtutores@gmail.com<br \/>\nBanco do Brasil (001)<br \/>\nCNPJ 94.958.949\/0001-42<\/p><\/blockquote>\n<p><img fetchpriority=\"high\" decoding=\"async\" class=\"alignnone size-medium wp-image-100813\" src=\"https:\/\/cebb.org.br\/wp-content\/uploads\/2024\/03\/PPM-tutores-240x300.jpeg\" alt=\"\" width=\"240\" height=\"300\" srcset=\"https:\/\/cebb.org.br\/wp-content\/uploads\/2024\/03\/PPM-tutores-240x300.jpeg 240w, https:\/\/cebb.org.br\/wp-content\/uploads\/2024\/03\/PPM-tutores.jpeg 400w\" sizes=\"(max-width: 240px) 100vw, 240px\" \/><\/p>\n<p>Para contribui\u00e7\u00f5es de fora do Brasil, entre em contato com <strong>cebbcm@gmail.com<\/strong><\/p>\n<h3><\/h3>\n<h3>Contact<\/h3>\n<p>Se tiver d\u00favidas, conte conosco: <strong>cebbcm@gmail.com<\/strong><\/p>","protected":false},"excerpt":{"rendered":"<p>&nbsp; Estudos com tutores de Contempla\u00e7\u00f5es Fundamentais &#8220;Um Guia para a Jornada Interna: o Caminho Budista para os Tempos Atuais&#8221;, transmitido ao vivo no per\u00edodo de 19.06 a 2.07 de 2024 \u2013 Aqui voc\u00ea encontra as grava\u00e7\u00f5es de todas as sess\u00f5es, que permanecer\u00e3o dispon\u00edveis para inscritos &#8211; mesmo os que se inscreverem depois do estudo [&hellip;]<\/p>\n","protected":false},"author":41,"featured_media":0,"parent":0,"menu_order":0,"comment_status":"closed","ping_status":"closed","template":"","meta":{"footnotes":""},"class_list":["post-102866","page","type-page","status-publish","hentry"],"yoast_head":"<!-- This site is optimized with the Yoast SEO plugin v27.5 - https:\/\/yoast.com\/product\/yoast-seo-wordpress\/ -->\n<title>Um Guia para a Jornada Interna | Contempla\u00e7\u00f5es Fundamentais | 19.06 a 2.07.24 | P\u00e1gina de Acompanhamento - Centro de Estudos Budistas Bodisatva<\/title>\n<meta name=\"robots\" content=\"index, follow, max-snippet:-1, max-image-preview:large, max-video-preview:-1\" \/>\n<link rel=\"canonical\" href=\"https:\/\/cebb.org.br\/en\/jornada-interna-pagina-de-acompanhamento\/\" \/>\n<meta property=\"og:locale\" content=\"en_GB\" \/>\n<meta property=\"og:type\" content=\"article\" \/>\n<meta property=\"og:title\" content=\"Um Guia para a Jornada Interna | Contempla\u00e7\u00f5es Fundamentais | 19.06 a 2.07.24 | P\u00e1gina de Acompanhamento - Centro de Estudos Budistas Bodisatva\" \/>\n<meta property=\"og:description\" content=\"&nbsp; Estudos com tutores de Contempla\u00e7\u00f5es Fundamentais &#8220;Um Guia para a Jornada Interna: o Caminho Budista para os Tempos Atuais&#8221;, transmitido ao vivo no per\u00edodo de 19.06 a 2.07 de 2024 \u2013 Aqui voc\u00ea encontra as grava\u00e7\u00f5es de todas as sess\u00f5es, que permanecer\u00e3o dispon\u00edveis para inscritos &#8211; mesmo os que se inscreverem depois do estudo [&hellip;]\" \/>\n<meta property=\"og:url\" content=\"https:\/\/cebb.org.br\/en\/jornada-interna-pagina-de-acompanhamento\/\" \/>\n<meta property=\"og:site_name\" content=\"Centro de Estudos Budistas Bodisatva\" \/>\n<meta property=\"article:publisher\" content=\"https:\/\/pt-br.facebook.com\/cebb108\" \/>\n<meta property=\"article:modified_time\" content=\"2024-07-02T13:15:51+00:00\" \/>\n<meta property=\"og:image\" content=\"https:\/\/cebb.org.br\/wp-content\/uploads\/2024\/03\/PPM-tutores-240x300.jpeg\" \/>\n<meta name=\"twitter:card\" content=\"summary_large_image\" \/>\n<meta name=\"twitter:label1\" content=\"Estimated reading time\" \/>\n\t<meta name=\"twitter:data1\" content=\"4 minutes\" \/>\n<script type=\"application\/ld+json\" class=\"yoast-schema-graph\">{\"@context\":\"https:\\\/\\\/schema.org\",\"@graph\":[{\"@type\":\"WebPage\",\"@id\":\"https:\\\/\\\/cebb.org.br\\\/jornada-interna-pagina-de-acompanhamento\\\/\",\"url\":\"https:\\\/\\\/cebb.org.br\\\/jornada-interna-pagina-de-acompanhamento\\\/\",\"name\":\"Um Guia para a Jornada Interna | Contempla\u00e7\u00f5es Fundamentais | 19.06 a 2.07.24 | P\u00e1gina de Acompanhamento - Centro de Estudos Budistas Bodisatva\",\"isPartOf\":{\"@id\":\"https:\\\/\\\/cebb.org.br\\\/#website\"},\"primaryImageOfPage\":{\"@id\":\"https:\\\/\\\/cebb.org.br\\\/jornada-interna-pagina-de-acompanhamento\\\/#primaryimage\"},\"image\":{\"@id\":\"https:\\\/\\\/cebb.org.br\\\/jornada-interna-pagina-de-acompanhamento\\\/#primaryimage\"},\"thumbnailUrl\":\"https:\\\/\\\/cebb.org.br\\\/wp-content\\\/uploads\\\/2024\\\/03\\\/PPM-tutores-240x300.jpeg\",\"datePublished\":\"2024-06-15T22:57:14+00:00\",\"dateModified\":\"2024-07-02T13:15:51+00:00\",\"breadcrumb\":{\"@id\":\"https:\\\/\\\/cebb.org.br\\\/jornada-interna-pagina-de-acompanhamento\\\/#breadcrumb\"},\"inLanguage\":\"en-GB\",\"potentialAction\":[{\"@type\":\"ReadAction\",\"target\":[\"https:\\\/\\\/cebb.org.br\\\/jornada-interna-pagina-de-acompanhamento\\\/\"]}]},{\"@type\":\"ImageObject\",\"inLanguage\":\"en-GB\",\"@id\":\"https:\\\/\\\/cebb.org.br\\\/jornada-interna-pagina-de-acompanhamento\\\/#primaryimage\",\"url\":\"https:\\\/\\\/cebb.org.br\\\/wp-content\\\/uploads\\\/2024\\\/03\\\/PPM-tutores-240x300.jpeg\",\"contentUrl\":\"https:\\\/\\\/cebb.org.br\\\/wp-content\\\/uploads\\\/2024\\\/03\\\/PPM-tutores-240x300.jpeg\"},{\"@type\":\"BreadcrumbList\",\"@id\":\"https:\\\/\\\/cebb.org.br\\\/jornada-interna-pagina-de-acompanhamento\\\/#breadcrumb\",\"itemListElement\":[{\"@type\":\"ListItem\",\"position\":1,\"name\":\"Home\",\"item\":\"https:\\\/\\\/cebb.org.br\\\/\"},{\"@type\":\"ListItem\",\"position\":2,\"name\":\"Um Guia para a Jornada Interna | Contempla\u00e7\u00f5es Fundamentais | 19.06 a 2.07.24 | P\u00e1gina de Acompanhamento\"}]},{\"@type\":\"WebSite\",\"@id\":\"https:\\\/\\\/cebb.org.br\\\/#website\",\"url\":\"https:\\\/\\\/cebb.org.br\\\/\",\"name\":\"Centro de Estudos Budistas Bodisatva\",\"description\":\"Budismo, medita\u00e7\u00e3o e cultura de paz | Lama Padma Samten\",\"publisher\":{\"@id\":\"https:\\\/\\\/cebb.org.br\\\/#organization\"},\"potentialAction\":[{\"@type\":\"SearchAction\",\"target\":{\"@type\":\"EntryPoint\",\"urlTemplate\":\"https:\\\/\\\/cebb.org.br\\\/?s={search_term_string}\"},\"query-input\":{\"@type\":\"PropertyValueSpecification\",\"valueRequired\":true,\"valueName\":\"search_term_string\"}}],\"inLanguage\":\"en-GB\"},{\"@type\":\"Organization\",\"@id\":\"https:\\\/\\\/cebb.org.br\\\/#organization\",\"name\":\"Centro de Estudos Budistas Bodisatva\",\"url\":\"https:\\\/\\\/cebb.org.br\\\/\",\"logo\":{\"@type\":\"ImageObject\",\"inLanguage\":\"en-GB\",\"@id\":\"https:\\\/\\\/cebb.org.br\\\/#\\\/schema\\\/logo\\\/image\\\/\",\"url\":\"http:\\\/\\\/18.230.164.79\\\/wp-content\\\/uploads\\\/2011\\\/03\\\/logosalvador-peq-e1660064979551.jpg\",\"contentUrl\":\"http:\\\/\\\/18.230.164.79\\\/wp-content\\\/uploads\\\/2011\\\/03\\\/logosalvador-peq-e1660064979551.jpg\",\"width\":280,\"height\":231,\"caption\":\"Centro de Estudos Budistas Bodisatva\"},\"image\":{\"@id\":\"https:\\\/\\\/cebb.org.br\\\/#\\\/schema\\\/logo\\\/image\\\/\"},\"sameAs\":[\"https:\\\/\\\/pt-br.facebook.com\\\/cebb108\",\"https:\\\/\\\/www.instagram.com\\\/cebbcaminhodomeio\\\/\"]}]}<\/script>\n<!-- \/ Yoast SEO plugin. -->","yoast_head_json":{"title":"Um Guia para a Jornada Interna | Contempla\u00e7\u00f5es Fundamentais | 19.06 a 2.07.24 | P\u00e1gina de Acompanhamento - Centro de Estudos Budistas Bodisatva","robots":{"index":"index","follow":"follow","max-snippet":"max-snippet:-1","max-image-preview":"max-image-preview:large","max-video-preview":"max-video-preview:-1"},"canonical":"https:\/\/cebb.org.br\/en\/jornada-interna-pagina-de-acompanhamento\/","og_locale":"en_GB","og_type":"article","og_title":"Um Guia para a Jornada Interna | Contempla\u00e7\u00f5es Fundamentais | 19.06 a 2.07.24 | P\u00e1gina de Acompanhamento - Centro de Estudos Budistas Bodisatva","og_description":"&nbsp; Estudos com tutores de Contempla\u00e7\u00f5es Fundamentais &#8220;Um Guia para a Jornada Interna: o Caminho Budista para os Tempos Atuais&#8221;, transmitido ao vivo no per\u00edodo de 19.06 a 2.07 de 2024 \u2013 Aqui voc\u00ea encontra as grava\u00e7\u00f5es de todas as sess\u00f5es, que permanecer\u00e3o dispon\u00edveis para inscritos &#8211; mesmo os que se inscreverem depois do estudo [&hellip;]","og_url":"https:\/\/cebb.org.br\/en\/jornada-interna-pagina-de-acompanhamento\/","og_site_name":"Centro de Estudos Budistas Bodisatva","article_publisher":"https:\/\/pt-br.facebook.com\/cebb108","article_modified_time":"2024-07-02T13:15:51+00:00","og_image":[{"url":"https:\/\/cebb.org.br\/wp-content\/uploads\/2024\/03\/PPM-tutores-240x300.jpeg","type":"","width":"","height":""}],"twitter_card":"summary_large_image","twitter_misc":{"Estimated reading time":"4 minutes"},"schema":{"@context":"https:\/\/schema.org","@graph":[{"@type":"WebPage","@id":"https:\/\/cebb.org.br\/jornada-interna-pagina-de-acompanhamento\/","url":"https:\/\/cebb.org.br\/jornada-interna-pagina-de-acompanhamento\/","name":"Um Guia para a Jornada Interna | Contempla\u00e7\u00f5es Fundamentais | 19.06 a 2.07.24 | P\u00e1gina de Acompanhamento - Centro de Estudos Budistas Bodisatva","isPartOf":{"@id":"https:\/\/cebb.org.br\/#website"},"primaryImageOfPage":{"@id":"https:\/\/cebb.org.br\/jornada-interna-pagina-de-acompanhamento\/#primaryimage"},"image":{"@id":"https:\/\/cebb.org.br\/jornada-interna-pagina-de-acompanhamento\/#primaryimage"},"thumbnailUrl":"https:\/\/cebb.org.br\/wp-content\/uploads\/2024\/03\/PPM-tutores-240x300.jpeg","datePublished":"2024-06-15T22:57:14+00:00","dateModified":"2024-07-02T13:15:51+00:00","breadcrumb":{"@id":"https:\/\/cebb.org.br\/jornada-interna-pagina-de-acompanhamento\/#breadcrumb"},"inLanguage":"en-GB","potentialAction":[{"@type":"ReadAction","target":["https:\/\/cebb.org.br\/jornada-interna-pagina-de-acompanhamento\/"]}]},{"@type":"ImageObject","inLanguage":"en-GB","@id":"https:\/\/cebb.org.br\/jornada-interna-pagina-de-acompanhamento\/#primaryimage","url":"https:\/\/cebb.org.br\/wp-content\/uploads\/2024\/03\/PPM-tutores-240x300.jpeg","contentUrl":"https:\/\/cebb.org.br\/wp-content\/uploads\/2024\/03\/PPM-tutores-240x300.jpeg"},{"@type":"BreadcrumbList","@id":"https:\/\/cebb.org.br\/jornada-interna-pagina-de-acompanhamento\/#breadcrumb","itemListElement":[{"@type":"ListItem","position":1,"name":"Home","item":"https:\/\/cebb.org.br\/"},{"@type":"ListItem","position":2,"name":"Um Guia para a Jornada Interna | Contempla\u00e7\u00f5es Fundamentais | 19.06 a 2.07.24 | P\u00e1gina de Acompanhamento"}]},{"@type":"WebSite","@id":"https:\/\/cebb.org.br\/#website","url":"https:\/\/cebb.org.br\/","name":"Bodhisattva Center for Buddhist Studies","description":"Budismo, medita\u00e7\u00e3o e cultura de paz | Lama Padma Samten","publisher":{"@id":"https:\/\/cebb.org.br\/#organization"},"potentialAction":[{"@type":"SearchAction","target":{"@type":"EntryPoint","urlTemplate":"https:\/\/cebb.org.br\/?s={search_term_string}"},"query-input":{"@type":"PropertyValueSpecification","valueRequired":true,"valueName":"search_term_string"}}],"inLanguage":"en-GB"},{"@type":"Organization","@id":"https:\/\/cebb.org.br\/#organization","name":"Bodhisattva Center for Buddhist Studies","url":"https:\/\/cebb.org.br\/","logo":{"@type":"ImageObject","inLanguage":"en-GB","@id":"https:\/\/cebb.org.br\/#\/schema\/logo\/image\/","url":"http:\/\/18.230.164.79\/wp-content\/uploads\/2011\/03\/logosalvador-peq-e1660064979551.jpg","contentUrl":"http:\/\/18.230.164.79\/wp-content\/uploads\/2011\/03\/logosalvador-peq-e1660064979551.jpg","width":280,"height":231,"caption":"Centro de Estudos Budistas Bodisatva"},"image":{"@id":"https:\/\/cebb.org.br\/#\/schema\/logo\/image\/"},"sameAs":["https:\/\/pt-br.facebook.com\/cebb108","https:\/\/www.instagram.com\/cebbcaminhodomeio\/"]}]}},"_links":{"self":[{"href":"https:\/\/cebb.org.br\/en\/wp-json\/wp\/v2\/pages\/102866","targetHints":{"allow":["GET"]}}],"collection":[{"href":"https:\/\/cebb.org.br\/en\/wp-json\/wp\/v2\/pages"}],"about":[{"href":"https:\/\/cebb.org.br\/en\/wp-json\/wp\/v2\/types\/page"}],"author":[{"embeddable":true,"href":"https:\/\/cebb.org.br\/en\/wp-json\/wp\/v2\/users\/41"}],"replies":[{"embeddable":true,"href":"https:\/\/cebb.org.br\/en\/wp-json\/wp\/v2\/comments?post=102866"}],"version-history":[{"count":28,"href":"https:\/\/cebb.org.br\/en\/wp-json\/wp\/v2\/pages\/102866\/revisions"}],"predecessor-version":[{"id":103233,"href":"https:\/\/cebb.org.br\/en\/wp-json\/wp\/v2\/pages\/102866\/revisions\/103233"}],"wp:attachment":[{"href":"https:\/\/cebb.org.br\/en\/wp-json\/wp\/v2\/media?parent=102866"}],"curies":[{"name":"wp","href":"https:\/\/api.w.org\/{rel}","templated":true}]}}