{"id":111918,"date":"2025-02-24T01:27:43","date_gmt":"2025-02-24T04:27:43","guid":{"rendered":"https:\/\/cebb.org.br\/?page_id=111918"},"modified":"2025-02-24T16:36:50","modified_gmt":"2025-02-24T19:36:50","slug":"retirocarnavalsukhavati-pa","status":"publish","type":"page","link":"https:\/\/cebb.org.br\/en\/retirocarnavalsukhavati-pa\/","title":{"rendered":"Retiro de Carnaval | 28\/02 a 04\/03\/25 | P\u00e1gina de Acompanhamento"},"content":{"rendered":"<p>&nbsp;<\/p>\n<h6><strong>Retiro de Carnaval no CEBB Sukhavati<\/strong>, transmitido ao vivo no per\u00edodo de <strong>28\/02 a 04\/03\/2025 <\/strong>\u2013 Aqui voc\u00ea encontra as grava\u00e7\u00f5es de todas as sess\u00f5es, que permanecer\u00e3o dispon\u00edveis para inscritos &#8211; <em>mesmo os que se inscreverem depois do t\u00e9rmino do retiro.<\/em><\/h6>\n<p>&nbsp;<\/p>\n<hr \/>\n<div><\/div>\n<h6><strong>\u00b7 IMPORTANTE \u00b7 <\/strong> Por favor, n\u00e3o compartilhe esta p\u00e1gina, v\u00eddeos, links ou documentos aqui listados. Cada praticante aproveita melhor os ensinamentos quando manifesta interesse e se alegra em apoiar o movimento dos mestres. Se quiser compartilhar a alegria deste estudo com mais pessoas, convide-as a tamb\u00e9m fazer a inscri\u00e7\u00e3o, mesmo ap\u00f3s o estudo.<\/h6>\n<div><\/div>\n<div><\/div>\n<hr \/>\n<h2>Transmiss\u00e3o ao vivo<\/h2>\n<h6>Antes de cada sess\u00e3o <a>atualize esta p\u00e1gina<\/a> para garantir que esteja visualizando o conte\u00fado mais recente.<\/h6>\n<h6>Voc\u00ea pode assistir pela Sala do Zoom &#8211; (<a href=\"https:\/\/us02web.zoom.us\/j\/83626295546\">clique aqui<\/a>), ID da reuni\u00e3o: <strong>836 2629 5546<\/strong>, senha de acesso: 108 e pode acompanhar a pr\u00f3xima sess\u00e3o no v\u00eddeo abaixo ou pode ainda ver diretamente no YouTube.<\/h6>\n<p>&nbsp;<\/p>\n<a href=\"https:\/\/cebb.org.br\/en\/preces\/\" class=\"su-button su-button-style-default\" style=\"color:#FFFFFF;background-color:#b8190d;border-color:#94140b;border-radius:5px\" target=\"_blank\" rel=\"noopener noreferrer\"><span style=\"color:#FFFFFF;padding:0px 16px;font-size:13px;line-height:26px;border-color:#ce5e56;border-radius:5px;text-shadow:none\"> Preces<\/span><\/a>\n<p>&nbsp;<\/p>\n<a href=\"https:\/\/www.youtube.com\/playlist?list=PLc-jbuJySxdJbR2b3CL0CgZ9Xk3W234Yf\" class=\"su-button su-button-style-default\" style=\"color:#FFFFFF;background-color:#b8190d;border-color:#94140b;border-radius:5px\" target=\"_blank\" rel=\"noopener noreferrer\"><span style=\"color:#FFFFFF;padding:0px 16px;font-size:13px;line-height:26px;border-color:#ce5e56;border-radius:5px;text-shadow:none\"> Playlist no Youtube<\/span><\/a>\n<h3><\/h3>\n<hr \/>\n<h2><\/h2>\n<h2>Lista de sess\u00f5es<\/h2>\n<h6>Os hor\u00e1rios e a programa\u00e7\u00e3o est\u00e3o sujeitos a altera\u00e7\u00f5es<\/h6>\n<h6>sexta | 28\/02\/25<br \/>\n. 19h | Retiro \u00b7 <a href=\"https:\/\/us02web.zoom.us\/j\/83626295546\">Sala do Zoom<\/a> &#8211; senha: 108 ou <a href=\"https:\/\/www.youtube.com\/live\/SJBDhzqlNCs?si=gJAyrdcCzyY62wGG\">Sess\u00e3o #1<\/a><\/h6>\n<h6>s\u00e1bado | 01\/03\/25<br \/>\n. 9h | Retiro \u00b7 <a href=\"https:\/\/us02web.zoom.us\/j\/83626295546\">Sala do Zoom<\/a> &#8211; senha: 108 ou <a href=\"https:\/\/www.youtube.com\/live\/v22HTK7_gYE?si=VnB-m5SNAduGXJt1\">Sess\u00e3o #2<\/a><br \/>\n. 14h | Retiro \u00b7 <a href=\"https:\/\/us02web.zoom.us\/j\/83626295546\">Sala do Zoom<\/a> &#8211; senha: 108 ou <a href=\"https:\/\/www.youtube.com\/live\/_wBiFVtW4KY?si=imuGQRx5elwDAk3B\">Sess\u00e3o #3<\/a><br \/>\n. 19h | Retiro \u00b7 <a href=\"https:\/\/us02web.zoom.us\/j\/83626295546\">Sala do Zoom<\/a> &#8211; senha: 108 ou <a href=\"https:\/\/www.youtube.com\/live\/LSWcWXBMlQ8?si=Ekw_a8kGi46POkLz\">Sess\u00e3o #4<\/a><\/h6>\n<h6>domingo | 02\/03\/25<br \/>\n. 9h | Estudo \u00b7 <a href=\"https:\/\/us02web.zoom.us\/j\/83626295546\">Sala do Zoom<\/a> &#8211; senha: 108 ou <a href=\"https:\/\/www.youtube.com\/live\/abYq6zVZ134?si=WHYlZeTzf1TwzmIv\">Sess\u00e3o #5<\/a><br \/>\n. 14h | Retiro \u00b7 <a href=\"https:\/\/us02web.zoom.us\/j\/83626295546\">Sala do Zoom<\/a> &#8211; senha: 108 ou <a href=\"https:\/\/www.youtube.com\/live\/dXqbrlf-1NU?si=k01O0hP2rsCbB-z2\">Sess\u00e3o #6<\/a><br \/>\n. 19h | Retiro \u00b7 <a href=\"https:\/\/us02web.zoom.us\/j\/83626295546\">Sala do Zoom<\/a> &#8211; senha: 108 ou <a href=\"https:\/\/www.youtube.com\/live\/AxaV27WqSfU?si=LW9BJzQGtarS5OEP\">Sess\u00e3o #7<\/a><\/h6>\n<h6>segunda | 03\/03\/25<br \/>\n. 9h | Estudo \u00b7 <a href=\"https:\/\/us02web.zoom.us\/j\/83626295546\">Sala do Zoom<\/a> &#8211; senha: 108 ou <a href=\"https:\/\/www.youtube.com\/live\/gzuYklQ9Zvc?si=b3kCdwms0CTK2g_b\">Sess\u00e3o #8<\/a><br \/>\n. 14h | Retiro \u00b7 <a href=\"https:\/\/us02web.zoom.us\/j\/83626295546\">Sala do Zoom<\/a> &#8211; senha: 108 ou <a href=\"https:\/\/www.youtube.com\/live\/eQJyPmeL45g?si=EPNs1D_kafNI5x6Q\">Sess\u00e3o #9<\/a><br \/>\n. 19h | Retiro \u00b7 <a href=\"https:\/\/us02web.zoom.us\/j\/83626295546\">Sala do Zoom<\/a> &#8211; senha: 108 ou <a href=\"https:\/\/www.youtube.com\/live\/MMbzhlaVNO4?si=7XxMMI86UWNKYIgp\">Sess\u00e3o #10<\/a><\/h6>\n<h6>ter\u00e7a | 04\/03\/25<br \/>\n. 9h | Estudo \u00b7 <a href=\"https:\/\/us02web.zoom.us\/j\/83626295546\">Sala do Zoom<\/a> &#8211; senha: 108 ou <a href=\"https:\/\/www.youtube.com\/live\/iVxDnaD8Ggw?si=VqUHKf7wi-GM-MAP\">Sess\u00e3o #11<\/a><\/h6>\n<p>&nbsp;<\/p>\n<hr \/>\n<h2><\/h2>\n<h2>Inscri\u00e7\u00e3o Participa\u00e7\u00e3o ONLINE<\/h2>\n<h6>Sua inscri\u00e7\u00e3o e participa\u00e7\u00e3o independem de contribui\u00e7\u00e3o financeira.<\/h6>\n<p>&nbsp;<\/p>\n<hr \/>\n<h3><\/h3>\n<h2>Contribui\u00e7\u00f5es<\/h2>\n<h6>Sua inscri\u00e7\u00e3o e acesso online ao estudo independe de contribui\u00e7\u00e3o financeira.<\/h6>\n<h6>Caso aspire e lhe seja poss\u00edvel contribuir, sinta-se livre para definir o valor. Como refer\u00eancia, sugerimos o valor de R$200.<\/h6>\n<h6>Sua contribui\u00e7\u00e3o apoiar\u00e1 as atividades do <strong>CEBB Sukhavati<\/strong><\/h6>\n<h6><\/h6>\n<h6><em>The practice of Dana Paramita - perfection of generosity - makes it possible to continue the teachings from the time of the Buddha. The six paramitas - generosity, morality, peace, constant energy, concentration and wisdom - inspire the practice and are the generative and sustaining basis of the CEBB Sangha's centers for study, meditation, hospitality and initiatives for education, environmental protection, Pure Lands and the Culture of Peace.<\/em><\/h6>\n<p>&nbsp;<\/p>\n<h6>Para contribui\u00e7\u00f5es, utilize uma das chaves-pix:<\/h6>\n<p><strong>PIX<\/strong><br \/>\nemail: cebbsukhavati@gmail.com<br \/>\nou<br \/>\nCNPJ: 02.779.838\/0001-50<\/p>\n<h6>Para contribui\u00e7\u00f5es de fora do Brasil, entre em contato com <strong>cebbsukhavati@gmail.com<\/strong><\/h6>\n<p>&nbsp;<\/p>\n<hr \/>\n<h3><\/h3>\n<h2>Contact<\/h2>\n<h6>Se tiver d\u00favidas, conte conosco: <strong>cebbsukhavati@gmail.com<\/strong><\/h6>","protected":false},"excerpt":{"rendered":"<p>&nbsp; Retiro de Carnaval no CEBB Sukhavati, transmitido ao vivo no per\u00edodo de 28\/02 a 04\/03\/2025 \u2013 Aqui voc\u00ea encontra as grava\u00e7\u00f5es de todas as sess\u00f5es, que permanecer\u00e3o dispon\u00edveis para inscritos &#8211; mesmo os que se inscreverem depois do t\u00e9rmino do retiro. &nbsp; \u00b7 IMPORTANTE \u00b7 Por favor, n\u00e3o compartilhe esta p\u00e1gina, v\u00eddeos, links ou [&hellip;]<\/p>\n","protected":false},"author":79,"featured_media":111919,"parent":0,"menu_order":0,"comment_status":"closed","ping_status":"closed","template":"","meta":{"footnotes":""},"class_list":["post-111918","page","type-page","status-publish","has-post-thumbnail","hentry"],"yoast_head":"<!-- This site is optimized with the Yoast SEO plugin v27.5 - https:\/\/yoast.com\/product\/yoast-seo-wordpress\/ -->\n<title>Retiro de Carnaval | 28\/02 a 04\/03\/25 | P\u00e1gina de Acompanhamento - Centro de Estudos Budistas Bodisatva<\/title>\n<meta name=\"robots\" content=\"index, follow, max-snippet:-1, max-image-preview:large, max-video-preview:-1\" \/>\n<link rel=\"canonical\" href=\"https:\/\/cebb.org.br\/en\/retirocarnavalsukhavati-pa\/\" \/>\n<meta property=\"og:locale\" content=\"en_GB\" \/>\n<meta property=\"og:type\" content=\"article\" \/>\n<meta property=\"og:title\" content=\"Retiro de Carnaval | 28\/02 a 04\/03\/25 | P\u00e1gina de Acompanhamento - Centro de Estudos Budistas Bodisatva\" \/>\n<meta property=\"og:description\" content=\"&nbsp; Retiro de Carnaval no CEBB Sukhavati, transmitido ao vivo no per\u00edodo de 28\/02 a 04\/03\/2025 \u2013 Aqui voc\u00ea encontra as grava\u00e7\u00f5es de todas as sess\u00f5es, que permanecer\u00e3o dispon\u00edveis para inscritos &#8211; mesmo os que se inscreverem depois do t\u00e9rmino do retiro. &nbsp; \u00b7 IMPORTANTE \u00b7 Por favor, n\u00e3o compartilhe esta p\u00e1gina, v\u00eddeos, links ou [&hellip;]\" \/>\n<meta property=\"og:url\" content=\"https:\/\/cebb.org.br\/en\/retirocarnavalsukhavati-pa\/\" \/>\n<meta property=\"og:site_name\" content=\"Centro de Estudos Budistas Bodisatva\" \/>\n<meta property=\"article:publisher\" content=\"https:\/\/pt-br.facebook.com\/cebb108\" \/>\n<meta property=\"article:modified_time\" content=\"2025-02-24T19:36:50+00:00\" \/>\n<meta property=\"og:image\" content=\"https:\/\/cebb.org.br\/wp-content\/uploads\/2025\/02\/Carnaval-3.png\" \/>\n\t<meta property=\"og:image:width\" content=\"1280\" \/>\n\t<meta property=\"og:image:height\" content=\"720\" \/>\n\t<meta property=\"og:image:type\" content=\"image\/png\" \/>\n<meta name=\"twitter:card\" content=\"summary_large_image\" \/>\n<meta name=\"twitter:label1\" content=\"Estimated reading time\" \/>\n\t<meta name=\"twitter:data1\" content=\"3 minutes\" \/>\n<script type=\"application\/ld+json\" class=\"yoast-schema-graph\">{\"@context\":\"https:\\\/\\\/schema.org\",\"@graph\":[{\"@type\":\"WebPage\",\"@id\":\"https:\\\/\\\/cebb.org.br\\\/retirocarnavalsukhavati-pa\\\/\",\"url\":\"https:\\\/\\\/cebb.org.br\\\/retirocarnavalsukhavati-pa\\\/\",\"name\":\"Retiro de Carnaval | 28\\\/02 a 04\\\/03\\\/25 | P\u00e1gina de Acompanhamento - Centro de Estudos Budistas Bodisatva\",\"isPartOf\":{\"@id\":\"https:\\\/\\\/cebb.org.br\\\/#website\"},\"primaryImageOfPage\":{\"@id\":\"https:\\\/\\\/cebb.org.br\\\/retirocarnavalsukhavati-pa\\\/#primaryimage\"},\"image\":{\"@id\":\"https:\\\/\\\/cebb.org.br\\\/retirocarnavalsukhavati-pa\\\/#primaryimage\"},\"thumbnailUrl\":\"https:\\\/\\\/cebb.org.br\\\/wp-content\\\/uploads\\\/2025\\\/02\\\/Carnaval-3.png\",\"datePublished\":\"2025-02-24T04:27:43+00:00\",\"dateModified\":\"2025-02-24T19:36:50+00:00\",\"breadcrumb\":{\"@id\":\"https:\\\/\\\/cebb.org.br\\\/retirocarnavalsukhavati-pa\\\/#breadcrumb\"},\"inLanguage\":\"en-GB\",\"potentialAction\":[{\"@type\":\"ReadAction\",\"target\":[\"https:\\\/\\\/cebb.org.br\\\/retirocarnavalsukhavati-pa\\\/\"]}]},{\"@type\":\"ImageObject\",\"inLanguage\":\"en-GB\",\"@id\":\"https:\\\/\\\/cebb.org.br\\\/retirocarnavalsukhavati-pa\\\/#primaryimage\",\"url\":\"https:\\\/\\\/cebb.org.br\\\/wp-content\\\/uploads\\\/2025\\\/02\\\/Carnaval-3.png\",\"contentUrl\":\"https:\\\/\\\/cebb.org.br\\\/wp-content\\\/uploads\\\/2025\\\/02\\\/Carnaval-3.png\",\"width\":1280,\"height\":720},{\"@type\":\"BreadcrumbList\",\"@id\":\"https:\\\/\\\/cebb.org.br\\\/retirocarnavalsukhavati-pa\\\/#breadcrumb\",\"itemListElement\":[{\"@type\":\"ListItem\",\"position\":1,\"name\":\"Home\",\"item\":\"https:\\\/\\\/cebb.org.br\\\/\"},{\"@type\":\"ListItem\",\"position\":2,\"name\":\"Retiro de Carnaval | 28\\\/02 a 04\\\/03\\\/25 | P\u00e1gina de Acompanhamento\"}]},{\"@type\":\"WebSite\",\"@id\":\"https:\\\/\\\/cebb.org.br\\\/#website\",\"url\":\"https:\\\/\\\/cebb.org.br\\\/\",\"name\":\"Centro de Estudos Budistas Bodisatva\",\"description\":\"Budismo, medita\u00e7\u00e3o e cultura de paz | Lama Padma Samten\",\"publisher\":{\"@id\":\"https:\\\/\\\/cebb.org.br\\\/#organization\"},\"potentialAction\":[{\"@type\":\"SearchAction\",\"target\":{\"@type\":\"EntryPoint\",\"urlTemplate\":\"https:\\\/\\\/cebb.org.br\\\/?s={search_term_string}\"},\"query-input\":{\"@type\":\"PropertyValueSpecification\",\"valueRequired\":true,\"valueName\":\"search_term_string\"}}],\"inLanguage\":\"en-GB\"},{\"@type\":\"Organization\",\"@id\":\"https:\\\/\\\/cebb.org.br\\\/#organization\",\"name\":\"Centro de Estudos Budistas Bodisatva\",\"url\":\"https:\\\/\\\/cebb.org.br\\\/\",\"logo\":{\"@type\":\"ImageObject\",\"inLanguage\":\"en-GB\",\"@id\":\"https:\\\/\\\/cebb.org.br\\\/#\\\/schema\\\/logo\\\/image\\\/\",\"url\":\"http:\\\/\\\/18.230.164.79\\\/wp-content\\\/uploads\\\/2011\\\/03\\\/logosalvador-peq-e1660064979551.jpg\",\"contentUrl\":\"http:\\\/\\\/18.230.164.79\\\/wp-content\\\/uploads\\\/2011\\\/03\\\/logosalvador-peq-e1660064979551.jpg\",\"width\":280,\"height\":231,\"caption\":\"Centro de Estudos Budistas Bodisatva\"},\"image\":{\"@id\":\"https:\\\/\\\/cebb.org.br\\\/#\\\/schema\\\/logo\\\/image\\\/\"},\"sameAs\":[\"https:\\\/\\\/pt-br.facebook.com\\\/cebb108\",\"https:\\\/\\\/www.instagram.com\\\/cebbcaminhodomeio\\\/\"]}]}<\/script>\n<!-- \/ Yoast SEO plugin. -->","yoast_head_json":{"title":"Retiro de Carnaval | 28\/02 a 04\/03\/25 | P\u00e1gina de Acompanhamento - Centro de Estudos Budistas Bodisatva","robots":{"index":"index","follow":"follow","max-snippet":"max-snippet:-1","max-image-preview":"max-image-preview:large","max-video-preview":"max-video-preview:-1"},"canonical":"https:\/\/cebb.org.br\/en\/retirocarnavalsukhavati-pa\/","og_locale":"en_GB","og_type":"article","og_title":"Retiro de Carnaval | 28\/02 a 04\/03\/25 | P\u00e1gina de Acompanhamento - Centro de Estudos Budistas Bodisatva","og_description":"&nbsp; Retiro de Carnaval no CEBB Sukhavati, transmitido ao vivo no per\u00edodo de 28\/02 a 04\/03\/2025 \u2013 Aqui voc\u00ea encontra as grava\u00e7\u00f5es de todas as sess\u00f5es, que permanecer\u00e3o dispon\u00edveis para inscritos &#8211; mesmo os que se inscreverem depois do t\u00e9rmino do retiro. &nbsp; \u00b7 IMPORTANTE \u00b7 Por favor, n\u00e3o compartilhe esta p\u00e1gina, v\u00eddeos, links ou [&hellip;]","og_url":"https:\/\/cebb.org.br\/en\/retirocarnavalsukhavati-pa\/","og_site_name":"Centro de Estudos Budistas Bodisatva","article_publisher":"https:\/\/pt-br.facebook.com\/cebb108","article_modified_time":"2025-02-24T19:36:50+00:00","og_image":[{"width":1280,"height":720,"url":"https:\/\/cebb.org.br\/wp-content\/uploads\/2025\/02\/Carnaval-3.png","type":"image\/png"}],"twitter_card":"summary_large_image","twitter_misc":{"Estimated reading time":"3 minutes"},"schema":{"@context":"https:\/\/schema.org","@graph":[{"@type":"WebPage","@id":"https:\/\/cebb.org.br\/retirocarnavalsukhavati-pa\/","url":"https:\/\/cebb.org.br\/retirocarnavalsukhavati-pa\/","name":"Retiro de Carnaval | 28\/02 a 04\/03\/25 | P\u00e1gina de Acompanhamento - Centro de Estudos Budistas Bodisatva","isPartOf":{"@id":"https:\/\/cebb.org.br\/#website"},"primaryImageOfPage":{"@id":"https:\/\/cebb.org.br\/retirocarnavalsukhavati-pa\/#primaryimage"},"image":{"@id":"https:\/\/cebb.org.br\/retirocarnavalsukhavati-pa\/#primaryimage"},"thumbnailUrl":"https:\/\/cebb.org.br\/wp-content\/uploads\/2025\/02\/Carnaval-3.png","datePublished":"2025-02-24T04:27:43+00:00","dateModified":"2025-02-24T19:36:50+00:00","breadcrumb":{"@id":"https:\/\/cebb.org.br\/retirocarnavalsukhavati-pa\/#breadcrumb"},"inLanguage":"en-GB","potentialAction":[{"@type":"ReadAction","target":["https:\/\/cebb.org.br\/retirocarnavalsukhavati-pa\/"]}]},{"@type":"ImageObject","inLanguage":"en-GB","@id":"https:\/\/cebb.org.br\/retirocarnavalsukhavati-pa\/#primaryimage","url":"https:\/\/cebb.org.br\/wp-content\/uploads\/2025\/02\/Carnaval-3.png","contentUrl":"https:\/\/cebb.org.br\/wp-content\/uploads\/2025\/02\/Carnaval-3.png","width":1280,"height":720},{"@type":"BreadcrumbList","@id":"https:\/\/cebb.org.br\/retirocarnavalsukhavati-pa\/#breadcrumb","itemListElement":[{"@type":"ListItem","position":1,"name":"Home","item":"https:\/\/cebb.org.br\/"},{"@type":"ListItem","position":2,"name":"Retiro de Carnaval | 28\/02 a 04\/03\/25 | P\u00e1gina de Acompanhamento"}]},{"@type":"WebSite","@id":"https:\/\/cebb.org.br\/#website","url":"https:\/\/cebb.org.br\/","name":"Bodhisattva Center for Buddhist Studies","description":"Budismo, medita\u00e7\u00e3o e cultura de paz | Lama Padma Samten","publisher":{"@id":"https:\/\/cebb.org.br\/#organization"},"potentialAction":[{"@type":"SearchAction","target":{"@type":"EntryPoint","urlTemplate":"https:\/\/cebb.org.br\/?s={search_term_string}"},"query-input":{"@type":"PropertyValueSpecification","valueRequired":true,"valueName":"search_term_string"}}],"inLanguage":"en-GB"},{"@type":"Organization","@id":"https:\/\/cebb.org.br\/#organization","name":"Bodhisattva Center for Buddhist Studies","url":"https:\/\/cebb.org.br\/","logo":{"@type":"ImageObject","inLanguage":"en-GB","@id":"https:\/\/cebb.org.br\/#\/schema\/logo\/image\/","url":"http:\/\/18.230.164.79\/wp-content\/uploads\/2011\/03\/logosalvador-peq-e1660064979551.jpg","contentUrl":"http:\/\/18.230.164.79\/wp-content\/uploads\/2011\/03\/logosalvador-peq-e1660064979551.jpg","width":280,"height":231,"caption":"Centro de Estudos Budistas Bodisatva"},"image":{"@id":"https:\/\/cebb.org.br\/#\/schema\/logo\/image\/"},"sameAs":["https:\/\/pt-br.facebook.com\/cebb108","https:\/\/www.instagram.com\/cebbcaminhodomeio\/"]}]}},"_links":{"self":[{"href":"https:\/\/cebb.org.br\/en\/wp-json\/wp\/v2\/pages\/111918","targetHints":{"allow":["GET"]}}],"collection":[{"href":"https:\/\/cebb.org.br\/en\/wp-json\/wp\/v2\/pages"}],"about":[{"href":"https:\/\/cebb.org.br\/en\/wp-json\/wp\/v2\/types\/page"}],"author":[{"embeddable":true,"href":"https:\/\/cebb.org.br\/en\/wp-json\/wp\/v2\/users\/79"}],"replies":[{"embeddable":true,"href":"https:\/\/cebb.org.br\/en\/wp-json\/wp\/v2\/comments?post=111918"}],"version-history":[{"count":11,"href":"https:\/\/cebb.org.br\/en\/wp-json\/wp\/v2\/pages\/111918\/revisions"}],"predecessor-version":[{"id":111939,"href":"https:\/\/cebb.org.br\/en\/wp-json\/wp\/v2\/pages\/111918\/revisions\/111939"}],"wp:featuredmedia":[{"embeddable":true,"href":"https:\/\/cebb.org.br\/en\/wp-json\/wp\/v2\/media\/111919"}],"wp:attachment":[{"href":"https:\/\/cebb.org.br\/en\/wp-json\/wp\/v2\/media?parent=111918"}],"curies":[{"name":"wp","href":"https:\/\/api.w.org\/{rel}","templated":true}]}}