{"id":88704,"date":"2022-03-17T21:52:31","date_gmt":"2022-03-18T00:52:31","guid":{"rendered":"http:\/\/www.cebb.org.br\/?page_id=88704"},"modified":"2022-11-04T10:07:52","modified_gmt":"2022-11-04T13:07:52","slug":"retiro-sutra-surangama-23-de-marco-a-06-de-abril-pagina-de-acompanhamento","status":"publish","type":"page","link":"https:\/\/cebb.org.br\/en\/retiro-sutra-surangama-23-de-marco-a-06-de-abril-pagina-de-acompanhamento\/","title":{"rendered":"Retiro Sutra Surangama | 23 de mar\u00e7o a 06 de abril &#8211; P\u00e1gina de Acompanhamento"},"content":{"rendered":"<p>Ensinamentos com Lama Padma Samten no <strong>Retiro &#8220;Sutra Surangama&#8221;<\/strong>, transmitido ao vivo nos dias 23 de mar\u00e7o a 06 de abril 2022 \u2013. Aqui voc\u00ea encontra as grava\u00e7\u00f5es de todas as sess\u00f5es, que permanecer\u00e3o dispon\u00edveis para inscritos &#8211; <em>mesmo os que se inscreverem depois do retiro ter terminado.<\/em><\/p>\n<div><strong> \u00b7 IMPORTANTE \u00b7 <\/strong> Por favor, n\u00e3o compartilhe esta p\u00e1gina, v\u00eddeos, links ou documentos aqui listados. Cada praticante aproveita melhor os ensinamentos quando manifesta interesse e se alegra em apoiar o movimento dos mestres. Se quiser compartilhar a alegria deste retiro com mais pessoas, convide-as a <a href=\"https:\/\/forms.gle\/6Kka3JzAQdsKFSQz9\">tamb\u00e9m fazer a inscri\u00e7\u00e3o<\/a>, mesmo ap\u00f3s o retiro.<\/div>\n<h3>Transmiss\u00e3o ao vivo<\/h3>\n<p>Antes de cada sess\u00e3o <a>atualize esta p\u00e1gina<\/a> para garantir que esteja visualizando o conte\u00fado mais recente.<br \/>\nVoc\u00ea pode assistir pela <a href=\"https:\/\/zoom.us\/j\/99574138787?pwd=ZlNwMjQ0UGhCc1ZJM1hJcDJkTEFJZz09\">Sala do Zoom &#8211; (clique aqui)<\/a>, ID da reuni\u00e3o: 995 7413 8787, senha de acesso: 108 e pode acompanhar a pr\u00f3xima sess\u00e3o no v\u00eddeo abaixo ou pode ainda ver diretamente no YouTube.<\/p>\n<p><iframe title=\"YouTube video player\" src=\"https:\/\/www.youtube.com\/embed\/FzvqpAjemec\" width=\"560\" height=\"315\" frameborder=\"0\"><\/iframe><br \/>\n<a href=\"https:\/\/cebb.org.br\/en\/preces\/\" class=\"su-button su-button-style-default\" style=\"color:#FFFFFF;background-color:#b8190d;border-color:#94140b;border-radius:5px\" target=\"_blank\" rel=\"noopener noreferrer\"><span style=\"color:#FFFFFF;padding:0px 16px;font-size:13px;line-height:26px;border-color:#ce5e56;border-radius:5px;text-shadow:none\"> Preces<\/span><\/a> <a href=\"https:\/\/youtube.com\/playlist?list=PLO_7Zoueaxd7Vq-PLULeyDdCDoc4t4_zz\" class=\"su-button su-button-style-default\" style=\"color:#FFFFFF;background-color:#b8190d;border-color:#94140b;border-radius:5px\" target=\"_blank\" rel=\"noopener noreferrer\"><span style=\"color:#FFFFFF;padding:0px 16px;font-size:13px;line-height:26px;border-color:#ce5e56;border-radius:5px;text-shadow:none\"> Playlist no Youtube<\/span><\/a>\n<h3>Textos que ser\u00e3o estudados<\/h3>\n<p><strong><a href=\"https:\/\/www.acaoparamita.com.br\/wp-content\/uploads\/2021\/05\/surangama_PORT_versao_em_andamento_e_provisoria.pdf\">Sutra Surangama &#8211; Parte 1<\/a> &lt;&lt; clique para acessar<\/strong><\/em><br \/>\n<strong><a href=\"https:\/\/www.acaoparamita.com.br\/wp-content\/uploads\/2021\/10\/PARTE_2_surangama_PORT_versao_em_andamento_e_provisoria.pdf\">Sutra Surangama &#8211; Parte 2<\/a> &lt;&lt; clique para acessar<\/strong><\/em><br \/>\n<strong><a href=\"http:\/\/www.geocities.ws\/mahayanazengong\/shurangama_en.html\" rel=\"noopener\" target=\"_blank\">Mantra do Surangama &#8211; Em ingl\u00eas<\/a> &#8211; &lt;&lt; clique para acessar<\/strong><\/em><\/p>\n<p>Obs.: A tradu\u00e7\u00e3o est\u00e1 em andamento e \u00e9 provis\u00f3ria. Para uso exclusivo dos inscritos. Por favor, n\u00e3o compartilhe.<\/p>\n<h3>Lista de sess\u00f5es<\/h3>\n<p><strong>quarta | 23\/03\/22<br \/>\n. 08h \u00e0s 09h | Medita\u00e7\u00e3o <a href=\"https:\/\/zoom.us\/j\/99574138787?pwd=ZlNwMjQ0UGhCc1ZJM1hJcDJkTEFJZz09\">Sala do Zoom<\/a> (ID da reuni\u00e3o: 995 7413 8787, senha de acesso: 108)<br \/>\n. 9h &#8211; 11h | Ensinamentos \u00b7 <a href=\"https:\/\/zoom.us\/j\/99574138787?pwd=ZlNwMjQ0UGhCc1ZJM1hJcDJkTEFJZz09\">Sala do Zoom<\/a> ou <a href=\"https:\/\/youtu.be\/rHgofFQOG-w\" target=\"_blank\" rel=\"noopener\">Sess\u00e3o #1<\/a><\/strong><br \/>\n<strong>quinta | 24\/03\/22<br \/>\n. 08h \u00e0s 09h | Medita\u00e7\u00e3o <a href=\"https:\/\/zoom.us\/j\/99574138787?pwd=ZlNwMjQ0UGhCc1ZJM1hJcDJkTEFJZz09\">Sala do Zoom<\/a><br \/>\n. 9h &#8211; 11h | Ensinamentos \u00b7 <a href=\"https:\/\/zoom.us\/j\/99574138787?pwd=ZlNwMjQ0UGhCc1ZJM1hJcDJkTEFJZz09\">Sala do Zoom<\/a> ou <a href=\"https:\/\/youtu.be\/toQ1AI3-3tg\" target=\"_blank\" rel=\"noopener\">Sess\u00e3o #2<\/a><\/strong><br \/>\n<strong>sexta | 25\/03\/22<\/strong><br \/>\n. 08h \u00e0s 09h | Medita\u00e7\u00e3o <a href=\"https:\/\/zoom.us\/j\/99574138787?pwd=ZlNwMjQ0UGhCc1ZJM1hJcDJkTEFJZz09\">Sala do Zoom<\/a><br \/>\n. 9h &#8211; 11h | Ensinamentos \u00b7 <a href=\"https:\/\/zoom.us\/j\/99574138787?pwd=ZlNwMjQ0UGhCc1ZJM1hJcDJkTEFJZz09\">Sala do Zoom<\/a> ou <a href=\"https:\/\/youtu.be\/9Lbz0qaFLKg\" target=\"_blank\" rel=\"noopener\">Sess\u00e3o #3<\/a><strong><br \/>\n. <\/strong>14h \u00e0s 17h | Medita\u00e7\u00e3o<br \/>\n. 19h \u00e0s 20h: Puja da Noite<br \/>\n<strong>s\u00e1bado | 26\/03\/22<br \/>\n. 08h \u00e0s 09h | Medita\u00e7\u00e3o <a href=\"https:\/\/zoom.us\/j\/99574138787?pwd=ZlNwMjQ0UGhCc1ZJM1hJcDJkTEFJZz09\">Sala do Zoom<\/a><br \/>\n. 9h &#8211; 11h | Ensinamentos \u00b7 <a href=\"https:\/\/zoom.us\/j\/99574138787?pwd=ZlNwMjQ0UGhCc1ZJM1hJcDJkTEFJZz09\">Sala do Zoom<\/a> ou <a href=\"https:\/\/youtu.be\/9_F7sQDjxxU\" target=\"_blank\" rel=\"noopener\">Sess\u00e3o #4<br \/>\n<\/a><strong>. <\/strong>14h \u00e0s 17h | Medita\u00e7\u00e3o<br \/>\n. 19h \u00e0s 20h: Puja da Noite<\/strong><br \/>\n<strong>domingo | 27\/03\/22<br \/>\n. 08h \u00e0s 09h | Medita\u00e7\u00e3o <a href=\"https:\/\/zoom.us\/j\/99574138787?pwd=ZlNwMjQ0UGhCc1ZJM1hJcDJkTEFJZz09\">Sala do Zoom<\/a><br \/>\n. 9h &#8211; 11h | Ensinamentos \u00b7 <a href=\"https:\/\/zoom.us\/j\/99574138787?pwd=ZlNwMjQ0UGhCc1ZJM1hJcDJkTEFJZz09\">Sala do Zoom<\/a> ou <a href=\"https:\/\/youtu.be\/8jfXamMs6X0\" target=\"_blank\" rel=\"noopener\">Sess\u00e3o #5<br \/>\n<\/a><strong>. <\/strong>14h \u00e0s 17h | Medita\u00e7\u00e3o<br \/>\n. 19h \u00e0s 20h: Puja da Noite<\/strong><br \/>\n<strong>segunda | 28\/03\/22<br \/>\n. 08h \u00e0s 09h | Medita\u00e7\u00e3o <a href=\"https:\/\/zoom.us\/j\/99574138787?pwd=ZlNwMjQ0UGhCc1ZJM1hJcDJkTEFJZz09\">Sala do Zoom<\/a><br \/>\n. 9h &#8211; 11h | Ensinamentos \u00b7 <a href=\"https:\/\/zoom.us\/j\/99574138787?pwd=ZlNwMjQ0UGhCc1ZJM1hJcDJkTEFJZz09\">Sala do Zoom<\/a> ou <a href=\"https:\/\/youtu.be\/WJ9ySpoQHfw\">Sess\u00e3o #6<br \/>\n<\/a><strong>. <\/strong>14h \u00e0s 17h | Medita\u00e7\u00e3o <a href=\"https:\/\/zoom.us\/j\/99574138787?pwd=ZlNwMjQ0UGhCc1ZJM1hJcDJkTEFJZz09\">Sala do Zoom<\/a><br \/>\n. 19h \u00e0s 20h: Puja da Noite \u00b7 <a href=\"https:\/\/cebb.us3.list-manage.com\/track\/click?u=c55340ec5081732ed81eff58b&amp;id=e196ef6e62&amp;e=2bdefc9c41\" target=\"_blank\" rel=\"noopener\">Sala do Zoom<\/a> senha: 108<\/strong><br \/>\n<strong>ter\u00e7a | 29\/03\/22<br \/>\n. 08h \u00e0s 09h | Medita\u00e7\u00e3o <a href=\"https:\/\/zoom.us\/j\/99574138787?pwd=ZlNwMjQ0UGhCc1ZJM1hJcDJkTEFJZz09\">Sala do Zoom<\/a><br \/>\n. 9h &#8211; 11h | Ensinamentos \u00b7 <a href=\"https:\/\/zoom.us\/j\/97956292540?pwd=TmZHbml4MUZUUnNJUXBKNW40eTFHQT09\" target=\"_blank\" rel=\"noopener\">Sala do Zoom<\/a> ou <a href=\"https:\/\/youtu.be\/UdVBjI3E6kg\">Sess\u00e3o #7<br \/>\n<\/a><strong>. <\/strong>14h \u00e0s 17h | Medita\u00e7\u00e3o <a href=\"https:\/\/zoom.us\/j\/99574138787?pwd=ZlNwMjQ0UGhCc1ZJM1hJcDJkTEFJZz09\">Sala do Zoom<\/a><br \/>\n. 19h \u00e0s 20h: Puja da Noite \u00b7 <a href=\"https:\/\/cebb.us3.list-manage.com\/track\/click?u=c55340ec5081732ed81eff58b&amp;id=e196ef6e62&amp;e=2bdefc9c41\" target=\"_blank\" rel=\"noopener\">Sala do Zoom<\/a> senha: 108<\/strong><br \/>\n<strong>quarta | 30\/03\/22<br \/>\n. 08h \u00e0s 09h | Medita\u00e7\u00e3o <a href=\"https:\/\/zoom.us\/j\/99574138787?pwd=ZlNwMjQ0UGhCc1ZJM1hJcDJkTEFJZz09\">Sala do Zoom<\/a><br \/>\n. 9h &#8211; 11h | Ensinamentos \u00b7 <a href=\"https:\/\/zoom.us\/j\/97956292540?pwd=TmZHbml4MUZUUnNJUXBKNW40eTFHQT09\" target=\"_blank\" rel=\"noopener\">Sala do Zoom<\/a> ou <a href=\"https:\/\/youtu.be\/DsIGIF32DXE\">Sess\u00e3o #8<br \/>\n<\/a><strong>. <\/strong>14h \u00e0s 17h | Medita\u00e7\u00e3o <a href=\"https:\/\/zoom.us\/j\/99574138787?pwd=ZlNwMjQ0UGhCc1ZJM1hJcDJkTEFJZz09\">Sala do Zoom<\/a><br \/>\n. 19h \u00e0s 20h: Puja da Noite \u00b7 <a href=\"https:\/\/cebb.us3.list-manage.com\/track\/click?u=c55340ec5081732ed81eff58b&amp;id=e196ef6e62&amp;e=2bdefc9c41\" target=\"_blank\" rel=\"noopener\">Sala do Zoom<\/a> senha: 108<\/strong><br \/>\n<strong>quinta | 31\/03\/22<br \/>\n. 08h \u00e0s 09h | Medita\u00e7\u00e3o <a href=\"https:\/\/zoom.us\/j\/99574138787?pwd=ZlNwMjQ0UGhCc1ZJM1hJcDJkTEFJZz09\">Sala do Zoom<\/a><br \/>\n. 9h &#8211; 11h | Ensinamentos \u00b7 <a href=\"https:\/\/zoom.us\/j\/97956292540?pwd=TmZHbml4MUZUUnNJUXBKNW40eTFHQT09\" target=\"_blank\" rel=\"noopener\">Sala do Zoom<\/a> ou <a href=\"https:\/\/youtu.be\/AHibHvbQd4U\">Sess\u00e3o #9<br \/>\n<\/a><strong>. <\/strong>14h \u00e0s 17h | Medita\u00e7\u00e3o <a href=\"https:\/\/zoom.us\/j\/99574138787?pwd=ZlNwMjQ0UGhCc1ZJM1hJcDJkTEFJZz09\">Sala do Zoom<\/a><br \/>\n. 19h \u00e0s 20h: Puja da Noite \u00b7 <a href=\"https:\/\/cebb.us3.list-manage.com\/track\/click?u=c55340ec5081732ed81eff58b&amp;id=e196ef6e62&amp;e=2bdefc9c41\" target=\"_blank\" rel=\"noopener\">Sala do Zoom<\/a> senha: 108<\/strong><br \/>\n<strong>sexta | 01\/04\/22<br \/>\n. 08h \u00e0s 09h | Medita\u00e7\u00e3o <a href=\"https:\/\/zoom.us\/j\/99574138787?pwd=ZlNwMjQ0UGhCc1ZJM1hJcDJkTEFJZz09\">Sala do Zoom<\/a><br \/>\n. 9h &#8211; 11h | Ensinamentos \u00b7 <a href=\"https:\/\/zoom.us\/j\/99574138787?pwd=ZlNwMjQ0UGhCc1ZJM1hJcDJkTEFJZz09\">Sala do Zoom<\/a> ou <a href=\"https:\/\/youtu.be\/q2uxVdro4BA\">Sess\u00e3o #10<br \/>\n<\/a><strong>. <\/strong>14h \u00e0s 17h | Medita\u00e7\u00e3o <a href=\"https:\/\/zoom.us\/j\/99574138787?pwd=ZlNwMjQ0UGhCc1ZJM1hJcDJkTEFJZz09\">Sala do Zoom<\/a><br \/>\n. 19h \u00e0s 20h: Puja da Noite \u00b7 <a href=\"https:\/\/cebb.us3.list-manage.com\/track\/click?u=c55340ec5081732ed81eff58b&amp;id=e196ef6e62&amp;e=2bdefc9c41\" target=\"_blank\" rel=\"noopener\">Sala do Zoom<\/a> senha: 108<\/strong><br \/>\n<strong>s\u00e1bado | 02\/04\/22<br \/>\n. 08h \u00e0s 09h | Medita\u00e7\u00e3o <a href=\"https:\/\/zoom.us\/j\/99574138787?pwd=ZlNwMjQ0UGhCc1ZJM1hJcDJkTEFJZz09\">Sala do Zoom<\/a><br \/>\n. 9h &#8211; 11h | Ensinamentos \u00b7 <a href=\"https:\/\/zoom.us\/j\/97956292540?pwd=TmZHbml4MUZUUnNJUXBKNW40eTFHQT09\" target=\"_blank\" rel=\"noopener\">Sala do Zoom<\/a> ou <a href=\"https:\/\/youtu.be\/RnHvvlPRhqw\">Sess\u00e3o #11<br \/>\n<\/a><strong>. <\/strong>14h \u00e0s 17h | Medita\u00e7\u00e3o <a href=\"https:\/\/zoom.us\/j\/99574138787?pwd=ZlNwMjQ0UGhCc1ZJM1hJcDJkTEFJZz09\">Sala do Zoom<\/a><br \/>\n. 19h \u00e0s 20h: Puja da Noite \u00b7 <a href=\"https:\/\/cebb.us3.list-manage.com\/track\/click?u=c55340ec5081732ed81eff58b&amp;id=e196ef6e62&amp;e=2bdefc9c41\" target=\"_blank\" rel=\"noopener\">Sala do Zoom<\/a> senha: 108<\/strong><br \/>\n<strong>domingo | 03\/04\/22<br \/>\n. 08h \u00e0s 09h | Medita\u00e7\u00e3o <a href=\"https:\/\/zoom.us\/j\/99574138787?pwd=ZlNwMjQ0UGhCc1ZJM1hJcDJkTEFJZz09\">Sala do Zoom<\/a><br \/>\n. 9h &#8211; 11h | Ensinamentos \u00b7 <a href=\"https:\/\/zoom.us\/j\/97956292540?pwd=TmZHbml4MUZUUnNJUXBKNW40eTFHQT09\" target=\"_blank\" rel=\"noopener\">Sala do Zoom<\/a> ou <a href=\"https:\/\/youtu.be\/eBnyXOC1vHc\">Sess\u00e3o #12<br \/>\n<\/a><strong>. <\/strong>14h \u00e0s 17h | Medita\u00e7\u00e3o <a href=\"https:\/\/zoom.us\/j\/99574138787?pwd=ZlNwMjQ0UGhCc1ZJM1hJcDJkTEFJZz09\">Sala do Zoom<\/a><br \/>\n. 19h \u00e0s 20h: Puja da Noite \u00b7 <a href=\"https:\/\/cebb.us3.list-manage.com\/track\/click?u=c55340ec5081732ed81eff58b&amp;id=e196ef6e62&amp;e=2bdefc9c41\" target=\"_blank\" rel=\"noopener\">Sala do Zoom<\/a> senha: 108<\/strong><br \/>\n<strong>segunda | 04\/04\/22<br \/>\n. 08h \u00e0s 09h | Medita\u00e7\u00e3o <a href=\"https:\/\/zoom.us\/j\/99574138787?pwd=ZlNwMjQ0UGhCc1ZJM1hJcDJkTEFJZz09\">Sala do Zoom<\/a><br \/>\n. 9h &#8211; 11h | Ensinamentos \u00b7 <a href=\"https:\/\/zoom.us\/j\/99574138787?pwd=ZlNwMjQ0UGhCc1ZJM1hJcDJkTEFJZz09\">Sala do Zoom<\/a> ou <a href=\"https:\/\/youtu.be\/GqxZVS6R_Lg\">Sess\u00e3o #13<br \/>\n<\/a><strong>. <\/strong>14h \u00e0s 17h | Medita\u00e7\u00e3o <a href=\"https:\/\/zoom.us\/j\/99574138787?pwd=ZlNwMjQ0UGhCc1ZJM1hJcDJkTEFJZz09\">Sala do Zoom<\/a><br \/>\n. 19h \u00e0s 20h: Puja da Noite \u00b7 <a href=\"https:\/\/cebb.us3.list-manage.com\/track\/click?u=c55340ec5081732ed81eff58b&amp;id=e196ef6e62&amp;e=2bdefc9c41\" target=\"_blank\" rel=\"noopener\">Sala do Zoom<\/a> senha: 108<\/strong><br \/>\n<strong>ter\u00e7a | 05\/04\/22<br \/>\n. 08h \u00e0s 09h | Medita\u00e7\u00e3o <a href=\"https:\/\/zoom.us\/j\/99574138787?pwd=ZlNwMjQ0UGhCc1ZJM1hJcDJkTEFJZz09\">Sala do Zoom<\/a><br \/>\n. 9h &#8211; 11h | Ensinamentos \u00b7 <a href=\"https:\/\/zoom.us\/j\/99574138787?pwd=ZlNwMjQ0UGhCc1ZJM1hJcDJkTEFJZz09\">Sala do Zoom<\/a> ou <a href=\"https:\/\/youtu.be\/4adKoPs9KEU\">Sess\u00e3o #14<br \/>\n<\/a><strong>. <\/strong>14h \u00e0s 17h | Medita\u00e7\u00e3o <a href=\"https:\/\/zoom.us\/j\/99574138787?pwd=ZlNwMjQ0UGhCc1ZJM1hJcDJkTEFJZz09\">Sala do Zoom<\/a><br \/>\n. 19h \u00e0s 20h: Puja da Noite \u00b7 <a href=\"https:\/\/cebb.us3.list-manage.com\/track\/click?u=c55340ec5081732ed81eff58b&amp;id=e196ef6e62&amp;e=2bdefc9c41\" target=\"_blank\" rel=\"noopener\">Sala do Zoom<\/a> senha: 108<br \/>\n<\/strong><br \/>\n<strong>quarta| 06\/04\/22<br \/>\n. 08h \u00e0s 09h | Medita\u00e7\u00e3o <a href=\"https:\/\/zoom.us\/j\/99574138787?pwd=ZlNwMjQ0UGhCc1ZJM1hJcDJkTEFJZz09\">Sala do Zoom<\/a><br \/>\n. 9h &#8211; 11h | Ensinamentos \u00b7 <a href=\"https:\/\/zoom.us\/j\/99574138787?pwd=ZlNwMjQ0UGhCc1ZJM1hJcDJkTEFJZz09\">Sala do Zoom<\/a> ou <a href=\"https:\/\/youtu.be\/31BxIqutzS4\">Sess\u00e3o #15<br \/>\n<\/a><strong>. <\/strong>14h \u00e0s 17h | Medita\u00e7\u00e3o <a href=\"https:\/\/zoom.us\/j\/99574138787?pwd=ZlNwMjQ0UGhCc1ZJM1hJcDJkTEFJZz09\">Sala do Zoom<\/a><br \/>\n. 19h \u00e0s 20h: Puja da Noite \u00b7 <a href=\"https:\/\/cebb.us3.list-manage.com\/track\/click?u=c55340ec5081732ed81eff58b&amp;id=e196ef6e62&amp;e=2bdefc9c41\" target=\"_blank\" rel=\"noopener\">Sala do Zoom<\/a> senha: 108<\/strong><br \/>\n<strong><strong>quinta| 07\/04\/22<br \/>\n. 08h \u00e0s 09h | Medita\u00e7\u00e3o <a href=\"https:\/\/zoom.us\/j\/99574138787?pwd=ZlNwMjQ0UGhCc1ZJM1hJcDJkTEFJZz09\">Sala do Zoom<\/a><br \/>\n. 9h &#8211; 11h | Ensinamentos \u00b7 <a href=\"https:\/\/zoom.us\/j\/99574138787?pwd=ZlNwMjQ0UGhCc1ZJM1hJcDJkTEFJZz09\">Sala do Zoom<\/a> ou<a href=\"https:\/\/youtu.be\/kovhd8JLIrg\" target=\"_blank\" rel=\"noopener\"> Sess\u00e3o #16<\/a><br \/>\n<strong>. <\/strong>14h \u00e0s 17h | Medita\u00e7\u00e3o <a href=\"https:\/\/zoom.us\/j\/99574138787?pwd=ZlNwMjQ0UGhCc1ZJM1hJcDJkTEFJZz09\">Sala do Zoom<\/a><br \/>\n. 19h \u00e0s 20h: Puja da Noite \u00b7 <a href=\"https:\/\/cebb.us3.list-manage.com\/track\/click?u=c55340ec5081732ed81eff58b&amp;id=e196ef6e62&amp;e=2bdefc9c41\" target=\"_blank\" rel=\"noopener\">Sala do Zoom<\/a> senha: 108<\/strong><br \/>\n<\/strong><\/p>\n<h3>Inscri\u00e7\u00e3o<\/h3>\n<p dir=\"ltr\">Sua inscri\u00e7\u00e3o e participa\u00e7\u00e3o independe de contribui\u00e7\u00e3o financeira. Caso aspire e lhe seja poss\u00edvel contribuir, sinta-se livre para definir o valor. Sua contribui\u00e7\u00e3o apoiar\u00e1 a sustenta\u00e7\u00e3o das atividades do Lama Samten, do CEBB Bacopari, CEBB Jetavana e CEBB Caminho do Meio, onde temos estudos e a pr\u00e1tica cont\u00ednua de retiros m\u00e9dios e longos para o aprofundamento de vis\u00e3o, medita\u00e7\u00e3o e a\u00e7\u00e3o l\u00facida sob a orienta\u00e7\u00e3o presencial cont\u00ednua do Lama.<\/p>\n<p dir=\"ltr\">\u00c9 justo a pr\u00e1tica da Dana Paramita \u2013 a perfei\u00e7\u00e3o da generosidade \u2013 que torna poss\u00edvel a continuidade dos ensinamentos desde os tempos do Buda. As seis paramitas \u2013 generosidade, moralidade, paci\u00eancia, energia constante, concentra\u00e7\u00e3o e sabedoria \u2013 inspiram a pr\u00e1tica e s\u00e3o a base geradora e sustentadora dos centros de estudos, medita\u00e7\u00e3o, acolhimento e das iniciativas de educa\u00e7\u00e3o, prote\u00e7\u00e3o ambiental, Terras Puras e Cultura de Paz da Sanga CEBB.<\/p>\n<h3>Practice of Generosity<\/h3>\n<p>Tradicionalmente, as atividades do Darma s\u00e3o sustentadas pela pr\u00e1tica da generosidade (Dana Paramita), que \u00e9 o que torna poss\u00edvel a continuidade dos ensinamentos desde os tempos do Buda, permitindo o surgimento e a manuten\u00e7\u00e3o dos centros de estudos, medita\u00e7\u00e3o e acolhimento e as iniciativas de educa\u00e7\u00e3o, prote\u00e7\u00e3o ambiental, terras puras e cultura de paz.<br \/>\nPara contribui\u00e7\u00f5es de dentro do Brasil, os dados banc\u00e1rios para doa\u00e7\u00e3o s\u00e3o:<\/p>\n<blockquote><p>PIX: CNPJ 34.079.867\/0001-04<br \/>\nBanco do Brasil (001)<br \/>\nAg\u00eancia: 0628-9<br \/>\nConta corrente: 108999-4<br \/>\nA\u00e7\u00e3o Paramita Ensino Budista<br \/>\nCNPJ 34.079.867\/0001-04<\/p><\/blockquote>\n<p>Para contribui\u00e7\u00f5es de fora do Brasil, entre em contato com <strong>cebbcm@gmail.com<\/strong>.<\/p>\n<h3>Contact<\/h3>\n<p>Se tiver d\u00favidas, conte conosco: <strong>cebbcm@gmail.com<\/strong>.<\/p>","protected":false},"excerpt":{"rendered":"<p>Ensinamentos com Lama Padma Samten no Retiro &#8220;Sutra Surangama&#8221;, transmitido ao vivo nos dias 23 de mar\u00e7o a 06 de abril 2022 \u2013. Aqui voc\u00ea encontra as grava\u00e7\u00f5es de todas as sess\u00f5es, que permanecer\u00e3o dispon\u00edveis para inscritos &#8211; mesmo os que se inscreverem depois do retiro ter terminado. \u00b7 IMPORTANTE \u00b7 Por favor, n\u00e3o compartilhe [&hellip;]<\/p>\n","protected":false},"author":1,"featured_media":0,"parent":0,"menu_order":0,"comment_status":"closed","ping_status":"open","template":"","meta":{"footnotes":""},"class_list":["post-88704","page","type-page","status-publish","hentry"],"yoast_head":"<!-- This site is optimized with the Yoast SEO plugin v27.5 - https:\/\/yoast.com\/product\/yoast-seo-wordpress\/ -->\n<title>Retiro Sutra Surangama | 23 de mar\u00e7o a 06 de abril - P\u00e1gina de Acompanhamento - Centro de Estudos Budistas Bodisatva<\/title>\n<meta name=\"robots\" content=\"index, follow, max-snippet:-1, max-image-preview:large, max-video-preview:-1\" \/>\n<link rel=\"canonical\" href=\"https:\/\/cebb.org.br\/en\/retiro-sutra-surangama-23-de-marco-a-06-de-abril-pagina-de-acompanhamento\/\" \/>\n<meta property=\"og:locale\" content=\"en_GB\" \/>\n<meta property=\"og:type\" content=\"article\" \/>\n<meta property=\"og:title\" content=\"Retiro Sutra Surangama | 23 de mar\u00e7o a 06 de abril - P\u00e1gina de Acompanhamento - Centro de Estudos Budistas Bodisatva\" \/>\n<meta property=\"og:description\" content=\"Ensinamentos com Lama Padma Samten no Retiro &#8220;Sutra Surangama&#8221;, transmitido ao vivo nos dias 23 de mar\u00e7o a 06 de abril 2022 \u2013. Aqui voc\u00ea encontra as grava\u00e7\u00f5es de todas as sess\u00f5es, que permanecer\u00e3o dispon\u00edveis para inscritos &#8211; mesmo os que se inscreverem depois do retiro ter terminado. \u00b7 IMPORTANTE \u00b7 Por favor, n\u00e3o compartilhe [&hellip;]\" \/>\n<meta property=\"og:url\" content=\"https:\/\/cebb.org.br\/en\/retiro-sutra-surangama-23-de-marco-a-06-de-abril-pagina-de-acompanhamento\/\" \/>\n<meta property=\"og:site_name\" content=\"Centro de Estudos Budistas Bodisatva\" \/>\n<meta property=\"article:publisher\" content=\"https:\/\/pt-br.facebook.com\/cebb108\" \/>\n<meta property=\"article:modified_time\" content=\"2022-11-04T13:07:52+00:00\" \/>\n<meta name=\"twitter:card\" content=\"summary_large_image\" \/>\n<meta name=\"twitter:label1\" content=\"Estimated reading time\" \/>\n\t<meta name=\"twitter:data1\" content=\"7 minutes\" \/>\n<script type=\"application\/ld+json\" class=\"yoast-schema-graph\">{\"@context\":\"https:\\\/\\\/schema.org\",\"@graph\":[{\"@type\":\"WebPage\",\"@id\":\"https:\\\/\\\/cebb.org.br\\\/retiro-sutra-surangama-23-de-marco-a-06-de-abril-pagina-de-acompanhamento\\\/\",\"url\":\"https:\\\/\\\/cebb.org.br\\\/retiro-sutra-surangama-23-de-marco-a-06-de-abril-pagina-de-acompanhamento\\\/\",\"name\":\"Retiro Sutra Surangama | 23 de mar\u00e7o a 06 de abril - P\u00e1gina de Acompanhamento - Centro de Estudos Budistas Bodisatva\",\"isPartOf\":{\"@id\":\"https:\\\/\\\/cebb.org.br\\\/#website\"},\"datePublished\":\"2022-03-18T00:52:31+00:00\",\"dateModified\":\"2022-11-04T13:07:52+00:00\",\"breadcrumb\":{\"@id\":\"https:\\\/\\\/cebb.org.br\\\/retiro-sutra-surangama-23-de-marco-a-06-de-abril-pagina-de-acompanhamento\\\/#breadcrumb\"},\"inLanguage\":\"en-GB\",\"potentialAction\":[{\"@type\":\"ReadAction\",\"target\":[\"https:\\\/\\\/cebb.org.br\\\/retiro-sutra-surangama-23-de-marco-a-06-de-abril-pagina-de-acompanhamento\\\/\"]}]},{\"@type\":\"BreadcrumbList\",\"@id\":\"https:\\\/\\\/cebb.org.br\\\/retiro-sutra-surangama-23-de-marco-a-06-de-abril-pagina-de-acompanhamento\\\/#breadcrumb\",\"itemListElement\":[{\"@type\":\"ListItem\",\"position\":1,\"name\":\"Home\",\"item\":\"https:\\\/\\\/cebb.org.br\\\/\"},{\"@type\":\"ListItem\",\"position\":2,\"name\":\"Retiro Sutra Surangama | 23 de mar\u00e7o a 06 de abril &#8211; P\u00e1gina de Acompanhamento\"}]},{\"@type\":\"WebSite\",\"@id\":\"https:\\\/\\\/cebb.org.br\\\/#website\",\"url\":\"https:\\\/\\\/cebb.org.br\\\/\",\"name\":\"Centro de Estudos Budistas Bodisatva\",\"description\":\"Budismo, medita\u00e7\u00e3o e cultura de paz | Lama Padma Samten\",\"publisher\":{\"@id\":\"https:\\\/\\\/cebb.org.br\\\/#organization\"},\"potentialAction\":[{\"@type\":\"SearchAction\",\"target\":{\"@type\":\"EntryPoint\",\"urlTemplate\":\"https:\\\/\\\/cebb.org.br\\\/?s={search_term_string}\"},\"query-input\":{\"@type\":\"PropertyValueSpecification\",\"valueRequired\":true,\"valueName\":\"search_term_string\"}}],\"inLanguage\":\"en-GB\"},{\"@type\":\"Organization\",\"@id\":\"https:\\\/\\\/cebb.org.br\\\/#organization\",\"name\":\"Centro de Estudos Budistas Bodisatva\",\"url\":\"https:\\\/\\\/cebb.org.br\\\/\",\"logo\":{\"@type\":\"ImageObject\",\"inLanguage\":\"en-GB\",\"@id\":\"https:\\\/\\\/cebb.org.br\\\/#\\\/schema\\\/logo\\\/image\\\/\",\"url\":\"http:\\\/\\\/18.230.164.79\\\/wp-content\\\/uploads\\\/2011\\\/03\\\/logosalvador-peq-e1660064979551.jpg\",\"contentUrl\":\"http:\\\/\\\/18.230.164.79\\\/wp-content\\\/uploads\\\/2011\\\/03\\\/logosalvador-peq-e1660064979551.jpg\",\"width\":280,\"height\":231,\"caption\":\"Centro de Estudos Budistas Bodisatva\"},\"image\":{\"@id\":\"https:\\\/\\\/cebb.org.br\\\/#\\\/schema\\\/logo\\\/image\\\/\"},\"sameAs\":[\"https:\\\/\\\/pt-br.facebook.com\\\/cebb108\",\"https:\\\/\\\/www.instagram.com\\\/cebbcaminhodomeio\\\/\"]}]}<\/script>\n<!-- \/ Yoast SEO plugin. -->","yoast_head_json":{"title":"Retiro Sutra Surangama | 23 de mar\u00e7o a 06 de abril - P\u00e1gina de Acompanhamento - Centro de Estudos Budistas Bodisatva","robots":{"index":"index","follow":"follow","max-snippet":"max-snippet:-1","max-image-preview":"max-image-preview:large","max-video-preview":"max-video-preview:-1"},"canonical":"https:\/\/cebb.org.br\/en\/retiro-sutra-surangama-23-de-marco-a-06-de-abril-pagina-de-acompanhamento\/","og_locale":"en_GB","og_type":"article","og_title":"Retiro Sutra Surangama | 23 de mar\u00e7o a 06 de abril - P\u00e1gina de Acompanhamento - Centro de Estudos Budistas Bodisatva","og_description":"Ensinamentos com Lama Padma Samten no Retiro &#8220;Sutra Surangama&#8221;, transmitido ao vivo nos dias 23 de mar\u00e7o a 06 de abril 2022 \u2013. Aqui voc\u00ea encontra as grava\u00e7\u00f5es de todas as sess\u00f5es, que permanecer\u00e3o dispon\u00edveis para inscritos &#8211; mesmo os que se inscreverem depois do retiro ter terminado. \u00b7 IMPORTANTE \u00b7 Por favor, n\u00e3o compartilhe [&hellip;]","og_url":"https:\/\/cebb.org.br\/en\/retiro-sutra-surangama-23-de-marco-a-06-de-abril-pagina-de-acompanhamento\/","og_site_name":"Centro de Estudos Budistas Bodisatva","article_publisher":"https:\/\/pt-br.facebook.com\/cebb108","article_modified_time":"2022-11-04T13:07:52+00:00","twitter_card":"summary_large_image","twitter_misc":{"Estimated reading time":"7 minutes"},"schema":{"@context":"https:\/\/schema.org","@graph":[{"@type":"WebPage","@id":"https:\/\/cebb.org.br\/retiro-sutra-surangama-23-de-marco-a-06-de-abril-pagina-de-acompanhamento\/","url":"https:\/\/cebb.org.br\/retiro-sutra-surangama-23-de-marco-a-06-de-abril-pagina-de-acompanhamento\/","name":"Retiro Sutra Surangama | 23 de mar\u00e7o a 06 de abril - P\u00e1gina de Acompanhamento - Centro de Estudos Budistas Bodisatva","isPartOf":{"@id":"https:\/\/cebb.org.br\/#website"},"datePublished":"2022-03-18T00:52:31+00:00","dateModified":"2022-11-04T13:07:52+00:00","breadcrumb":{"@id":"https:\/\/cebb.org.br\/retiro-sutra-surangama-23-de-marco-a-06-de-abril-pagina-de-acompanhamento\/#breadcrumb"},"inLanguage":"en-GB","potentialAction":[{"@type":"ReadAction","target":["https:\/\/cebb.org.br\/retiro-sutra-surangama-23-de-marco-a-06-de-abril-pagina-de-acompanhamento\/"]}]},{"@type":"BreadcrumbList","@id":"https:\/\/cebb.org.br\/retiro-sutra-surangama-23-de-marco-a-06-de-abril-pagina-de-acompanhamento\/#breadcrumb","itemListElement":[{"@type":"ListItem","position":1,"name":"Home","item":"https:\/\/cebb.org.br\/"},{"@type":"ListItem","position":2,"name":"Retiro Sutra Surangama | 23 de mar\u00e7o a 06 de abril &#8211; P\u00e1gina de Acompanhamento"}]},{"@type":"WebSite","@id":"https:\/\/cebb.org.br\/#website","url":"https:\/\/cebb.org.br\/","name":"Bodhisattva Center for Buddhist Studies","description":"Budismo, medita\u00e7\u00e3o e cultura de paz | Lama Padma Samten","publisher":{"@id":"https:\/\/cebb.org.br\/#organization"},"potentialAction":[{"@type":"SearchAction","target":{"@type":"EntryPoint","urlTemplate":"https:\/\/cebb.org.br\/?s={search_term_string}"},"query-input":{"@type":"PropertyValueSpecification","valueRequired":true,"valueName":"search_term_string"}}],"inLanguage":"en-GB"},{"@type":"Organization","@id":"https:\/\/cebb.org.br\/#organization","name":"Bodhisattva Center for Buddhist Studies","url":"https:\/\/cebb.org.br\/","logo":{"@type":"ImageObject","inLanguage":"en-GB","@id":"https:\/\/cebb.org.br\/#\/schema\/logo\/image\/","url":"http:\/\/18.230.164.79\/wp-content\/uploads\/2011\/03\/logosalvador-peq-e1660064979551.jpg","contentUrl":"http:\/\/18.230.164.79\/wp-content\/uploads\/2011\/03\/logosalvador-peq-e1660064979551.jpg","width":280,"height":231,"caption":"Centro de Estudos Budistas Bodisatva"},"image":{"@id":"https:\/\/cebb.org.br\/#\/schema\/logo\/image\/"},"sameAs":["https:\/\/pt-br.facebook.com\/cebb108","https:\/\/www.instagram.com\/cebbcaminhodomeio\/"]}]}},"_links":{"self":[{"href":"https:\/\/cebb.org.br\/en\/wp-json\/wp\/v2\/pages\/88704","targetHints":{"allow":["GET"]}}],"collection":[{"href":"https:\/\/cebb.org.br\/en\/wp-json\/wp\/v2\/pages"}],"about":[{"href":"https:\/\/cebb.org.br\/en\/wp-json\/wp\/v2\/types\/page"}],"author":[{"embeddable":true,"href":"https:\/\/cebb.org.br\/en\/wp-json\/wp\/v2\/users\/1"}],"replies":[{"embeddable":true,"href":"https:\/\/cebb.org.br\/en\/wp-json\/wp\/v2\/comments?post=88704"}],"version-history":[{"count":4,"href":"https:\/\/cebb.org.br\/en\/wp-json\/wp\/v2\/pages\/88704\/revisions"}],"predecessor-version":[{"id":93381,"href":"https:\/\/cebb.org.br\/en\/wp-json\/wp\/v2\/pages\/88704\/revisions\/93381"}],"wp:attachment":[{"href":"https:\/\/cebb.org.br\/en\/wp-json\/wp\/v2\/media?parent=88704"}],"curies":[{"name":"wp","href":"https:\/\/api.w.org\/{rel}","templated":true}]}}