{"id":92294,"date":"2022-09-01T16:53:47","date_gmt":"2022-09-01T19:53:47","guid":{"rendered":"https:\/\/cebb.org.br\/?page_id=92294"},"modified":"2022-12-05T20:14:19","modified_gmt":"2022-12-05T23:14:19","slug":"retiro-iluminacao-do-buda-2022-pagina-de-acompanhamento","status":"publish","type":"page","link":"https:\/\/cebb.org.br\/en\/retiro-iluminacao-do-buda-2022-pagina-de-acompanhamento\/","title":{"rendered":"Retiro Ilumina\u00e7\u00e3o do Buda 2022 &#8211; P\u00e1gina de Acompanhamento"},"content":{"rendered":"<p>Ensinamentos com Lama Padma Samten no <strong>Retiro | Ilumina\u00e7\u00e3o do Buda 2022<\/strong>, transmitido ao vivo nos dias 01 a 08 de dezembro de 2022 \u2013. Aqui voc\u00ea encontra as grava\u00e7\u00f5es de todas as sess\u00f5es, que permanecer\u00e3o dispon\u00edveis para inscritos &#8211; <em>mesmo os que se inscreverem depois do retiro ter terminado.<\/em><\/p>\n<div><strong> \u00b7 IMPORTANTE \u00b7 <\/strong> Por favor, n\u00e3o compartilhe esta p\u00e1gina, v\u00eddeos, links ou documentos aqui listados. Cada praticante aproveita melhor os ensinamentos quando manifesta interesse e se alegra em apoiar o movimento dos mestres. Se quiser compartilhar a alegria deste retiro com mais pessoas, convide-as a <a href=\"https:\/\/docs.google.com\/forms\/d\/e\/1FAIpQLSfuTxg2m_DPxeg-j0MtsZSjPI1pksBRZejHCozfSqWxaLIeGg\/viewform\" rel=\"noopener\" target=\"_blank\">tamb\u00e9m fazer a inscri\u00e7\u00e3o<\/a>, mesmo ap\u00f3s o retiro.<\/div>\n<h3>Transmiss\u00e3o ao vivo<\/h3>\n<p>Antes de cada sess\u00e3o <a>atualize esta p\u00e1gina<\/a> para garantir que esteja visualizando o conte\u00fado mais recente.<\/p>\n<p>Voc\u00ea pode assistir pela <a href=\"https:\/\/us06web.zoom.us\/j\/85741007780?pwd=UE9oTEhPdVg4MmNPakpQYnpXdVFZQT09\" target=\"_blank\" rel=\"noopener\">Sala do Zoom &#8211; (clique aqui)<\/a>, ID da reuni\u00e3o: 857 4100 7780 , senha de acesso: 108 e pode acompanhar a pr\u00f3xima sess\u00e3o no v\u00eddeo abaixo ou pode ainda ver diretamente no YouTube.<\/p>\n<p><iframe title=\"YouTube video player\" src=\"https:\/\/www.youtube.com\/embed\/gZbCODmaroo\" width=\"560\" height=\"315\" frameborder=\"0\"><\/iframe><br \/>\n<a href=\"https:\/\/cebb.org.br\/en\/preces\/\" class=\"su-button su-button-style-default\" style=\"color:#FFFFFF;background-color:#b8190d;border-color:#94140b;border-radius:5px\" target=\"_blank\" rel=\"noopener noreferrer\"><span style=\"color:#FFFFFF;padding:0px 16px;font-size:13px;line-height:26px;border-color:#ce5e56;border-radius:5px;text-shadow:none\"> Preces<\/span><\/a> <a href=\"https:\/\/youtube.com\/playlist?list=PLO_7Zoueaxd5Dy4YhxluJOftfYIPg5WyZ\" class=\"su-button su-button-style-default\" style=\"color:#FFFFFF;background-color:#b8190d;border-color:#94140b;border-radius:5px\" target=\"_blank\" rel=\"noopener noreferrer\"><span style=\"color:#FFFFFF;padding:0px 16px;font-size:13px;line-height:26px;border-color:#ce5e56;border-radius:5px;text-shadow:none\"> Playlist no Youtube<\/span><\/a>\n<h3>Textos<\/h3>\n<p><strong><a href=\"https:\/\/cebb.org.br\/wp-content\/uploads\/2022\/12\/Sutra-do-Diamante-fev-2002-Goddard.doc.pdf\">Sutra do Diamante &#8211; fev 2002 &#8211; Goddard.doc<\/a> &lt;&lt; clique para acessar<\/strong><\/p>\n<p><strong><a href=\"https:\/\/cebb.org.br\/wp-content\/uploads\/2022\/12\/Dudjom-Rinpoche-A-Luz-da-Sabedoria-Primordial.pdf\">Dudjom Rinpoche &#8211; A Luz da Sabedoria Primordial<\/a> &lt;&lt; clique para acessar<\/strong><\/p>\n<h3>Lista de sess\u00f5es<\/h3>\n<h4>Os hor\u00e1rios e a programa\u00e7\u00e3o dos retiros est\u00e3o sujeitos a altera\u00e7\u00f5es<\/h4>\n<p>quinta| 01\/12\/22<br \/>\n. 08h \u00e0s 09h | Medita\u00e7\u00e3o . <a href=\"https:\/\/us06web.zoom.us\/j\/85741007780?pwd=UE9oTEhPdVg4MmNPakpQYnpXdVFZQT09\" rel=\"noopener\" target=\"_blank\">Sala do Zoom<\/a> &#8211; senha: 108<br \/>\n. 9h &#8211; 11h | Ensinamentos \u00b7 <a href=\"https:\/\/us06web.zoom.us\/j\/85741007780?pwd=UE9oTEhPdVg4MmNPakpQYnpXdVFZQT09\" rel=\"noopener\" target=\"_blank\">Sala do Zoom<\/a> &#8211; senha: 108 ou <a href=\"https:\/\/youtu.be\/U4ND1WV-pt8\" rel=\"noopener\" target=\"_blank\">Sess\u00e3o #1<\/a><\/a><br \/>\n. 14h \u00e0s 15h | Medita\u00e7\u00e3o e Ensinamentos . <a href=\"https:\/\/us06web.zoom.us\/j\/85741007780?pwd=UE9oTEhPdVg4MmNPakpQYnpXdVFZQT09\" rel=\"noopener\" target=\"_blank\">Sala do Zoom<\/a> ou <a href=\"https:\/\/youtu.be\/pPR-QsmWkkI\" rel=\"noopener\" target=\"_blank\">Sess\u00e3o #1,5<\/a><br \/>\n. 15h \u00e0s 17h | Medita\u00e7\u00e3o e Ensinamentos . <a href=\"https:\/\/us06web.zoom.us\/j\/85741007780?pwd=UE9oTEhPdVg4MmNPakpQYnpXdVFZQT09\" rel=\"noopener\" target=\"_blank\">Sala do Zoom<\/a> ou <a href=\"https:\/\/youtu.be\/pPR-QsmWkkI\" rel=\"noopener\" target=\"_blank\">Sess\u00e3o #1,5<\/a><br \/>\n. 19h \u00e0s 20h: Puja da Noite \u00b7 <a href=\"https:\/\/us06web.zoom.us\/j\/7298927661?pwd=dGZEQlJ1NzNjeWVXWXd2SDlvQ2ZLQT09\" target=\"_blank\" rel=\"noopener\">Sala do Zoom<\/a> senha: 108<\/p>\n<p>sexta | 02\/12\/22<br \/>\n. 08h \u00e0s 09h | Medita\u00e7\u00e3o . <a href=\"https:\/\/us06web.zoom.us\/j\/85741007780?pwd=UE9oTEhPdVg4MmNPakpQYnpXdVFZQT09\" rel=\"noopener\" target=\"_blank\">Sala do Zoom<\/a> &#8211; senha: 108<br \/>\n. 9h &#8211; 11h | Ensinamentos \u00b7 <a href=\"https:\/\/us06web.zoom.us\/j\/85741007780?pwd=UE9oTEhPdVg4MmNPakpQYnpXdVFZQT09\" rel=\"noopener\" target=\"_blank\">Sala do Zoom<\/a> &#8211; senha: 108 ou <a href=\"https:\/\/youtu.be\/WXchvqF-Pnc\" rel=\"noopener\" target=\"_blank\">Sess\u00e3o #2<\/a><br \/>\n. 14h \u00e0s 17h | Medita\u00e7\u00e3o . <a href=\"https:\/\/us06web.zoom.us\/j\/85741007780?pwd=UE9oTEhPdVg4MmNPakpQYnpXdVFZQT09\" rel=\"noopener\" target=\"_blank\">Sala do Zoom<\/a><br \/>\n. 19h \u00e0s 20h: Puja da Noite \u00b7 <a href=\"https:\/\/us06web.zoom.us\/j\/7298927661?pwd=dGZEQlJ1NzNjeWVXWXd2SDlvQ2ZLQT09\" target=\"_blank\" rel=\"noopener\">Sala do Zoom<\/a> senha: 108<\/p>\n<p>s\u00e1bado | 03\/12\/22<br \/>\n. 08h \u00e0s 09h | Medita\u00e7\u00e3o . <a href=\"https:\/\/us06web.zoom.us\/j\/85741007780?pwd=UE9oTEhPdVg4MmNPakpQYnpXdVFZQT09\" rel=\"noopener\" target=\"_blank\">Sala do Zoom<\/a> &#8211; senha: 108<br \/>\n. 9h &#8211; 11h | Ensinamentos \u00b7 <a href=\"https:\/\/us06web.zoom.us\/j\/85741007780?pwd=UE9oTEhPdVg4MmNPakpQYnpXdVFZQT09\" rel=\"noopener\" target=\"_blank\">Sala do Zoom<\/a> &#8211; senha: 108 ou <a href=\"https:\/\/youtu.be\/E82o_dESYLk\" rel=\"noopener\" target=\"_blank\">Sess\u00e3o #3<\/a><br \/>\n. 14h \u00e0s 17h | Medita\u00e7\u00e3o e Ensinamentos . <a href=\"https:\/\/us06web.zoom.us\/j\/85741007780?pwd=UE9oTEhPdVg4MmNPakpQYnpXdVFZQT09\" rel=\"noopener\" target=\"_blank\">Sala do Zoom<\/a> ou <a href=\"https:\/\/youtu.be\/OaBtSRFiF2Q\" rel=\"noopener\" target=\"_blank\">Sess\u00e3o #3,5<\/a><br \/>\n. 19h \u00e0s 20h: Puja da Noite \u00b7 <a href=\"https:\/\/us06web.zoom.us\/j\/7298927661?pwd=dGZEQlJ1NzNjeWVXWXd2SDlvQ2ZLQT09\" target=\"_blank\" rel=\"noopener\">Sala do Zoom<\/a> senha: 108<\/p>\n<p>domingo | 04\/12\/22<br \/>\n. 08h \u00e0s 09h | Medita\u00e7\u00e3o . <a href=\"https:\/\/us06web.zoom.us\/j\/85741007780?pwd=UE9oTEhPdVg4MmNPakpQYnpXdVFZQT09\" rel=\"noopener\" target=\"_blank\">Sala do Zoom<\/a> &#8211; senha: 108<br \/>\n. 9h &#8211; 11h | Ensinamentos \u00b7 <a href=\"https:\/\/us06web.zoom.us\/j\/85741007780?pwd=UE9oTEhPdVg4MmNPakpQYnpXdVFZQT09\" rel=\"noopener\" target=\"_blank\">Sala do Zoom<\/a> &#8211; senha: 108 ou <a href=\"https:\/\/youtu.be\/MjJAqGFkS1s\" rel=\"noopener\" target=\"_blank\">Sess\u00e3o #4<\/a><br \/>\n. 14h \u00e0s 17h | Medita\u00e7\u00e3o e Perguntas &#038; Respostas . <a href=\"https:\/\/us06web.zoom.us\/j\/85741007780?pwd=UE9oTEhPdVg4MmNPakpQYnpXdVFZQT09\" rel=\"noopener\" target=\"_blank\">Sala do Zoom<\/a> ou <a href=\"https:\/\/youtu.be\/ZCIs_HUA1hI\" rel=\"noopener\" target=\"_blank\">Sess\u00e3o #4,5<\/a><br \/>\n. 19h \u00e0s 20h: Puja da Noite \u00b7 <a href=\"https:\/\/us06web.zoom.us\/j\/7298927661?pwd=dGZEQlJ1NzNjeWVXWXd2SDlvQ2ZLQT09\" target=\"_blank\" rel=\"noopener\">Sala do Zoom<\/a> senha: 108<\/p>\n<p>segunda | 05\/12\/22<br \/>\n. 08h \u00e0s 09h | Medita\u00e7\u00e3o . <a href=\"https:\/\/us06web.zoom.us\/j\/85741007780?pwd=UE9oTEhPdVg4MmNPakpQYnpXdVFZQT09\" rel=\"noopener\" target=\"_blank\">Sala do Zoom<\/a> &#8211; senha: 108<br \/>\n. 9h &#8211; 11h | Ensinamentos \u00b7 <a href=\"https:\/\/us06web.zoom.us\/j\/85741007780?pwd=UE9oTEhPdVg4MmNPakpQYnpXdVFZQT09\" rel=\"noopener\" target=\"_blank\">Sala do Zoom<\/a> &#8211; senha: 108 ou <a href=\"https:\/\/youtu.be\/_CND0VqG0RM\" rel=\"noopener\" target=\"_blank\">Sess\u00e3o #5<\/a><br \/>\n. 14h \u00e0s 17h | Medita\u00e7\u00e3o . <a href=\"https:\/\/us06web.zoom.us\/j\/85741007780?pwd=UE9oTEhPdVg4MmNPakpQYnpXdVFZQT09\" rel=\"noopener\" target=\"_blank\">Sala do Zoom<\/a><br \/>\n. 19h \u00e0s 20h: Puja da Noite \u00b7 <a href=\"https:\/\/us06web.zoom.us\/j\/7298927661?pwd=dGZEQlJ1NzNjeWVXWXd2SDlvQ2ZLQT09\" target=\"_blank\" rel=\"noopener\">Sala do Zoom<\/a> senha: 108<\/p>\n<p>ter\u00e7a | 06\/12\/22<br \/>\n. 08h \u00e0s 09h | Medita\u00e7\u00e3o . <a href=\"https:\/\/us06web.zoom.us\/j\/85741007780?pwd=UE9oTEhPdVg4MmNPakpQYnpXdVFZQT09\" rel=\"noopener\" target=\"_blank\">Sala do Zoom<\/a> &#8211; senha: 108<br \/>\n. 9h &#8211; 11h | Ensinamentos \u00b7 <a href=\"https:\/\/us06web.zoom.us\/j\/85741007780?pwd=UE9oTEhPdVg4MmNPakpQYnpXdVFZQT09\" rel=\"noopener\" target=\"_blank\">Sala do Zoom<\/a> &#8211; senha: 108 ou <a href=\"https:\/\/youtu.be\/gZbCODmaroo\" rel=\"noopener\" target=\"_blank\">Sess\u00e3o #6<\/a><br \/>\n. 14h \u00e0s 17h | Medita\u00e7\u00e3o e Ensinamentos . <a href=\"https:\/\/us06web.zoom.us\/j\/85741007780?pwd=UE9oTEhPdVg4MmNPakpQYnpXdVFZQT09\" rel=\"noopener\" target=\"_blank\">Sala do Zoom<\/a> ou <a href=\"https:\/\/youtu.be\/dXnHQkkH8Bo\" rel=\"noopener\" target=\"_blank\">Sess\u00e3o #6,5<\/a><br \/>\n. 19h \u00e0s 20h: Puja da Noite \u00b7 <a href=\"https:\/\/us06web.zoom.us\/j\/7298927661?pwd=dGZEQlJ1NzNjeWVXWXd2SDlvQ2ZLQT09\" target=\"_blank\" rel=\"noopener\">Sala do Zoom<\/a> senha: 108<\/p>\n<p>quarta | 07\/12\/22<br \/>\n. 08h \u00e0s 09h | Medita\u00e7\u00e3o . <a href=\"https:\/\/us06web.zoom.us\/j\/85741007780?pwd=UE9oTEhPdVg4MmNPakpQYnpXdVFZQT09\" rel=\"noopener\" target=\"_blank\">Sala do Zoom<\/a> &#8211; senha: 108<br \/>\n. 9h &#8211; 11h | Ensinamentos \u00b7 <a href=\"https:\/\/us06web.zoom.us\/j\/85741007780?pwd=UE9oTEhPdVg4MmNPakpQYnpXdVFZQT09\" rel=\"noopener\" target=\"_blank\">Sala do Zoom<\/a> &#8211; senha: 108 ou <a href=\"https:\/\/youtu.be\/fPEoJ0HIWBk\" rel=\"noopener\" target=\"_blank\">Sess\u00e3o #7<\/a><br \/>\n. 14h \u00e0s 17h | Medita\u00e7\u00e3o e Ensinamentos . <a href=\"https:\/\/us06web.zoom.us\/j\/85741007780?pwd=UE9oTEhPdVg4MmNPakpQYnpXdVFZQT09\" rel=\"noopener\" target=\"_blank\">Sala do Zoom<\/a> ou <a href=\"https:\/\/youtu.be\/xqBNcOJ1y3Y\" rel=\"noopener\" target=\"_blank\">Sess\u00e3o #7,5<\/a><br \/>\n. 19h \u00e0s 20h: Puja da Noite \u00b7 <a href=\"https:\/\/us06web.zoom.us\/j\/7298927661?pwd=dGZEQlJ1NzNjeWVXWXd2SDlvQ2ZLQT09\" target=\"_blank\" rel=\"noopener\">Sala do Zoom<\/a> senha: 108<\/p>\n<p>quinta | 08\/12\/22<br \/>\n. 08h \u00e0s 09h | Medita\u00e7\u00e3o . <a href=\"https:\/\/us06web.zoom.us\/j\/85741007780?pwd=UE9oTEhPdVg4MmNPakpQYnpXdVFZQT09\" rel=\"noopener\" target=\"_blank\">Sala do Zoom<\/a> &#8211; senha: 108<br \/>\n. 9h &#8211; 11h | Ensinamentos \u00b7 <a href=\"https:\/\/us06web.zoom.us\/j\/85741007780?pwd=UE9oTEhPdVg4MmNPakpQYnpXdVFZQT09\" rel=\"noopener\" target=\"_blank\">Sala do Zoom<\/a> &#8211; senha: 108 ou <a href=\"https:\/\/youtu.be\/GI3ih1nKmgY\" rel=\"noopener\" target=\"_blank\">Sess\u00e3o #8<\/a><\/p>\n<h3><\/h3>\n<h3>Inscri\u00e7\u00e3o Participa\u00e7\u00e3o ONLINE<\/h3>\n<p>Sua inscri\u00e7\u00e3o e acesso online ao retiro independem de contribui\u00e7\u00e3o financeira.<\/p>\n<h3>Contribui\u00e7\u00f5es<\/h3>\n<p>Caso aspire e lhe seja poss\u00edvel contribuir, sinta-se livre para definir o valor, como refer\u00eancia, sugerimos o valor de R$ 350,00.<\/p>\n<p>Sua contribui\u00e7\u00e3o apoiar\u00e1 o CEBB Caminho do Meio, o CEBB Bacopari, o CEBB Jetavana e as atividades do Lama Padma Samten.<\/p>\n<p>The practice of Dana Paramita - perfection of generosity - makes it possible to continue the teachings from the time of the Buddha. The six paramitas - generosity, morality, peace, constant energy, concentration and wisdom - inspire the practice and are the generative and sustaining basis of the CEBB Sangha's centers for study, meditation, hospitality and initiatives for education, environmental protection, Pure Lands and the Culture of Peace.<\/p>\n<p>Para contribui\u00e7\u00f5es de dentro do Brasil, os dados banc\u00e1rios para doa\u00e7\u00e3o s\u00e3o:<\/p>\n<blockquote><p>PIX: CNPJ 34.079.867\/0001-04<br \/>\nBanco do Brasil (001)<br \/>\nAg\u00eancia: 0628-9<br \/>\nConta corrente: 108999-4<br \/>\nA\u00e7\u00e3o Paramita Ensino Budista<br \/>\nCNPJ 34.079.867\/0001-04<\/p><\/blockquote>\n<p>Para contribui\u00e7\u00f5es de fora do Brasil, entre em contato com <strong>cebbcm@gmail.com<\/strong>.<\/p>\n<h3>Contact<\/h3>\n<p>Se tiver d\u00favidas, conte conosco: <strong>cebbcm@gmail.com<\/strong>.<\/p>","protected":false},"excerpt":{"rendered":"<p>Ensinamentos com Lama Padma Samten no Retiro | Ilumina\u00e7\u00e3o do Buda 2022, transmitido ao vivo nos dias 01 a 08 de dezembro de 2022 \u2013. Aqui voc\u00ea encontra as grava\u00e7\u00f5es de todas as sess\u00f5es, que permanecer\u00e3o dispon\u00edveis para inscritos &#8211; mesmo os que se inscreverem depois do retiro ter terminado. \u00b7 IMPORTANTE \u00b7 Por favor, [&hellip;]<\/p>\n","protected":false},"author":64,"featured_media":0,"parent":0,"menu_order":0,"comment_status":"closed","ping_status":"closed","template":"","meta":{"footnotes":""},"class_list":["post-92294","page","type-page","status-publish","hentry"],"yoast_head":"<!-- This site is optimized with the Yoast SEO plugin v27.5 - https:\/\/yoast.com\/product\/yoast-seo-wordpress\/ -->\n<title>Retiro Ilumina\u00e7\u00e3o do Buda 2022 - P\u00e1gina de Acompanhamento - Centro de Estudos Budistas Bodisatva<\/title>\n<meta name=\"robots\" content=\"index, follow, max-snippet:-1, max-image-preview:large, max-video-preview:-1\" \/>\n<link rel=\"canonical\" href=\"https:\/\/cebb.org.br\/en\/retiro-iluminacao-do-buda-2022-pagina-de-acompanhamento\/\" \/>\n<meta property=\"og:locale\" content=\"en_GB\" \/>\n<meta property=\"og:type\" content=\"article\" \/>\n<meta property=\"og:title\" content=\"Retiro Ilumina\u00e7\u00e3o do Buda 2022 - P\u00e1gina de Acompanhamento - Centro de Estudos Budistas Bodisatva\" \/>\n<meta property=\"og:description\" content=\"Ensinamentos com Lama Padma Samten no Retiro | Ilumina\u00e7\u00e3o do Buda 2022, transmitido ao vivo nos dias 01 a 08 de dezembro de 2022 \u2013. Aqui voc\u00ea encontra as grava\u00e7\u00f5es de todas as sess\u00f5es, que permanecer\u00e3o dispon\u00edveis para inscritos &#8211; mesmo os que se inscreverem depois do retiro ter terminado. \u00b7 IMPORTANTE \u00b7 Por favor, [&hellip;]\" \/>\n<meta property=\"og:url\" content=\"https:\/\/cebb.org.br\/en\/retiro-iluminacao-do-buda-2022-pagina-de-acompanhamento\/\" \/>\n<meta property=\"og:site_name\" content=\"Centro de Estudos Budistas Bodisatva\" \/>\n<meta property=\"article:publisher\" content=\"https:\/\/pt-br.facebook.com\/cebb108\" \/>\n<meta property=\"article:modified_time\" content=\"2022-12-05T23:14:19+00:00\" \/>\n<meta name=\"twitter:card\" content=\"summary_large_image\" \/>\n<meta name=\"twitter:label1\" content=\"Estimated reading time\" \/>\n\t<meta name=\"twitter:data1\" content=\"5 minutes\" \/>\n<script type=\"application\/ld+json\" class=\"yoast-schema-graph\">{\"@context\":\"https:\\\/\\\/schema.org\",\"@graph\":[{\"@type\":\"WebPage\",\"@id\":\"https:\\\/\\\/cebb.org.br\\\/retiro-iluminacao-do-buda-2022-pagina-de-acompanhamento\\\/\",\"url\":\"https:\\\/\\\/cebb.org.br\\\/retiro-iluminacao-do-buda-2022-pagina-de-acompanhamento\\\/\",\"name\":\"Retiro Ilumina\u00e7\u00e3o do Buda 2022 - P\u00e1gina de Acompanhamento - Centro de Estudos Budistas Bodisatva\",\"isPartOf\":{\"@id\":\"https:\\\/\\\/cebb.org.br\\\/#website\"},\"datePublished\":\"2022-09-01T19:53:47+00:00\",\"dateModified\":\"2022-12-05T23:14:19+00:00\",\"breadcrumb\":{\"@id\":\"https:\\\/\\\/cebb.org.br\\\/retiro-iluminacao-do-buda-2022-pagina-de-acompanhamento\\\/#breadcrumb\"},\"inLanguage\":\"en-GB\",\"potentialAction\":[{\"@type\":\"ReadAction\",\"target\":[\"https:\\\/\\\/cebb.org.br\\\/retiro-iluminacao-do-buda-2022-pagina-de-acompanhamento\\\/\"]}]},{\"@type\":\"BreadcrumbList\",\"@id\":\"https:\\\/\\\/cebb.org.br\\\/retiro-iluminacao-do-buda-2022-pagina-de-acompanhamento\\\/#breadcrumb\",\"itemListElement\":[{\"@type\":\"ListItem\",\"position\":1,\"name\":\"Home\",\"item\":\"https:\\\/\\\/cebb.org.br\\\/\"},{\"@type\":\"ListItem\",\"position\":2,\"name\":\"Retiro Ilumina\u00e7\u00e3o do Buda 2022 &#8211; P\u00e1gina de Acompanhamento\"}]},{\"@type\":\"WebSite\",\"@id\":\"https:\\\/\\\/cebb.org.br\\\/#website\",\"url\":\"https:\\\/\\\/cebb.org.br\\\/\",\"name\":\"Centro de Estudos Budistas Bodisatva\",\"description\":\"Budismo, medita\u00e7\u00e3o e cultura de paz | Lama Padma Samten\",\"publisher\":{\"@id\":\"https:\\\/\\\/cebb.org.br\\\/#organization\"},\"potentialAction\":[{\"@type\":\"SearchAction\",\"target\":{\"@type\":\"EntryPoint\",\"urlTemplate\":\"https:\\\/\\\/cebb.org.br\\\/?s={search_term_string}\"},\"query-input\":{\"@type\":\"PropertyValueSpecification\",\"valueRequired\":true,\"valueName\":\"search_term_string\"}}],\"inLanguage\":\"en-GB\"},{\"@type\":\"Organization\",\"@id\":\"https:\\\/\\\/cebb.org.br\\\/#organization\",\"name\":\"Centro de Estudos Budistas Bodisatva\",\"url\":\"https:\\\/\\\/cebb.org.br\\\/\",\"logo\":{\"@type\":\"ImageObject\",\"inLanguage\":\"en-GB\",\"@id\":\"https:\\\/\\\/cebb.org.br\\\/#\\\/schema\\\/logo\\\/image\\\/\",\"url\":\"http:\\\/\\\/18.230.164.79\\\/wp-content\\\/uploads\\\/2011\\\/03\\\/logosalvador-peq-e1660064979551.jpg\",\"contentUrl\":\"http:\\\/\\\/18.230.164.79\\\/wp-content\\\/uploads\\\/2011\\\/03\\\/logosalvador-peq-e1660064979551.jpg\",\"width\":280,\"height\":231,\"caption\":\"Centro de Estudos Budistas Bodisatva\"},\"image\":{\"@id\":\"https:\\\/\\\/cebb.org.br\\\/#\\\/schema\\\/logo\\\/image\\\/\"},\"sameAs\":[\"https:\\\/\\\/pt-br.facebook.com\\\/cebb108\",\"https:\\\/\\\/www.instagram.com\\\/cebbcaminhodomeio\\\/\"]}]}<\/script>\n<!-- \/ Yoast SEO plugin. -->","yoast_head_json":{"title":"Retiro Ilumina\u00e7\u00e3o do Buda 2022 - P\u00e1gina de Acompanhamento - Centro de Estudos Budistas Bodisatva","robots":{"index":"index","follow":"follow","max-snippet":"max-snippet:-1","max-image-preview":"max-image-preview:large","max-video-preview":"max-video-preview:-1"},"canonical":"https:\/\/cebb.org.br\/en\/retiro-iluminacao-do-buda-2022-pagina-de-acompanhamento\/","og_locale":"en_GB","og_type":"article","og_title":"Retiro Ilumina\u00e7\u00e3o do Buda 2022 - P\u00e1gina de Acompanhamento - Centro de Estudos Budistas Bodisatva","og_description":"Ensinamentos com Lama Padma Samten no Retiro | Ilumina\u00e7\u00e3o do Buda 2022, transmitido ao vivo nos dias 01 a 08 de dezembro de 2022 \u2013. Aqui voc\u00ea encontra as grava\u00e7\u00f5es de todas as sess\u00f5es, que permanecer\u00e3o dispon\u00edveis para inscritos &#8211; mesmo os que se inscreverem depois do retiro ter terminado. \u00b7 IMPORTANTE \u00b7 Por favor, [&hellip;]","og_url":"https:\/\/cebb.org.br\/en\/retiro-iluminacao-do-buda-2022-pagina-de-acompanhamento\/","og_site_name":"Centro de Estudos Budistas Bodisatva","article_publisher":"https:\/\/pt-br.facebook.com\/cebb108","article_modified_time":"2022-12-05T23:14:19+00:00","twitter_card":"summary_large_image","twitter_misc":{"Estimated reading time":"5 minutes"},"schema":{"@context":"https:\/\/schema.org","@graph":[{"@type":"WebPage","@id":"https:\/\/cebb.org.br\/retiro-iluminacao-do-buda-2022-pagina-de-acompanhamento\/","url":"https:\/\/cebb.org.br\/retiro-iluminacao-do-buda-2022-pagina-de-acompanhamento\/","name":"Retiro Ilumina\u00e7\u00e3o do Buda 2022 - P\u00e1gina de Acompanhamento - Centro de Estudos Budistas Bodisatva","isPartOf":{"@id":"https:\/\/cebb.org.br\/#website"},"datePublished":"2022-09-01T19:53:47+00:00","dateModified":"2022-12-05T23:14:19+00:00","breadcrumb":{"@id":"https:\/\/cebb.org.br\/retiro-iluminacao-do-buda-2022-pagina-de-acompanhamento\/#breadcrumb"},"inLanguage":"en-GB","potentialAction":[{"@type":"ReadAction","target":["https:\/\/cebb.org.br\/retiro-iluminacao-do-buda-2022-pagina-de-acompanhamento\/"]}]},{"@type":"BreadcrumbList","@id":"https:\/\/cebb.org.br\/retiro-iluminacao-do-buda-2022-pagina-de-acompanhamento\/#breadcrumb","itemListElement":[{"@type":"ListItem","position":1,"name":"Home","item":"https:\/\/cebb.org.br\/"},{"@type":"ListItem","position":2,"name":"Retiro Ilumina\u00e7\u00e3o do Buda 2022 &#8211; P\u00e1gina de Acompanhamento"}]},{"@type":"WebSite","@id":"https:\/\/cebb.org.br\/#website","url":"https:\/\/cebb.org.br\/","name":"Bodhisattva Center for Buddhist Studies","description":"Budismo, medita\u00e7\u00e3o e cultura de paz | Lama Padma Samten","publisher":{"@id":"https:\/\/cebb.org.br\/#organization"},"potentialAction":[{"@type":"SearchAction","target":{"@type":"EntryPoint","urlTemplate":"https:\/\/cebb.org.br\/?s={search_term_string}"},"query-input":{"@type":"PropertyValueSpecification","valueRequired":true,"valueName":"search_term_string"}}],"inLanguage":"en-GB"},{"@type":"Organization","@id":"https:\/\/cebb.org.br\/#organization","name":"Bodhisattva Center for Buddhist Studies","url":"https:\/\/cebb.org.br\/","logo":{"@type":"ImageObject","inLanguage":"en-GB","@id":"https:\/\/cebb.org.br\/#\/schema\/logo\/image\/","url":"http:\/\/18.230.164.79\/wp-content\/uploads\/2011\/03\/logosalvador-peq-e1660064979551.jpg","contentUrl":"http:\/\/18.230.164.79\/wp-content\/uploads\/2011\/03\/logosalvador-peq-e1660064979551.jpg","width":280,"height":231,"caption":"Centro de Estudos Budistas Bodisatva"},"image":{"@id":"https:\/\/cebb.org.br\/#\/schema\/logo\/image\/"},"sameAs":["https:\/\/pt-br.facebook.com\/cebb108","https:\/\/www.instagram.com\/cebbcaminhodomeio\/"]}]}},"_links":{"self":[{"href":"https:\/\/cebb.org.br\/en\/wp-json\/wp\/v2\/pages\/92294","targetHints":{"allow":["GET"]}}],"collection":[{"href":"https:\/\/cebb.org.br\/en\/wp-json\/wp\/v2\/pages"}],"about":[{"href":"https:\/\/cebb.org.br\/en\/wp-json\/wp\/v2\/types\/page"}],"author":[{"embeddable":true,"href":"https:\/\/cebb.org.br\/en\/wp-json\/wp\/v2\/users\/64"}],"replies":[{"embeddable":true,"href":"https:\/\/cebb.org.br\/en\/wp-json\/wp\/v2\/comments?post=92294"}],"version-history":[{"count":35,"href":"https:\/\/cebb.org.br\/en\/wp-json\/wp\/v2\/pages\/92294\/revisions"}],"predecessor-version":[{"id":94223,"href":"https:\/\/cebb.org.br\/en\/wp-json\/wp\/v2\/pages\/92294\/revisions\/94223"}],"wp:attachment":[{"href":"https:\/\/cebb.org.br\/en\/wp-json\/wp\/v2\/media?parent=92294"}],"curies":[{"name":"wp","href":"https:\/\/api.w.org\/{rel}","templated":true}]}}