{"id":94472,"date":"2023-01-02T19:41:46","date_gmt":"2023-01-02T22:41:46","guid":{"rendered":"https:\/\/cebb.org.br\/?page_id=94472"},"modified":"2023-06-19T18:21:10","modified_gmt":"2023-06-19T21:21:10","slug":"pagina-de-acompanhamento-retiro-on-line-a-iluminacao-da-sabedoria-primordial","status":"publish","type":"page","link":"https:\/\/cebb.org.br\/en\/pagina-de-acompanhamento-retiro-on-line-a-iluminacao-da-sabedoria-primordial\/","title":{"rendered":"P\u00e1gina de Acompanhamento &#8211; Retiro on-line &#8220;A Ilumina\u00e7\u00e3o da Sabedoria Primordial&#8221;"},"content":{"rendered":"<p>Ensinamentos com Lama Padma Samten no CEBB Darmata &#8211; A Ilumina\u00e7\u00e3o da Sabedoria Primordial &#8211; transmitido ao vivo nos dias 04 a 12 de fevereiro de 2023 \u2013. Aqui voc\u00ea encontra as grava\u00e7\u00f5es de todas as sess\u00f5es, que permanecer\u00e3o dispon\u00edveis para inscritos &#8211; <em>mesmo os que se inscreverem depois do retiro ter terminado.<\/em><\/p>\n<div><strong> \u00b7 IMPORTANTE \u00b7 <\/strong> Por favor, n\u00e3o compartilhe esta p\u00e1gina, v\u00eddeos, links ou documentos aqui listados. Cada praticante aproveita melhor os ensinamentos quando manifesta interesse e se alegra em apoiar o movimento dos mestres. Se quiser compartilhar a alegria deste retiro com mais pessoas, convide-as a <a href=\"https:\/\/docs.google.com\/forms\/d\/e\/1FAIpQLSfl1bg_C5rqZveXh7xAHMLkatjj3AYpQ-THH2FhD5FuvzE7qA\/viewform\" target=\"_blank\" rel=\"noopener\">tamb\u00e9m fazer a inscri\u00e7\u00e3o<\/a>, mesmo ap\u00f3s o retiro.<\/div>\n<div><\/div>\n<h3>Transmiss\u00e3o ao vivo<\/h3>\n<p>Antes de cada sess\u00e3o <a>atualize esta p\u00e1gina<\/a> para garantir que esteja visualizando o conte\u00fado mais recente.<\/p>\n<p>Voc\u00ea pode assistir pela <a href=\"https:\/\/us06web.zoom.us\/j\/87321639183?pwd=MUpQNlFYM0NjYS90SnI3cHJNOEpMUT09\" target=\"_blank\" rel=\"noopener\">Sala do Zoom &#8211; (clique aqui)<\/a>, ID da reuni\u00e3o: 873 2163 9183, senha de acesso: 108 e pode acompanhar a pr\u00f3xima sess\u00e3o no v\u00eddeo abaixo ou pode ainda ver diretamente no YouTube.<\/p>\n<a href=\"https:\/\/cebb.org.br\/en\/preces\/\" class=\"su-button su-button-style-default\" style=\"color:#FFFFFF;background-color:#b8190d;border-color:#94140b;border-radius:5px\" target=\"_blank\" rel=\"noopener noreferrer\"><span style=\"color:#FFFFFF;padding:0px 16px;font-size:13px;line-height:26px;border-color:#ce5e56;border-radius:5px;text-shadow:none\"> Preces<\/span><\/a>\n<a href=\"https:\/\/youtube.com\/playlist?list=PLO_7Zoueaxd6zCwFEkaNaOTBeR8ZT80Bw\" class=\"su-button su-button-style-default\" style=\"color:#FFFFFF;background-color:#b8190d;border-color:#94140b;border-radius:5px\" target=\"_blank\" rel=\"noopener noreferrer\"><span style=\"color:#FFFFFF;padding:0px 16px;font-size:13px;line-height:26px;border-color:#ce5e56;border-radius:5px;text-shadow:none\"> PLAYLIST<\/span><\/a>\n<p>&nbsp;<\/p>\n<h3>Texto para acompanhamento<\/h3>\n<p><strong>Livro Medita\u00e7\u00e3o, Transforma\u00e7\u00e3o e Ioga dos Sonhos | Texto Ilumina\u00e7\u00e3o da Sabedoria Primordial, p\u00e1g. 125<br \/>\n<\/strong><strong>Este livro est\u00e1 sendo disponibilizado apenas durante o retiro, para adquirir o livro, acesse a loja da Bodisatva:<br \/>\n<\/strong><a href=\"https:\/\/loja.bodisatva.com.br\/meditacao-transformacao-e-ioga-dos-sonhos-do-ven-gyatrul-rinpoche\">https:\/\/loja.bodisatva.com.br\/meditacao-transformacao-e-ioga-dos-sonhos-do-ven-gyatrul-rinpoche<\/a><br \/>\n<strong>Uma Introdu\u00e7\u00e3o ao Bardo<\/strong><br \/>\n<a href=\"https:\/\/www.acaoparamita.com.br\/wp-content\/uploads\/2020\/04\/Dudjom-Rinpoche-Uma-Introdu%C3%A7%C3%A3o-ao-Bardo.pdf\">https:\/\/www.acaoparamita.com.br\/wp-content\/uploads\/2020\/04\/Dudjom-Rinpoche-Uma-Introdu%C3%A7%C3%A3o-ao-Bardo.pdf<\/a><\/p>\n<h3>Lista de sess\u00f5es<\/h3>\n<h4>Os hor\u00e1rios e a programa\u00e7\u00e3o dos retiros est\u00e3o sujeitos a altera\u00e7\u00f5es<\/h4>\n<p>s\u00e1bado| 04\/02\/23<br \/>\n. 14h \u00e0s 17h | Ensinamentos . <a href=\"https:\/\/us06web.zoom.us\/j\/87321639183?pwd=MUpQNlFYM0NjYS90SnI3cHJNOEpMUT09\">Sala do Zoom<\/a> &#8211; senha: 108 ou <a href=\"https:\/\/youtube.com\/live\/X-aenMPXWjQ\">Sess\u00e3o #1<\/a><br \/>\n. 19h \u00e0s 20h: Puja da Noite \u00b7 <a href=\"https:\/\/us06web.zoom.us\/j\/7298927661?pwd=dGZEQlJ1NzNjeWVXWXd2SDlvQ2ZLQT09\" target=\"_blank\" rel=\"noopener\">Sala do Zoom<\/a> senha: 108<\/p>\n<p>domingo | 05\/02\/23<br \/>\n. 9h \u2013 12h | Ensinamentos \u00b7 <a href=\"https:\/\/us06web.zoom.us\/j\/87321639183?pwd=MUpQNlFYM0NjYS90SnI3cHJNOEpMUT09\">Sala do Zoom<\/a> &#8211; senha: 108 ou <a href=\"https:\/\/youtube.com\/live\/1uNdmMLo7JE\">Sess\u00e3o #2<\/a><br \/>\n. 14h \u00e0s 17h | Ensinamentos . <a href=\"https:\/\/us06web.zoom.us\/j\/87321639183?pwd=MUpQNlFYM0NjYS90SnI3cHJNOEpMUT09\">Sala do Zoom<\/a> &#8211; senha: 108 ou <a href=\"https:\/\/youtube.com\/live\/PFcAQs01SJI\">Sess\u00e3o #3<\/a><br \/>\n. 19h \u00e0s 20h: Puja da Noite \u00b7 <a href=\"https:\/\/us06web.zoom.us\/j\/7298927661?pwd=dGZEQlJ1NzNjeWVXWXd2SDlvQ2ZLQT09\" target=\"_blank\" rel=\"noopener\">Sala do Zoom<\/a> senha: 108<\/p>\n<p>segunda | 06\/02\/23<br \/>\n. 9h \u2013 12h | Ensinamentos \u00b7 <a href=\"https:\/\/us06web.zoom.us\/j\/87321639183?pwd=MUpQNlFYM0NjYS90SnI3cHJNOEpMUT09\">Sala do Zoom<\/a> &#8211; senha: 108 ou <a href=\"https:\/\/youtube.com\/live\/5gmVwyc9nzM\">Sess\u00e3o #4<\/a><br \/>\n. 14h \u00e0s 17h | Medita\u00e7\u00e3o . <a href=\"https:\/\/us06web.zoom.us\/j\/87321639183?pwd=MUpQNlFYM0NjYS90SnI3cHJNOEpMUT09\">Sala do Zoom<\/a><br \/>\n. 19h \u00e0s 20h: Puja da Noite \u00b7 <a href=\"https:\/\/us06web.zoom.us\/j\/7298927661?pwd=dGZEQlJ1NzNjeWVXWXd2SDlvQ2ZLQT09\" target=\"_blank\" rel=\"noopener\">Sala do Zoom<\/a> senha: 108<\/p>\n<p>ter\u00e7a| 07\/02\/23<br \/>\n. 9h \u2013 12h | Ensinamentos \u00b7 <a href=\"https:\/\/us06web.zoom.us\/j\/87321639183?pwd=MUpQNlFYM0NjYS90SnI3cHJNOEpMUT09\">Sala do Zoom<\/a> &#8211; senha: 108 ou <a href=\"https:\/\/youtube.com\/live\/O4jghT_ki8M\">Sess\u00e3o #5<\/a><br \/>\n. 14h \u00e0s 17h | Medita\u00e7\u00e3o . <a href=\"https:\/\/us06web.zoom.us\/j\/87321639183?pwd=MUpQNlFYM0NjYS90SnI3cHJNOEpMUT09\">Sala do Zoom<\/a><br \/>\n. 19h \u00e0s 20h: Puja da Noite \u00b7 <a href=\"https:\/\/us06web.zoom.us\/j\/7298927661?pwd=dGZEQlJ1NzNjeWVXWXd2SDlvQ2ZLQT09\" target=\"_blank\" rel=\"noopener\">Sala do Zoom<\/a> senha: 108<\/p>\n<p>quarta | 08\/02\/23<br \/>\n. 9h \u2013 12h | Ensinamentos \u00b7 <a href=\"https:\/\/us06web.zoom.us\/j\/87321639183?pwd=MUpQNlFYM0NjYS90SnI3cHJNOEpMUT09\">Sala do Zoom<\/a> &#8211; senha: 108 ou <a href=\"https:\/\/youtube.com\/live\/Il72mblIZi8\">Sess\u00e3o #6<\/a><br \/>\n. 14h \u00e0s 17h | Medita\u00e7\u00e3o . <a href=\"https:\/\/us06web.zoom.us\/j\/87321639183?pwd=MUpQNlFYM0NjYS90SnI3cHJNOEpMUT09\">Sala do Zoom<\/a><br \/>\n. 19h \u00e0s 20h: Puja da Noite \u00b7 <a href=\"https:\/\/us06web.zoom.us\/j\/7298927661?pwd=dGZEQlJ1NzNjeWVXWXd2SDlvQ2ZLQT09\" target=\"_blank\" rel=\"noopener\">Sala do Zoom<\/a> senha: 108<\/p>\n<p>quinta | 09\/02\/23<br \/>\n. 9h \u2013 12h | Ensinamentos \u00b7 <a href=\"https:\/\/us06web.zoom.us\/j\/87321639183?pwd=MUpQNlFYM0NjYS90SnI3cHJNOEpMUT09\">Sala do Zoom<\/a> &#8211; senha: 108 ou <a href=\"https:\/\/youtube.com\/live\/lWPUzOHV7Qc\">Sess\u00e3o #7<\/a><br \/>\n. 14h \u00e0s 17h | Medita\u00e7\u00e3o . <a href=\"https:\/\/us06web.zoom.us\/j\/87321639183?pwd=MUpQNlFYM0NjYS90SnI3cHJNOEpMUT09\">Sala do Zoom<\/a><br \/>\n. 19h \u00e0s 20h: Puja da Noite \u00b7 <a href=\"https:\/\/us06web.zoom.us\/j\/7298927661?pwd=dGZEQlJ1NzNjeWVXWXd2SDlvQ2ZLQT09\" target=\"_blank\" rel=\"noopener\">Sala do Zoom<\/a> senha: 108<\/p>\n<p>sexta| 10\/02\/23<br \/>\n. 9h \u2013 12h | Ensinamentos \u00b7 <a href=\"https:\/\/us06web.zoom.us\/j\/87321639183?pwd=MUpQNlFYM0NjYS90SnI3cHJNOEpMUT09\">Sala do Zoom<\/a> &#8211; senha: 108 ou <a href=\"https:\/\/youtube.com\/live\/ubhw4LQ0dMA\">Sess\u00e3o #8<\/a><br \/>\n. 14h \u00e0s 17h | Medita\u00e7\u00e3o . <a href=\"https:\/\/us06web.zoom.us\/j\/87321639183?pwd=MUpQNlFYM0NjYS90SnI3cHJNOEpMUT09\">Sala do Zoom<\/a><br \/>\n. 19h \u00e0s 20h: Puja da Noite \u00b7 <a href=\"https:\/\/us06web.zoom.us\/j\/7298927661?pwd=dGZEQlJ1NzNjeWVXWXd2SDlvQ2ZLQT09\" target=\"_blank\" rel=\"noopener\">Sala do Zoom<\/a> senha: 108<\/p>\n<p>s\u00e1bado| 11\/02\/23<br \/>\n. 9h \u2013 12h | Ensinamentos \u00b7 <a href=\"https:\/\/us06web.zoom.us\/j\/87321639183?pwd=MUpQNlFYM0NjYS90SnI3cHJNOEpMUT09\">Sala do Zoom<\/a> &#8211; senha: 108 ou <a href=\"https:\/\/youtube.com\/live\/sc-WD5nHiPs\">Sess\u00e3o #9<\/a><br \/>\n. 14h \u00e0s 17h | Ensinamentos . <a href=\"https:\/\/us06web.zoom.us\/j\/87321639183?pwd=MUpQNlFYM0NjYS90SnI3cHJNOEpMUT09\">Sala do Zoom<\/a> &#8211; senha: 108 ou <a href=\"https:\/\/youtube.com\/live\/vp6EaMxZSWc?feature=share\">Sess\u00e3o #10<\/a><br \/>\n. 19h \u00e0s 20h: Puja da Noite \u00b7 <a href=\"https:\/\/us06web.zoom.us\/j\/7298927661?pwd=dGZEQlJ1NzNjeWVXWXd2SDlvQ2ZLQT09\" target=\"_blank\" rel=\"noopener\">Sala do Zoom<\/a> senha: 108<\/p>\n<p>domingo | 12\/02\/23<br \/>\n. 9h \u2013 12h | Ensinamentos \u00b7 <a href=\"https:\/\/us06web.zoom.us\/j\/87321639183?pwd=MUpQNlFYM0NjYS90SnI3cHJNOEpMUT09\">Sala do Zoom<\/a> &#8211; senha: 108 ou <a href=\"https:\/\/youtube.com\/live\/lcrA2jL1tkw\">Sess\u00e3o #11<\/a><br \/>\n. 14h \u00e0s 17h | Medita\u00e7\u00e3o . <a href=\"https:\/\/us06web.zoom.us\/j\/87321639183?pwd=MUpQNlFYM0NjYS90SnI3cHJNOEpMUT09\">Sala do Zoom<\/a><br \/>\n. 19h \u00e0s 20h: Puja da Noite \u00b7 <a href=\"https:\/\/us06web.zoom.us\/j\/7298927661?pwd=dGZEQlJ1NzNjeWVXWXd2SDlvQ2ZLQT09\" target=\"_blank\" rel=\"noopener\">Sala do Zoom<\/a> senha: 108<\/p>\n<h3>Inscri\u00e7\u00e3o Participa\u00e7\u00e3o ONLINE<\/h3>\n<p>Sua inscri\u00e7\u00e3o e acesso online ao retiro independem de contribui\u00e7\u00e3o financeira.<\/p>\n<h3>Contribui\u00e7\u00f5es<\/h3>\n<p>Caso aspire e lhe seja poss\u00edvel contribuir, sinta-se livre para definir o valor, como refer\u00eancia, sugerimos o valor de R$ 400,00.<br \/>\nSua contribui\u00e7\u00e3o apoiar\u00e1 as atividades do Lama Padma Samten.<br \/>\nThe practice of Dana Paramita - perfection of generosity - makes it possible to continue the teachings from the time of the Buddha. The six paramitas - generosity, morality, peace, constant energy, concentration and wisdom - inspire the practice and are the generative and sustaining basis of the CEBB Sangha's centers for study, meditation, hospitality and initiatives for education, environmental protection, Pure Lands and the Culture of Peace.<\/p>\n<p>Para contribui\u00e7\u00f5es de dentro do Brasil, os dados banc\u00e1rios para doa\u00e7\u00e3o s\u00e3o:<\/p>\n<blockquote><p>PIX: CNPJ 34.079.867\/0001-04<br \/>\nBanco do Brasil (001)<br \/>\nAg\u00eancia: 0628-9<br \/>\nConta corrente: 108999-4<br \/>\nA\u00e7\u00e3o Paramita Ensino Budista<br \/>\nCNPJ 34.079.867\/0001-04<\/p><\/blockquote>\n<p>Para contribui\u00e7\u00f5es de fora do Brasil, entre em contato com <strong>conexaodarmata@gmail.com<\/strong>.<\/p>\n<h3>Contact<\/h3>\n<p>Se tiver d\u00favidas, conte conosco: <strong>conexaodarmata@gmail.com<\/strong>.<\/p>","protected":false},"excerpt":{"rendered":"<p>Ensinamentos com Lama Padma Samten no CEBB Darmata &#8211; A Ilumina\u00e7\u00e3o da Sabedoria Primordial &#8211; transmitido ao vivo nos dias 04 a 12 de fevereiro de 2023 \u2013. Aqui voc\u00ea encontra as grava\u00e7\u00f5es de todas as sess\u00f5es, que permanecer\u00e3o dispon\u00edveis para inscritos &#8211; mesmo os que se inscreverem depois do retiro ter terminado. \u00b7 IMPORTANTE [&hellip;]<\/p>\n","protected":false},"author":48,"featured_media":0,"parent":0,"menu_order":0,"comment_status":"closed","ping_status":"closed","template":"","meta":{"footnotes":""},"class_list":["post-94472","page","type-page","status-publish","hentry"],"yoast_head":"<!-- This site is optimized with the Yoast SEO plugin v27.5 - https:\/\/yoast.com\/product\/yoast-seo-wordpress\/ -->\n<title>P\u00e1gina de Acompanhamento - Retiro on-line &quot;A Ilumina\u00e7\u00e3o da Sabedoria Primordial&quot; - Centro de Estudos Budistas Bodisatva<\/title>\n<meta name=\"robots\" content=\"index, follow, max-snippet:-1, max-image-preview:large, max-video-preview:-1\" \/>\n<link rel=\"canonical\" href=\"https:\/\/cebb.org.br\/en\/pagina-de-acompanhamento-retiro-on-line-a-iluminacao-da-sabedoria-primordial\/\" \/>\n<meta property=\"og:locale\" content=\"en_GB\" \/>\n<meta property=\"og:type\" content=\"article\" \/>\n<meta property=\"og:title\" content=\"P\u00e1gina de Acompanhamento - Retiro on-line &quot;A Ilumina\u00e7\u00e3o da Sabedoria Primordial&quot; - Centro de Estudos Budistas Bodisatva\" \/>\n<meta property=\"og:description\" content=\"Ensinamentos com Lama Padma Samten no CEBB Darmata &#8211; A Ilumina\u00e7\u00e3o da Sabedoria Primordial &#8211; transmitido ao vivo nos dias 04 a 12 de fevereiro de 2023 \u2013. Aqui voc\u00ea encontra as grava\u00e7\u00f5es de todas as sess\u00f5es, que permanecer\u00e3o dispon\u00edveis para inscritos &#8211; mesmo os que se inscreverem depois do retiro ter terminado. \u00b7 IMPORTANTE [&hellip;]\" \/>\n<meta property=\"og:url\" content=\"https:\/\/cebb.org.br\/en\/pagina-de-acompanhamento-retiro-on-line-a-iluminacao-da-sabedoria-primordial\/\" \/>\n<meta property=\"og:site_name\" content=\"Centro de Estudos Budistas Bodisatva\" \/>\n<meta property=\"article:publisher\" content=\"https:\/\/pt-br.facebook.com\/cebb108\" \/>\n<meta property=\"article:modified_time\" content=\"2023-06-19T21:21:10+00:00\" \/>\n<meta name=\"twitter:card\" content=\"summary_large_image\" \/>\n<meta name=\"twitter:label1\" content=\"Estimated reading time\" \/>\n\t<meta name=\"twitter:data1\" content=\"4 minutes\" \/>\n<script type=\"application\/ld+json\" class=\"yoast-schema-graph\">{\"@context\":\"https:\\\/\\\/schema.org\",\"@graph\":[{\"@type\":\"WebPage\",\"@id\":\"https:\\\/\\\/cebb.org.br\\\/pagina-de-acompanhamento-retiro-on-line-a-iluminacao-da-sabedoria-primordial\\\/\",\"url\":\"https:\\\/\\\/cebb.org.br\\\/pagina-de-acompanhamento-retiro-on-line-a-iluminacao-da-sabedoria-primordial\\\/\",\"name\":\"P\u00e1gina de Acompanhamento - Retiro on-line \\\"A Ilumina\u00e7\u00e3o da Sabedoria Primordial\\\" - Centro de Estudos Budistas Bodisatva\",\"isPartOf\":{\"@id\":\"https:\\\/\\\/cebb.org.br\\\/#website\"},\"datePublished\":\"2023-01-02T22:41:46+00:00\",\"dateModified\":\"2023-06-19T21:21:10+00:00\",\"breadcrumb\":{\"@id\":\"https:\\\/\\\/cebb.org.br\\\/pagina-de-acompanhamento-retiro-on-line-a-iluminacao-da-sabedoria-primordial\\\/#breadcrumb\"},\"inLanguage\":\"en-GB\",\"potentialAction\":[{\"@type\":\"ReadAction\",\"target\":[\"https:\\\/\\\/cebb.org.br\\\/pagina-de-acompanhamento-retiro-on-line-a-iluminacao-da-sabedoria-primordial\\\/\"]}]},{\"@type\":\"BreadcrumbList\",\"@id\":\"https:\\\/\\\/cebb.org.br\\\/pagina-de-acompanhamento-retiro-on-line-a-iluminacao-da-sabedoria-primordial\\\/#breadcrumb\",\"itemListElement\":[{\"@type\":\"ListItem\",\"position\":1,\"name\":\"Home\",\"item\":\"https:\\\/\\\/cebb.org.br\\\/\"},{\"@type\":\"ListItem\",\"position\":2,\"name\":\"P\u00e1gina de Acompanhamento &#8211; Retiro on-line &#8220;A Ilumina\u00e7\u00e3o da Sabedoria Primordial&#8221;\"}]},{\"@type\":\"WebSite\",\"@id\":\"https:\\\/\\\/cebb.org.br\\\/#website\",\"url\":\"https:\\\/\\\/cebb.org.br\\\/\",\"name\":\"Centro de Estudos Budistas Bodisatva\",\"description\":\"Budismo, medita\u00e7\u00e3o e cultura de paz | Lama Padma Samten\",\"publisher\":{\"@id\":\"https:\\\/\\\/cebb.org.br\\\/#organization\"},\"potentialAction\":[{\"@type\":\"SearchAction\",\"target\":{\"@type\":\"EntryPoint\",\"urlTemplate\":\"https:\\\/\\\/cebb.org.br\\\/?s={search_term_string}\"},\"query-input\":{\"@type\":\"PropertyValueSpecification\",\"valueRequired\":true,\"valueName\":\"search_term_string\"}}],\"inLanguage\":\"en-GB\"},{\"@type\":\"Organization\",\"@id\":\"https:\\\/\\\/cebb.org.br\\\/#organization\",\"name\":\"Centro de Estudos Budistas Bodisatva\",\"url\":\"https:\\\/\\\/cebb.org.br\\\/\",\"logo\":{\"@type\":\"ImageObject\",\"inLanguage\":\"en-GB\",\"@id\":\"https:\\\/\\\/cebb.org.br\\\/#\\\/schema\\\/logo\\\/image\\\/\",\"url\":\"http:\\\/\\\/18.230.164.79\\\/wp-content\\\/uploads\\\/2011\\\/03\\\/logosalvador-peq-e1660064979551.jpg\",\"contentUrl\":\"http:\\\/\\\/18.230.164.79\\\/wp-content\\\/uploads\\\/2011\\\/03\\\/logosalvador-peq-e1660064979551.jpg\",\"width\":280,\"height\":231,\"caption\":\"Centro de Estudos Budistas Bodisatva\"},\"image\":{\"@id\":\"https:\\\/\\\/cebb.org.br\\\/#\\\/schema\\\/logo\\\/image\\\/\"},\"sameAs\":[\"https:\\\/\\\/pt-br.facebook.com\\\/cebb108\",\"https:\\\/\\\/www.instagram.com\\\/cebbcaminhodomeio\\\/\"]}]}<\/script>\n<!-- \/ Yoast SEO plugin. -->","yoast_head_json":{"title":"P\u00e1gina de Acompanhamento - Retiro on-line \"A Ilumina\u00e7\u00e3o da Sabedoria Primordial\" - Centro de Estudos Budistas Bodisatva","robots":{"index":"index","follow":"follow","max-snippet":"max-snippet:-1","max-image-preview":"max-image-preview:large","max-video-preview":"max-video-preview:-1"},"canonical":"https:\/\/cebb.org.br\/en\/pagina-de-acompanhamento-retiro-on-line-a-iluminacao-da-sabedoria-primordial\/","og_locale":"en_GB","og_type":"article","og_title":"P\u00e1gina de Acompanhamento - Retiro on-line \"A Ilumina\u00e7\u00e3o da Sabedoria Primordial\" - Centro de Estudos Budistas Bodisatva","og_description":"Ensinamentos com Lama Padma Samten no CEBB Darmata &#8211; A Ilumina\u00e7\u00e3o da Sabedoria Primordial &#8211; transmitido ao vivo nos dias 04 a 12 de fevereiro de 2023 \u2013. Aqui voc\u00ea encontra as grava\u00e7\u00f5es de todas as sess\u00f5es, que permanecer\u00e3o dispon\u00edveis para inscritos &#8211; mesmo os que se inscreverem depois do retiro ter terminado. \u00b7 IMPORTANTE [&hellip;]","og_url":"https:\/\/cebb.org.br\/en\/pagina-de-acompanhamento-retiro-on-line-a-iluminacao-da-sabedoria-primordial\/","og_site_name":"Centro de Estudos Budistas Bodisatva","article_publisher":"https:\/\/pt-br.facebook.com\/cebb108","article_modified_time":"2023-06-19T21:21:10+00:00","twitter_card":"summary_large_image","twitter_misc":{"Estimated reading time":"4 minutes"},"schema":{"@context":"https:\/\/schema.org","@graph":[{"@type":"WebPage","@id":"https:\/\/cebb.org.br\/pagina-de-acompanhamento-retiro-on-line-a-iluminacao-da-sabedoria-primordial\/","url":"https:\/\/cebb.org.br\/pagina-de-acompanhamento-retiro-on-line-a-iluminacao-da-sabedoria-primordial\/","name":"P\u00e1gina de Acompanhamento - Retiro on-line \"A Ilumina\u00e7\u00e3o da Sabedoria Primordial\" - Centro de Estudos Budistas Bodisatva","isPartOf":{"@id":"https:\/\/cebb.org.br\/#website"},"datePublished":"2023-01-02T22:41:46+00:00","dateModified":"2023-06-19T21:21:10+00:00","breadcrumb":{"@id":"https:\/\/cebb.org.br\/pagina-de-acompanhamento-retiro-on-line-a-iluminacao-da-sabedoria-primordial\/#breadcrumb"},"inLanguage":"en-GB","potentialAction":[{"@type":"ReadAction","target":["https:\/\/cebb.org.br\/pagina-de-acompanhamento-retiro-on-line-a-iluminacao-da-sabedoria-primordial\/"]}]},{"@type":"BreadcrumbList","@id":"https:\/\/cebb.org.br\/pagina-de-acompanhamento-retiro-on-line-a-iluminacao-da-sabedoria-primordial\/#breadcrumb","itemListElement":[{"@type":"ListItem","position":1,"name":"Home","item":"https:\/\/cebb.org.br\/"},{"@type":"ListItem","position":2,"name":"P\u00e1gina de Acompanhamento &#8211; Retiro on-line &#8220;A Ilumina\u00e7\u00e3o da Sabedoria Primordial&#8221;"}]},{"@type":"WebSite","@id":"https:\/\/cebb.org.br\/#website","url":"https:\/\/cebb.org.br\/","name":"Bodhisattva Center for Buddhist Studies","description":"Budismo, medita\u00e7\u00e3o e cultura de paz | Lama Padma Samten","publisher":{"@id":"https:\/\/cebb.org.br\/#organization"},"potentialAction":[{"@type":"SearchAction","target":{"@type":"EntryPoint","urlTemplate":"https:\/\/cebb.org.br\/?s={search_term_string}"},"query-input":{"@type":"PropertyValueSpecification","valueRequired":true,"valueName":"search_term_string"}}],"inLanguage":"en-GB"},{"@type":"Organization","@id":"https:\/\/cebb.org.br\/#organization","name":"Bodhisattva Center for Buddhist Studies","url":"https:\/\/cebb.org.br\/","logo":{"@type":"ImageObject","inLanguage":"en-GB","@id":"https:\/\/cebb.org.br\/#\/schema\/logo\/image\/","url":"http:\/\/18.230.164.79\/wp-content\/uploads\/2011\/03\/logosalvador-peq-e1660064979551.jpg","contentUrl":"http:\/\/18.230.164.79\/wp-content\/uploads\/2011\/03\/logosalvador-peq-e1660064979551.jpg","width":280,"height":231,"caption":"Centro de Estudos Budistas Bodisatva"},"image":{"@id":"https:\/\/cebb.org.br\/#\/schema\/logo\/image\/"},"sameAs":["https:\/\/pt-br.facebook.com\/cebb108","https:\/\/www.instagram.com\/cebbcaminhodomeio\/"]}]}},"_links":{"self":[{"href":"https:\/\/cebb.org.br\/en\/wp-json\/wp\/v2\/pages\/94472","targetHints":{"allow":["GET"]}}],"collection":[{"href":"https:\/\/cebb.org.br\/en\/wp-json\/wp\/v2\/pages"}],"about":[{"href":"https:\/\/cebb.org.br\/en\/wp-json\/wp\/v2\/types\/page"}],"author":[{"embeddable":true,"href":"https:\/\/cebb.org.br\/en\/wp-json\/wp\/v2\/users\/48"}],"replies":[{"embeddable":true,"href":"https:\/\/cebb.org.br\/en\/wp-json\/wp\/v2\/comments?post=94472"}],"version-history":[{"count":17,"href":"https:\/\/cebb.org.br\/en\/wp-json\/wp\/v2\/pages\/94472\/revisions"}],"predecessor-version":[{"id":110554,"href":"https:\/\/cebb.org.br\/en\/wp-json\/wp\/v2\/pages\/94472\/revisions\/110554"}],"wp:attachment":[{"href":"https:\/\/cebb.org.br\/en\/wp-json\/wp\/v2\/media?parent=94472"}],"curies":[{"name":"wp","href":"https:\/\/api.w.org\/{rel}","templated":true}]}}