{"id":99047,"date":"2023-11-13T11:05:53","date_gmt":"2023-11-13T14:05:53","guid":{"rendered":"https:\/\/cebb.org.br\/?page_id=99047"},"modified":"2024-02-18T09:23:33","modified_gmt":"2024-02-18T12:23:33","slug":"retiro-de-verao-2024-cebb-cm-pagina-de-acompanhamento","status":"publish","type":"page","link":"https:\/\/cebb.org.br\/en\/retiro-de-verao-2024-cebb-cm-pagina-de-acompanhamento\/","title":{"rendered":"Retiro de Ver\u00e3o 2024 &#8211; CEBB CM &#8211; P\u00e1gina de Acompanhamento"},"content":{"rendered":"<p>Ensinamentos com Lama Padma Samten no <strong>Retiro de Ver\u00e3o 2024 <\/strong>, transmitido ao vivo nos dia 10 a 18 de fevereiro do CEBB Caminho do Meio &#8211; Viam\u00e3o-RS \u2013 Aqui voc\u00ea encontra as grava\u00e7\u00f5es de todas as sess\u00f5es, que permanecer\u00e3o dispon\u00edveis para inscritos &#8211; <em>mesmo os que se inscreverem depois do estudo ter terminado.<\/em><\/p>\n<div><strong> \u00b7 IMPORTANTE \u00b7 <\/strong> Por favor, n\u00e3o compartilhe esta p\u00e1gina, v\u00eddeos, links ou documentos aqui listados. Cada praticante aproveita melhor os ensinamentos quando manifesta interesse e se alegra em apoiar o movimento dos mestres. Se quiser compartilhar a alegria deste estudo com mais pessoas, convide-as a tamb\u00e9m fazer a inscri\u00e7\u00e3o, mesmo ap\u00f3s o estudo.<\/div>\n<div><\/div>\n<h3>Transmiss\u00e3o ao vivo<\/h3>\n<p>Antes de cada sess\u00e3o <a>atualize esta p\u00e1gina<\/a> para garantir que esteja visualizando o conte\u00fado mais recente.<\/p>\n<p>Voc\u00ea pode assistir pela <a href=\"https:\/\/us06web.zoom.us\/j\/85372371374?pwd=q7HsbsmbbxTWiYXbZNuqJNhWVNepmb.1\">Sala do Zoom &#8211; (clique aqui)<\/a>, ID: 853 7237 1374 senha: 108 ou pode ainda ver diretamente no YouTube.<\/p>\n<a href=\"https:\/\/cebb.org.br\/en\/preces\/\" class=\"su-button su-button-style-default\" style=\"color:#FFFFFF;background-color:#b8190d;border-color:#94140b;border-radius:5px\" target=\"_blank\" rel=\"noopener noreferrer\"><span style=\"color:#FFFFFF;padding:0px 16px;font-size:13px;line-height:26px;border-color:#ce5e56;border-radius:5px;text-shadow:none\"> Preces<\/span><\/a>\n<a href=\"https:\/\/www.youtube.com\/playlist?list=PLO_7Zoueaxd6KKn2IAQXqpqigmPLOdthg\" class=\"su-button su-button-style-default\" style=\"color:#FFFFFF;background-color:#b8190d;border-color:#94140b;border-radius:5px\" target=\"_self\"><span style=\"color:#FFFFFF;padding:0px 16px;font-size:13px;line-height:26px;border-color:#ce5e56;border-radius:5px;text-shadow:none\"> PLAYLIST<\/span><\/a>\n<a href=\"https:\/\/www.youtube.com\/playlist?list=PLO_7Zoueaxd4u0TAbY3n9JG5tCs7p94y9\" class=\"su-button su-button-style-default\" style=\"color:#FFFFFF;background-color:#b8190d;border-color:#94140b;border-radius:5px\" target=\"_self\"><span style=\"color:#FFFFFF;padding:0px 16px;font-size:13px;line-height:26px;border-color:#ce5e56;border-radius:5px;text-shadow:none\"> PLAYLIST &#8211; English<\/span><\/a>\n<p>&nbsp;<\/p>\n<h3>Texto a ser estudado<\/h3>\n<p><a href=\"https:\/\/drive.google.com\/file\/d\/1P1UTd_yyJy0BgBNNGaXlw0tO2Vf4pKFH\/view?usp=drive_link\">A consci\u00eancia do dia a dia e a lucidez primordial, Khenchen Thrangu Rinpoche<\/a> &lt;&lt; 26 p\u00e1ginas<br \/>\n<em>Esta \u00e9 uma tradu\u00e7\u00e3o provis\u00f3ria e em andamento para fins exclusivos de estudo.<br \/>\n<\/em><em>Favor n\u00e3o compartilhar.<\/em><\/p>\n<h3>Lista de sess\u00f5es<\/h3>\n<p><strong>Os hor\u00e1rios e a programa\u00e7\u00e3o do retiro est\u00e3o sujeitos a altera\u00e7\u00f5es<\/strong><\/p>\n<p><em>s\u00e1bado| 10\/02\/24<\/em><br \/>\n. 05h30 \u00e0s 07h: Puja da Manh\u00e3 \u00b7 <a href=\"https:\/\/us06web.zoom.us\/j\/7298927661?pwd=dGZEQlJ1NzNjeWVXWXd2SDlvQ2ZLQT09\" target=\"_blank\" rel=\"noopener\">Sala do Zoom<\/a> senha: 108 (somente pelo Zoom)<br \/>\n. 9h &#8211; 11h | Ensinamentos \u00b7 <a href=\"https:\/\/us06web.zoom.us\/j\/85372371374?pwd=q7HsbsmbbxTWiYXbZNuqJNhWVNepmb.1\">Sala do Zoom<\/a> &#8211; senha: 108 | Transmiss\u00e3o pelo Youtube &#8211; <a href=\"https:\/\/youtube.com\/live\/PDykfa60-e8?feature=share\" target=\"_blank\" rel=\"noopener\">Sess\u00e3o #1<\/a><br \/>\n. 14h &#8211; 17h | Ensinamentos \u00b7 <a href=\"https:\/\/us06web.zoom.us\/j\/85372371374?pwd=q7HsbsmbbxTWiYXbZNuqJNhWVNepmb.1\">Sala do Zoom<\/a> &#8211; senha: 108 | Transmiss\u00e3o pelo Youtube &#8211; <a href=\"https:\/\/youtube.com\/live\/Yzi7aJ4UZRw?feature=share\">Sess\u00e3o #1.5<\/a><br \/>\n. 19h \u00e0s 20h: Puja da Noite \u00b7 <a href=\"https:\/\/us06web.zoom.us\/j\/7298927661?pwd=dGZEQlJ1NzNjeWVXWXd2SDlvQ2ZLQT09\" target=\"_blank\" rel=\"noopener\">Sala do Zoom<\/a> senha: 108 | Transmiss\u00e3o pelo Youtube &#8211; <a href=\"https:\/\/youtube.com\/live\/ouDYk7EEHCM?feature=share\">Puja Di\u00e1rio<\/a><\/p>\n<p><em>domingo | 11\/02\/24<\/em><br \/>\n. 05h30 \u00e0s 07h: Puja da Manh\u00e3 \u00b7 <a href=\"https:\/\/us06web.zoom.us\/j\/7298927661?pwd=dGZEQlJ1NzNjeWVXWXd2SDlvQ2ZLQT09\" target=\"_blank\" rel=\"noopener\">Sala do Zoom<\/a> senha: 108 (somente pelo Zoom)<br \/>\n. 9h &#8211; 11h | Ensinamentos \u00b7 <a href=\"https:\/\/us06web.zoom.us\/j\/85372371374?pwd=q7HsbsmbbxTWiYXbZNuqJNhWVNepmb.1\">Sala do Zoom<\/a> &#8211; senha: 108 | Transmiss\u00e3o pelo Youtube &#8211; <a href=\"https:\/\/youtube.com\/live\/OClSfgsMsAQ?feature=share\" target=\"_blank\" rel=\"noopener\">Sess\u00e3o #2<\/a><br \/>\n. 14h &#8211; 17h | Medita\u00e7\u00e3o e Ensinamentos \u00b7 <a href=\"https:\/\/us06web.zoom.us\/j\/85372371374?pwd=q7HsbsmbbxTWiYXbZNuqJNhWVNepmb.1\">Sala do Zoom<\/a> &#8211; senha: 108 | Transmiss\u00e3o pelo Youtube &#8211; <a href=\"https:\/\/youtube.com\/live\/oqlz9KpG5XE?feature=share\" target=\"_blank\" rel=\"noopener\">Sess\u00e3o #2.5<\/a><br \/>\n. 19h \u00e0s 20h: Puja da Noite \u00b7 <a href=\"https:\/\/us06web.zoom.us\/j\/7298927661?pwd=dGZEQlJ1NzNjeWVXWXd2SDlvQ2ZLQT09\" target=\"_blank\" rel=\"noopener\">Sala do Zoom<\/a> senha: 108<\/p>\n<p><em>segunda | 12\/02\/24<\/em><br \/>\n. 05h30 \u00e0s 07h: Puja da Manh\u00e3 \u00b7 <a href=\"https:\/\/us06web.zoom.us\/j\/7298927661?pwd=dGZEQlJ1NzNjeWVXWXd2SDlvQ2ZLQT09\" target=\"_blank\" rel=\"noopener\">Sala do Zoom<\/a> senha: 108 (somente pelo Zoom)<br \/>\n. 9h &#8211; 11h | Ensinamentos \u00b7 <a href=\"https:\/\/us06web.zoom.us\/j\/85372371374?pwd=q7HsbsmbbxTWiYXbZNuqJNhWVNepmb.1\">Sala do Zoom<\/a> &#8211; senha: 108 | Transmiss\u00e3o pelo Youtube &#8211; <a href=\"https:\/\/youtube.com\/live\/FrgFFED9sb4?feature=share\" target=\"_blank\" rel=\"noopener\">Sess\u00e3o #3<\/a><br \/>\n. 14h &#8211; 17h | Medita\u00e7\u00e3o e Ensinamentos \u00b7 <a href=\"https:\/\/us06web.zoom.us\/j\/85372371374?pwd=q7HsbsmbbxTWiYXbZNuqJNhWVNepmb.1\">Sala do Zoom<\/a> &#8211; senha: 108 | Transmiss\u00e3o pelo Youtube &#8211; <a href=\"https:\/\/youtube.com\/live\/ZxFz33WvYso?feature=share\" target=\"_blank\" rel=\"noopener\">Sess\u00e3o #3.5<\/a><br \/>\n. 19h \u00e0s 20h: Puja da Noite \u00b7 <a href=\"https:\/\/us06web.zoom.us\/j\/7298927661?pwd=dGZEQlJ1NzNjeWVXWXd2SDlvQ2ZLQT09\" target=\"_blank\" rel=\"noopener\">Sala do Zoom<\/a> senha: 108<\/p>\n<p><em>ter\u00e7a | 13\/02\/24<\/em><br \/>\n. 05h30 \u00e0s 07h: Puja da Manh\u00e3 \u00b7 <a href=\"https:\/\/us06web.zoom.us\/j\/7298927661?pwd=dGZEQlJ1NzNjeWVXWXd2SDlvQ2ZLQT09\" target=\"_blank\" rel=\"noopener\">Sala do Zoom<\/a> senha: 108 (somente pelo Zoom)<br \/>\n. 9h &#8211; 11h | Ensinamentos \u00b7 <a href=\"https:\/\/us06web.zoom.us\/j\/85372371374?pwd=q7HsbsmbbxTWiYXbZNuqJNhWVNepmb.1\">Sala do Zoom<\/a> &#8211; senha: 108 | Transmiss\u00e3o pelo Youtube &#8211; <a href=\"https:\/\/youtube.com\/live\/H_6jQ0xqWA4?feature=share\" target=\"_blank\" rel=\"noopener\">Sess\u00e3o #4<\/a><br \/>\n. 14h &#8211; 17h | Medita\u00e7\u00e3o e Ensinamentos \u00b7 <a href=\"https:\/\/us06web.zoom.us\/j\/85372371374?pwd=q7HsbsmbbxTWiYXbZNuqJNhWVNepmb.1\">Sala do Zoom<\/a> &#8211; senha: 108 | Transmiss\u00e3o pelo Youtube &#8211; <a href=\"https:\/\/youtube.com\/live\/nn83AZ7DxP0?feature=share\" target=\"_blank\" rel=\"noopener\">Sess\u00e3o #4.5<\/a><br \/>\n. 19h \u00e0s 20h: Puja da Noite \u00b7 <a href=\"https:\/\/us06web.zoom.us\/j\/7298927661?pwd=dGZEQlJ1NzNjeWVXWXd2SDlvQ2ZLQT09\" target=\"_blank\" rel=\"noopener\">Sala do Zoom<\/a> senha: 108<\/p>\n<p><em>quarta | 14\/02\/24<\/em><br \/>\n. 05h30 \u00e0s 07h: Puja da Manh\u00e3 \u00b7 <a href=\"https:\/\/us06web.zoom.us\/j\/7298927661?pwd=dGZEQlJ1NzNjeWVXWXd2SDlvQ2ZLQT09\" target=\"_blank\" rel=\"noopener\">Sala do Zoom<\/a> senha: 108 (somente pelo Zoom)<br \/>\n. 9h &#8211; 11h | Ensinamentos \u00b7 <a href=\"https:\/\/us06web.zoom.us\/j\/85372371374?pwd=q7HsbsmbbxTWiYXbZNuqJNhWVNepmb.1\">Sala do Zoom<\/a> &#8211; senha: 108 | Transmiss\u00e3o pelo Youtube &#8211; <a href=\"https:\/\/youtube.com\/live\/ManPuaXoOXw?feature=share\">Sess\u00e3o #5<\/a><br \/>\n. 14h &#8211; 17h | Medita\u00e7\u00e3o e Ensinamentos \u00b7 <a href=\"https:\/\/us06web.zoom.us\/j\/85372371374?pwd=q7HsbsmbbxTWiYXbZNuqJNhWVNepmb.1\">Sala do Zoom<\/a> &#8211; senha: 108 | Transmiss\u00e3o pelo Youtube &#8211; <a href=\"https:\/\/youtube.com\/live\/mHgfAXCkdkc?feature=share\" target=\"_blank\" rel=\"noopener\">Sess\u00e3o #5.5<\/a><br \/>\n. 19h \u00e0s 20h: Puja da Noite \u00b7 <a href=\"https:\/\/us06web.zoom.us\/j\/7298927661?pwd=dGZEQlJ1NzNjeWVXWXd2SDlvQ2ZLQT09\" target=\"_blank\" rel=\"noopener\">Sala do Zoom<\/a> senha: 108<\/p>\n<p><em>quinta | 15\/02\/24<\/em><br \/>\n. 05h30 \u00e0s 07h: Puja da Manh\u00e3 \u00b7 <a href=\"https:\/\/us06web.zoom.us\/j\/7298927661?pwd=dGZEQlJ1NzNjeWVXWXd2SDlvQ2ZLQT09\" target=\"_blank\" rel=\"noopener\">Sala do Zoom<\/a> senha: 108 (somente pelo Zoom)<br \/>\n. 9h &#8211; 11h | Ensinamentos \u00b7 <a href=\"https:\/\/us06web.zoom.us\/j\/85372371374?pwd=q7HsbsmbbxTWiYXbZNuqJNhWVNepmb.1\">Sala do Zoom<\/a> &#8211; senha: 108 | Transmiss\u00e3o pelo Youtube &#8211; <a href=\"https:\/\/youtube.com\/live\/czyIELkKQF0?feature=share\">Sess\u00e3o #6<\/a><br \/>\n. 14h &#8211; 17h | Medita\u00e7\u00e3o e Ensinamentos \u00b7 <a href=\"https:\/\/us06web.zoom.us\/j\/85372371374?pwd=q7HsbsmbbxTWiYXbZNuqJNhWVNepmb.1\">Sala do Zoom<\/a> &#8211; senha: 108 | Transmiss\u00e3o pelo Youtube &#8211; <a href=\"https:\/\/youtube.com\/live\/pBRr37g7MnM?feature=share\" target=\"_blank\" rel=\"noopener\">Sess\u00e3o #6.5<\/a><br \/>\n. 19h \u00e0s 20h: Puja da Noite \u00b7 <a href=\"https:\/\/us06web.zoom.us\/j\/7298927661?pwd=dGZEQlJ1NzNjeWVXWXd2SDlvQ2ZLQT09\" target=\"_blank\" rel=\"noopener\">Sala do Zoom<\/a> senha: 108<\/p>\n<p><em>sexta | 16\/02\/24<\/em><br \/>\n. 05h30 \u00e0s 07h: Puja da Manh\u00e3 \u00b7 <a href=\"https:\/\/us06web.zoom.us\/j\/7298927661?pwd=dGZEQlJ1NzNjeWVXWXd2SDlvQ2ZLQT09\" target=\"_blank\" rel=\"noopener\">Sala do Zoom<\/a> senha: 108 (somente pelo Zoom)<br \/>\n. 9h &#8211; 11h | Ensinamentos \u00b7 <a href=\"https:\/\/us06web.zoom.us\/j\/85372371374?pwd=q7HsbsmbbxTWiYXbZNuqJNhWVNepmb.1\">Sala do Zoom<\/a> &#8211; senha: 108 | Transmiss\u00e3o pelo Youtube &#8211; <a href=\"https:\/\/youtube.com\/live\/OAZkO-HtrtQ?feature=share\">Sess\u00e3o #7<\/a><br \/>\n. 14h &#8211; 17h | Medita\u00e7\u00e3o e Ensinamentos \u00b7 <a href=\"https:\/\/us06web.zoom.us\/j\/85372371374?pwd=q7HsbsmbbxTWiYXbZNuqJNhWVNepmb.1\">Sala do Zoom<\/a> &#8211; senha: 108 | Transmiss\u00e3o pelo Youtube &#8211; <a href=\"https:\/\/youtube.com\/live\/rUyazBxHgOI?feature=share\" target=\"_blank\" rel=\"noopener\">Sess\u00e3o #7.5<\/a><br \/>\n. 19h \u00e0s 20h: Puja da Noite \u00b7 <a href=\"https:\/\/us06web.zoom.us\/j\/7298927661?pwd=dGZEQlJ1NzNjeWVXWXd2SDlvQ2ZLQT09\" target=\"_blank\" rel=\"noopener\">Sala do Zoom<\/a> senha: 108<\/p>\n<p><em>s\u00e1bado | 17\/02\/24<\/em><br \/>\n. 05h30 \u00e0s 07h: Puja da Manh\u00e3 \u00b7 <a href=\"https:\/\/us06web.zoom.us\/j\/7298927661?pwd=dGZEQlJ1NzNjeWVXWXd2SDlvQ2ZLQT09\" target=\"_blank\" rel=\"noopener\">Sala do Zoom<\/a> senha: 108 (somente pelo Zoom)<br \/>\n. 9h &#8211; 11h | Ensinamentos \u00b7 <a href=\"https:\/\/us06web.zoom.us\/j\/85372371374?pwd=q7HsbsmbbxTWiYXbZNuqJNhWVNepmb.1\">Sala do Zoom<\/a> &#8211; senha: 108 | Transmiss\u00e3o pelo Youtube &#8211; <a href=\"https:\/\/youtube.com\/live\/eCbfm1Y72gM?feature=share\">Sess\u00e3o #8<\/a><br \/>\n. 14h &#8211; 17h | Medita\u00e7\u00e3o e Ensinamentos \u00b7 <a href=\"https:\/\/us06web.zoom.us\/j\/85372371374?pwd=q7HsbsmbbxTWiYXbZNuqJNhWVNepmb.1\">Sala do Zoom<\/a> &#8211; senha: 108 | Transmiss\u00e3o pelo Youtube &#8211; <a href=\"https:\/\/youtube.com\/live\/Fo1e_pJ8HCE?feature=share\" target=\"_blank\" rel=\"noopener\">Sess\u00e3o #8.5<\/a><br \/>\n. 19h \u00e0s 20h: Puja da Noite \u00b7 <a href=\"https:\/\/us06web.zoom.us\/j\/7298927661?pwd=dGZEQlJ1NzNjeWVXWXd2SDlvQ2ZLQT09\" target=\"_blank\" rel=\"noopener\">Sala do Zoom<\/a> senha: 108<\/p>\n<p><em>domingo | 18\/02\/24<\/em><br \/>\n. 05h30 \u00e0s 07h: Puja da Manh\u00e3 \u00b7 <a href=\"https:\/\/us06web.zoom.us\/j\/7298927661?pwd=dGZEQlJ1NzNjeWVXWXd2SDlvQ2ZLQT09\" target=\"_blank\" rel=\"noopener\">Sala do Zoom<\/a> senha: 108 (somente pelo Zoom)<br \/>\n. 9h &#8211; 11h | Ensinamentos \u00b7 <a href=\"https:\/\/us06web.zoom.us\/j\/85372371374?pwd=q7HsbsmbbxTWiYXbZNuqJNhWVNepmb.1\">Sala do Zoom<\/a> &#8211; senha: 108 | Transmiss\u00e3o pelo Youtube &#8211; <a href=\"https:\/\/youtube.com\/live\/evwq024m07U?feature=share\">Sess\u00e3o #9<\/a><br \/>\n. 19h \u00e0s 20h: Puja da Noite \u00b7 <a href=\"https:\/\/us06web.zoom.us\/j\/7298927661?pwd=dGZEQlJ1NzNjeWVXWXd2SDlvQ2ZLQT09\" target=\"_blank\" rel=\"noopener\">Sala do Zoom<\/a> senha: 108<\/p>\n<h3><\/h3>\n<h3>Inscri\u00e7\u00e3o Participa\u00e7\u00e3o ONLINE<\/h3>\n<p>Sua inscri\u00e7\u00e3o e participa\u00e7\u00e3o independem de contribui\u00e7\u00e3o financeira.<\/p>\n<h3>Contribui\u00e7\u00f5es<\/h3>\n<p>Sua inscri\u00e7\u00e3o e acesso online a palestra independe de contribui\u00e7\u00e3o financeira.<br \/>\nCaso aspire e lhe seja poss\u00edvel contribuir, sinta-se livre para definir o valor, como refer\u00eancia, sugerimos o valor de R$ 560,00.<br \/>\nSua contribui\u00e7\u00e3o apoiar\u00e1 o CEBB Caminho do Meio, o CEBB Bacopari, o CEBB Jetavana e as atividades do Lama Padma Samten.<\/p>\n<p>The practice of Dana Paramita - perfection of generosity - makes it possible to continue the teachings from the time of the Buddha. The six paramitas - generosity, morality, peace, constant energy, concentration and wisdom - inspire the practice and are the generative and sustaining basis of the CEBB Sangha's centers for study, meditation, hospitality and initiatives for education, environmental protection, Pure Lands and the Culture of Peace.<\/p>\n<p>Para contribui\u00e7\u00f5es de dentro do Brasil, os dados banc\u00e1rios para doa\u00e7\u00e3o s\u00e3o:<\/p>\n<blockquote><p>PIX: CNPJ 34.079.867\/0001-04<br \/>\nBanco do Brasil (001)<br \/>\nAg\u00eancia: 0628-9<br \/>\nConta corrente: 108999-4<br \/>\nA\u00e7\u00e3o Paramita Ensino Budista<br \/>\nCNPJ 34.079.867\/0001-04<\/p><\/blockquote>\n<p>Para contribui\u00e7\u00f5es de fora do Brasil, entre em contato com <strong>acaoparamita@gmail.com<\/strong><\/p>\n<h3>Contact<\/h3>\n<p>Se tiver d\u00favidas, conte conosco: <strong>acaoparamita@gmail.com<\/strong><\/p>","protected":false},"excerpt":{"rendered":"<p>Ensinamentos com Lama Padma Samten no Retiro de Ver\u00e3o 2024 , transmitido ao vivo nos dia 10 a 18 de fevereiro do CEBB Caminho do Meio &#8211; Viam\u00e3o-RS \u2013 Aqui voc\u00ea encontra as grava\u00e7\u00f5es de todas as sess\u00f5es, que permanecer\u00e3o dispon\u00edveis para inscritos &#8211; mesmo os que se inscreverem depois do estudo ter terminado. \u00b7 [&hellip;]<\/p>\n","protected":false},"author":64,"featured_media":0,"parent":0,"menu_order":0,"comment_status":"closed","ping_status":"closed","template":"","meta":{"footnotes":""},"class_list":["post-99047","page","type-page","status-publish","hentry"],"yoast_head":"<!-- This site is optimized with the Yoast SEO plugin v27.5 - https:\/\/yoast.com\/product\/yoast-seo-wordpress\/ -->\n<title>Retiro de Ver\u00e3o 2024 - CEBB CM - P\u00e1gina de Acompanhamento - Centro de Estudos Budistas Bodisatva<\/title>\n<meta name=\"robots\" content=\"index, follow, max-snippet:-1, max-image-preview:large, max-video-preview:-1\" \/>\n<link rel=\"canonical\" href=\"https:\/\/cebb.org.br\/en\/retiro-de-verao-2024-cebb-cm-pagina-de-acompanhamento\/\" \/>\n<meta property=\"og:locale\" content=\"en_GB\" \/>\n<meta property=\"og:type\" content=\"article\" \/>\n<meta property=\"og:title\" content=\"Retiro de Ver\u00e3o 2024 - CEBB CM - P\u00e1gina de Acompanhamento - Centro de Estudos Budistas Bodisatva\" \/>\n<meta property=\"og:description\" content=\"Ensinamentos com Lama Padma Samten no Retiro de Ver\u00e3o 2024 , transmitido ao vivo nos dia 10 a 18 de fevereiro do CEBB Caminho do Meio &#8211; Viam\u00e3o-RS \u2013 Aqui voc\u00ea encontra as grava\u00e7\u00f5es de todas as sess\u00f5es, que permanecer\u00e3o dispon\u00edveis para inscritos &#8211; mesmo os que se inscreverem depois do estudo ter terminado. \u00b7 [&hellip;]\" \/>\n<meta property=\"og:url\" content=\"https:\/\/cebb.org.br\/en\/retiro-de-verao-2024-cebb-cm-pagina-de-acompanhamento\/\" \/>\n<meta property=\"og:site_name\" content=\"Centro de Estudos Budistas Bodisatva\" \/>\n<meta property=\"article:publisher\" content=\"https:\/\/pt-br.facebook.com\/cebb108\" \/>\n<meta property=\"article:modified_time\" content=\"2024-02-18T12:23:33+00:00\" \/>\n<meta name=\"twitter:card\" content=\"summary_large_image\" \/>\n<meta name=\"twitter:label1\" content=\"Estimated reading time\" \/>\n\t<meta name=\"twitter:data1\" content=\"6 minutes\" \/>\n<script type=\"application\/ld+json\" class=\"yoast-schema-graph\">{\"@context\":\"https:\\\/\\\/schema.org\",\"@graph\":[{\"@type\":\"WebPage\",\"@id\":\"https:\\\/\\\/cebb.org.br\\\/retiro-de-verao-2024-cebb-cm-pagina-de-acompanhamento\\\/\",\"url\":\"https:\\\/\\\/cebb.org.br\\\/retiro-de-verao-2024-cebb-cm-pagina-de-acompanhamento\\\/\",\"name\":\"Retiro de Ver\u00e3o 2024 - CEBB CM - P\u00e1gina de Acompanhamento - Centro de Estudos Budistas Bodisatva\",\"isPartOf\":{\"@id\":\"https:\\\/\\\/cebb.org.br\\\/#website\"},\"datePublished\":\"2023-11-13T14:05:53+00:00\",\"dateModified\":\"2024-02-18T12:23:33+00:00\",\"breadcrumb\":{\"@id\":\"https:\\\/\\\/cebb.org.br\\\/retiro-de-verao-2024-cebb-cm-pagina-de-acompanhamento\\\/#breadcrumb\"},\"inLanguage\":\"en-GB\",\"potentialAction\":[{\"@type\":\"ReadAction\",\"target\":[\"https:\\\/\\\/cebb.org.br\\\/retiro-de-verao-2024-cebb-cm-pagina-de-acompanhamento\\\/\"]}]},{\"@type\":\"BreadcrumbList\",\"@id\":\"https:\\\/\\\/cebb.org.br\\\/retiro-de-verao-2024-cebb-cm-pagina-de-acompanhamento\\\/#breadcrumb\",\"itemListElement\":[{\"@type\":\"ListItem\",\"position\":1,\"name\":\"Home\",\"item\":\"https:\\\/\\\/cebb.org.br\\\/\"},{\"@type\":\"ListItem\",\"position\":2,\"name\":\"Retiro de Ver\u00e3o 2024 &#8211; CEBB CM &#8211; P\u00e1gina de Acompanhamento\"}]},{\"@type\":\"WebSite\",\"@id\":\"https:\\\/\\\/cebb.org.br\\\/#website\",\"url\":\"https:\\\/\\\/cebb.org.br\\\/\",\"name\":\"Centro de Estudos Budistas Bodisatva\",\"description\":\"Budismo, medita\u00e7\u00e3o e cultura de paz | Lama Padma Samten\",\"publisher\":{\"@id\":\"https:\\\/\\\/cebb.org.br\\\/#organization\"},\"potentialAction\":[{\"@type\":\"SearchAction\",\"target\":{\"@type\":\"EntryPoint\",\"urlTemplate\":\"https:\\\/\\\/cebb.org.br\\\/?s={search_term_string}\"},\"query-input\":{\"@type\":\"PropertyValueSpecification\",\"valueRequired\":true,\"valueName\":\"search_term_string\"}}],\"inLanguage\":\"en-GB\"},{\"@type\":\"Organization\",\"@id\":\"https:\\\/\\\/cebb.org.br\\\/#organization\",\"name\":\"Centro de Estudos Budistas Bodisatva\",\"url\":\"https:\\\/\\\/cebb.org.br\\\/\",\"logo\":{\"@type\":\"ImageObject\",\"inLanguage\":\"en-GB\",\"@id\":\"https:\\\/\\\/cebb.org.br\\\/#\\\/schema\\\/logo\\\/image\\\/\",\"url\":\"http:\\\/\\\/18.230.164.79\\\/wp-content\\\/uploads\\\/2011\\\/03\\\/logosalvador-peq-e1660064979551.jpg\",\"contentUrl\":\"http:\\\/\\\/18.230.164.79\\\/wp-content\\\/uploads\\\/2011\\\/03\\\/logosalvador-peq-e1660064979551.jpg\",\"width\":280,\"height\":231,\"caption\":\"Centro de Estudos Budistas Bodisatva\"},\"image\":{\"@id\":\"https:\\\/\\\/cebb.org.br\\\/#\\\/schema\\\/logo\\\/image\\\/\"},\"sameAs\":[\"https:\\\/\\\/pt-br.facebook.com\\\/cebb108\",\"https:\\\/\\\/www.instagram.com\\\/cebbcaminhodomeio\\\/\"]}]}<\/script>\n<!-- \/ Yoast SEO plugin. -->","yoast_head_json":{"title":"Retiro de Ver\u00e3o 2024 - CEBB CM - P\u00e1gina de Acompanhamento - Centro de Estudos Budistas Bodisatva","robots":{"index":"index","follow":"follow","max-snippet":"max-snippet:-1","max-image-preview":"max-image-preview:large","max-video-preview":"max-video-preview:-1"},"canonical":"https:\/\/cebb.org.br\/en\/retiro-de-verao-2024-cebb-cm-pagina-de-acompanhamento\/","og_locale":"en_GB","og_type":"article","og_title":"Retiro de Ver\u00e3o 2024 - CEBB CM - P\u00e1gina de Acompanhamento - Centro de Estudos Budistas Bodisatva","og_description":"Ensinamentos com Lama Padma Samten no Retiro de Ver\u00e3o 2024 , transmitido ao vivo nos dia 10 a 18 de fevereiro do CEBB Caminho do Meio &#8211; Viam\u00e3o-RS \u2013 Aqui voc\u00ea encontra as grava\u00e7\u00f5es de todas as sess\u00f5es, que permanecer\u00e3o dispon\u00edveis para inscritos &#8211; mesmo os que se inscreverem depois do estudo ter terminado. \u00b7 [&hellip;]","og_url":"https:\/\/cebb.org.br\/en\/retiro-de-verao-2024-cebb-cm-pagina-de-acompanhamento\/","og_site_name":"Centro de Estudos Budistas Bodisatva","article_publisher":"https:\/\/pt-br.facebook.com\/cebb108","article_modified_time":"2024-02-18T12:23:33+00:00","twitter_card":"summary_large_image","twitter_misc":{"Estimated reading time":"6 minutes"},"schema":{"@context":"https:\/\/schema.org","@graph":[{"@type":"WebPage","@id":"https:\/\/cebb.org.br\/retiro-de-verao-2024-cebb-cm-pagina-de-acompanhamento\/","url":"https:\/\/cebb.org.br\/retiro-de-verao-2024-cebb-cm-pagina-de-acompanhamento\/","name":"Retiro de Ver\u00e3o 2024 - CEBB CM - P\u00e1gina de Acompanhamento - Centro de Estudos Budistas Bodisatva","isPartOf":{"@id":"https:\/\/cebb.org.br\/#website"},"datePublished":"2023-11-13T14:05:53+00:00","dateModified":"2024-02-18T12:23:33+00:00","breadcrumb":{"@id":"https:\/\/cebb.org.br\/retiro-de-verao-2024-cebb-cm-pagina-de-acompanhamento\/#breadcrumb"},"inLanguage":"en-GB","potentialAction":[{"@type":"ReadAction","target":["https:\/\/cebb.org.br\/retiro-de-verao-2024-cebb-cm-pagina-de-acompanhamento\/"]}]},{"@type":"BreadcrumbList","@id":"https:\/\/cebb.org.br\/retiro-de-verao-2024-cebb-cm-pagina-de-acompanhamento\/#breadcrumb","itemListElement":[{"@type":"ListItem","position":1,"name":"Home","item":"https:\/\/cebb.org.br\/"},{"@type":"ListItem","position":2,"name":"Retiro de Ver\u00e3o 2024 &#8211; CEBB CM &#8211; P\u00e1gina de Acompanhamento"}]},{"@type":"WebSite","@id":"https:\/\/cebb.org.br\/#website","url":"https:\/\/cebb.org.br\/","name":"Bodhisattva Center for Buddhist Studies","description":"Budismo, medita\u00e7\u00e3o e cultura de paz | Lama Padma Samten","publisher":{"@id":"https:\/\/cebb.org.br\/#organization"},"potentialAction":[{"@type":"SearchAction","target":{"@type":"EntryPoint","urlTemplate":"https:\/\/cebb.org.br\/?s={search_term_string}"},"query-input":{"@type":"PropertyValueSpecification","valueRequired":true,"valueName":"search_term_string"}}],"inLanguage":"en-GB"},{"@type":"Organization","@id":"https:\/\/cebb.org.br\/#organization","name":"Bodhisattva Center for Buddhist Studies","url":"https:\/\/cebb.org.br\/","logo":{"@type":"ImageObject","inLanguage":"en-GB","@id":"https:\/\/cebb.org.br\/#\/schema\/logo\/image\/","url":"http:\/\/18.230.164.79\/wp-content\/uploads\/2011\/03\/logosalvador-peq-e1660064979551.jpg","contentUrl":"http:\/\/18.230.164.79\/wp-content\/uploads\/2011\/03\/logosalvador-peq-e1660064979551.jpg","width":280,"height":231,"caption":"Centro de Estudos Budistas Bodisatva"},"image":{"@id":"https:\/\/cebb.org.br\/#\/schema\/logo\/image\/"},"sameAs":["https:\/\/pt-br.facebook.com\/cebb108","https:\/\/www.instagram.com\/cebbcaminhodomeio\/"]}]}},"_links":{"self":[{"href":"https:\/\/cebb.org.br\/en\/wp-json\/wp\/v2\/pages\/99047","targetHints":{"allow":["GET"]}}],"collection":[{"href":"https:\/\/cebb.org.br\/en\/wp-json\/wp\/v2\/pages"}],"about":[{"href":"https:\/\/cebb.org.br\/en\/wp-json\/wp\/v2\/types\/page"}],"author":[{"embeddable":true,"href":"https:\/\/cebb.org.br\/en\/wp-json\/wp\/v2\/users\/64"}],"replies":[{"embeddable":true,"href":"https:\/\/cebb.org.br\/en\/wp-json\/wp\/v2\/comments?post=99047"}],"version-history":[{"count":36,"href":"https:\/\/cebb.org.br\/en\/wp-json\/wp\/v2\/pages\/99047\/revisions"}],"predecessor-version":[{"id":100184,"href":"https:\/\/cebb.org.br\/en\/wp-json\/wp\/v2\/pages\/99047\/revisions\/100184"}],"wp:attachment":[{"href":"https:\/\/cebb.org.br\/en\/wp-json\/wp\/v2\/media?parent=99047"}],"curies":[{"name":"wp","href":"https:\/\/api.w.org\/{rel}","templated":true}]}}