{"id":101040,"date":"2023-12-28T14:56:31","date_gmt":"2023-12-28T17:56:31","guid":{"rendered":"https:\/\/cebb.org.br\/?page_id=101040"},"modified":"2024-03-28T15:04:55","modified_gmt":"2024-03-28T18:04:55","slug":"pagina-de-acompanhamento-palestra-ecologia-curativa-uma-perspectiva-budista-sobre-a-crise-ecologica","status":"publish","type":"page","link":"https:\/\/cebb.org.br\/es\/pagina-de-acompanhamento-palestra-ecologia-curativa-uma-perspectiva-budista-sobre-a-crise-ecologica\/","title":{"rendered":"P\u00e1gina de Acompanhamento &#8211; Palestra | Ecologia Curativa: Uma perspectiva budista sobre a crise ecol\u00f3gica\u00a0"},"content":{"rendered":"<p><span style=\"color: #000000;\">Ensinamentos com David Loy na Palestra <strong>Ecologia Curativa: Uma perspectiva budista sobre a crise ecol\u00f3gica<\/strong>, transmitido ao vivo no dia 15 de maio de 2024. Aqui voc\u00ea encontra a grava\u00e7\u00e3o, que permanecer\u00e1 dispon\u00edvel para inscritos \u2013 mesmo os que se inscreverem depois da palestra ter terminado.<\/span><\/p>\n<p><span style=\"color: #000000;\">\u00b7 IMPORTANTE \u00b7 Por favor, n\u00e3o compartilhe esta p\u00e1gina, v\u00eddeos, links ou documentos aqui listados. Cada praticante aproveita melhor os ensinamentos quando manifesta interesse e se alegra em apoiar o movimento dos mestres. Se quiser compartilhar a alegria desta palestra com mais pessoas, convide-as a tamb\u00e9m fazer a inscri\u00e7\u00e3o, mesmo ap\u00f3s a palestra.<\/span><\/p>\n<p><span style=\"color: #000000;\">Transmiss\u00e3o ao vivo<\/span><br \/>\n<span style=\"color: #000000;\">Antes de cada sess\u00e3o atualize esta p\u00e1gina para garantir que esteja visualizando o conte\u00fado mais recente.<\/span><br \/>\n<span style=\"color: #000000;\">Voc\u00ea pode assistir pela <a href=\"https:\/\/us06web.zoom.us\/j\/7298927661?pwd=dGZEQlJ1NzNjeWVXWXd2SDlvQ2ZLQT09\">Sala do Zoom \u2013 (clique aqui)<\/a>, ID da reuni\u00e3o: 729 892 7661, senha de acesso: 108 e pode acompanhar a pr\u00f3xima sess\u00e3o no v\u00eddeo abaixo ou pode ainda ver diretamente no YouTube.<\/span><\/p>\n<h3><span style=\"color: #000000;\"><a href=\"https:\/\/cebb.org.br\/es\/preces\/\"><strong><span style=\"color: #800000;\">Preces<\/span><\/strong><\/a> <span style=\"color: #800000;\"><strong><a style=\"color: #800000;\" href=\"https:\/\/youtu.be\/coMGLKO0y4E\">Youtube<\/a><\/strong><\/span><\/span><\/h3>\n<p><span style=\"color: #000000;\">Programa\u00e7\u00e3o da Palestra<\/span><br \/>\n<span style=\"color: #000000;\">O hor\u00e1rios est\u00e1 sujeito a altera\u00e7\u00f5es<\/span><\/p>\n<p><span style=\"color: #000000;\">19h | Palestra &#8211; <a href=\"https:\/\/us06web.zoom.us\/j\/7298927661?pwd=dGZEQlJ1NzNjeWVXWXd2SDlvQ2ZLQT09\">Sala Zoom<\/a><\/span><\/p>\n<p><span style=\"color: #000000;\">Contribui\u00e7\u00e3o<\/span><\/p>\n<p><span style=\"color: #000000;\">Sua inscri\u00e7\u00e3o independe de uma contribui\u00e7\u00e3o financeira.<\/span><br \/>\n<span style=\"color: #000000;\">Caso lhe seja poss\u00edvel contribuir, o valor sugerido da palestra \u00e9 de R$ 50,00<\/span><br \/>\n<span style=\"color: #000000;\">Sua contribui\u00e7\u00e3o apoiar\u00e1 as atividades do Lama Padma Samten e os projetos do CEBB Bacupari, um conjunto de constru\u00e7\u00f5es destinadas a apoiar os v\u00e1rios formatos de retiros para o aprofundamento das pr\u00e1ticas de vis\u00e3o, medita\u00e7\u00e3o e a\u00e7\u00e3o l\u00facida sob a condu\u00e7\u00e3o direta do Lama Padma Samten.<\/span><br \/>\n<span style=\"color: #000000;\">A pr\u00e1tica da Dana Paramita \u2013 perfei\u00e7\u00e3o da generosidade \u2013 torna poss\u00edvel a continuidade dos ensinamentos desde os tempos do Buda. As seis paramitas \u2013 generosidade, moralidade, paz, energia constante, concentra\u00e7\u00e3o e sabedoria \u2013 inspiram a pr\u00e1tica e s\u00e3o a base geradora e sustentadora dos centros de estudos, medita\u00e7\u00e3o, acolhimento e das iniciativas de educa\u00e7\u00e3o, prote\u00e7\u00e3o ambiental, Terras Puras, Cultura de Paz da Sanga CEBB.<\/span><\/p>\n<p><span style=\"color: #000000;\">PIX: CNPJ 34.079.867\/0001-04<\/span><br \/>\n<span style=\"color: #000000;\">Banco do Brasil (001)<\/span><br \/>\n<span style=\"color: #000000;\">Ag\u00eancia: 0628-9<\/span><br \/>\n<span style=\"color: #000000;\">Conta corrente: 108999-4<\/span><\/p>\n<p><span style=\"color: #000000;\">A\u00e7\u00e3o Paramita Ensino Budista<\/span><br \/>\n<span style=\"color: #000000;\">Para contribui\u00e7\u00f5es de fora do Brasil, entre em contato com cebbcm@gmail.com.<\/span><\/p>\n<p><span style=\"color: #000000;\">Contato<\/span><br \/>\n<span style=\"color: #000000;\">Se tiver d\u00favidas, entre em contato conosco, escreva para eventoscebbco@gmail.com ou pelo WhatsApp <span style=\"font-weight: 400;\">Jairo (61) 99863-2378<\/span>\u00a0e Camila (61) 99996-0910.<\/span><\/p>\n<p>&nbsp;<\/p>\n<p>&nbsp;<\/p>","protected":false},"excerpt":{"rendered":"<p>Ensinamentos com David Loy na Palestra Ecologia Curativa: Uma perspectiva budista sobre a crise ecol\u00f3gica, transmitido ao vivo no dia 15 de maio de 2024. Aqui voc\u00ea encontra a grava\u00e7\u00e3o, que permanecer\u00e1 dispon\u00edvel para inscritos \u2013 mesmo os que se inscreverem depois da palestra ter terminado. \u00b7 IMPORTANTE \u00b7 Por favor, n\u00e3o compartilhe esta p\u00e1gina, [&hellip;]<\/p>\n","protected":false},"author":100,"featured_media":0,"parent":0,"menu_order":0,"comment_status":"closed","ping_status":"closed","template":"","meta":{"footnotes":""},"class_list":["post-101040","page","type-page","status-publish","hentry"],"yoast_head":"<!-- This site is optimized with the Yoast SEO plugin v27.5 - https:\/\/yoast.com\/product\/yoast-seo-wordpress\/ -->\n<title>P\u00e1gina de Acompanhamento - Palestra | Ecologia Curativa: Uma perspectiva budista sobre a crise ecol\u00f3gica\u00a0 - Centro de Estudos Budistas Bodisatva<\/title>\n<meta name=\"robots\" content=\"index, follow, max-snippet:-1, max-image-preview:large, max-video-preview:-1\" \/>\n<link rel=\"canonical\" href=\"https:\/\/cebb.org.br\/es\/pagina-de-acompanhamento-palestra-ecologia-curativa-uma-perspectiva-budista-sobre-a-crise-ecologica\/\" \/>\n<meta property=\"og:locale\" content=\"es_ES\" \/>\n<meta property=\"og:type\" content=\"article\" \/>\n<meta property=\"og:title\" content=\"P\u00e1gina de Acompanhamento - Palestra | Ecologia Curativa: Uma perspectiva budista sobre a crise ecol\u00f3gica\u00a0 - Centro de Estudos Budistas Bodisatva\" \/>\n<meta property=\"og:description\" content=\"Ensinamentos com David Loy na Palestra Ecologia Curativa: Uma perspectiva budista sobre a crise ecol\u00f3gica, transmitido ao vivo no dia 15 de maio de 2024. Aqui voc\u00ea encontra a grava\u00e7\u00e3o, que permanecer\u00e1 dispon\u00edvel para inscritos \u2013 mesmo os que se inscreverem depois da palestra ter terminado. \u00b7 IMPORTANTE \u00b7 Por favor, n\u00e3o compartilhe esta p\u00e1gina, [&hellip;]\" \/>\n<meta property=\"og:url\" content=\"https:\/\/cebb.org.br\/es\/pagina-de-acompanhamento-palestra-ecologia-curativa-uma-perspectiva-budista-sobre-a-crise-ecologica\/\" \/>\n<meta property=\"og:site_name\" content=\"Centro de Estudos Budistas Bodisatva\" \/>\n<meta property=\"article:publisher\" content=\"https:\/\/pt-br.facebook.com\/cebb108\" \/>\n<meta property=\"article:modified_time\" content=\"2024-03-28T18:04:55+00:00\" \/>\n<meta name=\"twitter:card\" content=\"summary_large_image\" \/>\n<meta name=\"twitter:label1\" content=\"Tiempo de lectura\" \/>\n\t<meta name=\"twitter:data1\" content=\"2 minutos\" \/>\n<script type=\"application\/ld+json\" class=\"yoast-schema-graph\">{\"@context\":\"https:\\\/\\\/schema.org\",\"@graph\":[{\"@type\":\"WebPage\",\"@id\":\"https:\\\/\\\/cebb.org.br\\\/pagina-de-acompanhamento-palestra-ecologia-curativa-uma-perspectiva-budista-sobre-a-crise-ecologica\\\/\",\"url\":\"https:\\\/\\\/cebb.org.br\\\/pagina-de-acompanhamento-palestra-ecologia-curativa-uma-perspectiva-budista-sobre-a-crise-ecologica\\\/\",\"name\":\"P\u00e1gina de Acompanhamento - Palestra | Ecologia Curativa: Uma perspectiva budista sobre a crise ecol\u00f3gica\u00a0 - Centro de Estudos Budistas Bodisatva\",\"isPartOf\":{\"@id\":\"https:\\\/\\\/cebb.org.br\\\/#website\"},\"datePublished\":\"2023-12-28T17:56:31+00:00\",\"dateModified\":\"2024-03-28T18:04:55+00:00\",\"breadcrumb\":{\"@id\":\"https:\\\/\\\/cebb.org.br\\\/pagina-de-acompanhamento-palestra-ecologia-curativa-uma-perspectiva-budista-sobre-a-crise-ecologica\\\/#breadcrumb\"},\"inLanguage\":\"es\",\"potentialAction\":[{\"@type\":\"ReadAction\",\"target\":[\"https:\\\/\\\/cebb.org.br\\\/pagina-de-acompanhamento-palestra-ecologia-curativa-uma-perspectiva-budista-sobre-a-crise-ecologica\\\/\"]}]},{\"@type\":\"BreadcrumbList\",\"@id\":\"https:\\\/\\\/cebb.org.br\\\/pagina-de-acompanhamento-palestra-ecologia-curativa-uma-perspectiva-budista-sobre-a-crise-ecologica\\\/#breadcrumb\",\"itemListElement\":[{\"@type\":\"ListItem\",\"position\":1,\"name\":\"Home\",\"item\":\"https:\\\/\\\/cebb.org.br\\\/\"},{\"@type\":\"ListItem\",\"position\":2,\"name\":\"P\u00e1gina de Acompanhamento &#8211; Palestra | Ecologia Curativa: Uma perspectiva budista sobre a crise ecol\u00f3gica\u00a0\"}]},{\"@type\":\"WebSite\",\"@id\":\"https:\\\/\\\/cebb.org.br\\\/#website\",\"url\":\"https:\\\/\\\/cebb.org.br\\\/\",\"name\":\"Centro de Estudos Budistas Bodisatva\",\"description\":\"Budismo, medita\u00e7\u00e3o e cultura de paz | Lama Padma Samten\",\"publisher\":{\"@id\":\"https:\\\/\\\/cebb.org.br\\\/#organization\"},\"potentialAction\":[{\"@type\":\"SearchAction\",\"target\":{\"@type\":\"EntryPoint\",\"urlTemplate\":\"https:\\\/\\\/cebb.org.br\\\/?s={search_term_string}\"},\"query-input\":{\"@type\":\"PropertyValueSpecification\",\"valueRequired\":true,\"valueName\":\"search_term_string\"}}],\"inLanguage\":\"es\"},{\"@type\":\"Organization\",\"@id\":\"https:\\\/\\\/cebb.org.br\\\/#organization\",\"name\":\"Centro de Estudos Budistas Bodisatva\",\"url\":\"https:\\\/\\\/cebb.org.br\\\/\",\"logo\":{\"@type\":\"ImageObject\",\"inLanguage\":\"es\",\"@id\":\"https:\\\/\\\/cebb.org.br\\\/#\\\/schema\\\/logo\\\/image\\\/\",\"url\":\"http:\\\/\\\/18.230.164.79\\\/wp-content\\\/uploads\\\/2011\\\/03\\\/logosalvador-peq-e1660064979551.jpg\",\"contentUrl\":\"http:\\\/\\\/18.230.164.79\\\/wp-content\\\/uploads\\\/2011\\\/03\\\/logosalvador-peq-e1660064979551.jpg\",\"width\":280,\"height\":231,\"caption\":\"Centro de Estudos Budistas Bodisatva\"},\"image\":{\"@id\":\"https:\\\/\\\/cebb.org.br\\\/#\\\/schema\\\/logo\\\/image\\\/\"},\"sameAs\":[\"https:\\\/\\\/pt-br.facebook.com\\\/cebb108\",\"https:\\\/\\\/www.instagram.com\\\/cebbcaminhodomeio\\\/\"]}]}<\/script>\n<!-- \/ Yoast SEO plugin. -->","yoast_head_json":{"title":"P\u00e1gina de Acompanhamento - Palestra | Ecologia Curativa: Uma perspectiva budista sobre a crise ecol\u00f3gica\u00a0 - Centro de Estudos Budistas Bodisatva","robots":{"index":"index","follow":"follow","max-snippet":"max-snippet:-1","max-image-preview":"max-image-preview:large","max-video-preview":"max-video-preview:-1"},"canonical":"https:\/\/cebb.org.br\/es\/pagina-de-acompanhamento-palestra-ecologia-curativa-uma-perspectiva-budista-sobre-a-crise-ecologica\/","og_locale":"es_ES","og_type":"article","og_title":"P\u00e1gina de Acompanhamento - Palestra | Ecologia Curativa: Uma perspectiva budista sobre a crise ecol\u00f3gica\u00a0 - Centro de Estudos Budistas Bodisatva","og_description":"Ensinamentos com David Loy na Palestra Ecologia Curativa: Uma perspectiva budista sobre a crise ecol\u00f3gica, transmitido ao vivo no dia 15 de maio de 2024. Aqui voc\u00ea encontra a grava\u00e7\u00e3o, que permanecer\u00e1 dispon\u00edvel para inscritos \u2013 mesmo os que se inscreverem depois da palestra ter terminado. \u00b7 IMPORTANTE \u00b7 Por favor, n\u00e3o compartilhe esta p\u00e1gina, [&hellip;]","og_url":"https:\/\/cebb.org.br\/es\/pagina-de-acompanhamento-palestra-ecologia-curativa-uma-perspectiva-budista-sobre-a-crise-ecologica\/","og_site_name":"Centro de Estudos Budistas Bodisatva","article_publisher":"https:\/\/pt-br.facebook.com\/cebb108","article_modified_time":"2024-03-28T18:04:55+00:00","twitter_card":"summary_large_image","twitter_misc":{"Tiempo de lectura":"2 minutos"},"schema":{"@context":"https:\/\/schema.org","@graph":[{"@type":"WebPage","@id":"https:\/\/cebb.org.br\/pagina-de-acompanhamento-palestra-ecologia-curativa-uma-perspectiva-budista-sobre-a-crise-ecologica\/","url":"https:\/\/cebb.org.br\/pagina-de-acompanhamento-palestra-ecologia-curativa-uma-perspectiva-budista-sobre-a-crise-ecologica\/","name":"P\u00e1gina de Acompanhamento - Palestra | Ecologia Curativa: Uma perspectiva budista sobre a crise ecol\u00f3gica\u00a0 - Centro de Estudos Budistas Bodisatva","isPartOf":{"@id":"https:\/\/cebb.org.br\/#website"},"datePublished":"2023-12-28T17:56:31+00:00","dateModified":"2024-03-28T18:04:55+00:00","breadcrumb":{"@id":"https:\/\/cebb.org.br\/pagina-de-acompanhamento-palestra-ecologia-curativa-uma-perspectiva-budista-sobre-a-crise-ecologica\/#breadcrumb"},"inLanguage":"es","potentialAction":[{"@type":"ReadAction","target":["https:\/\/cebb.org.br\/pagina-de-acompanhamento-palestra-ecologia-curativa-uma-perspectiva-budista-sobre-a-crise-ecologica\/"]}]},{"@type":"BreadcrumbList","@id":"https:\/\/cebb.org.br\/pagina-de-acompanhamento-palestra-ecologia-curativa-uma-perspectiva-budista-sobre-a-crise-ecologica\/#breadcrumb","itemListElement":[{"@type":"ListItem","position":1,"name":"Home","item":"https:\/\/cebb.org.br\/"},{"@type":"ListItem","position":2,"name":"P\u00e1gina de Acompanhamento &#8211; Palestra | Ecologia Curativa: Uma perspectiva budista sobre a crise ecol\u00f3gica\u00a0"}]},{"@type":"WebSite","@id":"https:\/\/cebb.org.br\/#website","url":"https:\/\/cebb.org.br\/","name":"Centro de Estudios Budistas Bodisatva","description":"Budismo, meditaci\u00f3n y cultura de paz | Lama Padma Samten","publisher":{"@id":"https:\/\/cebb.org.br\/#organization"},"potentialAction":[{"@type":"SearchAction","target":{"@type":"EntryPoint","urlTemplate":"https:\/\/cebb.org.br\/?s={search_term_string}"},"query-input":{"@type":"PropertyValueSpecification","valueRequired":true,"valueName":"search_term_string"}}],"inLanguage":"es"},{"@type":"Organization","@id":"https:\/\/cebb.org.br\/#organization","name":"Centro de Estudios Budistas Bodisatva","url":"https:\/\/cebb.org.br\/","logo":{"@type":"ImageObject","inLanguage":"es","@id":"https:\/\/cebb.org.br\/#\/schema\/logo\/image\/","url":"http:\/\/18.230.164.79\/wp-content\/uploads\/2011\/03\/logosalvador-peq-e1660064979551.jpg","contentUrl":"http:\/\/18.230.164.79\/wp-content\/uploads\/2011\/03\/logosalvador-peq-e1660064979551.jpg","width":280,"height":231,"caption":"Centro de Estudos Budistas Bodisatva"},"image":{"@id":"https:\/\/cebb.org.br\/#\/schema\/logo\/image\/"},"sameAs":["https:\/\/pt-br.facebook.com\/cebb108","https:\/\/www.instagram.com\/cebbcaminhodomeio\/"]}]}},"_links":{"self":[{"href":"https:\/\/cebb.org.br\/es\/wp-json\/wp\/v2\/pages\/101040","targetHints":{"allow":["GET"]}}],"collection":[{"href":"https:\/\/cebb.org.br\/es\/wp-json\/wp\/v2\/pages"}],"about":[{"href":"https:\/\/cebb.org.br\/es\/wp-json\/wp\/v2\/types\/page"}],"author":[{"embeddable":true,"href":"https:\/\/cebb.org.br\/es\/wp-json\/wp\/v2\/users\/100"}],"replies":[{"embeddable":true,"href":"https:\/\/cebb.org.br\/es\/wp-json\/wp\/v2\/comments?post=101040"}],"version-history":[{"count":4,"href":"https:\/\/cebb.org.br\/es\/wp-json\/wp\/v2\/pages\/101040\/revisions"}],"predecessor-version":[{"id":101044,"href":"https:\/\/cebb.org.br\/es\/wp-json\/wp\/v2\/pages\/101040\/revisions\/101044"}],"wp:attachment":[{"href":"https:\/\/cebb.org.br\/es\/wp-json\/wp\/v2\/media?parent=101040"}],"curies":[{"name":"wp","href":"https:\/\/api.w.org\/{rel}","templated":true}]}}