{"id":102648,"date":"2024-05-24T14:42:01","date_gmt":"2024-05-24T17:42:01","guid":{"rendered":"https:\/\/cebb.org.br\/?page_id=102648"},"modified":"2024-05-24T14:44:47","modified_gmt":"2024-05-24T17:44:47","slug":"retiro-a-pratica-budista-da-meditacao-e-lucidez-cebb-bh","status":"publish","type":"page","link":"https:\/\/cebb.org.br\/es\/retiro-a-pratica-budista-da-meditacao-e-lucidez-cebb-bh\/","title":{"rendered":"Retiro &#8220;A Pr\u00e1tica Budista da Medita\u00e7\u00e3o e Lucidez&#8221; &#8211; CEBB BH"},"content":{"rendered":"<p><a href=\"https:\/\/publuu.com\/flip-book\/397389\/900103\/page\/1\"><strong>Sadana Digital<\/strong><\/a> &lt;&lt; Clique aqui para acessar e acompanhe as preces iniciais e pujas. <em>Favor n\u00e3o compartilhar.<\/em><\/p>\r\n<h4>\u00a0<\/h4>\r\n<h4>2. Acesso ao Zoom:<\/h4>\r\n<p><strong>Sala do Zoom dos Ensinamentos<\/strong> <br \/>ID da reuni\u00e3o: 886 9975 0521 <br \/>Senha: 108 <br \/>Link do Zoom: <a href=\"https:\/\/us06web.zoom.us\/j\/88699750521?pwd=M7z9NQGrRDRF0dcVcbv73IzYAWWYk0.1\">https:\/\/us06web.zoom.us\/j\/88699750521?pwd=M7z9NQGrRDRF0dcVcbv73IzYAWWYk0.1<\/a> <br \/><br \/><strong>Sala do Zoom dos Pujas<\/strong> <br \/>ID da reuni\u00e3o: 859 1196 0522 <br \/>Senha: 108 <br \/>Link do Zoom: <a href=\"https:\/\/us06web.zoom.us\/j\/85911960522?pwd=y6dJv6y9hSO2dvelJ63C9fze9C8NgG.1\">https:\/\/us06web.zoom.us\/j\/85911960522?pwd=y6dJv6y9hSO2dvelJ63C9fze9C8NgG.1<\/a><\/p>\r\n<h4>\u00a0<\/h4>\r\n<h4>3. Playlist<\/h4>\r\n<p>Acesse aqui a playlist com as grava\u00e7\u00f5es: <a href=\"https:\/\/www.youtube.com\/playlist?list=PLO_7Zoueaxd7RBwvP_7O33lFuRSYGBHSY\">https:\/\/www.youtube.com\/playlist?list=PLO_7Zoueaxd7RBwvP_7O33lFuRSYGBHSY<\/a><\/p>\r\n<h4>\u00a0<\/h4>\r\n<h4>4. Programa\u00e7\u00e3o<\/h4>\r\n<p><b><i>Sexta | 24 de maio<\/i><\/b><b><i> <\/i><\/b> <br \/><strong>. 19h \u00e0s 20h:<\/strong> Puja da Noite (Zoom e Youtube) <br \/><strong>. 20h \u00e0s 21:30h<\/strong>: Perguntas e Respostas (Zoom e Youtube) <br \/><br \/><b><i> S\u00e1bado | 25 de maio<\/i><\/b><b><i> <\/i><\/b> <br \/><strong>. 5h30 \u2013 7h:<\/strong> Medita\u00e7\u00e3o Silenciosa e Puja da Manh\u00e3 (apenas pelo Zoom) <br \/><strong>. 9h \u2013 12h:<\/strong> Medita\u00e7\u00e3o e Ensinamentos <br \/><strong>. 14h \u2013 17h:<\/strong> Medita\u00e7\u00e3o e Ensinamentos <br \/><i><\/i><strong>. 19h \u00e0s 20h:<\/strong> Puja da Noite (Zoom e Youtube) <br \/><strong>. 20h \u00e0s 21:30h<\/strong>: Perguntas e Respostas (Zoom e Youtube) <br \/><br \/><b><i>Domingo | 26 de maio <br \/><\/i><\/b><strong>. 5h30 \u2013 7h:<\/strong> Medita\u00e7\u00e3o Silenciosa e Puja da Manh\u00e3 (apenas pelo Zoom) <br \/><strong>. 9h \u2013 12h:<\/strong> Medita\u00e7\u00e3o e Ensinamentos<i><\/i><\/p>\r\n<h4><br \/>5. Contribui\u00e7\u00e3o \r\n\r\n\r\n\r\n\r\n\r\n<\/h4>\r\n<p>A participa\u00e7\u00e3o e utiliza\u00e7\u00e3o desse material independe de uma contribui\u00e7\u00e3o financeira. Caso lhe seja poss\u00edvel contribuir, o valor sugerido do estudo de aprofundamento \u00e9 de R$250. Sua contribui\u00e7\u00e3o apoiar\u00e1 as atividades do Lama Padma Samten, do CEBB que est\u00e1 promovendo o evento presencialmente, diversos praticantes em retiro.<\/p>\r\n\r\n\r\n\r\n\r\n\r\n\r\n\r\n<p><em>A pr\u00e1tica da Dana Paramita \u2013 perfei\u00e7\u00e3o da generosidade \u2013 torna poss\u00edvel a continuidade dos ensinamentos desde os tempos do Buda. As seis paramitas \u2013 generosidade, moralidade, paz, energia constante, concentra\u00e7\u00e3o e sabedoria \u2013 inspiram a pr\u00e1tica e s\u00e3o a base geradora e sustentadora dos centros de estudos, medita\u00e7\u00e3o, acolhimento e das iniciativas de educa\u00e7\u00e3o, prote\u00e7\u00e3o ambiental, Terras Puras, Cultura de Paz da Sanga CEBB.<\/em><\/p>\r\n\r\n\r\n\r\n\r\n\r\n\r\n\r\n<p>A\u00e7\u00e3o Paramita PIX: CNPJ 34.079.867\/0001-04 Banco do Brasil (001) Ag\u00eancia: 0628-9 Conta corrente: 108999-4<\/p>\r\n\r\n<p><strong>Contribui\u00e7\u00f5es internacionais<\/strong> <span dir=\"ltr\">As contribui\u00e7\u00f5es internacionais podem ser feitas pelo PayPal, atrav\u00e9s do link abaixo:<\/span> International contributions can be done by PayPal, through the link below: <a href=\"https:\/\/www.paypal.com\/donate\/?hosted_button_id=3RWWYXJ454LCU\">https:\/\/www.paypal.com\/donate\/?hosted_button_id=3RWWYXJ454LCU<\/a><\/p>\r\n<h3 class=\"wp-block-heading\"><br \/>Contato<\/h3>\r\n\r\n\r\n\r\n<p>Se tiver d\u00favidas, contate conosco: <strong>acaoparamita@gmail.com<br \/><br \/><\/strong><\/p><!-- \/wp:paragraph --><!-- wp:post-content --><!-- wp:paragraph -->\r\n<p>Ensinamentos com Lama Padma Samten no <strong>Retiro &#8220;A Pr\u00e1tica Budista da Medita\u00e7\u00e3o e Lucidez&#8221;<\/strong>, transmitido ao vivo nos dias <strong>24 a 26 <\/strong>de<strong> maio <\/strong>de 2024 \u2013 Aqui voc\u00ea encontra os acessos do zoom e as grava\u00e7\u00f5es de todas as sess\u00f5es, que permanecer\u00e3o dispon\u00edveis para inscritos &#8211; <em>mesmo os que se inscreverem depois do estudo ter terminado.<\/em><\/p>\r\n<!-- wp:paragraph -->\r\n<ul>\r\n<li><b>IMPORTANTE \u00b7 <\/b>Por favor, n\u00e3o compartilhe esta p\u00e1gina, v\u00eddeos, links ou documentos aqui listados durante o retiro. Cada praticante aproveita melhor os ensinamentos quando manifesta interesse e se alegra em apoiar o movimento dos mestres.<\/li>\r\n<\/ul>\r\n<!-- \/wp:paragraph -->\r\n\r\n<!-- wp:heading {\"level\":3} \/-->\r\n\r\n<!-- wp:heading {\"level\":3} \/--><!-- \/wp:paragraph -->\r\n\r\n<!-- wp:heading {\"level\":3} \/-->\r\n\r\n<!-- wp:heading {\"level\":3} \/-->\r\n<h4>\u00a0<\/h4>\r\n<h4>1. Sadana Digital <!-- wp:paragraph --><\/h4>\r\n<!-- \/wp:paragraph -->\r\n\r\n<!-- wp:paragraph -->\r\n<p><a href=\"https:\/\/publuu.com\/flip-book\/397389\/900103\/page\/1\"><strong>Sadana Digital<\/strong><\/a> &lt;&lt; Clique aqui para acessar e acompanhe as preces iniciais e pujas. <em>Favor n\u00e3o compartilhar.<\/em><\/p>\r\n<h4>\u00a0<\/h4>\r\n<h4>2. Acesso ao Zoom:<\/h4>\r\n<p><strong>Sala do Zoom dos Ensinamentos<\/strong> <br \/>ID da reuni\u00e3o: 886 9975 0521 <br \/>Senha: 108 <br \/>Link do Zoom: <a href=\"https:\/\/us06web.zoom.us\/j\/88699750521?pwd=M7z9NQGrRDRF0dcVcbv73IzYAWWYk0.1\">https:\/\/us06web.zoom.us\/j\/88699750521?pwd=M7z9NQGrRDRF0dcVcbv73IzYAWWYk0.1<\/a> <br \/><br \/><strong>Sala do Zoom dos Pujas<\/strong> <br \/>ID da reuni\u00e3o: 859 1196 0522 <br \/>Senha: 108 <br \/>Link do Zoom: <a href=\"https:\/\/us06web.zoom.us\/j\/85911960522?pwd=y6dJv6y9hSO2dvelJ63C9fze9C8NgG.1\">https:\/\/us06web.zoom.us\/j\/85911960522?pwd=y6dJv6y9hSO2dvelJ63C9fze9C8NgG.1<\/a><\/p>\r\n<h4>\u00a0<\/h4>\r\n<h4>3. Playlist<\/h4>\r\n<p>Acesse aqui a playlist com as grava\u00e7\u00f5es: <a href=\"https:\/\/www.youtube.com\/playlist?list=PLO_7Zoueaxd7RBwvP_7O33lFuRSYGBHSY\">https:\/\/www.youtube.com\/playlist?list=PLO_7Zoueaxd7RBwvP_7O33lFuRSYGBHSY<\/a><\/p>\r\n<h4>\u00a0<\/h4>\r\n<h4>4. Programa\u00e7\u00e3o<\/h4>\r\n<p><b><i>Sexta | 24 de maio<\/i><\/b><b><i> <\/i><\/b> <br \/><strong>. 19h \u00e0s 20h:<\/strong> Puja da Noite (Zoom e Youtube) <br \/><strong>. 20h \u00e0s 21:30h<\/strong>: Perguntas e Respostas (Zoom e Youtube) <br \/><br \/><b><i> S\u00e1bado | 25 de maio<\/i><\/b><b><i> <\/i><\/b> <br \/><strong>. 5h30 \u2013 7h:<\/strong> Medita\u00e7\u00e3o Silenciosa e Puja da Manh\u00e3 (apenas pelo Zoom) <br \/><strong>. 9h \u2013 12h:<\/strong> Medita\u00e7\u00e3o e Ensinamentos <br \/><strong>. 14h \u2013 17h:<\/strong> Medita\u00e7\u00e3o e Ensinamentos <br \/><i><\/i><strong>. 19h \u00e0s 20h:<\/strong> Puja da Noite (Zoom e Youtube) <br \/><strong>. 20h \u00e0s 21:30h<\/strong>: Perguntas e Respostas (Zoom e Youtube) <br \/><br \/><b><i>Domingo | 26 de maio <br \/><\/i><\/b><strong>. 5h30 \u2013 7h:<\/strong> Medita\u00e7\u00e3o Silenciosa e Puja da Manh\u00e3 (apenas pelo Zoom) <br \/><strong>. 9h \u2013 12h:<\/strong> Medita\u00e7\u00e3o e Ensinamentos<i><\/i><\/p>\r\n<h4><br \/>5. Contribui\u00e7\u00e3o <!-- wp:paragraph --><!-- \/wp:paragraph -->\r\n\r\n<!-- wp:paragraph --><!-- \/wp:paragraph -->\r\n\r\n<!-- wp:paragraph --><!-- \/wp:heading -->\r\n\r\n<!-- wp:paragraph --><\/h4>\r\n<p>A participa\u00e7\u00e3o e utiliza\u00e7\u00e3o desse material independe de uma contribui\u00e7\u00e3o financeira. Caso lhe seja poss\u00edvel contribuir, o valor sugerido do estudo de aprofundamento \u00e9 de R$250. Sua contribui\u00e7\u00e3o apoiar\u00e1 as atividades do Lama Padma Samten, do CEBB que est\u00e1 promovendo o evento presencialmente, diversos praticantes em retiro.<\/p>\r\n<!-- wp:paragraph --><!-- \/wp:paragraph -->\r\n\r\n<!-- wp:paragraph --><!-- \/wp:paragraph -->\r\n\r\n<!-- wp:paragraph --><!-- \/wp:heading -->\r\n\r\n<!-- wp:paragraph -->\r\n<p><em>A pr\u00e1tica da Dana Paramita \u2013 perfei\u00e7\u00e3o da generosidade \u2013 torna poss\u00edvel a continuidade dos ensinamentos desde os tempos do Buda. As seis paramitas \u2013 generosidade, moralidade, paz, energia constante, concentra\u00e7\u00e3o e sabedoria \u2013 inspiram a pr\u00e1tica e s\u00e3o a base geradora e sustentadora dos centros de estudos, medita\u00e7\u00e3o, acolhimento e das iniciativas de educa\u00e7\u00e3o, prote\u00e7\u00e3o ambiental, Terras Puras, Cultura de Paz da Sanga CEBB.<\/em><\/p>\r\n<!-- wp:paragraph --><!-- \/wp:paragraph -->\r\n\r\n<!-- wp:paragraph --><!-- \/wp:paragraph -->\r\n\r\n<!-- wp:paragraph --><!-- \/wp:heading -->\r\n\r\n<!-- wp:paragraph -->\r\n<p>A\u00e7\u00e3o Paramita PIX: CNPJ 34.079.867\/0001-04 Banco do Brasil (001) Ag\u00eancia: 0628-9 Conta corrente: 108999-4<\/p>\r\n<!-- \/wp:paragraph --><!-- \/wp:paragraph -->\r\n<p><strong>Contribui\u00e7\u00f5es internacionais<\/strong> <span dir=\"ltr\">As contribui\u00e7\u00f5es internacionais podem ser feitas pelo PayPal, atrav\u00e9s do link abaixo:<\/span> International contributions can be done by PayPal, through the link below: <a href=\"https:\/\/www.paypal.com\/donate\/?hosted_button_id=3RWWYXJ454LCU\">https:\/\/www.paypal.com\/donate\/?hosted_button_id=3RWWYXJ454LCU<\/a><\/p>\r\n<h3 class=\"wp-block-heading\"><br \/>Contato<\/h3>\r\n<!-- \/wp:heading -->\r\n\r\n<!-- wp:paragraph -->\r\n<p>Se tiver d\u00favidas, contate conosco: <strong>acaoparamita@gmail.com<br \/><br \/><\/strong><\/p><!-- \/wp:post-content -->","protected":false},"excerpt":{"rendered":"<p>Ensinamentos com Lama Padma Samten no Retiro &#8220;A Pr\u00e1tica Budista da Medita\u00e7\u00e3o e Lucidez&#8221;, transmitido ao vivo nos dias 24 a 26 de maio de 2024 \u2013 Aqui voc\u00ea encontra os acessos do zoom e as grava\u00e7\u00f5es de todas as sess\u00f5es, que permanecer\u00e3o dispon\u00edveis para inscritos &#8211; mesmo os que se inscreverem depois do estudo [&hellip;]<\/p>\n","protected":false},"author":48,"featured_media":0,"parent":0,"menu_order":0,"comment_status":"closed","ping_status":"closed","template":"","meta":{"footnotes":""},"class_list":["post-102648","page","type-page","status-publish","hentry"],"yoast_head":"<!-- This site is optimized with the Yoast SEO plugin v27.5 - https:\/\/yoast.com\/product\/yoast-seo-wordpress\/ -->\n<title>Retiro &quot;A Pr\u00e1tica Budista da Medita\u00e7\u00e3o e Lucidez&quot; - CEBB BH - Centro de Estudos Budistas Bodisatva<\/title>\n<meta name=\"robots\" content=\"index, follow, max-snippet:-1, max-image-preview:large, max-video-preview:-1\" \/>\n<link rel=\"canonical\" href=\"https:\/\/cebb.org.br\/es\/retiro-a-pratica-budista-da-meditacao-e-lucidez-cebb-bh\/\" \/>\n<meta property=\"og:locale\" content=\"es_ES\" \/>\n<meta property=\"og:type\" content=\"article\" \/>\n<meta property=\"og:title\" content=\"Retiro &quot;A Pr\u00e1tica Budista da Medita\u00e7\u00e3o e Lucidez&quot; - CEBB BH - Centro de Estudos Budistas Bodisatva\" \/>\n<meta property=\"og:description\" content=\"Ensinamentos com Lama Padma Samten no Retiro &#8220;A Pr\u00e1tica Budista da Medita\u00e7\u00e3o e Lucidez&#8221;, transmitido ao vivo nos dias 24 a 26 de maio de 2024 \u2013 Aqui voc\u00ea encontra os acessos do zoom e as grava\u00e7\u00f5es de todas as sess\u00f5es, que permanecer\u00e3o dispon\u00edveis para inscritos &#8211; mesmo os que se inscreverem depois do estudo [&hellip;]\" \/>\n<meta property=\"og:url\" content=\"https:\/\/cebb.org.br\/es\/retiro-a-pratica-budista-da-meditacao-e-lucidez-cebb-bh\/\" \/>\n<meta property=\"og:site_name\" content=\"Centro de Estudos Budistas Bodisatva\" \/>\n<meta property=\"article:publisher\" content=\"https:\/\/pt-br.facebook.com\/cebb108\" \/>\n<meta property=\"article:modified_time\" content=\"2024-05-24T17:44:47+00:00\" \/>\n<meta name=\"twitter:card\" content=\"summary_large_image\" \/>\n<meta name=\"twitter:label1\" content=\"Tiempo de lectura\" \/>\n\t<meta name=\"twitter:data1\" content=\"3 minutos\" \/>\n<script type=\"application\/ld+json\" class=\"yoast-schema-graph\">{\"@context\":\"https:\\\/\\\/schema.org\",\"@graph\":[{\"@type\":\"WebPage\",\"@id\":\"https:\\\/\\\/cebb.org.br\\\/retiro-a-pratica-budista-da-meditacao-e-lucidez-cebb-bh\\\/\",\"url\":\"https:\\\/\\\/cebb.org.br\\\/retiro-a-pratica-budista-da-meditacao-e-lucidez-cebb-bh\\\/\",\"name\":\"Retiro \\\"A Pr\u00e1tica Budista da Medita\u00e7\u00e3o e Lucidez\\\" - CEBB BH - Centro de Estudos Budistas Bodisatva\",\"isPartOf\":{\"@id\":\"https:\\\/\\\/cebb.org.br\\\/#website\"},\"datePublished\":\"2024-05-24T17:42:01+00:00\",\"dateModified\":\"2024-05-24T17:44:47+00:00\",\"breadcrumb\":{\"@id\":\"https:\\\/\\\/cebb.org.br\\\/retiro-a-pratica-budista-da-meditacao-e-lucidez-cebb-bh\\\/#breadcrumb\"},\"inLanguage\":\"es\",\"potentialAction\":[{\"@type\":\"ReadAction\",\"target\":[\"https:\\\/\\\/cebb.org.br\\\/retiro-a-pratica-budista-da-meditacao-e-lucidez-cebb-bh\\\/\"]}]},{\"@type\":\"BreadcrumbList\",\"@id\":\"https:\\\/\\\/cebb.org.br\\\/retiro-a-pratica-budista-da-meditacao-e-lucidez-cebb-bh\\\/#breadcrumb\",\"itemListElement\":[{\"@type\":\"ListItem\",\"position\":1,\"name\":\"Home\",\"item\":\"https:\\\/\\\/cebb.org.br\\\/\"},{\"@type\":\"ListItem\",\"position\":2,\"name\":\"Retiro &#8220;A Pr\u00e1tica Budista da Medita\u00e7\u00e3o e Lucidez&#8221; &#8211; CEBB BH\"}]},{\"@type\":\"WebSite\",\"@id\":\"https:\\\/\\\/cebb.org.br\\\/#website\",\"url\":\"https:\\\/\\\/cebb.org.br\\\/\",\"name\":\"Centro de Estudos Budistas Bodisatva\",\"description\":\"Budismo, medita\u00e7\u00e3o e cultura de paz | Lama Padma Samten\",\"publisher\":{\"@id\":\"https:\\\/\\\/cebb.org.br\\\/#organization\"},\"potentialAction\":[{\"@type\":\"SearchAction\",\"target\":{\"@type\":\"EntryPoint\",\"urlTemplate\":\"https:\\\/\\\/cebb.org.br\\\/?s={search_term_string}\"},\"query-input\":{\"@type\":\"PropertyValueSpecification\",\"valueRequired\":true,\"valueName\":\"search_term_string\"}}],\"inLanguage\":\"es\"},{\"@type\":\"Organization\",\"@id\":\"https:\\\/\\\/cebb.org.br\\\/#organization\",\"name\":\"Centro de Estudos Budistas Bodisatva\",\"url\":\"https:\\\/\\\/cebb.org.br\\\/\",\"logo\":{\"@type\":\"ImageObject\",\"inLanguage\":\"es\",\"@id\":\"https:\\\/\\\/cebb.org.br\\\/#\\\/schema\\\/logo\\\/image\\\/\",\"url\":\"http:\\\/\\\/18.230.164.79\\\/wp-content\\\/uploads\\\/2011\\\/03\\\/logosalvador-peq-e1660064979551.jpg\",\"contentUrl\":\"http:\\\/\\\/18.230.164.79\\\/wp-content\\\/uploads\\\/2011\\\/03\\\/logosalvador-peq-e1660064979551.jpg\",\"width\":280,\"height\":231,\"caption\":\"Centro de Estudos Budistas Bodisatva\"},\"image\":{\"@id\":\"https:\\\/\\\/cebb.org.br\\\/#\\\/schema\\\/logo\\\/image\\\/\"},\"sameAs\":[\"https:\\\/\\\/pt-br.facebook.com\\\/cebb108\",\"https:\\\/\\\/www.instagram.com\\\/cebbcaminhodomeio\\\/\"]}]}<\/script>\n<!-- \/ Yoast SEO plugin. -->","yoast_head_json":{"title":"Retiro \"A Pr\u00e1tica Budista da Medita\u00e7\u00e3o e Lucidez\" - CEBB BH - Centro de Estudos Budistas Bodisatva","robots":{"index":"index","follow":"follow","max-snippet":"max-snippet:-1","max-image-preview":"max-image-preview:large","max-video-preview":"max-video-preview:-1"},"canonical":"https:\/\/cebb.org.br\/es\/retiro-a-pratica-budista-da-meditacao-e-lucidez-cebb-bh\/","og_locale":"es_ES","og_type":"article","og_title":"Retiro \"A Pr\u00e1tica Budista da Medita\u00e7\u00e3o e Lucidez\" - CEBB BH - Centro de Estudos Budistas Bodisatva","og_description":"Ensinamentos com Lama Padma Samten no Retiro &#8220;A Pr\u00e1tica Budista da Medita\u00e7\u00e3o e Lucidez&#8221;, transmitido ao vivo nos dias 24 a 26 de maio de 2024 \u2013 Aqui voc\u00ea encontra os acessos do zoom e as grava\u00e7\u00f5es de todas as sess\u00f5es, que permanecer\u00e3o dispon\u00edveis para inscritos &#8211; mesmo os que se inscreverem depois do estudo [&hellip;]","og_url":"https:\/\/cebb.org.br\/es\/retiro-a-pratica-budista-da-meditacao-e-lucidez-cebb-bh\/","og_site_name":"Centro de Estudos Budistas Bodisatva","article_publisher":"https:\/\/pt-br.facebook.com\/cebb108","article_modified_time":"2024-05-24T17:44:47+00:00","twitter_card":"summary_large_image","twitter_misc":{"Tiempo de lectura":"3 minutos"},"schema":{"@context":"https:\/\/schema.org","@graph":[{"@type":"WebPage","@id":"https:\/\/cebb.org.br\/retiro-a-pratica-budista-da-meditacao-e-lucidez-cebb-bh\/","url":"https:\/\/cebb.org.br\/retiro-a-pratica-budista-da-meditacao-e-lucidez-cebb-bh\/","name":"Retiro \"A Pr\u00e1tica Budista da Medita\u00e7\u00e3o e Lucidez\" - CEBB BH - Centro de Estudos Budistas Bodisatva","isPartOf":{"@id":"https:\/\/cebb.org.br\/#website"},"datePublished":"2024-05-24T17:42:01+00:00","dateModified":"2024-05-24T17:44:47+00:00","breadcrumb":{"@id":"https:\/\/cebb.org.br\/retiro-a-pratica-budista-da-meditacao-e-lucidez-cebb-bh\/#breadcrumb"},"inLanguage":"es","potentialAction":[{"@type":"ReadAction","target":["https:\/\/cebb.org.br\/retiro-a-pratica-budista-da-meditacao-e-lucidez-cebb-bh\/"]}]},{"@type":"BreadcrumbList","@id":"https:\/\/cebb.org.br\/retiro-a-pratica-budista-da-meditacao-e-lucidez-cebb-bh\/#breadcrumb","itemListElement":[{"@type":"ListItem","position":1,"name":"Home","item":"https:\/\/cebb.org.br\/"},{"@type":"ListItem","position":2,"name":"Retiro &#8220;A Pr\u00e1tica Budista da Medita\u00e7\u00e3o e Lucidez&#8221; &#8211; CEBB BH"}]},{"@type":"WebSite","@id":"https:\/\/cebb.org.br\/#website","url":"https:\/\/cebb.org.br\/","name":"Centro de Estudios Budistas Bodisatva","description":"Budismo, meditaci\u00f3n y cultura de paz | Lama Padma Samten","publisher":{"@id":"https:\/\/cebb.org.br\/#organization"},"potentialAction":[{"@type":"SearchAction","target":{"@type":"EntryPoint","urlTemplate":"https:\/\/cebb.org.br\/?s={search_term_string}"},"query-input":{"@type":"PropertyValueSpecification","valueRequired":true,"valueName":"search_term_string"}}],"inLanguage":"es"},{"@type":"Organization","@id":"https:\/\/cebb.org.br\/#organization","name":"Centro de Estudios Budistas Bodisatva","url":"https:\/\/cebb.org.br\/","logo":{"@type":"ImageObject","inLanguage":"es","@id":"https:\/\/cebb.org.br\/#\/schema\/logo\/image\/","url":"http:\/\/18.230.164.79\/wp-content\/uploads\/2011\/03\/logosalvador-peq-e1660064979551.jpg","contentUrl":"http:\/\/18.230.164.79\/wp-content\/uploads\/2011\/03\/logosalvador-peq-e1660064979551.jpg","width":280,"height":231,"caption":"Centro de Estudos Budistas Bodisatva"},"image":{"@id":"https:\/\/cebb.org.br\/#\/schema\/logo\/image\/"},"sameAs":["https:\/\/pt-br.facebook.com\/cebb108","https:\/\/www.instagram.com\/cebbcaminhodomeio\/"]}]}},"_links":{"self":[{"href":"https:\/\/cebb.org.br\/es\/wp-json\/wp\/v2\/pages\/102648","targetHints":{"allow":["GET"]}}],"collection":[{"href":"https:\/\/cebb.org.br\/es\/wp-json\/wp\/v2\/pages"}],"about":[{"href":"https:\/\/cebb.org.br\/es\/wp-json\/wp\/v2\/types\/page"}],"author":[{"embeddable":true,"href":"https:\/\/cebb.org.br\/es\/wp-json\/wp\/v2\/users\/48"}],"replies":[{"embeddable":true,"href":"https:\/\/cebb.org.br\/es\/wp-json\/wp\/v2\/comments?post=102648"}],"version-history":[{"count":5,"href":"https:\/\/cebb.org.br\/es\/wp-json\/wp\/v2\/pages\/102648\/revisions"}],"predecessor-version":[{"id":102653,"href":"https:\/\/cebb.org.br\/es\/wp-json\/wp\/v2\/pages\/102648\/revisions\/102653"}],"wp:attachment":[{"href":"https:\/\/cebb.org.br\/es\/wp-json\/wp\/v2\/media?parent=102648"}],"curies":[{"name":"wp","href":"https:\/\/api.w.org\/{rel}","templated":true}]}}