{"id":109966,"date":"2024-11-08T11:53:42","date_gmt":"2024-11-08T14:53:42","guid":{"rendered":"https:\/\/cebb.org.br\/?page_id=109966"},"modified":"2024-11-08T14:05:31","modified_gmt":"2024-11-08T17:05:31","slug":"boletim-sanga","status":"publish","type":"page","link":"https:\/\/cebb.org.br\/es\/boletim-sanga\/","title":{"rendered":"Boletim da Sanga"},"content":{"rendered":"<div data-elementor-type=\"wp-page\" data-elementor-id=\"109966\" class=\"elementor elementor-109966\" data-elementor-post-type=\"page\">\n\t\t\t\t<div class=\"elementor-element elementor-element-9598a2d e-flex e-con-boxed e-con e-parent\" data-id=\"9598a2d\" data-element_type=\"container\" data-e-type=\"container\">\n\t\t\t\t\t<div class=\"e-con-inner\">\n\t\t\t\t<div class=\"elementor-element elementor-element-6cafc8f elementor-widget elementor-widget-heading\" data-id=\"6cafc8f\" data-element_type=\"widget\" data-e-type=\"widget\" data-widget_type=\"heading.default\">\n\t\t\t\t<div class=\"elementor-widget-container\">\n\t\t\t\t\t<h2 class=\"elementor-heading-title elementor-size-default\">Boletim da Sanga<\/h2>\t\t\t\t<\/div>\n\t\t\t\t<\/div>\n\t\t\t\t\t<\/div>\n\t\t\t\t<\/div>\n\t\t\t\t<section class=\"elementor-section elementor-top-section elementor-element elementor-element-4f74039 elementor-section-boxed elementor-section-height-default elementor-section-height-default\" data-id=\"4f74039\" data-element_type=\"section\" data-e-type=\"section\" data-settings=\"{&quot;background_background&quot;:&quot;classic&quot;}\">\n\t\t\t\t\t\t<div class=\"elementor-container elementor-column-gap-default\">\n\t\t\t\t\t<div class=\"elementor-column elementor-col-66 elementor-top-column elementor-element elementor-element-77f1d1e\" data-id=\"77f1d1e\" data-element_type=\"column\" data-e-type=\"column\">\n\t\t\t<div class=\"elementor-widget-wrap elementor-element-populated\">\n\t\t\t\t\t\t<section class=\"elementor-section elementor-inner-section elementor-element elementor-element-502e32d elementor-section-full_width elementor-section-height-default elementor-section-height-default\" data-id=\"502e32d\" data-element_type=\"section\" data-e-type=\"section\">\n\t\t\t\t\t\t<div class=\"elementor-container elementor-column-gap-no\">\n\t\t\t\t\t<div class=\"elementor-column elementor-col-100 elementor-inner-column elementor-element elementor-element-9988839\" data-id=\"9988839\" data-element_type=\"column\" data-e-type=\"column\">\n\t\t\t<div class=\"elementor-widget-wrap elementor-element-populated\">\n\t\t\t\t\t\t<div class=\"elementor-element elementor-element-aa6cb2d elementor-grid-1 elementor-posts--thumbnail-left elementor-hidden-mobile elementor-hidden-tablet elementor-grid-tablet-2 elementor-grid-mobile-1 load-more-align-center elementor-widget elementor-widget-posts\" data-id=\"aa6cb2d\" data-element_type=\"widget\" data-e-type=\"widget\" data-settings=\"{&quot;classic_columns&quot;:&quot;1&quot;,&quot;pagination_type&quot;:&quot;load_more_on_click&quot;,&quot;classic_row_gap&quot;:{&quot;unit&quot;:&quot;px&quot;,&quot;size&quot;:52,&quot;sizes&quot;:[]},&quot;classic_row_gap_mobile&quot;:{&quot;unit&quot;:&quot;px&quot;,&quot;size&quot;:6,&quot;sizes&quot;:[]},&quot;classic_columns_tablet&quot;:&quot;2&quot;,&quot;classic_columns_mobile&quot;:&quot;1&quot;,&quot;classic_row_gap_tablet&quot;:{&quot;unit&quot;:&quot;px&quot;,&quot;size&quot;:&quot;&quot;,&quot;sizes&quot;:[]},&quot;load_more_spinner&quot;:{&quot;value&quot;:&quot;fas fa-spinner&quot;,&quot;library&quot;:&quot;fa-solid&quot;}}\" data-widget_type=\"posts.classic\">\n\t\t\t\t<div class=\"elementor-widget-container\">\n\t\t\t\t\t\t\t<div class=\"elementor-posts-container elementor-posts elementor-posts--skin-classic elementor-grid\" role=\"list\">\n\t\t\t\t<article class=\"elementor-post elementor-grid-item post-119606 post type-post status-publish format-standard has-post-thumbnail hentry category-boletim-da-sanga category-niteroi category-proximos-eventos category-rj\" role=\"listitem\">\n\t\t\t\t<a class=\"elementor-post__thumbnail__link\" href=\"https:\/\/cebb.org.br\/es\/sabado-de-silencio-i-dia-01-11-i-das-9h-as-12h\/\" tabindex=\"-1\" target=\"&quot;_blank&quot;\">\n\t\t\t<div class=\"elementor-post__thumbnail\"><img fetchpriority=\"high\" decoding=\"async\" width=\"1080\" height=\"1350\" src=\"https:\/\/cebb.org.br\/wp-content\/uploads\/2025\/10\/Sabado-de-silencioo-4.jpg\" class=\"attachment-full size-full wp-image-119609\" alt=\"\" srcset=\"https:\/\/cebb.org.br\/wp-content\/uploads\/2025\/10\/Sabado-de-silencioo-4.jpg 1080w, https:\/\/cebb.org.br\/wp-content\/uploads\/2025\/10\/Sabado-de-silencioo-4-240x300.jpg 240w, https:\/\/cebb.org.br\/wp-content\/uploads\/2025\/10\/Sabado-de-silencioo-4-819x1024.jpg 819w, https:\/\/cebb.org.br\/wp-content\/uploads\/2025\/10\/Sabado-de-silencioo-4-768x960.jpg 768w, https:\/\/cebb.org.br\/wp-content\/uploads\/2025\/10\/Sabado-de-silencioo-4-10x12.jpg 10w\" sizes=\"(max-width: 1080px) 100vw, 1080px\" \/><\/div>\n\t\t<\/a>\n\t\t\t\t<div class=\"elementor-post__text\">\n\t\t\t\t<h3 class=\"elementor-post__title\">\n\t\t\t<a href=\"https:\/\/cebb.org.br\/es\/sabado-de-silencio-i-dia-01-11-i-das-9h-as-12h\/\" target=\"&quot;_blank&quot;\">\n\t\t\t\tS\u00e1bado de Sil\u00eancio I dia 01\/11 I das 9h \u00e0s 12h\t\t\t<\/a>\n\t\t<\/h3>\n\t\t\t\t<div class=\"elementor-post__excerpt\">\n\t\t\t<p>CEBB Niter\u00f3i S\u00e1bado de Sil\u00eancio<\/p>\n\t\t<\/div>\n\t\t\n\t\t<a class=\"elementor-post__read-more\" href=\"https:\/\/cebb.org.br\/es\/sabado-de-silencio-i-dia-01-11-i-das-9h-as-12h\/\" aria-label=\"M\u00e1s informaci\u00f3n sobre S\u00e1bado de Sil\u00eancio I dia 01\/11 I das 9h \u00e0s 12h\" tabindex=\"-1\" target=\"_blank\">\n\t\t\tLeia Mais \u00bb\t\t<\/a>\n\n\t\t\t\t<\/div>\n\t\t\t\t<\/article>\n\t\t\t\t<\/div>\n\t\t\t\t\t<span class=\"e-load-more-spinner\">\n\t\t\t\t<svg aria-hidden=\"true\" class=\"e-font-icon-svg e-fas-spinner\" viewbox=\"0 0 512 512\" xmlns=\"http:\/\/www.w3.org\/2000\/svg\"><path d=\"M304 48c0 26.51-21.49 48-48 48s-48-21.49-48-48 21.49-48 48-48 48 21.49 48 48zm-48 368c-26.51 0-48 21.49-48 48s21.49 48 48 48 48-21.49 48-48-21.49-48-48-48zm208-208c-26.51 0-48 21.49-48 48s21.49 48 48 48 48-21.49 48-48-21.49-48-48-48zM96 256c0-26.51-21.49-48-48-48S0 229.49 0 256s21.49 48 48 48 48-21.49 48-48zm12.922 99.078c-26.51 0-48 21.49-48 48s21.49 48 48 48 48-21.49 48-48c0-26.509-21.491-48-48-48zm294.156 0c-26.51 0-48 21.49-48 48s21.49 48 48 48 48-21.49 48-48c0-26.509-21.49-48-48-48zM108.922 60.922c-26.51 0-48 21.49-48 48s21.49 48 48 48 48-21.49 48-48-21.491-48-48-48z\"><\/path><\/svg>\t\t\t<\/span>\n\t\t\n\t\t\t\t\t\t<\/div>\n\t\t\t\t<\/div>\n\t\t\t\t<div class=\"elementor-element elementor-element-9a2fa13 elementor-grid-1 elementor-hidden-desktop elementor-grid-tablet-2 elementor-grid-mobile-1 elementor-posts--thumbnail-top load-more-align-center elementor-widget elementor-widget-posts\" data-id=\"9a2fa13\" data-element_type=\"widget\" data-e-type=\"widget\" data-settings=\"{&quot;classic_columns&quot;:&quot;1&quot;,&quot;pagination_type&quot;:&quot;load_more_on_click&quot;,&quot;classic_row_gap&quot;:{&quot;unit&quot;:&quot;px&quot;,&quot;size&quot;:52,&quot;sizes&quot;:[]},&quot;classic_row_gap_mobile&quot;:{&quot;unit&quot;:&quot;px&quot;,&quot;size&quot;:6,&quot;sizes&quot;:[]},&quot;classic_columns_tablet&quot;:&quot;2&quot;,&quot;classic_columns_mobile&quot;:&quot;1&quot;,&quot;classic_row_gap_tablet&quot;:{&quot;unit&quot;:&quot;px&quot;,&quot;size&quot;:&quot;&quot;,&quot;sizes&quot;:[]},&quot;load_more_spinner&quot;:{&quot;value&quot;:&quot;fas fa-spinner&quot;,&quot;library&quot;:&quot;fa-solid&quot;}}\" data-widget_type=\"posts.classic\">\n\t\t\t\t<div class=\"elementor-widget-container\">\n\t\t\t\t\t\t\t<div class=\"elementor-posts-container elementor-posts elementor-posts--skin-classic elementor-grid\" role=\"list\">\n\t\t\t\t<article class=\"elementor-post elementor-grid-item post-119606 post type-post status-publish format-standard has-post-thumbnail hentry category-boletim-da-sanga category-niteroi category-proximos-eventos category-rj\" role=\"listitem\">\n\t\t\t\t<a class=\"elementor-post__thumbnail__link\" href=\"https:\/\/cebb.org.br\/es\/sabado-de-silencio-i-dia-01-11-i-das-9h-as-12h\/\" tabindex=\"-1\" target=\"&quot;_blank&quot;\">\n\t\t\t<div class=\"elementor-post__thumbnail\"><img fetchpriority=\"high\" decoding=\"async\" width=\"1080\" height=\"1350\" src=\"https:\/\/cebb.org.br\/wp-content\/uploads\/2025\/10\/Sabado-de-silencioo-4.jpg\" class=\"attachment-full size-full wp-image-119609\" alt=\"\" srcset=\"https:\/\/cebb.org.br\/wp-content\/uploads\/2025\/10\/Sabado-de-silencioo-4.jpg 1080w, https:\/\/cebb.org.br\/wp-content\/uploads\/2025\/10\/Sabado-de-silencioo-4-240x300.jpg 240w, https:\/\/cebb.org.br\/wp-content\/uploads\/2025\/10\/Sabado-de-silencioo-4-819x1024.jpg 819w, https:\/\/cebb.org.br\/wp-content\/uploads\/2025\/10\/Sabado-de-silencioo-4-768x960.jpg 768w, https:\/\/cebb.org.br\/wp-content\/uploads\/2025\/10\/Sabado-de-silencioo-4-10x12.jpg 10w\" sizes=\"(max-width: 1080px) 100vw, 1080px\" \/><\/div>\n\t\t<\/a>\n\t\t\t\t<div class=\"elementor-post__text\">\n\t\t\t\t<h3 class=\"elementor-post__title\">\n\t\t\t<a href=\"https:\/\/cebb.org.br\/es\/sabado-de-silencio-i-dia-01-11-i-das-9h-as-12h\/\" target=\"&quot;_blank&quot;\">\n\t\t\t\tS\u00e1bado de Sil\u00eancio I dia 01\/11 I das 9h \u00e0s 12h\t\t\t<\/a>\n\t\t<\/h3>\n\t\t\t\t<div class=\"elementor-post__excerpt\">\n\t\t\t<p>CEBB Niter\u00f3i S\u00e1bado de Sil\u00eancio<\/p>\n\t\t<\/div>\n\t\t\n\t\t<a class=\"elementor-post__read-more\" href=\"https:\/\/cebb.org.br\/es\/sabado-de-silencio-i-dia-01-11-i-das-9h-as-12h\/\" aria-label=\"M\u00e1s informaci\u00f3n sobre S\u00e1bado de Sil\u00eancio I dia 01\/11 I das 9h \u00e0s 12h\" tabindex=\"-1\" target=\"_blank\">\n\t\t\tLeia Mais \u00bb\t\t<\/a>\n\n\t\t\t\t<\/div>\n\t\t\t\t<\/article>\n\t\t\t\t<\/div>\n\t\t\t\t\t<span class=\"e-load-more-spinner\">\n\t\t\t\t<svg aria-hidden=\"true\" class=\"e-font-icon-svg e-fas-spinner\" viewbox=\"0 0 512 512\" xmlns=\"http:\/\/www.w3.org\/2000\/svg\"><path d=\"M304 48c0 26.51-21.49 48-48 48s-48-21.49-48-48 21.49-48 48-48 48 21.49 48 48zm-48 368c-26.51 0-48 21.49-48 48s21.49 48 48 48 48-21.49 48-48-21.49-48-48-48zm208-208c-26.51 0-48 21.49-48 48s21.49 48 48 48 48-21.49 48-48-21.49-48-48-48zM96 256c0-26.51-21.49-48-48-48S0 229.49 0 256s21.49 48 48 48 48-21.49 48-48zm12.922 99.078c-26.51 0-48 21.49-48 48s21.49 48 48 48 48-21.49 48-48c0-26.509-21.491-48-48-48zm294.156 0c-26.51 0-48 21.49-48 48s21.49 48 48 48 48-21.49 48-48c0-26.509-21.49-48-48-48zM108.922 60.922c-26.51 0-48 21.49-48 48s21.49 48 48 48 48-21.49 48-48-21.491-48-48-48z\"><\/path><\/svg>\t\t\t<\/span>\n\t\t\n\t\t\t\t\t\t<\/div>\n\t\t\t\t<\/div>\n\t\t\t\t\t<\/div>\n\t\t<\/div>\n\t\t\t\t\t<\/div>\n\t\t<\/section>\n\t\t\t\t<section class=\"elementor-section elementor-inner-section elementor-element elementor-element-e3a6f28 elementor-section-boxed elementor-section-height-default elementor-section-height-default\" data-id=\"e3a6f28\" data-element_type=\"section\" data-e-type=\"section\">\n\t\t\t\t\t\t<div class=\"elementor-container elementor-column-gap-default\">\n\t\t\t\t\t<div class=\"elementor-column elementor-col-100 elementor-inner-column elementor-element elementor-element-de23925\" data-id=\"de23925\" data-element_type=\"column\" data-e-type=\"column\">\n\t\t\t<div class=\"elementor-widget-wrap elementor-element-populated\">\n\t\t\t\t\t\t<div class=\"elementor-element elementor-element-8fb9031 elementor-widget elementor-widget-heading\" data-id=\"8fb9031\" data-element_type=\"widget\" data-e-type=\"widget\" data-widget_type=\"heading.default\">\n\t\t\t\t<div class=\"elementor-widget-container\">\n\t\t\t\t\t<h2 class=\"elementor-heading-title elementor-size-default\">Hist\u00f3rico<\/h2>\t\t\t\t<\/div>\n\t\t\t\t<\/div>\n\t\t\t\t\t<\/div>\n\t\t<\/div>\n\t\t\t\t\t<\/div>\n\t\t<\/section>\n\t\t\t\t<div class=\"elementor-element elementor-element-d13b6dd elementor-hidden-mobile elementor-widget-divider--view-line elementor-widget elementor-widget-divider\" data-id=\"d13b6dd\" data-element_type=\"widget\" data-e-type=\"widget\" data-widget_type=\"divider.default\">\n\t\t\t\t<div class=\"elementor-widget-container\">\n\t\t\t\t\t\t\t<div class=\"elementor-divider\">\n\t\t\t<span class=\"elementor-divider-separator\">\n\t\t\t\t\t\t<\/span>\n\t\t<\/div>\n\t\t\t\t\t\t<\/div>\n\t\t\t\t<\/div>\n\t\t\t\t<div class=\"elementor-element elementor-element-1daeaf8 elementor-grid-1 elementor-hidden-desktop elementor-grid-tablet-2 elementor-grid-mobile-1 elementor-posts--thumbnail-top elementor-widget elementor-widget-posts\" data-id=\"1daeaf8\" data-element_type=\"widget\" data-e-type=\"widget\" data-settings=\"{&quot;classic_columns&quot;:&quot;1&quot;,&quot;classic_row_gap&quot;:{&quot;unit&quot;:&quot;px&quot;,&quot;size&quot;:52,&quot;sizes&quot;:[]},&quot;pagination_type&quot;:&quot;load_more_infinite_scroll&quot;,&quot;classic_columns_tablet&quot;:&quot;2&quot;,&quot;classic_columns_mobile&quot;:&quot;1&quot;,&quot;classic_row_gap_tablet&quot;:{&quot;unit&quot;:&quot;px&quot;,&quot;size&quot;:&quot;&quot;,&quot;sizes&quot;:[]},&quot;classic_row_gap_mobile&quot;:{&quot;unit&quot;:&quot;px&quot;,&quot;size&quot;:&quot;&quot;,&quot;sizes&quot;:[]},&quot;load_more_spinner&quot;:{&quot;value&quot;:&quot;fas fa-spinner&quot;,&quot;library&quot;:&quot;fa-solid&quot;}}\" data-widget_type=\"posts.classic\">\n\t\t\t\t<div class=\"elementor-widget-container\">\n\t\t\t\t\t\t\t<div class=\"elementor-posts-container elementor-posts elementor-posts--skin-classic elementor-grid\" role=\"list\">\n\t\t\t\t<article class=\"elementor-post elementor-grid-item post-121328 post type-post status-publish format-standard has-post-thumbnail hentry category-podcast category-ensinamentos category-historia category-lamasamten\" role=\"listitem\">\n\t\t\t\t<a class=\"elementor-post__thumbnail__link\" href=\"https:\/\/cebb.org.br\/es\/khenpo-tashi-entrevista-lama-samten\/\" tabindex=\"-1\" >\n\t\t\t<div class=\"elementor-post__thumbnail\"><img decoding=\"async\" width=\"300\" height=\"169\" src=\"https:\/\/cebb.org.br\/wp-content\/uploads\/2026\/03\/podcast-Khenpo-Tashi-e-Lama-Samten-estupa-Arya-Tara-Garchen-Institute-EUA-300x169.webp\" class=\"attachment-medium size-medium wp-image-121333\" alt=\"\" srcset=\"https:\/\/cebb.org.br\/wp-content\/uploads\/2026\/03\/podcast-Khenpo-Tashi-e-Lama-Samten-estupa-Arya-Tara-Garchen-Institute-EUA-300x169.webp 300w, https:\/\/cebb.org.br\/wp-content\/uploads\/2026\/03\/podcast-Khenpo-Tashi-e-Lama-Samten-estupa-Arya-Tara-Garchen-Institute-EUA-1024x576.jpeg 1024w, https:\/\/cebb.org.br\/wp-content\/uploads\/2026\/03\/podcast-Khenpo-Tashi-e-Lama-Samten-estupa-Arya-Tara-Garchen-Institute-EUA-768x432.jpeg 768w, https:\/\/cebb.org.br\/wp-content\/uploads\/2026\/03\/podcast-Khenpo-Tashi-e-Lama-Samten-estupa-Arya-Tara-Garchen-Institute-EUA-18x10.jpeg 18w, https:\/\/cebb.org.br\/wp-content\/uploads\/2026\/03\/podcast-Khenpo-Tashi-e-Lama-Samten-estupa-Arya-Tara-Garchen-Institute-EUA.webp 1280w\" sizes=\"(max-width: 300px) 100vw, 300px\" \/><\/div>\n\t\t<\/a>\n\t\t\t\t<div class=\"elementor-post__text\">\n\t\t\t\t<h3 class=\"elementor-post__title\">\n\t\t\t<a href=\"https:\/\/cebb.org.br\/es\/khenpo-tashi-entrevista-lama-samten\/\" >\n\t\t\t\tKhenpo Tsering Tashi entrevista Lama Padma Samten\t\t\t<\/a>\n\t\t<\/h3>\n\t\t\t\t<div class=\"elementor-post__meta-data\">\n\t\t\t\t\t<span class=\"elementor-post-date\">\n\t\t\t17 de marzo de 2026\t\t<\/span>\n\t\t\t\t<\/div>\n\t\t\t\t<div class=\"elementor-post__excerpt\">\n\t\t\t<p>Khenpo Tsering Tashi entrevista Lama Samten, na Estupa de Arya Tara, em Phoenix\/AZ, EUA, ap\u00f3s retiro com Garchen Rinpoche, no Garchen Institute, mar\/2026.<\/p>\n\t\t<\/div>\n\t\t\n\t\t<a class=\"elementor-post__read-more\" href=\"https:\/\/cebb.org.br\/es\/khenpo-tashi-entrevista-lama-samten\/\" aria-label=\"M\u00e1s informaci\u00f3n sobre Khenpo Tsering Tashi entrevista Lama Padma Samten\" tabindex=\"-1\" >\n\t\t\tRead More \u00bb\t\t<\/a>\n\n\t\t\t\t<\/div>\n\t\t\t\t<\/article>\n\t\t\t\t<article class=\"elementor-post elementor-grid-item post-82347 post type-post status-publish format-standard has-post-thumbnail hentry category-cebb-abhirati category-historia category-treinamento\" role=\"listitem\">\n\t\t\t\t<a class=\"elementor-post__thumbnail__link\" href=\"https:\/\/cebb.org.br\/es\/cebb-abhirati\/\" tabindex=\"-1\" >\n\t\t\t<div class=\"elementor-post__thumbnail\"><img decoding=\"async\" width=\"300\" height=\"112\" src=\"https:\/\/cebb.org.br\/wp-content\/uploads\/2021\/02\/sede_admin-10-2021-e1637185660253-300x112.jpeg\" class=\"attachment-medium size-medium wp-image-86866\" alt=\"\" srcset=\"https:\/\/cebb.org.br\/wp-content\/uploads\/2021\/02\/sede_admin-10-2021-e1637185660253-300x112.jpeg 300w, https:\/\/cebb.org.br\/wp-content\/uploads\/2021\/02\/sede_admin-10-2021-e1637185660253-1024x381.jpeg 1024w, https:\/\/cebb.org.br\/wp-content\/uploads\/2021\/02\/sede_admin-10-2021-e1637185660253-768x286.jpeg 768w, https:\/\/cebb.org.br\/wp-content\/uploads\/2021\/02\/sede_admin-10-2021-e1637185660253-1536x572.jpeg 1536w, https:\/\/cebb.org.br\/wp-content\/uploads\/2021\/02\/sede_admin-10-2021-e1637185660253.jpeg 1600w\" sizes=\"(max-width: 300px) 100vw, 300px\" \/><\/div>\n\t\t<\/a>\n\t\t\t\t<div class=\"elementor-post__text\">\n\t\t\t\t<h3 class=\"elementor-post__title\">\n\t\t\t<a href=\"https:\/\/cebb.org.br\/es\/cebb-abhirati\/\" >\n\t\t\t\tCEBB Abhirati &#8211; Juiz de Fora, MG\t\t\t<\/a>\n\t\t<\/h3>\n\t\t\t\t<div class=\"elementor-post__meta-data\">\n\t\t\t\t\t<span class=\"elementor-post-date\">\n\t\t\t9 de febrero de 2021\t\t<\/span>\n\t\t\t\t<\/div>\n\t\t\t\t<div class=\"elementor-post__excerpt\">\n\t\t\t<p>O CEBB Abhirati \u00e9 um sonho de mais de 10 anos da sanga do Rio de Janeiro e Minas Gerais, e est\u00e1 atualmente em sua<\/p>\n\t\t<\/div>\n\t\t\n\t\t<a class=\"elementor-post__read-more\" href=\"https:\/\/cebb.org.br\/es\/cebb-abhirati\/\" aria-label=\"M\u00e1s informaci\u00f3n sobre CEBB Abhirati &#8211; Juiz de Fora, MG\" tabindex=\"-1\" >\n\t\t\tRead More \u00bb\t\t<\/a>\n\n\t\t\t\t<\/div>\n\t\t\t\t<\/article>\n\t\t\t\t<article class=\"elementor-post elementor-grid-item post-65199 post type-post status-publish format-standard has-post-thumbnail hentry category-ensinamentos-mestres category-eventos-passados category-historia\" role=\"listitem\">\n\t\t\t\t<a class=\"elementor-post__thumbnail__link\" href=\"https:\/\/cebb.org.br\/es\/a-revolucao-da-lucidez\/\" tabindex=\"-1\" >\n\t\t\t<div class=\"elementor-post__thumbnail\"><img loading=\"lazy\" decoding=\"async\" width=\"300\" height=\"113\" src=\"https:\/\/cebb.org.br\/wp-content\/uploads\/2019\/03\/dzogchen-ponlop-rinpoche-300x113.jpg\" class=\"attachment-medium size-medium wp-image-65206\" alt=\"\" srcset=\"https:\/\/cebb.org.br\/wp-content\/uploads\/2019\/03\/dzogchen-ponlop-rinpoche-300x113.jpg 300w, https:\/\/cebb.org.br\/wp-content\/uploads\/2019\/03\/dzogchen-ponlop-rinpoche-1024x384.jpg 1024w, https:\/\/cebb.org.br\/wp-content\/uploads\/2019\/03\/dzogchen-ponlop-rinpoche-768x288.jpg 768w, https:\/\/cebb.org.br\/wp-content\/uploads\/2019\/03\/dzogchen-ponlop-rinpoche.jpg 1280w\" sizes=\"(max-width: 300px) 100vw, 300px\" \/><\/div>\n\t\t<\/a>\n\t\t\t\t<div class=\"elementor-post__text\">\n\t\t\t\t<h3 class=\"elementor-post__title\">\n\t\t\t<a href=\"https:\/\/cebb.org.br\/es\/a-revolucao-da-lucidez\/\" >\n\t\t\t\tA Revolu\u00e7\u00e3o da Lucidez: Dzogchen Ponlop Rinpoche no Brasil\t\t\t<\/a>\n\t\t<\/h3>\n\t\t\t\t<div class=\"elementor-post__meta-data\">\n\t\t\t\t\t<span class=\"elementor-post-date\">\n\t\t\t13 de marzo de 2019\t\t<\/span>\n\t\t\t\t<\/div>\n\t\t\t\t<div class=\"elementor-post__excerpt\">\n\t\t\t<p>16 a 25 de Agosto de 2019 no Brasil<\/p>\n\t\t<\/div>\n\t\t\n\t\t<a class=\"elementor-post__read-more\" href=\"https:\/\/cebb.org.br\/es\/a-revolucao-da-lucidez\/\" aria-label=\"M\u00e1s informaci\u00f3n sobre A Revolu\u00e7\u00e3o da Lucidez: Dzogchen Ponlop Rinpoche no Brasil\" tabindex=\"-1\" >\n\t\t\tRead More \u00bb\t\t<\/a>\n\n\t\t\t\t<\/div>\n\t\t\t\t<\/article>\n\t\t\t\t<article class=\"elementor-post elementor-grid-item post-52627 post type-post status-publish format-standard has-post-thumbnail hentry category-ensinamentos-mestres category-eventos-passados category-historia category-treinamento\" role=\"listitem\">\n\t\t\t\t<a class=\"elementor-post__thumbnail__link\" href=\"https:\/\/cebb.org.br\/es\/kaz-tanahashi-sensei-no-brasil\/\" tabindex=\"-1\" >\n\t\t\t<div class=\"elementor-post__thumbnail\"><img loading=\"lazy\" decoding=\"async\" width=\"300\" height=\"200\" src=\"https:\/\/cebb.org.br\/wp-content\/uploads\/2018\/04\/0023-300x200.jpg\" class=\"attachment-medium size-medium wp-image-55311\" alt=\"\" srcset=\"https:\/\/cebb.org.br\/wp-content\/uploads\/2018\/04\/0023-300x200.jpg 300w, https:\/\/cebb.org.br\/wp-content\/uploads\/2018\/04\/0023-768x512.jpg 768w, https:\/\/cebb.org.br\/wp-content\/uploads\/2018\/04\/0023-514x342.jpg 514w, https:\/\/cebb.org.br\/wp-content\/uploads\/2018\/04\/0023.jpg 960w\" sizes=\"(max-width: 300px) 100vw, 300px\" \/><\/div>\n\t\t<\/a>\n\t\t\t\t<div class=\"elementor-post__text\">\n\t\t\t\t<h3 class=\"elementor-post__title\">\n\t\t\t<a href=\"https:\/\/cebb.org.br\/es\/kaz-tanahashi-sensei-no-brasil\/\" >\n\t\t\t\tKazuaki Tanahashi Sensei no Brasil\t\t\t<\/a>\n\t\t<\/h3>\n\t\t\t\t<div class=\"elementor-post__meta-data\">\n\t\t\t\t\t<span class=\"elementor-post-date\">\n\t\t\t3 de junio de 2018\t\t<\/span>\n\t\t\t\t<\/div>\n\t\t\t\t<div class=\"elementor-post__excerpt\">\n\t\t\t<p>1 a 25 de Junho de 2018 no Brasil Porto Alegre e Viam\u00e3o-RS &#8211; 3 a 10; Brasilia e Alto Paraiso-GO &#8211; 13 a 19;<\/p>\n\t\t<\/div>\n\t\t\n\t\t<a class=\"elementor-post__read-more\" href=\"https:\/\/cebb.org.br\/es\/kaz-tanahashi-sensei-no-brasil\/\" aria-label=\"M\u00e1s informaci\u00f3n sobre Kazuaki Tanahashi Sensei no Brasil\" tabindex=\"-1\" >\n\t\t\tRead More \u00bb\t\t<\/a>\n\n\t\t\t\t<\/div>\n\t\t\t\t<\/article>\n\t\t\t\t<article class=\"elementor-post elementor-grid-item post-63814 post type-post status-publish format-standard has-post-thumbnail hentry category-agenda category-eventos-passados category-historia category-lamasamten category-treinamento\" role=\"listitem\">\n\t\t\t\t<a class=\"elementor-post__thumbnail__link\" href=\"https:\/\/cebb.org.br\/es\/historico-lama-padma-samten\/\" tabindex=\"-1\" >\n\t\t\t<div class=\"elementor-post__thumbnail\"><img loading=\"lazy\" decoding=\"async\" width=\"300\" height=\"140\" src=\"https:\/\/cebb.org.br\/wp-content\/uploads\/2018\/02\/5-3-300x140.png\" class=\"attachment-medium size-medium wp-image-94311\" alt=\"\" srcset=\"https:\/\/cebb.org.br\/wp-content\/uploads\/2018\/02\/5-3-300x140.png 300w, https:\/\/cebb.org.br\/wp-content\/uploads\/2018\/02\/5-3-1024x478.png 1024w, https:\/\/cebb.org.br\/wp-content\/uploads\/2018\/02\/5-3-768x359.png 768w, https:\/\/cebb.org.br\/wp-content\/uploads\/2018\/02\/5-3-1536x718.png 1536w, https:\/\/cebb.org.br\/wp-content\/uploads\/2018\/02\/5-3-2048x957.png 2048w\" sizes=\"(max-width: 300px) 100vw, 300px\" \/><\/div>\n\t\t<\/a>\n\t\t\t\t<div class=\"elementor-post__text\">\n\t\t\t\t<h3 class=\"elementor-post__title\">\n\t\t\t<a href=\"https:\/\/cebb.org.br\/es\/historico-lama-padma-samten\/\" >\n\t\t\t\tHist\u00f3rico de eventos com Lama Padma Samten\t\t\t<\/a>\n\t\t<\/h3>\n\t\t\t\t<div class=\"elementor-post__meta-data\">\n\t\t\t\t\t<span class=\"elementor-post-date\">\n\t\t\t3 de febrero de 2018\t\t<\/span>\n\t\t\t\t<\/div>\n\t\t\t\t<div class=\"elementor-post__excerpt\">\n\t\t\t<p>Hist\u00f3rico das atividades do Lama Padma Samten<\/p>\n\t\t<\/div>\n\t\t\n\t\t<a class=\"elementor-post__read-more\" href=\"https:\/\/cebb.org.br\/es\/historico-lama-padma-samten\/\" aria-label=\"M\u00e1s informaci\u00f3n sobre Hist\u00f3rico de eventos com Lama Padma Samten\" tabindex=\"-1\" >\n\t\t\tRead More \u00bb\t\t<\/a>\n\n\t\t\t\t<\/div>\n\t\t\t\t<\/article>\n\t\t\t\t<article class=\"elementor-post elementor-grid-item post-43553 post type-post status-publish format-standard has-post-thumbnail hentry category-joao-pessoa category-cursos-com-tutores category-historia category-pb\" role=\"listitem\">\n\t\t\t\t<a class=\"elementor-post__thumbnail__link\" href=\"https:\/\/cebb.org.br\/es\/curso-historia-do-budismo-indiano\/\" tabindex=\"-1\" >\n\t\t\t<div class=\"elementor-post__thumbnail\"><img loading=\"lazy\" decoding=\"async\" width=\"300\" height=\"199\" src=\"https:\/\/cebb.org.br\/wp-content\/uploads\/2017\/05\/historia-da-vida-de-buda-1-2-blog-sobre-budismo-300x199.png\" class=\"attachment-medium size-medium wp-image-43554\" alt=\"\" srcset=\"https:\/\/cebb.org.br\/wp-content\/uploads\/2017\/05\/historia-da-vida-de-buda-1-2-blog-sobre-budismo-300x199.png 300w, https:\/\/cebb.org.br\/wp-content\/uploads\/2017\/05\/historia-da-vida-de-buda-1-2-blog-sobre-budismo-768x509.png 768w, https:\/\/cebb.org.br\/wp-content\/uploads\/2017\/05\/historia-da-vida-de-buda-1-2-blog-sobre-budismo-514x342.png 514w, https:\/\/cebb.org.br\/wp-content\/uploads\/2017\/05\/historia-da-vida-de-buda-1-2-blog-sobre-budismo.png 897w\" sizes=\"(max-width: 300px) 100vw, 300px\" \/><\/div>\n\t\t<\/a>\n\t\t\t\t<div class=\"elementor-post__text\">\n\t\t\t\t<h3 class=\"elementor-post__title\">\n\t\t\t<a href=\"https:\/\/cebb.org.br\/es\/curso-historia-do-budismo-indiano\/\" >\n\t\t\t\tCurso &#124; Hist\u00f3ria do Budismo Indiano\t\t\t<\/a>\n\t\t<\/h3>\n\t\t\t\t<div class=\"elementor-post__meta-data\">\n\t\t\t\t\t<span class=\"elementor-post-date\">\n\t\t\t20 de mayo de 2017\t\t<\/span>\n\t\t\t\t<\/div>\n\t\t\t\t<div class=\"elementor-post__excerpt\">\n\t\t\t<p>CEBB Jo\u00e3o Pessoa promove curso sobre o budismo indiano, com o monge Joaquim Monteiro, todas as ter\u00e7as-feiras, \u00e0s 19h.<\/p>\n\t\t<\/div>\n\t\t\n\t\t<a class=\"elementor-post__read-more\" href=\"https:\/\/cebb.org.br\/es\/curso-historia-do-budismo-indiano\/\" aria-label=\"M\u00e1s informaci\u00f3n sobre Curso &#124; Hist\u00f3ria do Budismo Indiano\" tabindex=\"-1\" >\n\t\t\tRead More \u00bb\t\t<\/a>\n\n\t\t\t\t<\/div>\n\t\t\t\t<\/article>\n\t\t\t\t<\/div>\n\t\t\t\t\t<span class=\"e-load-more-spinner\">\n\t\t\t\t<svg aria-hidden=\"true\" class=\"e-font-icon-svg e-fas-spinner\" viewbox=\"0 0 512 512\" xmlns=\"http:\/\/www.w3.org\/2000\/svg\"><path d=\"M304 48c0 26.51-21.49 48-48 48s-48-21.49-48-48 21.49-48 48-48 48 21.49 48 48zm-48 368c-26.51 0-48 21.49-48 48s21.49 48 48 48 48-21.49 48-48-21.49-48-48-48zm208-208c-26.51 0-48 21.49-48 48s21.49 48 48 48 48-21.49 48-48-21.49-48-48-48zM96 256c0-26.51-21.49-48-48-48S0 229.49 0 256s21.49 48 48 48 48-21.49 48-48zm12.922 99.078c-26.51 0-48 21.49-48 48s21.49 48 48 48 48-21.49 48-48c0-26.509-21.491-48-48-48zm294.156 0c-26.51 0-48 21.49-48 48s21.49 48 48 48 48-21.49 48-48c0-26.509-21.49-48-48-48zM108.922 60.922c-26.51 0-48 21.49-48 48s21.49 48 48 48 48-21.49 48-48-21.491-48-48-48z\"><\/path><\/svg>\t\t\t<\/span>\n\t\t\n\t\t\t\t<div class=\"e-load-more-anchor\" data-page=\"1\" data-max-page=\"4\" data-next-page=\"https:\/\/cebb.org.br\/wp-json\/wp\/v2\/pages\/109966\/page\/2\/\"><\/div>\n\t\t\t\t<div class=\"e-load-more-message\"><\/div>\n\t\t\t\t\t\t<\/div>\n\t\t\t\t<\/div>\n\t\t\t\t<div class=\"elementor-element elementor-element-6fd89e0 elementor-grid-1 elementor-posts--thumbnail-left elementor-hidden-tablet elementor-hidden-mobile elementor-grid-tablet-2 elementor-grid-mobile-1 elementor-widget elementor-widget-posts\" data-id=\"6fd89e0\" data-element_type=\"widget\" data-e-type=\"widget\" data-settings=\"{&quot;classic_columns&quot;:&quot;1&quot;,&quot;classic_row_gap&quot;:{&quot;unit&quot;:&quot;px&quot;,&quot;size&quot;:52,&quot;sizes&quot;:[]},&quot;pagination_type&quot;:&quot;load_more_infinite_scroll&quot;,&quot;classic_columns_tablet&quot;:&quot;2&quot;,&quot;classic_columns_mobile&quot;:&quot;1&quot;,&quot;classic_row_gap_tablet&quot;:{&quot;unit&quot;:&quot;px&quot;,&quot;size&quot;:&quot;&quot;,&quot;sizes&quot;:[]},&quot;classic_row_gap_mobile&quot;:{&quot;unit&quot;:&quot;px&quot;,&quot;size&quot;:&quot;&quot;,&quot;sizes&quot;:[]},&quot;load_more_spinner&quot;:{&quot;value&quot;:&quot;fas fa-spinner&quot;,&quot;library&quot;:&quot;fa-solid&quot;}}\" data-widget_type=\"posts.classic\">\n\t\t\t\t<div class=\"elementor-widget-container\">\n\t\t\t\t\t\t\t<div class=\"elementor-posts-container elementor-posts elementor-posts--skin-classic elementor-grid\" role=\"list\">\n\t\t\t\t<article class=\"elementor-post elementor-grid-item post-121328 post type-post status-publish format-standard has-post-thumbnail hentry category-podcast category-ensinamentos category-historia category-lamasamten\" role=\"listitem\">\n\t\t\t\t<a class=\"elementor-post__thumbnail__link\" href=\"https:\/\/cebb.org.br\/es\/khenpo-tashi-entrevista-lama-samten\/\" tabindex=\"-1\" >\n\t\t\t<div class=\"elementor-post__thumbnail\"><img decoding=\"async\" width=\"300\" height=\"169\" src=\"https:\/\/cebb.org.br\/wp-content\/uploads\/2026\/03\/podcast-Khenpo-Tashi-e-Lama-Samten-estupa-Arya-Tara-Garchen-Institute-EUA-300x169.webp\" class=\"attachment-medium size-medium wp-image-121333\" alt=\"\" srcset=\"https:\/\/cebb.org.br\/wp-content\/uploads\/2026\/03\/podcast-Khenpo-Tashi-e-Lama-Samten-estupa-Arya-Tara-Garchen-Institute-EUA-300x169.webp 300w, https:\/\/cebb.org.br\/wp-content\/uploads\/2026\/03\/podcast-Khenpo-Tashi-e-Lama-Samten-estupa-Arya-Tara-Garchen-Institute-EUA-1024x576.jpeg 1024w, https:\/\/cebb.org.br\/wp-content\/uploads\/2026\/03\/podcast-Khenpo-Tashi-e-Lama-Samten-estupa-Arya-Tara-Garchen-Institute-EUA-768x432.jpeg 768w, https:\/\/cebb.org.br\/wp-content\/uploads\/2026\/03\/podcast-Khenpo-Tashi-e-Lama-Samten-estupa-Arya-Tara-Garchen-Institute-EUA-18x10.jpeg 18w, https:\/\/cebb.org.br\/wp-content\/uploads\/2026\/03\/podcast-Khenpo-Tashi-e-Lama-Samten-estupa-Arya-Tara-Garchen-Institute-EUA.webp 1280w\" sizes=\"(max-width: 300px) 100vw, 300px\" \/><\/div>\n\t\t<\/a>\n\t\t\t\t<div class=\"elementor-post__text\">\n\t\t\t\t<h3 class=\"elementor-post__title\">\n\t\t\t<a href=\"https:\/\/cebb.org.br\/es\/khenpo-tashi-entrevista-lama-samten\/\" >\n\t\t\t\tKhenpo Tsering Tashi entrevista Lama Padma Samten\t\t\t<\/a>\n\t\t<\/h3>\n\t\t\t\t<div class=\"elementor-post__meta-data\">\n\t\t\t\t\t<span class=\"elementor-post-date\">\n\t\t\t17 de marzo de 2026\t\t<\/span>\n\t\t\t\t<\/div>\n\t\t\t\t<div class=\"elementor-post__excerpt\">\n\t\t\t<p>Khenpo Tsering Tashi entrevista Lama Samten, na Estupa de Arya Tara, em Phoenix\/AZ, EUA, ap\u00f3s retiro com Garchen Rinpoche, no Garchen Institute, mar\/2026.<\/p>\n\t\t<\/div>\n\t\t\n\t\t<a class=\"elementor-post__read-more\" href=\"https:\/\/cebb.org.br\/es\/khenpo-tashi-entrevista-lama-samten\/\" aria-label=\"M\u00e1s informaci\u00f3n sobre Khenpo Tsering Tashi entrevista Lama Padma Samten\" tabindex=\"-1\" >\n\t\t\tRead More \u00bb\t\t<\/a>\n\n\t\t\t\t<\/div>\n\t\t\t\t<\/article>\n\t\t\t\t<article class=\"elementor-post elementor-grid-item post-82347 post type-post status-publish format-standard has-post-thumbnail hentry category-cebb-abhirati category-historia category-treinamento\" role=\"listitem\">\n\t\t\t\t<a class=\"elementor-post__thumbnail__link\" href=\"https:\/\/cebb.org.br\/es\/cebb-abhirati\/\" tabindex=\"-1\" >\n\t\t\t<div class=\"elementor-post__thumbnail\"><img decoding=\"async\" width=\"300\" height=\"112\" src=\"https:\/\/cebb.org.br\/wp-content\/uploads\/2021\/02\/sede_admin-10-2021-e1637185660253-300x112.jpeg\" class=\"attachment-medium size-medium wp-image-86866\" alt=\"\" srcset=\"https:\/\/cebb.org.br\/wp-content\/uploads\/2021\/02\/sede_admin-10-2021-e1637185660253-300x112.jpeg 300w, https:\/\/cebb.org.br\/wp-content\/uploads\/2021\/02\/sede_admin-10-2021-e1637185660253-1024x381.jpeg 1024w, https:\/\/cebb.org.br\/wp-content\/uploads\/2021\/02\/sede_admin-10-2021-e1637185660253-768x286.jpeg 768w, https:\/\/cebb.org.br\/wp-content\/uploads\/2021\/02\/sede_admin-10-2021-e1637185660253-1536x572.jpeg 1536w, https:\/\/cebb.org.br\/wp-content\/uploads\/2021\/02\/sede_admin-10-2021-e1637185660253.jpeg 1600w\" sizes=\"(max-width: 300px) 100vw, 300px\" \/><\/div>\n\t\t<\/a>\n\t\t\t\t<div class=\"elementor-post__text\">\n\t\t\t\t<h3 class=\"elementor-post__title\">\n\t\t\t<a href=\"https:\/\/cebb.org.br\/es\/cebb-abhirati\/\" >\n\t\t\t\tCEBB Abhirati &#8211; Juiz de Fora, MG\t\t\t<\/a>\n\t\t<\/h3>\n\t\t\t\t<div class=\"elementor-post__meta-data\">\n\t\t\t\t\t<span class=\"elementor-post-date\">\n\t\t\t9 de febrero de 2021\t\t<\/span>\n\t\t\t\t<\/div>\n\t\t\t\t<div class=\"elementor-post__excerpt\">\n\t\t\t<p>O CEBB Abhirati \u00e9 um sonho de mais de 10 anos da sanga do Rio de Janeiro e Minas Gerais, e est\u00e1 atualmente em sua<\/p>\n\t\t<\/div>\n\t\t\n\t\t<a class=\"elementor-post__read-more\" href=\"https:\/\/cebb.org.br\/es\/cebb-abhirati\/\" aria-label=\"M\u00e1s informaci\u00f3n sobre CEBB Abhirati &#8211; Juiz de Fora, MG\" tabindex=\"-1\" >\n\t\t\tRead More \u00bb\t\t<\/a>\n\n\t\t\t\t<\/div>\n\t\t\t\t<\/article>\n\t\t\t\t<article class=\"elementor-post elementor-grid-item post-65199 post type-post status-publish format-standard has-post-thumbnail hentry category-ensinamentos-mestres category-eventos-passados category-historia\" role=\"listitem\">\n\t\t\t\t<a class=\"elementor-post__thumbnail__link\" href=\"https:\/\/cebb.org.br\/es\/a-revolucao-da-lucidez\/\" tabindex=\"-1\" >\n\t\t\t<div class=\"elementor-post__thumbnail\"><img loading=\"lazy\" decoding=\"async\" width=\"300\" height=\"113\" src=\"https:\/\/cebb.org.br\/wp-content\/uploads\/2019\/03\/dzogchen-ponlop-rinpoche-300x113.jpg\" class=\"attachment-medium size-medium wp-image-65206\" alt=\"\" srcset=\"https:\/\/cebb.org.br\/wp-content\/uploads\/2019\/03\/dzogchen-ponlop-rinpoche-300x113.jpg 300w, https:\/\/cebb.org.br\/wp-content\/uploads\/2019\/03\/dzogchen-ponlop-rinpoche-1024x384.jpg 1024w, https:\/\/cebb.org.br\/wp-content\/uploads\/2019\/03\/dzogchen-ponlop-rinpoche-768x288.jpg 768w, https:\/\/cebb.org.br\/wp-content\/uploads\/2019\/03\/dzogchen-ponlop-rinpoche.jpg 1280w\" sizes=\"(max-width: 300px) 100vw, 300px\" \/><\/div>\n\t\t<\/a>\n\t\t\t\t<div class=\"elementor-post__text\">\n\t\t\t\t<h3 class=\"elementor-post__title\">\n\t\t\t<a href=\"https:\/\/cebb.org.br\/es\/a-revolucao-da-lucidez\/\" >\n\t\t\t\tA Revolu\u00e7\u00e3o da Lucidez: Dzogchen Ponlop Rinpoche no Brasil\t\t\t<\/a>\n\t\t<\/h3>\n\t\t\t\t<div class=\"elementor-post__meta-data\">\n\t\t\t\t\t<span class=\"elementor-post-date\">\n\t\t\t13 de marzo de 2019\t\t<\/span>\n\t\t\t\t<\/div>\n\t\t\t\t<div class=\"elementor-post__excerpt\">\n\t\t\t<p>16 a 25 de Agosto de 2019 no Brasil<\/p>\n\t\t<\/div>\n\t\t\n\t\t<a class=\"elementor-post__read-more\" href=\"https:\/\/cebb.org.br\/es\/a-revolucao-da-lucidez\/\" aria-label=\"M\u00e1s informaci\u00f3n sobre A Revolu\u00e7\u00e3o da Lucidez: Dzogchen Ponlop Rinpoche no Brasil\" tabindex=\"-1\" >\n\t\t\tRead More \u00bb\t\t<\/a>\n\n\t\t\t\t<\/div>\n\t\t\t\t<\/article>\n\t\t\t\t<article class=\"elementor-post elementor-grid-item post-52627 post type-post status-publish format-standard has-post-thumbnail hentry category-ensinamentos-mestres category-eventos-passados category-historia category-treinamento\" role=\"listitem\">\n\t\t\t\t<a class=\"elementor-post__thumbnail__link\" href=\"https:\/\/cebb.org.br\/es\/kaz-tanahashi-sensei-no-brasil\/\" tabindex=\"-1\" >\n\t\t\t<div class=\"elementor-post__thumbnail\"><img loading=\"lazy\" decoding=\"async\" width=\"300\" height=\"200\" src=\"https:\/\/cebb.org.br\/wp-content\/uploads\/2018\/04\/0023-300x200.jpg\" class=\"attachment-medium size-medium wp-image-55311\" alt=\"\" srcset=\"https:\/\/cebb.org.br\/wp-content\/uploads\/2018\/04\/0023-300x200.jpg 300w, https:\/\/cebb.org.br\/wp-content\/uploads\/2018\/04\/0023-768x512.jpg 768w, https:\/\/cebb.org.br\/wp-content\/uploads\/2018\/04\/0023-514x342.jpg 514w, https:\/\/cebb.org.br\/wp-content\/uploads\/2018\/04\/0023.jpg 960w\" sizes=\"(max-width: 300px) 100vw, 300px\" \/><\/div>\n\t\t<\/a>\n\t\t\t\t<div class=\"elementor-post__text\">\n\t\t\t\t<h3 class=\"elementor-post__title\">\n\t\t\t<a href=\"https:\/\/cebb.org.br\/es\/kaz-tanahashi-sensei-no-brasil\/\" >\n\t\t\t\tKazuaki Tanahashi Sensei no Brasil\t\t\t<\/a>\n\t\t<\/h3>\n\t\t\t\t<div class=\"elementor-post__meta-data\">\n\t\t\t\t\t<span class=\"elementor-post-date\">\n\t\t\t3 de junio de 2018\t\t<\/span>\n\t\t\t\t<\/div>\n\t\t\t\t<div class=\"elementor-post__excerpt\">\n\t\t\t<p>1 a 25 de Junho de 2018 no Brasil Porto Alegre e Viam\u00e3o-RS &#8211; 3 a 10; Brasilia e Alto Paraiso-GO &#8211; 13 a 19;<\/p>\n\t\t<\/div>\n\t\t\n\t\t<a class=\"elementor-post__read-more\" href=\"https:\/\/cebb.org.br\/es\/kaz-tanahashi-sensei-no-brasil\/\" aria-label=\"M\u00e1s informaci\u00f3n sobre Kazuaki Tanahashi Sensei no Brasil\" tabindex=\"-1\" >\n\t\t\tRead More \u00bb\t\t<\/a>\n\n\t\t\t\t<\/div>\n\t\t\t\t<\/article>\n\t\t\t\t<article class=\"elementor-post elementor-grid-item post-63814 post type-post status-publish format-standard has-post-thumbnail hentry category-agenda category-eventos-passados category-historia category-lamasamten category-treinamento\" role=\"listitem\">\n\t\t\t\t<a class=\"elementor-post__thumbnail__link\" href=\"https:\/\/cebb.org.br\/es\/historico-lama-padma-samten\/\" tabindex=\"-1\" >\n\t\t\t<div class=\"elementor-post__thumbnail\"><img loading=\"lazy\" decoding=\"async\" width=\"300\" height=\"140\" src=\"https:\/\/cebb.org.br\/wp-content\/uploads\/2018\/02\/5-3-300x140.png\" class=\"attachment-medium size-medium wp-image-94311\" alt=\"\" srcset=\"https:\/\/cebb.org.br\/wp-content\/uploads\/2018\/02\/5-3-300x140.png 300w, https:\/\/cebb.org.br\/wp-content\/uploads\/2018\/02\/5-3-1024x478.png 1024w, https:\/\/cebb.org.br\/wp-content\/uploads\/2018\/02\/5-3-768x359.png 768w, https:\/\/cebb.org.br\/wp-content\/uploads\/2018\/02\/5-3-1536x718.png 1536w, https:\/\/cebb.org.br\/wp-content\/uploads\/2018\/02\/5-3-2048x957.png 2048w\" sizes=\"(max-width: 300px) 100vw, 300px\" \/><\/div>\n\t\t<\/a>\n\t\t\t\t<div class=\"elementor-post__text\">\n\t\t\t\t<h3 class=\"elementor-post__title\">\n\t\t\t<a href=\"https:\/\/cebb.org.br\/es\/historico-lama-padma-samten\/\" >\n\t\t\t\tHist\u00f3rico de eventos com Lama Padma Samten\t\t\t<\/a>\n\t\t<\/h3>\n\t\t\t\t<div class=\"elementor-post__meta-data\">\n\t\t\t\t\t<span class=\"elementor-post-date\">\n\t\t\t3 de febrero de 2018\t\t<\/span>\n\t\t\t\t<\/div>\n\t\t\t\t<div class=\"elementor-post__excerpt\">\n\t\t\t<p>Hist\u00f3rico das atividades do Lama Padma Samten<\/p>\n\t\t<\/div>\n\t\t\n\t\t<a class=\"elementor-post__read-more\" href=\"https:\/\/cebb.org.br\/es\/historico-lama-padma-samten\/\" aria-label=\"M\u00e1s informaci\u00f3n sobre Hist\u00f3rico de eventos com Lama Padma Samten\" tabindex=\"-1\" >\n\t\t\tRead More \u00bb\t\t<\/a>\n\n\t\t\t\t<\/div>\n\t\t\t\t<\/article>\n\t\t\t\t<article class=\"elementor-post elementor-grid-item post-43553 post type-post status-publish format-standard has-post-thumbnail hentry category-joao-pessoa category-cursos-com-tutores category-historia category-pb\" role=\"listitem\">\n\t\t\t\t<a class=\"elementor-post__thumbnail__link\" href=\"https:\/\/cebb.org.br\/es\/curso-historia-do-budismo-indiano\/\" tabindex=\"-1\" >\n\t\t\t<div class=\"elementor-post__thumbnail\"><img loading=\"lazy\" decoding=\"async\" width=\"300\" height=\"199\" src=\"https:\/\/cebb.org.br\/wp-content\/uploads\/2017\/05\/historia-da-vida-de-buda-1-2-blog-sobre-budismo-300x199.png\" class=\"attachment-medium size-medium wp-image-43554\" alt=\"\" srcset=\"https:\/\/cebb.org.br\/wp-content\/uploads\/2017\/05\/historia-da-vida-de-buda-1-2-blog-sobre-budismo-300x199.png 300w, https:\/\/cebb.org.br\/wp-content\/uploads\/2017\/05\/historia-da-vida-de-buda-1-2-blog-sobre-budismo-768x509.png 768w, https:\/\/cebb.org.br\/wp-content\/uploads\/2017\/05\/historia-da-vida-de-buda-1-2-blog-sobre-budismo-514x342.png 514w, https:\/\/cebb.org.br\/wp-content\/uploads\/2017\/05\/historia-da-vida-de-buda-1-2-blog-sobre-budismo.png 897w\" sizes=\"(max-width: 300px) 100vw, 300px\" \/><\/div>\n\t\t<\/a>\n\t\t\t\t<div class=\"elementor-post__text\">\n\t\t\t\t<h3 class=\"elementor-post__title\">\n\t\t\t<a href=\"https:\/\/cebb.org.br\/es\/curso-historia-do-budismo-indiano\/\" >\n\t\t\t\tCurso &#124; Hist\u00f3ria do Budismo Indiano\t\t\t<\/a>\n\t\t<\/h3>\n\t\t\t\t<div class=\"elementor-post__meta-data\">\n\t\t\t\t\t<span class=\"elementor-post-date\">\n\t\t\t20 de mayo de 2017\t\t<\/span>\n\t\t\t\t<\/div>\n\t\t\t\t<div class=\"elementor-post__excerpt\">\n\t\t\t<p>CEBB Jo\u00e3o Pessoa promove curso sobre o budismo indiano, com o monge Joaquim Monteiro, todas as ter\u00e7as-feiras, \u00e0s 19h.<\/p>\n\t\t<\/div>\n\t\t\n\t\t<a class=\"elementor-post__read-more\" href=\"https:\/\/cebb.org.br\/es\/curso-historia-do-budismo-indiano\/\" aria-label=\"M\u00e1s informaci\u00f3n sobre Curso &#124; Hist\u00f3ria do Budismo Indiano\" tabindex=\"-1\" >\n\t\t\tRead More \u00bb\t\t<\/a>\n\n\t\t\t\t<\/div>\n\t\t\t\t<\/article>\n\t\t\t\t<\/div>\n\t\t\t\t\t<span class=\"e-load-more-spinner\">\n\t\t\t\t<svg aria-hidden=\"true\" class=\"e-font-icon-svg e-fas-spinner\" viewbox=\"0 0 512 512\" xmlns=\"http:\/\/www.w3.org\/2000\/svg\"><path d=\"M304 48c0 26.51-21.49 48-48 48s-48-21.49-48-48 21.49-48 48-48 48 21.49 48 48zm-48 368c-26.51 0-48 21.49-48 48s21.49 48 48 48 48-21.49 48-48-21.49-48-48-48zm208-208c-26.51 0-48 21.49-48 48s21.49 48 48 48 48-21.49 48-48-21.49-48-48-48zM96 256c0-26.51-21.49-48-48-48S0 229.49 0 256s21.49 48 48 48 48-21.49 48-48zm12.922 99.078c-26.51 0-48 21.49-48 48s21.49 48 48 48 48-21.49 48-48c0-26.509-21.491-48-48-48zm294.156 0c-26.51 0-48 21.49-48 48s21.49 48 48 48 48-21.49 48-48c0-26.509-21.49-48-48-48zM108.922 60.922c-26.51 0-48 21.49-48 48s21.49 48 48 48 48-21.49 48-48-21.491-48-48-48z\"><\/path><\/svg>\t\t\t<\/span>\n\t\t\n\t\t\t\t<div class=\"e-load-more-anchor\" data-page=\"1\" data-max-page=\"4\" data-next-page=\"https:\/\/cebb.org.br\/wp-json\/wp\/v2\/pages\/109966\/page\/2\/\"><\/div>\n\t\t\t\t<div class=\"e-load-more-message\"><\/div>\n\t\t\t\t\t\t<\/div>\n\t\t\t\t<\/div>\n\t\t\t\t<section class=\"elementor-section elementor-inner-section elementor-element elementor-element-0e6d78b elementor-section-full_width elementor-section-height-default elementor-section-height-default\" data-id=\"0e6d78b\" data-element_type=\"section\" data-e-type=\"section\">\n\t\t\t\t\t\t<div class=\"elementor-container elementor-column-gap-no\">\n\t\t\t\t\t<div class=\"elementor-column elementor-col-100 elementor-inner-column elementor-element elementor-element-c47e916\" data-id=\"c47e916\" data-element_type=\"column\" data-e-type=\"column\">\n\t\t\t<div class=\"elementor-widget-wrap\">\n\t\t\t\t\t\t\t<\/div>\n\t\t<\/div>\n\t\t\t\t\t<\/div>\n\t\t<\/section>\n\t\t\t\t\t<\/div>\n\t\t<\/div>\n\t\t\t\t<div class=\"elementor-column elementor-col-33 elementor-top-column elementor-element elementor-element-f63895f\" data-id=\"f63895f\" data-element_type=\"column\" data-e-type=\"column\">\n\t\t\t<div class=\"elementor-widget-wrap elementor-element-populated\">\n\t\t\t\t\t\t<div class=\"elementor-element elementor-element-a934cf2 elementor-widget elementor-widget-heading\" data-id=\"a934cf2\" data-element_type=\"widget\" data-e-type=\"widget\" data-widget_type=\"heading.default\">\n\t\t\t\t<div class=\"elementor-widget-container\">\n\t\t\t\t\t<h3 class=\"elementor-heading-title elementor-size-default\">Iniciativas e<br> Projetos da Sanga<\/h3>\t\t\t\t<\/div>\n\t\t\t\t<\/div>\n\t\t\t\t<div class=\"elementor-element elementor-element-7ac4b64 elementor-widget-divider--view-line elementor-widget elementor-widget-divider\" data-id=\"7ac4b64\" data-element_type=\"widget\" data-e-type=\"widget\" data-widget_type=\"divider.default\">\n\t\t\t\t<div class=\"elementor-widget-container\">\n\t\t\t\t\t\t\t<div class=\"elementor-divider\">\n\t\t\t<span class=\"elementor-divider-separator\">\n\t\t\t\t\t\t<\/span>\n\t\t<\/div>\n\t\t\t\t\t\t<\/div>\n\t\t\t\t<\/div>\n\t\t\t\t<div class=\"elementor-element elementor-element-3d5f06f elementor-widget elementor-widget-image\" data-id=\"3d5f06f\" data-element_type=\"widget\" data-e-type=\"widget\" data-widget_type=\"image.default\">\n\t\t\t\t<div class=\"elementor-widget-container\">\n\t\t\t\t\t\t\t\t\t\t\t\t\t\t\t\t<a href=\"https:\/\/www.instagram.com\/coletivointersomos\/\" target=\"_blank\">\n\t\t\t\t\t\t\t<img loading=\"lazy\" decoding=\"async\" width=\"800\" height=\"337\" src=\"https:\/\/cebb.org.br\/wp-content\/uploads\/2024\/11\/Intersomos-_-Logo-horizontal-1024x431.png\" class=\"attachment-large size-large wp-image-109986\" alt=\"\" srcset=\"https:\/\/cebb.org.br\/wp-content\/uploads\/2024\/11\/Intersomos-_-Logo-horizontal-1024x431.png 1024w, https:\/\/cebb.org.br\/wp-content\/uploads\/2024\/11\/Intersomos-_-Logo-horizontal-300x126.png 300w, https:\/\/cebb.org.br\/wp-content\/uploads\/2024\/11\/Intersomos-_-Logo-horizontal-768x324.png 768w, https:\/\/cebb.org.br\/wp-content\/uploads\/2024\/11\/Intersomos-_-Logo-horizontal-18x8.png 18w, https:\/\/cebb.org.br\/wp-content\/uploads\/2024\/11\/Intersomos-_-Logo-horizontal.png 1206w\" sizes=\"(max-width: 800px) 100vw, 800px\" \/>\t\t\t\t\t\t\t\t<\/a>\n\t\t\t\t\t\t\t\t\t\t\t\t\t\t\t<\/div>\n\t\t\t\t<\/div>\n\t\t\t\t<div class=\"elementor-element elementor-element-6cce1ea elementor-widget elementor-widget-heading\" data-id=\"6cce1ea\" data-element_type=\"widget\" data-e-type=\"widget\" data-widget_type=\"heading.default\">\n\t\t\t\t<div class=\"elementor-widget-container\">\n\t\t\t\t\t<h3 class=\"elementor-heading-title elementor-size-default\">REDE SOCIAL<\/h3>\t\t\t\t<\/div>\n\t\t\t\t<\/div>\n\t\t\t\t<div class=\"elementor-element elementor-element-1998d7b elementor-widget-divider--view-line elementor-widget elementor-widget-divider\" data-id=\"1998d7b\" data-element_type=\"widget\" data-e-type=\"widget\" data-widget_type=\"divider.default\">\n\t\t\t\t<div class=\"elementor-widget-container\">\n\t\t\t\t\t\t\t<div class=\"elementor-divider\">\n\t\t\t<span class=\"elementor-divider-separator\">\n\t\t\t\t\t\t<\/span>\n\t\t<\/div>\n\t\t\t\t\t\t<\/div>\n\t\t\t\t<\/div>\n\t\t\t\t<div class=\"elementor-element elementor-element-49a2747 elementor-widget elementor-widget-text-editor\" data-id=\"49a2747\" data-element_type=\"widget\" data-e-type=\"widget\" data-widget_type=\"text-editor.default\">\n\t\t\t\t<div class=\"elementor-widget-container\">\n\t\t\t\t\t\t\t\t\t<iframe src=\"https:\/\/www.facebook.com\/plugins\/page.php?href=https%3A%2F%2Fwww.facebook.com%2Fcebb108&#038;tabs=header&#038;width=340&#038;height=130&#038;small_header=false&#038;adapt_container_width=true&#038;hide_cover=false&#038;show_facepile=false&#038;appId\" width=\"340\" height=\"130\" style=\"border:none;overflow:hidden\" scrolling=\"no\" frameborder=\"0\" allowfullscreen=\"true\" allow=\"autoplay; clipboard-write; encrypted-media; picture-in-picture; web-share\"><\/iframe>\t\t\t\t\t\t\t\t<\/div>\n\t\t\t\t<\/div>\n\t\t\t\t\t<\/div>\n\t\t<\/div>\n\t\t\t\t\t<\/div>\n\t\t<\/section>\n\t\t\t\t<\/div>","protected":false},"excerpt":{"rendered":"<p>Boletim da Sanga Hist\u00f3rico Iniciativas e Projetos da Sanga REDE SOCIAL<\/p>","protected":false},"author":79,"featured_media":0,"parent":0,"menu_order":0,"comment_status":"closed","ping_status":"closed","template":"elementor_header_footer","meta":{"footnotes":""},"class_list":["post-109966","page","type-page","status-publish","hentry"],"yoast_head":"<!-- This site is optimized with the Yoast SEO plugin v27.5 - https:\/\/yoast.com\/product\/yoast-seo-wordpress\/ -->\n<title>Boletim da Sanga - Centro de Estudos Budistas Bodisatva<\/title>\n<meta name=\"robots\" content=\"index, follow, max-snippet:-1, max-image-preview:large, max-video-preview:-1\" \/>\n<link rel=\"canonical\" href=\"https:\/\/cebb.org.br\/es\/boletim-sanga\/\" \/>\n<meta property=\"og:locale\" content=\"es_ES\" \/>\n<meta property=\"og:type\" content=\"article\" \/>\n<meta property=\"og:title\" content=\"Boletim da Sanga - Centro de Estudos Budistas Bodisatva\" \/>\n<meta property=\"og:description\" content=\"Boletim da Sanga Hist\u00f3rico Iniciativas e Projetos da Sanga REDE SOCIAL\" \/>\n<meta property=\"og:url\" content=\"https:\/\/cebb.org.br\/es\/boletim-sanga\/\" \/>\n<meta property=\"og:site_name\" content=\"Centro de Estudos Budistas Bodisatva\" \/>\n<meta property=\"article:publisher\" content=\"https:\/\/pt-br.facebook.com\/cebb108\" \/>\n<meta property=\"article:modified_time\" content=\"2024-11-08T17:05:31+00:00\" \/>\n<meta property=\"og:image\" content=\"https:\/\/cebb.org.br\/wp-content\/uploads\/2024\/11\/Intersomos-_-Logo-horizontal-1024x431.png\" \/>\n<meta name=\"twitter:card\" content=\"summary_large_image\" \/>\n<meta name=\"twitter:label1\" content=\"Tiempo de lectura\" \/>\n\t<meta name=\"twitter:data1\" content=\"7 minutos\" \/>\n<script type=\"application\/ld+json\" class=\"yoast-schema-graph\">{\"@context\":\"https:\\\/\\\/schema.org\",\"@graph\":[{\"@type\":\"WebPage\",\"@id\":\"https:\\\/\\\/cebb.org.br\\\/boletim-sanga\\\/\",\"url\":\"https:\\\/\\\/cebb.org.br\\\/boletim-sanga\\\/\",\"name\":\"Boletim da Sanga - Centro de Estudos Budistas Bodisatva\",\"isPartOf\":{\"@id\":\"https:\\\/\\\/cebb.org.br\\\/#website\"},\"primaryImageOfPage\":{\"@id\":\"https:\\\/\\\/cebb.org.br\\\/boletim-sanga\\\/#primaryimage\"},\"image\":{\"@id\":\"https:\\\/\\\/cebb.org.br\\\/boletim-sanga\\\/#primaryimage\"},\"thumbnailUrl\":\"https:\\\/\\\/cebb.org.br\\\/wp-content\\\/uploads\\\/2024\\\/11\\\/Intersomos-_-Logo-horizontal-1024x431.png\",\"datePublished\":\"2024-11-08T14:53:42+00:00\",\"dateModified\":\"2024-11-08T17:05:31+00:00\",\"breadcrumb\":{\"@id\":\"https:\\\/\\\/cebb.org.br\\\/boletim-sanga\\\/#breadcrumb\"},\"inLanguage\":\"es\",\"potentialAction\":[{\"@type\":\"ReadAction\",\"target\":[\"https:\\\/\\\/cebb.org.br\\\/boletim-sanga\\\/\"]}]},{\"@type\":\"ImageObject\",\"inLanguage\":\"es\",\"@id\":\"https:\\\/\\\/cebb.org.br\\\/boletim-sanga\\\/#primaryimage\",\"url\":\"https:\\\/\\\/cebb.org.br\\\/wp-content\\\/uploads\\\/2024\\\/11\\\/Intersomos-_-Logo-horizontal-1024x431.png\",\"contentUrl\":\"https:\\\/\\\/cebb.org.br\\\/wp-content\\\/uploads\\\/2024\\\/11\\\/Intersomos-_-Logo-horizontal-1024x431.png\"},{\"@type\":\"BreadcrumbList\",\"@id\":\"https:\\\/\\\/cebb.org.br\\\/boletim-sanga\\\/#breadcrumb\",\"itemListElement\":[{\"@type\":\"ListItem\",\"position\":1,\"name\":\"Home\",\"item\":\"https:\\\/\\\/cebb.org.br\\\/\"},{\"@type\":\"ListItem\",\"position\":2,\"name\":\"Boletim da Sanga\"}]},{\"@type\":\"WebSite\",\"@id\":\"https:\\\/\\\/cebb.org.br\\\/#website\",\"url\":\"https:\\\/\\\/cebb.org.br\\\/\",\"name\":\"Centro de Estudos Budistas Bodisatva\",\"description\":\"Budismo, medita\u00e7\u00e3o e cultura de paz | Lama Padma Samten\",\"publisher\":{\"@id\":\"https:\\\/\\\/cebb.org.br\\\/#organization\"},\"potentialAction\":[{\"@type\":\"SearchAction\",\"target\":{\"@type\":\"EntryPoint\",\"urlTemplate\":\"https:\\\/\\\/cebb.org.br\\\/?s={search_term_string}\"},\"query-input\":{\"@type\":\"PropertyValueSpecification\",\"valueRequired\":true,\"valueName\":\"search_term_string\"}}],\"inLanguage\":\"es\"},{\"@type\":\"Organization\",\"@id\":\"https:\\\/\\\/cebb.org.br\\\/#organization\",\"name\":\"Centro de Estudos Budistas Bodisatva\",\"url\":\"https:\\\/\\\/cebb.org.br\\\/\",\"logo\":{\"@type\":\"ImageObject\",\"inLanguage\":\"es\",\"@id\":\"https:\\\/\\\/cebb.org.br\\\/#\\\/schema\\\/logo\\\/image\\\/\",\"url\":\"http:\\\/\\\/18.230.164.79\\\/wp-content\\\/uploads\\\/2011\\\/03\\\/logosalvador-peq-e1660064979551.jpg\",\"contentUrl\":\"http:\\\/\\\/18.230.164.79\\\/wp-content\\\/uploads\\\/2011\\\/03\\\/logosalvador-peq-e1660064979551.jpg\",\"width\":280,\"height\":231,\"caption\":\"Centro de Estudos Budistas Bodisatva\"},\"image\":{\"@id\":\"https:\\\/\\\/cebb.org.br\\\/#\\\/schema\\\/logo\\\/image\\\/\"},\"sameAs\":[\"https:\\\/\\\/pt-br.facebook.com\\\/cebb108\",\"https:\\\/\\\/www.instagram.com\\\/cebbcaminhodomeio\\\/\"]}]}<\/script>\n<!-- \/ Yoast SEO plugin. -->","yoast_head_json":{"title":"Boletim da Sanga - Centro de Estudos Budistas Bodisatva","robots":{"index":"index","follow":"follow","max-snippet":"max-snippet:-1","max-image-preview":"max-image-preview:large","max-video-preview":"max-video-preview:-1"},"canonical":"https:\/\/cebb.org.br\/es\/boletim-sanga\/","og_locale":"es_ES","og_type":"article","og_title":"Boletim da Sanga - Centro de Estudos Budistas Bodisatva","og_description":"Boletim da Sanga Hist\u00f3rico Iniciativas e Projetos da Sanga REDE SOCIAL","og_url":"https:\/\/cebb.org.br\/es\/boletim-sanga\/","og_site_name":"Centro de Estudos Budistas Bodisatva","article_publisher":"https:\/\/pt-br.facebook.com\/cebb108","article_modified_time":"2024-11-08T17:05:31+00:00","og_image":[{"url":"https:\/\/cebb.org.br\/wp-content\/uploads\/2024\/11\/Intersomos-_-Logo-horizontal-1024x431.png","type":"","width":"","height":""}],"twitter_card":"summary_large_image","twitter_misc":{"Tiempo de lectura":"7 minutos"},"schema":{"@context":"https:\/\/schema.org","@graph":[{"@type":"WebPage","@id":"https:\/\/cebb.org.br\/boletim-sanga\/","url":"https:\/\/cebb.org.br\/boletim-sanga\/","name":"Boletim da Sanga - Centro de Estudos Budistas Bodisatva","isPartOf":{"@id":"https:\/\/cebb.org.br\/#website"},"primaryImageOfPage":{"@id":"https:\/\/cebb.org.br\/boletim-sanga\/#primaryimage"},"image":{"@id":"https:\/\/cebb.org.br\/boletim-sanga\/#primaryimage"},"thumbnailUrl":"https:\/\/cebb.org.br\/wp-content\/uploads\/2024\/11\/Intersomos-_-Logo-horizontal-1024x431.png","datePublished":"2024-11-08T14:53:42+00:00","dateModified":"2024-11-08T17:05:31+00:00","breadcrumb":{"@id":"https:\/\/cebb.org.br\/boletim-sanga\/#breadcrumb"},"inLanguage":"es","potentialAction":[{"@type":"ReadAction","target":["https:\/\/cebb.org.br\/boletim-sanga\/"]}]},{"@type":"ImageObject","inLanguage":"es","@id":"https:\/\/cebb.org.br\/boletim-sanga\/#primaryimage","url":"https:\/\/cebb.org.br\/wp-content\/uploads\/2024\/11\/Intersomos-_-Logo-horizontal-1024x431.png","contentUrl":"https:\/\/cebb.org.br\/wp-content\/uploads\/2024\/11\/Intersomos-_-Logo-horizontal-1024x431.png"},{"@type":"BreadcrumbList","@id":"https:\/\/cebb.org.br\/boletim-sanga\/#breadcrumb","itemListElement":[{"@type":"ListItem","position":1,"name":"Home","item":"https:\/\/cebb.org.br\/"},{"@type":"ListItem","position":2,"name":"Boletim da Sanga"}]},{"@type":"WebSite","@id":"https:\/\/cebb.org.br\/#website","url":"https:\/\/cebb.org.br\/","name":"Centro de Estudios Budistas Bodisatva","description":"Budismo, meditaci\u00f3n y cultura de paz | Lama Padma Samten","publisher":{"@id":"https:\/\/cebb.org.br\/#organization"},"potentialAction":[{"@type":"SearchAction","target":{"@type":"EntryPoint","urlTemplate":"https:\/\/cebb.org.br\/?s={search_term_string}"},"query-input":{"@type":"PropertyValueSpecification","valueRequired":true,"valueName":"search_term_string"}}],"inLanguage":"es"},{"@type":"Organization","@id":"https:\/\/cebb.org.br\/#organization","name":"Centro de Estudios Budistas Bodisatva","url":"https:\/\/cebb.org.br\/","logo":{"@type":"ImageObject","inLanguage":"es","@id":"https:\/\/cebb.org.br\/#\/schema\/logo\/image\/","url":"http:\/\/18.230.164.79\/wp-content\/uploads\/2011\/03\/logosalvador-peq-e1660064979551.jpg","contentUrl":"http:\/\/18.230.164.79\/wp-content\/uploads\/2011\/03\/logosalvador-peq-e1660064979551.jpg","width":280,"height":231,"caption":"Centro de Estudos Budistas Bodisatva"},"image":{"@id":"https:\/\/cebb.org.br\/#\/schema\/logo\/image\/"},"sameAs":["https:\/\/pt-br.facebook.com\/cebb108","https:\/\/www.instagram.com\/cebbcaminhodomeio\/"]}]}},"_links":{"self":[{"href":"https:\/\/cebb.org.br\/es\/wp-json\/wp\/v2\/pages\/109966","targetHints":{"allow":["GET"]}}],"collection":[{"href":"https:\/\/cebb.org.br\/es\/wp-json\/wp\/v2\/pages"}],"about":[{"href":"https:\/\/cebb.org.br\/es\/wp-json\/wp\/v2\/types\/page"}],"author":[{"embeddable":true,"href":"https:\/\/cebb.org.br\/es\/wp-json\/wp\/v2\/users\/79"}],"replies":[{"embeddable":true,"href":"https:\/\/cebb.org.br\/es\/wp-json\/wp\/v2\/comments?post=109966"}],"version-history":[{"count":44,"href":"https:\/\/cebb.org.br\/es\/wp-json\/wp\/v2\/pages\/109966\/revisions"}],"predecessor-version":[{"id":110063,"href":"https:\/\/cebb.org.br\/es\/wp-json\/wp\/v2\/pages\/109966\/revisions\/110063"}],"wp:attachment":[{"href":"https:\/\/cebb.org.br\/es\/wp-json\/wp\/v2\/media?parent=109966"}],"curies":[{"name":"wp","href":"https:\/\/api.w.org\/{rel}","templated":true}]}}