{"id":83877,"date":"2021-05-03T09:30:35","date_gmt":"2021-05-03T12:30:35","guid":{"rendered":"http:\/\/www.cebb.org.br\/?page_id=83877"},"modified":"2021-05-03T09:30:35","modified_gmt":"2021-05-03T12:30:35","slug":"retiro-a-visao-budista-da-vida-e-da-morte-pagina-de-acompanhamento","status":"publish","type":"page","link":"https:\/\/cebb.org.br\/es\/retiro-a-visao-budista-da-vida-e-da-morte-pagina-de-acompanhamento\/","title":{"rendered":"Retiro on-line &#124; A vis\u00e3o budista da Vida e da Morte &#8211; P\u00e1gina de Acompanhamento"},"content":{"rendered":"<p>Ensinamentos com Lama Padma Samten no <strong>Retiro On-line | A vis\u00e3o budista da Vida e da Morte<\/strong>, transmitido ao vivo do dia 22 a 23\/maio\/2021 \u2013. Aqui voc\u00ea encontra as grava\u00e7\u00f5es de todas as sess\u00f5es, que permanecer\u00e3o dispon\u00edveis para inscritos &#8211; mesmo os que se inscreverem depois do retiro ter terminado.<\/p>\n<div class=\"destaq\"><strong> \u00b7 IMPORTANTE \u00b7 <\/strong> Por favor, n\u00e3o compartilhe esta p\u00e1gina, v\u00eddeos, links ou documentos aqui listados. Cada praticante aproveita melhor os ensinamentos quando manifesta interesse e se alegra em apoiar o movimento dos mestres. Se quiser compartilhar a alegria deste retiro com mais pessoas, convide-as a <a href=\"https:\/\/forms.gle\/2pjXpeiaNoQynzo97\">tamb\u00e9m fazer a inscri\u00e7\u00e3o<\/a>, mesmo ap\u00f3s o retiro.<\/div>\n<h3>Transmiss\u00e3o ao vivo<\/h3>\n<p>Antes de cada sess\u00e3o <a href=\"javascript:window.location.reload(true)\">atualize esta p\u00e1gina<\/a> para garantir que esteja visualizando o conte\u00fado mais recente.<br \/>\nVoc\u00ea pode acompanhar a pr\u00f3xima sess\u00e3o no v\u00eddeo abaixo ou diretamente no YouTube.<\/p>\n<div class=\"livelama-video-container\"><iframe src=\"https:\/\/www.youtube.com\/embed\/_jp3ydYdcQQ\" frameborder=\"0\" width=\"100%\" height=\"auto\"><\/iframe><\/div>\n<p><span>[button link=&#8221;https:\/\/forms.gle\/4KsvsAgn36P3KWgu6&#8243; size=&#8221;medium&#8221; target=&#8221;_blank&#8221;]Envie sua pergunta ao Lama[\/button]<\/span> <span>[button link=&#8221;http:\/\/www.cebb.org.br\/preces\/&#8221; size=&#8221;medium&#8221; target=&#8221;_blank&#8221;]Preces iniciais e finais[\/button]<\/span> <span>[button link=&#8221;https:\/\/www.youtube.com\/playlist?list=PLO_7Zoueaxd6ayJB-ze-OmXkskPt_hdbZ&#8221; size=&#8221;medium&#8221; target=&#8221;_blank&#8221;]Playlist Completa no Youtube[\/button]<\/span><\/p>\n<h3>AVISO &#8211; Transmiss\u00e3o 24\/05<\/h3>\n<p><strong><span style=\"color: #000000;\">A internet foi reestabelecida no CEBB Bacopari e a transmiss\u00e3o da tarde acontecer\u00e1 normalmente.<\/span><\/strong><br \/>\nPrograma\u00e7\u00e3o dos dia 22 de Maio:<br \/>\n08h00 \u2013 11h00 \u2013 Ensinamentos \u00b7 <a href=\"https:\/\/youtu.be\/DThPyOxlw3Q\" target=\"_blank\" rel=\"noopener\">Sess\u00e3o #1<\/a><br \/>\n15h00 \u2013 17h00 \u2013 Ensinamentos . <a href=\"https:\/\/youtu.be\/xa2bOk7mzkc\" target=\"_blank\" rel=\"noopener\">Sess\u00e3o #2<\/a><br \/>\n19h00 \u2013 20h00 Puja . <a href=\"https:\/\/youtu.be\/6FM13lkm24s\" target=\"_blank\" rel=\"noopener\">Sess\u00e3o #3<\/a><br \/>\n20h00 \u2013 20h30 \u2013 Perguntas e Respostas com o Lama . <a href=\"https:\/\/youtu.be\/6FM13lkm24s\" target=\"_blank\" rel=\"noopener\">Sess\u00e3o #3<\/a><br \/>\nPrograma\u00e7\u00e3o dos dia 23 de Maio:<br \/>\n08h00 \u2013 11h00 \u2013 Ensinamentos \u00b7 <a href=\"https:\/\/youtu.be\/doTHMQHhZWI\" target=\"_blank\" rel=\"noopener\">Sess\u00e3o #4<\/a><br \/>\n15h00 \u2013 17h00 \u2013 Ensinamentos . <a href=\"https:\/\/youtu.be\/8LDJqlWaHiA\" target=\"_blank\" rel=\"noopener\">Sess\u00e3o #5<\/a><br \/>\n19h00 \u2013 20h00 Puja . <a href=\"https:\/\/youtu.be\/eowajUK5mog\" target=\"_blank\" rel=\"noopener\">Sess\u00e3o #6<\/a><br \/>\n20h00 \u2013 20h30 \u2013 Perguntas e Respostas com o Lama . <a href=\"https:\/\/youtu.be\/eowajUK5mog\" target=\"_blank\" rel=\"noopener\">Sess\u00e3o #6<\/a><br \/>\nPrograma\u00e7\u00e3o especial do dia 24 de maio:<br \/>\nNa segunda-feira, dia 24 de maio faremos atividades de medita\u00e7\u00e3o focadas em atingir os resultados descritos nos ensinamentos do final de semana. Os hor\u00e1rios das pr\u00e1ticas ser\u00e3o os seguintes:<br \/>\n8h \u2013 11h | Acumula\u00e7\u00e3o de pr\u00e1tica . <a href=\"https:\/\/youtu.be\/pVtJTYudOr0\">Sess\u00e3o #7<\/a><br \/>\n15h \u2013 17h | Acumula\u00e7\u00e3o de pr\u00e1tica . <a href=\"https:\/\/youtu.be\/_jp3ydYdcQQ\">Sess\u00e3o #8<\/a><\/p>\n<h3>Texto de Acompanhamento<strong><\/strong><\/h3>\n<p><strong>Uma Introdu\u00e7\u00e3o ao Bardo &#8211; Por Sua Santidade Dudjom Rinpoche<\/strong><\/p>\n<p style=\"padding-left: 30px;\"><a href=\"https:\/\/www.acaoparamita.com.br\/wp-content\/uploads\/2020\/04\/Dudjom-Rinpoche-Uma-Introdu%C3%A7%C3%A3o-ao-Bardo.pdf\" target=\"_blank\" rel=\"noopener\">Clique aqui para acessar o texto diretamente.<\/a><br \/>\nEste texto encontra-se na linha tem\u00e1tica do Buda da Medicina:<br \/>\n<a href=\"https:\/\/www.acaoparamita.com.br\/pratica-do-buda-da-medicina\/\" target=\"_blank\" rel=\"noopener\">https:\/\/www.acaoparamita.com.<\/a><wbr><a href=\"https:\/\/www.acaoparamita.com.br\/pratica-do-buda-da-medicina\/\" target=\"_blank\" rel=\"noopener\">br\/pratica-do-buda-da-<\/a><wbr><a href=\"https:\/\/www.acaoparamita.com.br\/pratica-do-buda-da-medicina\/\" target=\"_blank\" rel=\"noopener\">medicina\/<\/a><\/wbr><\/wbr><\/p>\n<h3>Pr\u00e1tica de Generosidade<\/h3>\n<p>A sustenta\u00e7\u00e3o das atividades do Darma, tradicionalmente se d\u00e1 atrav\u00e9s da pr\u00e1tica do Dana Paramita \u2013 perfei\u00e7\u00e3o da generosidade \u2013 desse modo foi poss\u00edvel a continuidade dos ensinamentos desde os tempos do Buda at\u00e9 hoje.<br \/>\nA pr\u00e1tica dos seis paramitas pela Sanga e pelos amigos do CEBB \u2013 generosidade, moralidade, energia constante, concentra\u00e7\u00e3o e sabedoria Prajna \u2013 \u00e9 que fizeram surgir e d\u00e3o continuidade aos centros de estudos, medita\u00e7\u00e3o, acolhimento e as iniciativas de educa\u00e7\u00e3o, prote\u00e7\u00e3o ambiental, Terras Puras e Cultura de Paz.<br \/>\nPara contribui\u00e7\u00f5es de dentro do Brasil, os dados banc\u00e1rios para doa\u00e7\u00e3o s\u00e3o:<\/p>\n<blockquote>\n<p dir=\"ltr\">CENTRO DE ESTUDOS BUDISTAS BODISATVA DARMATA<br \/>\nBanco do Brasil (001)<br \/>\nAg\u00eancia: 0446-4<br \/>\nConta corrente: 37276-5<br \/>\nCNPJ 11.193.126\/0001-46<\/p>\n<p>PIX: 11193126000146<\/p><\/blockquote>\n<p>Para contribui\u00e7\u00f5es de fora do Brasil, entre em contato com <strong>conexaodarmata@gmail.com<\/strong>.<\/p>\n<h3>Contato<\/h3>\n<p>Se tiver d\u00favidas, conte conosco:\u00a0<strong>conexaodarmata@gmail.com<\/strong><\/p>\n","protected":false},"excerpt":{"rendered":"<p>Ensinamentos com Lama Padma Samten no Retiro On-line | A vis\u00e3o budista da Vida e da Morte, transmitido ao vivo do dia 22 a 23\/maio\/2021 \u2013. Aqui voc\u00ea encontra as grava\u00e7\u00f5es de todas as sess\u00f5es, que permanecer\u00e3o dispon\u00edveis para inscritos &#8211; mesmo os que se inscreverem depois do retiro ter terminado. \u00b7 IMPORTANTE \u00b7 Por [&hellip;]<\/p>\n","protected":false},"author":1,"featured_media":0,"parent":0,"menu_order":0,"comment_status":"closed","ping_status":"open","template":"","meta":{"footnotes":""},"class_list":["post-83877","page","type-page","status-publish","hentry"],"yoast_head":"<!-- This site is optimized with the Yoast SEO plugin v27.5 - https:\/\/yoast.com\/product\/yoast-seo-wordpress\/ -->\n<title>Retiro on-line &#124; A vis\u00e3o budista da Vida e da Morte - P\u00e1gina de Acompanhamento - Centro de Estudos Budistas Bodisatva<\/title>\n<meta name=\"robots\" content=\"index, follow, max-snippet:-1, max-image-preview:large, max-video-preview:-1\" \/>\n<link rel=\"canonical\" href=\"https:\/\/cebb.org.br\/es\/retiro-a-visao-budista-da-vida-e-da-morte-pagina-de-acompanhamento\/\" \/>\n<meta property=\"og:locale\" content=\"es_ES\" \/>\n<meta property=\"og:type\" content=\"article\" \/>\n<meta property=\"og:title\" content=\"Retiro on-line &#124; A vis\u00e3o budista da Vida e da Morte - P\u00e1gina de Acompanhamento - Centro de Estudos Budistas Bodisatva\" \/>\n<meta property=\"og:description\" content=\"Ensinamentos com Lama Padma Samten no Retiro On-line | A vis\u00e3o budista da Vida e da Morte, transmitido ao vivo do dia 22 a 23\/maio\/2021 \u2013. Aqui voc\u00ea encontra as grava\u00e7\u00f5es de todas as sess\u00f5es, que permanecer\u00e3o dispon\u00edveis para inscritos &#8211; mesmo os que se inscreverem depois do retiro ter terminado. \u00b7 IMPORTANTE \u00b7 Por [&hellip;]\" \/>\n<meta property=\"og:url\" content=\"https:\/\/cebb.org.br\/es\/retiro-a-visao-budista-da-vida-e-da-morte-pagina-de-acompanhamento\/\" \/>\n<meta property=\"og:site_name\" content=\"Centro de Estudos Budistas Bodisatva\" \/>\n<meta property=\"article:publisher\" content=\"https:\/\/pt-br.facebook.com\/cebb108\" \/>\n<meta name=\"twitter:card\" content=\"summary_large_image\" \/>\n<meta name=\"twitter:label1\" content=\"Tiempo de lectura\" \/>\n\t<meta name=\"twitter:data1\" content=\"3 minutos\" \/>\n<script type=\"application\/ld+json\" class=\"yoast-schema-graph\">{\"@context\":\"https:\\\/\\\/schema.org\",\"@graph\":[{\"@type\":\"WebPage\",\"@id\":\"https:\\\/\\\/cebb.org.br\\\/retiro-a-visao-budista-da-vida-e-da-morte-pagina-de-acompanhamento\\\/\",\"url\":\"https:\\\/\\\/cebb.org.br\\\/retiro-a-visao-budista-da-vida-e-da-morte-pagina-de-acompanhamento\\\/\",\"name\":\"Retiro on-line &#124; A vis\u00e3o budista da Vida e da Morte - P\u00e1gina de Acompanhamento - Centro de Estudos Budistas Bodisatva\",\"isPartOf\":{\"@id\":\"https:\\\/\\\/cebb.org.br\\\/#website\"},\"datePublished\":\"2021-05-03T12:30:35+00:00\",\"breadcrumb\":{\"@id\":\"https:\\\/\\\/cebb.org.br\\\/retiro-a-visao-budista-da-vida-e-da-morte-pagina-de-acompanhamento\\\/#breadcrumb\"},\"inLanguage\":\"es\",\"potentialAction\":[{\"@type\":\"ReadAction\",\"target\":[\"https:\\\/\\\/cebb.org.br\\\/retiro-a-visao-budista-da-vida-e-da-morte-pagina-de-acompanhamento\\\/\"]}]},{\"@type\":\"BreadcrumbList\",\"@id\":\"https:\\\/\\\/cebb.org.br\\\/retiro-a-visao-budista-da-vida-e-da-morte-pagina-de-acompanhamento\\\/#breadcrumb\",\"itemListElement\":[{\"@type\":\"ListItem\",\"position\":1,\"name\":\"Home\",\"item\":\"https:\\\/\\\/cebb.org.br\\\/\"},{\"@type\":\"ListItem\",\"position\":2,\"name\":\"Retiro on-line &#124; A vis\u00e3o budista da Vida e da Morte &#8211; P\u00e1gina de Acompanhamento\"}]},{\"@type\":\"WebSite\",\"@id\":\"https:\\\/\\\/cebb.org.br\\\/#website\",\"url\":\"https:\\\/\\\/cebb.org.br\\\/\",\"name\":\"Centro de Estudos Budistas Bodisatva\",\"description\":\"Budismo, medita\u00e7\u00e3o e cultura de paz | Lama Padma Samten\",\"publisher\":{\"@id\":\"https:\\\/\\\/cebb.org.br\\\/#organization\"},\"potentialAction\":[{\"@type\":\"SearchAction\",\"target\":{\"@type\":\"EntryPoint\",\"urlTemplate\":\"https:\\\/\\\/cebb.org.br\\\/?s={search_term_string}\"},\"query-input\":{\"@type\":\"PropertyValueSpecification\",\"valueRequired\":true,\"valueName\":\"search_term_string\"}}],\"inLanguage\":\"es\"},{\"@type\":\"Organization\",\"@id\":\"https:\\\/\\\/cebb.org.br\\\/#organization\",\"name\":\"Centro de Estudos Budistas Bodisatva\",\"url\":\"https:\\\/\\\/cebb.org.br\\\/\",\"logo\":{\"@type\":\"ImageObject\",\"inLanguage\":\"es\",\"@id\":\"https:\\\/\\\/cebb.org.br\\\/#\\\/schema\\\/logo\\\/image\\\/\",\"url\":\"http:\\\/\\\/18.230.164.79\\\/wp-content\\\/uploads\\\/2011\\\/03\\\/logosalvador-peq-e1660064979551.jpg\",\"contentUrl\":\"http:\\\/\\\/18.230.164.79\\\/wp-content\\\/uploads\\\/2011\\\/03\\\/logosalvador-peq-e1660064979551.jpg\",\"width\":280,\"height\":231,\"caption\":\"Centro de Estudos Budistas Bodisatva\"},\"image\":{\"@id\":\"https:\\\/\\\/cebb.org.br\\\/#\\\/schema\\\/logo\\\/image\\\/\"},\"sameAs\":[\"https:\\\/\\\/pt-br.facebook.com\\\/cebb108\",\"https:\\\/\\\/www.instagram.com\\\/cebbcaminhodomeio\\\/\"]}]}<\/script>\n<!-- \/ Yoast SEO plugin. -->","yoast_head_json":{"title":"Retiro on-line &#124; A vis\u00e3o budista da Vida e da Morte - P\u00e1gina de Acompanhamento - Centro de Estudos Budistas Bodisatva","robots":{"index":"index","follow":"follow","max-snippet":"max-snippet:-1","max-image-preview":"max-image-preview:large","max-video-preview":"max-video-preview:-1"},"canonical":"https:\/\/cebb.org.br\/es\/retiro-a-visao-budista-da-vida-e-da-morte-pagina-de-acompanhamento\/","og_locale":"es_ES","og_type":"article","og_title":"Retiro on-line &#124; A vis\u00e3o budista da Vida e da Morte - P\u00e1gina de Acompanhamento - Centro de Estudos Budistas Bodisatva","og_description":"Ensinamentos com Lama Padma Samten no Retiro On-line | A vis\u00e3o budista da Vida e da Morte, transmitido ao vivo do dia 22 a 23\/maio\/2021 \u2013. Aqui voc\u00ea encontra as grava\u00e7\u00f5es de todas as sess\u00f5es, que permanecer\u00e3o dispon\u00edveis para inscritos &#8211; mesmo os que se inscreverem depois do retiro ter terminado. \u00b7 IMPORTANTE \u00b7 Por [&hellip;]","og_url":"https:\/\/cebb.org.br\/es\/retiro-a-visao-budista-da-vida-e-da-morte-pagina-de-acompanhamento\/","og_site_name":"Centro de Estudos Budistas Bodisatva","article_publisher":"https:\/\/pt-br.facebook.com\/cebb108","twitter_card":"summary_large_image","twitter_misc":{"Tiempo de lectura":"3 minutos"},"schema":{"@context":"https:\/\/schema.org","@graph":[{"@type":"WebPage","@id":"https:\/\/cebb.org.br\/retiro-a-visao-budista-da-vida-e-da-morte-pagina-de-acompanhamento\/","url":"https:\/\/cebb.org.br\/retiro-a-visao-budista-da-vida-e-da-morte-pagina-de-acompanhamento\/","name":"Retiro on-line &#124; A vis\u00e3o budista da Vida e da Morte - P\u00e1gina de Acompanhamento - Centro de Estudos Budistas Bodisatva","isPartOf":{"@id":"https:\/\/cebb.org.br\/#website"},"datePublished":"2021-05-03T12:30:35+00:00","breadcrumb":{"@id":"https:\/\/cebb.org.br\/retiro-a-visao-budista-da-vida-e-da-morte-pagina-de-acompanhamento\/#breadcrumb"},"inLanguage":"es","potentialAction":[{"@type":"ReadAction","target":["https:\/\/cebb.org.br\/retiro-a-visao-budista-da-vida-e-da-morte-pagina-de-acompanhamento\/"]}]},{"@type":"BreadcrumbList","@id":"https:\/\/cebb.org.br\/retiro-a-visao-budista-da-vida-e-da-morte-pagina-de-acompanhamento\/#breadcrumb","itemListElement":[{"@type":"ListItem","position":1,"name":"Home","item":"https:\/\/cebb.org.br\/"},{"@type":"ListItem","position":2,"name":"Retiro on-line &#124; A vis\u00e3o budista da Vida e da Morte &#8211; P\u00e1gina de Acompanhamento"}]},{"@type":"WebSite","@id":"https:\/\/cebb.org.br\/#website","url":"https:\/\/cebb.org.br\/","name":"Centro de Estudios Budistas Bodisatva","description":"Budismo, meditaci\u00f3n y cultura de paz | Lama Padma Samten","publisher":{"@id":"https:\/\/cebb.org.br\/#organization"},"potentialAction":[{"@type":"SearchAction","target":{"@type":"EntryPoint","urlTemplate":"https:\/\/cebb.org.br\/?s={search_term_string}"},"query-input":{"@type":"PropertyValueSpecification","valueRequired":true,"valueName":"search_term_string"}}],"inLanguage":"es"},{"@type":"Organization","@id":"https:\/\/cebb.org.br\/#organization","name":"Centro de Estudios Budistas Bodisatva","url":"https:\/\/cebb.org.br\/","logo":{"@type":"ImageObject","inLanguage":"es","@id":"https:\/\/cebb.org.br\/#\/schema\/logo\/image\/","url":"http:\/\/18.230.164.79\/wp-content\/uploads\/2011\/03\/logosalvador-peq-e1660064979551.jpg","contentUrl":"http:\/\/18.230.164.79\/wp-content\/uploads\/2011\/03\/logosalvador-peq-e1660064979551.jpg","width":280,"height":231,"caption":"Centro de Estudos Budistas Bodisatva"},"image":{"@id":"https:\/\/cebb.org.br\/#\/schema\/logo\/image\/"},"sameAs":["https:\/\/pt-br.facebook.com\/cebb108","https:\/\/www.instagram.com\/cebbcaminhodomeio\/"]}]}},"_links":{"self":[{"href":"https:\/\/cebb.org.br\/es\/wp-json\/wp\/v2\/pages\/83877","targetHints":{"allow":["GET"]}}],"collection":[{"href":"https:\/\/cebb.org.br\/es\/wp-json\/wp\/v2\/pages"}],"about":[{"href":"https:\/\/cebb.org.br\/es\/wp-json\/wp\/v2\/types\/page"}],"author":[{"embeddable":true,"href":"https:\/\/cebb.org.br\/es\/wp-json\/wp\/v2\/users\/1"}],"replies":[{"embeddable":true,"href":"https:\/\/cebb.org.br\/es\/wp-json\/wp\/v2\/comments?post=83877"}],"version-history":[{"count":0,"href":"https:\/\/cebb.org.br\/es\/wp-json\/wp\/v2\/pages\/83877\/revisions"}],"wp:attachment":[{"href":"https:\/\/cebb.org.br\/es\/wp-json\/wp\/v2\/media?parent=83877"}],"curies":[{"name":"wp","href":"https:\/\/api.w.org\/{rel}","templated":true}]}}