{"id":90330,"date":"2022-06-13T14:18:43","date_gmt":"2022-06-13T17:18:43","guid":{"rendered":"http:\/\/www.cebb.org.br\/?page_id=90330"},"modified":"2022-08-30T09:47:00","modified_gmt":"2022-08-30T12:47:00","slug":"retiro-de-inverno-2022-11a22jul-pagina-de-acompanhamento","status":"publish","type":"page","link":"https:\/\/cebb.org.br\/es\/retiro-de-inverno-2022-11a22jul-pagina-de-acompanhamento\/","title":{"rendered":"Retiro de Inverno 2022 &#8211; 11 a 22 de julho &#8211; P\u00e1gina de Acompanhamento"},"content":{"rendered":"<p>Ensinamentos com Lama Padma Samten no <strong>Retiro de Inverno<\/strong>, transmitido ao vivo nos dias\u00a011 a 22 de julho de 2022 \u2013. Aqui voc\u00ea encontra as grava\u00e7\u00f5es de todas as sess\u00f5es, que permanecer\u00e3o dispon\u00edveis para inscritos &#8211; <em>mesmo os que se inscreverem depois do retiro ter terminado.<\/em><\/p>\n<div><strong> \u00b7 IMPORTANTE \u00b7 <\/strong> Por favor, n\u00e3o compartilhe esta p\u00e1gina, v\u00eddeos, links ou documentos aqui listados. Cada praticante aproveita melhor os ensinamentos quando manifesta interesse e se alegra em apoiar o movimento dos mestres. Se quiser compartilhar a alegria deste retiro com mais pessoas, convide-as a <a href=\"https:\/\/docs.google.com\/forms\/d\/e\/1FAIpQLSfFNJ0-zhREFrEjKv74jCNYtOAsvUfsAQfb5q_ZNXhuq-3aVQ\/viewform\">tamb\u00e9m fazer a inscri\u00e7\u00e3o<\/a>, mesmo ap\u00f3s o retiro.<\/div>\n<h3>Transmiss\u00e3o ao vivo<\/h3>\n<p>Antes de cada sess\u00e3o <a>atualize esta p\u00e1gina<\/a> para garantir que esteja visualizando o conte\u00fado mais recente.<br \/>\nVoc\u00ea pode assistir pela <a href=\"https:\/\/us06web.zoom.us\/j\/88222805261?pwd=b2ZqZHJsOS9teGpKK1g5T1ZQcmxvQT09\" target=\"_blank\" rel=\"noopener\">Sala do Zoom &#8211; (clique aqui)<\/a>, ID da reuni\u00e3o: 882 2280 5261, senha de acesso: 108 e pode acompanhar a pr\u00f3xima sess\u00e3o no v\u00eddeo abaixo ou pode ainda ver diretamente no YouTube.<br \/>\n<iframe title=\"YouTube video player\" src=\"https:\/\/www.youtube.com\/embed\/7BRvOI-o5HM\" frameborder=\"0\" width=\"560\" height=\"315\"><\/iframe><\/p>\n<a href=\"https:\/\/cebb.org.br\/es\/preces\/\" class=\"su-button su-button-style-default\" style=\"color:#FFFFFF;background-color:#b8190d;border-color:#94140b;border-radius:5px\" target=\"_blank\" rel=\"noopener noreferrer\"><span style=\"color:#FFFFFF;padding:0px 16px;font-size:13px;line-height:26px;border-color:#ce5e56;border-radius:5px;text-shadow:none\"> Preces<\/span><\/a> <a href=\"https:\/\/youtube.com\/playlist?list=PLO_7Zoueaxd4n58unD11g846rkoM5O6Ea\" class=\"su-button su-button-style-default\" style=\"color:#FFFFFF;background-color:#b8190d;border-color:#94140b;border-radius:5px\" target=\"_blank\" rel=\"noopener noreferrer\"><span style=\"color:#FFFFFF;padding:0px 16px;font-size:13px;line-height:26px;border-color:#ce5e56;border-radius:5px;text-shadow:none\"> Playlist no Youtube<\/span><\/a>\n<h3>Textos de acompanhamento<\/h3>\n<p><strong><a href=\"http:\/\/18.230.164.79\/wp-content\/uploads\/2022\/07\/Preces-comentadas-pelo-Lama-Padma-Samten-Retiro-de-Inverno-2022-parte-2-1507_1.pdf\" target=\"_blank\" rel=\"noopener\">Preces comentadas pelo Lama Padma Samten durante o Retiro de Inverno de 2022<\/a> <em>&lt;&lt; Clique aqui para acessar o texto <\/em><\/strong><br \/>\n<em><strong>Este arquivo ser\u00e1 atualizado ao longo do retiro. Favor, n\u00e3o compartilhar.<\/strong><\/em><br \/>\n<a href=\"http:\/\/18.230.164.79\/wp-content\/uploads\/2022\/07\/Pratica-Concisa-de-Tara-Vermelha.pdf\" target=\"_blank\" rel=\"noopener\"><strong>Pr\u00e1tica Concisa de Tara Vermelha<\/strong><em><strong><\/strong><\/em><\/a><em><strong><em><strong> <strong>&lt;&lt; Clique aqui para acessar o texto <\/strong><br \/>\nFavor, n\u00e3o compartilhar.<\/strong><\/em><\/strong><\/em><br \/>\n<strong><a href=\"https:\/\/www.acaoparamita.com.br\/wp-content\/uploads\/2021\/02\/SADANA_PrajnaeBudadaMedicina.pdf.pdf\" target=\"_blank\" rel=\"noopener\">Sadana com a Pr\u00e1tica do Buda da Medicina,<\/a> p\u00e1g. 10 <em>&lt;&lt;<\/em><\/strong> <em><strong>Clique aqui para acessar o texto<\/strong><\/em><br \/>\n<strong><a href=\"https:\/\/www.acaoparamita.com.br\/wp-content\/uploads\/2021\/10\/vajrasatva-dudjomtersarPORT-imagem.pdf\" target=\"_blank\" rel=\"noopener\">Pr\u00e1tica de Vajrasatva<\/a> <em>&lt;&lt;<\/em><\/strong> <em><strong>Clique aqui para acessar o texto<\/strong><\/em><br \/>\n<strong><a href=\"http:\/\/18.230.164.79\/wp-content\/uploads\/2021\/12\/Sutra-do-Diamante_trad-Goddart_CEBB.pdf\" target=\"_blank\" rel=\"noopener\">Sutra do Diamante<\/a> <em>&lt;&lt;<\/em><\/strong> <em><strong>Clique aqui para acessar o texto<\/strong><\/em><\/p>\n<h3>Lista de sess\u00f5es<\/h3>\n<h4>Os hor\u00e1rios e a programa\u00e7\u00e3o dos retiros est\u00e3o sujeitos a altera\u00e7\u00f5es<\/h4>\n<p>segunda| 11\/07\/22<br \/>\n. 08h \u00e0s 09h | Medita\u00e7\u00e3o\u00a0. <a href=\"https:\/\/us06web.zoom.us\/j\/88222805261?pwd=b2ZqZHJsOS9teGpKK1g5T1ZQcmxvQT09\" target=\"_blank\" rel=\"noopener\">Sala do Zoom<\/a> senha: 108<br \/>\n. 9h &#8211; 11h | Ensinamentos \u00b7 <a href=\"https:\/\/us06web.zoom.us\/j\/88222805261?pwd=b2ZqZHJsOS9teGpKK1g5T1ZQcmxvQT09\" target=\"_blank\" rel=\"noopener\">Sala do Zoom<\/a> senha: 108 ou <a href=\"https:\/\/youtu.be\/8NFSJwPx3xQ\" target=\"_blank\" rel=\"noopener\">Sess\u00e3o #1<\/a><br \/>\n. 14h \u00e0s 17h | Medita\u00e7\u00e3o . <a href=\"https:\/\/us06web.zoom.us\/j\/88222805261?pwd=b2ZqZHJsOS9teGpKK1g5T1ZQcmxvQT09\" target=\"_blank\" rel=\"noopener\">Sala do Zoom<\/a><br \/>\n. 19h \u00e0s 20h: Puja da Noite \u00b7 <a href=\"https:\/\/us06web.zoom.us\/j\/7298927661?pwd=dGZEQlJ1NzNjeWVXWXd2SDlvQ2ZLQT09\" target=\"_blank\" rel=\"noopener\">Sala do Zoom<\/a> senha: 108<br \/>\nter\u00e7a | 12\/07\/22<br \/>\n. 08h \u00e0s 09h | Medita\u00e7\u00e3o\u00a0. <a href=\"https:\/\/us06web.zoom.us\/j\/88222805261?pwd=b2ZqZHJsOS9teGpKK1g5T1ZQcmxvQT09\" target=\"_blank\" rel=\"noopener\">Sala do Zoom<\/a> senha: 108<br \/>\n. 9h &#8211; 11h | Ensinamentos \u00b7 <a href=\"https:\/\/us06web.zoom.us\/j\/88222805261?pwd=b2ZqZHJsOS9teGpKK1g5T1ZQcmxvQT09\" target=\"_blank\" rel=\"noopener\">Sala do Zoom<\/a> senha: 108 ou <a href=\"https:\/\/youtu.be\/Qu1qb9Xb8x0\" target=\"_blank\" rel=\"noopener\">Sess\u00e3o #2<\/a><br \/>\n. 14h \u00e0s 17h | Medita\u00e7\u00e3o . <a href=\"https:\/\/us06web.zoom.us\/j\/88222805261?pwd=b2ZqZHJsOS9teGpKK1g5T1ZQcmxvQT09\" target=\"_blank\" rel=\"noopener\">Sala do Zoom<\/a><br \/>\n. 19h \u00e0s 20h: Puja da Noite \u00b7 <a href=\"https:\/\/us06web.zoom.us\/j\/7298927661?pwd=dGZEQlJ1NzNjeWVXWXd2SDlvQ2ZLQT09\" target=\"_blank\" rel=\"noopener\">Sala do Zoom<\/a> senha: 108<br \/>\nquarta | 13\/07\/22<br \/>\n. 08h \u00e0s 09h | Medita\u00e7\u00e3o\u00a0. <a href=\"https:\/\/us06web.zoom.us\/j\/88222805261?pwd=b2ZqZHJsOS9teGpKK1g5T1ZQcmxvQT09\" target=\"_blank\" rel=\"noopener\">Sala do Zoom<\/a> senha: 108<br \/>\n. 9h &#8211; 11h | Ensinamentos \u00b7 <a href=\"https:\/\/us06web.zoom.us\/j\/88222805261?pwd=b2ZqZHJsOS9teGpKK1g5T1ZQcmxvQT09\" target=\"_blank\" rel=\"noopener\">Sala do Zoom<\/a> senha: 108 ou <a href=\"https:\/\/youtu.be\/-2HpSZSyoCU\" target=\"_blank\" rel=\"noopener\">Sess\u00e3o #3<\/a><br \/>\n. 14h \u00e0s 17h | Medita\u00e7\u00e3o . <a href=\"https:\/\/us06web.zoom.us\/j\/88222805261?pwd=b2ZqZHJsOS9teGpKK1g5T1ZQcmxvQT09\" target=\"_blank\" rel=\"noopener\">Sala do Zoom<\/a><br \/>\n. 19h \u00e0s 20h: Puja da Noite \u00b7 <a href=\"https:\/\/us06web.zoom.us\/j\/7298927661?pwd=dGZEQlJ1NzNjeWVXWXd2SDlvQ2ZLQT09\" target=\"_blank\" rel=\"noopener\">Sala do Zoom<\/a> senha: 108<br \/>\nquinta | 14\/07\/22<br \/>\n. 08h \u00e0s 09h | Medita\u00e7\u00e3o\u00a0. <a href=\"https:\/\/us06web.zoom.us\/j\/88222805261?pwd=b2ZqZHJsOS9teGpKK1g5T1ZQcmxvQT09\" target=\"_blank\" rel=\"noopener\">Sala do Zoom<\/a> senha: 108<br \/>\n. 9h &#8211; 11h | Ensinamentos \u00b7 <a href=\"https:\/\/us06web.zoom.us\/j\/88222805261?pwd=b2ZqZHJsOS9teGpKK1g5T1ZQcmxvQT09\" target=\"_blank\" rel=\"noopener\">Sala do Zoom<\/a> senha: 108 ou <a href=\"https:\/\/youtu.be\/o6FQjSFYCHQ\" target=\"_blank\" rel=\"noopener\">Sess\u00e3o #4<\/a><br \/>\n. 14h \u00e0s 17h | Medita\u00e7\u00e3o . <a href=\"https:\/\/us06web.zoom.us\/j\/88222805261?pwd=b2ZqZHJsOS9teGpKK1g5T1ZQcmxvQT09\" target=\"_blank\" rel=\"noopener\">Sala do Zoom<\/a><br \/>\n. 19h \u00e0s 20h: Puja da Noite \u00b7 <a href=\"https:\/\/us06web.zoom.us\/j\/7298927661?pwd=dGZEQlJ1NzNjeWVXWXd2SDlvQ2ZLQT09\" target=\"_blank\" rel=\"noopener\">Sala do Zoom<\/a> senha: 108<br \/>\nsexta | 15\/07\/22<br \/>\n. 08h \u00e0s 09h | Medita\u00e7\u00e3o\u00a0. <a href=\"https:\/\/us06web.zoom.us\/j\/88222805261?pwd=b2ZqZHJsOS9teGpKK1g5T1ZQcmxvQT09\" target=\"_blank\" rel=\"noopener\">Sala do Zoom<\/a> senha: 108<br \/>\n. 9h &#8211; 11h | Ensinamentos \u00b7 <a href=\"https:\/\/us06web.zoom.us\/j\/88222805261?pwd=b2ZqZHJsOS9teGpKK1g5T1ZQcmxvQT09\" target=\"_blank\" rel=\"noopener\">Sala do Zoom<\/a> senha: 108 ou <a href=\"https:\/\/youtu.be\/9WhFisCy3Zs\" target=\"_blank\" rel=\"noopener\">Sess\u00e3o #5<\/a><br \/>\n. 14h \u00e0s 17h | Medita\u00e7\u00e3o . <a href=\"https:\/\/us06web.zoom.us\/j\/88222805261?pwd=b2ZqZHJsOS9teGpKK1g5T1ZQcmxvQT09\" target=\"_blank\" rel=\"noopener\">Sala do Zoom<\/a><br \/>\n. 19h \u00e0s 20h: Puja da Noite \u00b7 <a href=\"https:\/\/us06web.zoom.us\/j\/7298927661?pwd=dGZEQlJ1NzNjeWVXWXd2SDlvQ2ZLQT09\" target=\"_blank\" rel=\"noopener\">Sala do Zoom<\/a> senha: 108<br \/>\ns\u00e1bado | 16\/07\/22<br \/>\n. 08h \u00e0s 09h | Medita\u00e7\u00e3o\u00a0. <a href=\"https:\/\/us06web.zoom.us\/j\/88222805261?pwd=b2ZqZHJsOS9teGpKK1g5T1ZQcmxvQT09\" target=\"_blank\" rel=\"noopener\">Sala do Zoom<\/a> senha: 108<br \/>\n. 9h &#8211; 11h | Ensinamentos \u00b7 <a href=\"https:\/\/us06web.zoom.us\/j\/88222805261?pwd=b2ZqZHJsOS9teGpKK1g5T1ZQcmxvQT09\" target=\"_blank\" rel=\"noopener\">Sala do Zoom<\/a> senha: 108ou <a href=\"https:\/\/youtu.be\/7BRvOI-o5HM\" target=\"_blank\" rel=\"noopener\">Sess\u00e3o #6<\/a><br \/>\n. 14h \u00e0s 17h | Medita\u00e7\u00e3o . <a href=\"https:\/\/us06web.zoom.us\/j\/88222805261?pwd=b2ZqZHJsOS9teGpKK1g5T1ZQcmxvQT09\" target=\"_blank\" rel=\"noopener\">Sala do Zoom<\/a><br \/>\n. 19h \u00e0s 20h: Puja da Noite \u00b7 <a href=\"https:\/\/us06web.zoom.us\/j\/7298927661?pwd=dGZEQlJ1NzNjeWVXWXd2SDlvQ2ZLQT09\" target=\"_blank\" rel=\"noopener\">Sala do Zoom<\/a> senha: 108<br \/>\ndomingo | 17\/07\/22<br \/>\n. 08h \u00e0s 09h | Medita\u00e7\u00e3o\u00a0. <a href=\"https:\/\/us06web.zoom.us\/j\/88222805261?pwd=b2ZqZHJsOS9teGpKK1g5T1ZQcmxvQT09\" target=\"_blank\" rel=\"noopener\">Sala do Zoom<\/a> senha: 108<br \/>\n. 9h &#8211; 11h | Ensinamentos \u00b7 <a href=\"https:\/\/us06web.zoom.us\/j\/88222805261?pwd=b2ZqZHJsOS9teGpKK1g5T1ZQcmxvQT09\" target=\"_blank\" rel=\"noopener\">Sala do Zoom<\/a> senha: 108 ou <a href=\"https:\/\/youtu.be\/qQBdo553VJo\" target=\"_blank\" rel=\"noopener\">Sess\u00e3o #7<\/a><br \/>\n. 14h \u00e0s 17h | Medita\u00e7\u00e3o . <a href=\"https:\/\/us06web.zoom.us\/j\/88222805261?pwd=b2ZqZHJsOS9teGpKK1g5T1ZQcmxvQT09\" target=\"_blank\" rel=\"noopener\">Sala do Zoom<\/a><br \/>\n. 19h \u00e0s 20h: Puja da Noite \u00b7 <a href=\"https:\/\/us06web.zoom.us\/j\/7298927661?pwd=dGZEQlJ1NzNjeWVXWXd2SDlvQ2ZLQT09\" target=\"_blank\" rel=\"noopener\">Sala do Zoom<\/a> senha: 108<br \/>\nsegunda | 18\/07\/22<br \/>\n. 08h \u00e0s 09h | Medita\u00e7\u00e3o\u00a0. <a href=\"https:\/\/us06web.zoom.us\/j\/88222805261?pwd=b2ZqZHJsOS9teGpKK1g5T1ZQcmxvQT09\" target=\"_blank\" rel=\"noopener\">Sala do Zoom<\/a> senha: 108<br \/>\n. 9h &#8211; 11h | Ensinamentos \u00b7 <a href=\"https:\/\/us06web.zoom.us\/j\/88222805261?pwd=b2ZqZHJsOS9teGpKK1g5T1ZQcmxvQT09\" target=\"_blank\" rel=\"noopener\">Sala do Zoom<\/a> senha: 108 ou <a href=\"https:\/\/youtu.be\/2RJVc2shFBI\" target=\"_blank\" rel=\"noopener\">Sess\u00e3o #8<\/a><br \/>\n. 14h \u00e0s 17h | Medita\u00e7\u00e3o . <a href=\"https:\/\/us06web.zoom.us\/j\/88222805261?pwd=b2ZqZHJsOS9teGpKK1g5T1ZQcmxvQT09\" target=\"_blank\" rel=\"noopener\">Sala do Zoom<\/a><br \/>\n. 19h \u00e0s 20h: Puja da Noite \u00b7 <a href=\"https:\/\/us06web.zoom.us\/j\/7298927661?pwd=dGZEQlJ1NzNjeWVXWXd2SDlvQ2ZLQT09\" target=\"_blank\" rel=\"noopener\">Sala do Zoom<\/a> senha: 108<br \/>\nter\u00e7a | 19\/07\/22<br \/>\n. 08h \u00e0s 09h | Medita\u00e7\u00e3o\u00a0. <a href=\"https:\/\/us06web.zoom.us\/j\/88222805261?pwd=b2ZqZHJsOS9teGpKK1g5T1ZQcmxvQT09\" target=\"_blank\" rel=\"noopener\">Sala do Zoom<\/a> senha: 108<br \/>\n. 9h &#8211; 11h | Ensinamentos \u00b7 <a href=\"https:\/\/us06web.zoom.us\/j\/88222805261?pwd=b2ZqZHJsOS9teGpKK1g5T1ZQcmxvQT09\" target=\"_blank\" rel=\"noopener\">Sala do Zoom<\/a> senha: 108 ou <a href=\"https:\/\/youtu.be\/ptAXB14uaLM\" target=\"_blank\" rel=\"noopener\">Sess\u00e3o #9<\/a><br \/>\n. 14h \u00e0s 17h | Medita\u00e7\u00e3o . <a href=\"https:\/\/us06web.zoom.us\/j\/88222805261?pwd=b2ZqZHJsOS9teGpKK1g5T1ZQcmxvQT09\" target=\"_blank\" rel=\"noopener\">Sala do Zoom<\/a><br \/>\n. 19h \u00e0s 20h: Puja da Noite \u00b7 <a href=\"https:\/\/us06web.zoom.us\/j\/7298927661?pwd=dGZEQlJ1NzNjeWVXWXd2SDlvQ2ZLQT09\" target=\"_blank\" rel=\"noopener\">Sala do Zoom<\/a> senha: 108<br \/>\nquarta | 20\/07\/22<br \/>\n. 08h \u00e0s 09h | Medita\u00e7\u00e3o\u00a0. <a href=\"https:\/\/us06web.zoom.us\/j\/88222805261?pwd=b2ZqZHJsOS9teGpKK1g5T1ZQcmxvQT09\" target=\"_blank\" rel=\"noopener\">Sala do Zoom<\/a> senha: 108<br \/>\n. 9h &#8211; 11h | Ensinamentos \u00b7 <a href=\"https:\/\/us06web.zoom.us\/j\/88222805261?pwd=b2ZqZHJsOS9teGpKK1g5T1ZQcmxvQT09\" target=\"_blank\" rel=\"noopener\">Sala do Zoom<\/a> senha: 108 ou <a href=\"https:\/\/youtu.be\/KZe6nKCoDtQ\" target=\"_blank\" rel=\"noopener\">Sess\u00e3o #10<\/a><br \/>\n. 14h \u00e0s 17h | Medita\u00e7\u00e3o . <a href=\"https:\/\/us06web.zoom.us\/j\/88222805261?pwd=b2ZqZHJsOS9teGpKK1g5T1ZQcmxvQT09\" target=\"_blank\" rel=\"noopener\">Sala do Zoom<\/a><br \/>\n. 19h \u00e0s 20h: Puja da Noite \u00b7 <a href=\"https:\/\/us06web.zoom.us\/j\/7298927661?pwd=dGZEQlJ1NzNjeWVXWXd2SDlvQ2ZLQT09\" target=\"_blank\" rel=\"noopener\">Sala do Zoom<\/a> senha: 108<br \/>\nquinta | 21\/07\/22<br \/>\n. 08h \u00e0s 09h | Medita\u00e7\u00e3o\u00a0. <a href=\"https:\/\/us06web.zoom.us\/j\/88222805261?pwd=b2ZqZHJsOS9teGpKK1g5T1ZQcmxvQT09\" target=\"_blank\" rel=\"noopener\">Sala do Zoom<\/a> senha: 108<br \/>\n. 9h &#8211; 11h | Ensinamentos \u00b7 <a href=\"https:\/\/us06web.zoom.us\/j\/88222805261?pwd=b2ZqZHJsOS9teGpKK1g5T1ZQcmxvQT09\" target=\"_blank\" rel=\"noopener\">Sala do Zoom<\/a> senha: 108 ou <a href=\"https:\/\/youtu.be\/2uIPRGMAQHU\" target=\"_blank\" rel=\"noopener\">Sess\u00e3o #11<\/a><br \/>\n. 14h \u00e0s 17h | Medita\u00e7\u00e3o . <a href=\"https:\/\/us06web.zoom.us\/j\/88222805261?pwd=b2ZqZHJsOS9teGpKK1g5T1ZQcmxvQT09\" target=\"_blank\" rel=\"noopener\">Sala do Zoom<\/a><br \/>\n. 19h \u00e0s 20h: Puja da Noite \u00b7 <a href=\"https:\/\/us06web.zoom.us\/j\/7298927661?pwd=dGZEQlJ1NzNjeWVXWXd2SDlvQ2ZLQT09\" target=\"_blank\" rel=\"noopener\">Sala do Zoom<\/a> senha: 108<br \/>\nsexta | 22\/07\/22<br \/>\n. 08h \u00e0s 09h | Medita\u00e7\u00e3o\u00a0. <a href=\"https:\/\/us06web.zoom.us\/j\/88222805261?pwd=b2ZqZHJsOS9teGpKK1g5T1ZQcmxvQT09\" target=\"_blank\" rel=\"noopener\">Sala do Zoom<\/a> senha: 108<br \/>\n. 9h &#8211; 11h | Ensinamentos \u00b7 <a href=\"https:\/\/us06web.zoom.us\/j\/88222805261?pwd=b2ZqZHJsOS9teGpKK1g5T1ZQcmxvQT09\" target=\"_blank\" rel=\"noopener\">Sala do Zoom<\/a> senha: 108 ou <a href=\"https:\/\/youtu.be\/D8nLagLKleo\" target=\"_blank\" rel=\"noopener\">Sess\u00e3o #12<\/a><br \/>\n. 14h \u00e0s 17h | Medita\u00e7\u00e3o . <a href=\"https:\/\/us06web.zoom.us\/j\/88222805261?pwd=b2ZqZHJsOS9teGpKK1g5T1ZQcmxvQT09\" target=\"_blank\" rel=\"noopener\">Sala do Zoom<\/a><br \/>\n. 19h \u00e0s 20h: Puja da Noite \u00b7 <a href=\"https:\/\/us06web.zoom.us\/j\/7298927661?pwd=dGZEQlJ1NzNjeWVXWXd2SDlvQ2ZLQT09\" target=\"_blank\" rel=\"noopener\">Sala do Zoom<\/a> senha: 108<\/p>\n<h3><\/h3>\n<h3>Inscri\u00e7\u00e3o Participa\u00e7\u00e3o ONLINE<\/h3>\n<p>Sua inscri\u00e7\u00e3o e participa\u00e7\u00e3o independem de contribui\u00e7\u00e3o financeira.<\/p>\n<h3>Contribui\u00e7\u00f5es<\/h3>\n<p>Sua inscri\u00e7\u00e3o e acesso online a palestra independe de contribui\u00e7\u00e3o financeira.<br \/>\nCaso aspire e lhe seja poss\u00edvel contribuir, sinta-se livre para definir o valor, como refer\u00eancia, sugerimos o valor de R$ 450,00 para cada uma das partes (02 a 10\/07 (1\u00aapte) e 23 a 31\/07 (2\u00aapte)) do retiro .<br \/>\nSua contribui\u00e7\u00e3o apoiar\u00e1 o CEBB Caminho do Meio, o CEBB Bacopari, o CEBB Jetavana e as atividades do Lama Padma Samten.<br \/>\nA pr\u00e1tica da Dana Paramita \u2013 perfei\u00e7\u00e3o da generosidade \u2013 torna poss\u00edvel a continuidade dos ensinamentos desde os tempos do Buda. As seis paramitas \u2013 generosidade, moralidade, paz, energia constante, concentra\u00e7\u00e3o e sabedoria \u2013 inspiram a pr\u00e1tica e s\u00e3o a base geradora e sustentadora dos centros de estudos, medita\u00e7\u00e3o, acolhimento e das iniciativas de educa\u00e7\u00e3o, prote\u00e7\u00e3o ambiental, Terras Puras e Cultura de Paz da Sanga CEBB.<br \/>\nPara contribui\u00e7\u00f5es de dentro do Brasil, os dados banc\u00e1rios para doa\u00e7\u00e3o s\u00e3o:<\/p>\n<blockquote><p>PIX: CNPJ 34.079.867\/0001-04<br \/>\nBanco do Brasil (001)<br \/>\nAg\u00eancia: 0628-9<br \/>\nConta corrente: 108999-4<br \/>\nA\u00e7\u00e3o Paramita Ensino Budista<br \/>\nCNPJ 34.079.867\/0001-04<\/p><\/blockquote>\n<p>Para contribui\u00e7\u00f5es de fora do Brasil, entre em contato com <strong>cebbcm@gmail.com<\/strong>.<\/p>\n<h3>Contato<\/h3>\n<p>Se tiver d\u00favidas, conte conosco: <strong>cebbcm@gmail.com<\/strong>.<\/p>","protected":false},"excerpt":{"rendered":"<p>Ensinamentos com Lama Padma Samten no Retiro de Inverno, transmitido ao vivo nos dias\u00a011 a 22 de julho de 2022 \u2013. Aqui voc\u00ea encontra as grava\u00e7\u00f5es de todas as sess\u00f5es, que permanecer\u00e3o dispon\u00edveis para inscritos &#8211; mesmo os que se inscreverem depois do retiro ter terminado. \u00b7 IMPORTANTE \u00b7 Por favor, n\u00e3o compartilhe esta p\u00e1gina, [&hellip;]<\/p>\n","protected":false},"author":1,"featured_media":0,"parent":0,"menu_order":0,"comment_status":"closed","ping_status":"open","template":"","meta":{"footnotes":""},"class_list":["post-90330","page","type-page","status-publish","hentry"],"yoast_head":"<!-- This site is optimized with the Yoast SEO plugin v27.5 - https:\/\/yoast.com\/product\/yoast-seo-wordpress\/ -->\n<title>Retiro de Inverno 2022 - 11 a 22 de julho - P\u00e1gina de Acompanhamento - Centro de Estudos Budistas Bodisatva<\/title>\n<meta name=\"robots\" content=\"index, follow, max-snippet:-1, max-image-preview:large, max-video-preview:-1\" \/>\n<link rel=\"canonical\" href=\"https:\/\/cebb.org.br\/es\/retiro-de-inverno-2022-11a22jul-pagina-de-acompanhamento\/\" \/>\n<meta property=\"og:locale\" content=\"es_ES\" \/>\n<meta property=\"og:type\" content=\"article\" \/>\n<meta property=\"og:title\" content=\"Retiro de Inverno 2022 - 11 a 22 de julho - P\u00e1gina de Acompanhamento - Centro de Estudos Budistas Bodisatva\" \/>\n<meta property=\"og:description\" content=\"Ensinamentos com Lama Padma Samten no Retiro de Inverno, transmitido ao vivo nos dias\u00a011 a 22 de julho de 2022 \u2013. Aqui voc\u00ea encontra as grava\u00e7\u00f5es de todas as sess\u00f5es, que permanecer\u00e3o dispon\u00edveis para inscritos &#8211; mesmo os que se inscreverem depois do retiro ter terminado. \u00b7 IMPORTANTE \u00b7 Por favor, n\u00e3o compartilhe esta p\u00e1gina, [&hellip;]\" \/>\n<meta property=\"og:url\" content=\"https:\/\/cebb.org.br\/es\/retiro-de-inverno-2022-11a22jul-pagina-de-acompanhamento\/\" \/>\n<meta property=\"og:site_name\" content=\"Centro de Estudos Budistas Bodisatva\" \/>\n<meta property=\"article:publisher\" content=\"https:\/\/pt-br.facebook.com\/cebb108\" \/>\n<meta property=\"article:modified_time\" content=\"2022-08-30T12:47:00+00:00\" \/>\n<meta name=\"twitter:card\" content=\"summary_large_image\" \/>\n<meta name=\"twitter:label1\" content=\"Tiempo de lectura\" \/>\n\t<meta name=\"twitter:data1\" content=\"6 minutos\" \/>\n<script type=\"application\/ld+json\" class=\"yoast-schema-graph\">{\"@context\":\"https:\\\/\\\/schema.org\",\"@graph\":[{\"@type\":\"WebPage\",\"@id\":\"https:\\\/\\\/cebb.org.br\\\/retiro-de-inverno-2022-11a22jul-pagina-de-acompanhamento\\\/\",\"url\":\"https:\\\/\\\/cebb.org.br\\\/retiro-de-inverno-2022-11a22jul-pagina-de-acompanhamento\\\/\",\"name\":\"Retiro de Inverno 2022 - 11 a 22 de julho - P\u00e1gina de Acompanhamento - Centro de Estudos Budistas Bodisatva\",\"isPartOf\":{\"@id\":\"https:\\\/\\\/cebb.org.br\\\/#website\"},\"datePublished\":\"2022-06-13T17:18:43+00:00\",\"dateModified\":\"2022-08-30T12:47:00+00:00\",\"breadcrumb\":{\"@id\":\"https:\\\/\\\/cebb.org.br\\\/retiro-de-inverno-2022-11a22jul-pagina-de-acompanhamento\\\/#breadcrumb\"},\"inLanguage\":\"es\",\"potentialAction\":[{\"@type\":\"ReadAction\",\"target\":[\"https:\\\/\\\/cebb.org.br\\\/retiro-de-inverno-2022-11a22jul-pagina-de-acompanhamento\\\/\"]}]},{\"@type\":\"BreadcrumbList\",\"@id\":\"https:\\\/\\\/cebb.org.br\\\/retiro-de-inverno-2022-11a22jul-pagina-de-acompanhamento\\\/#breadcrumb\",\"itemListElement\":[{\"@type\":\"ListItem\",\"position\":1,\"name\":\"Home\",\"item\":\"https:\\\/\\\/cebb.org.br\\\/\"},{\"@type\":\"ListItem\",\"position\":2,\"name\":\"Retiro de Inverno 2022 &#8211; 11 a 22 de julho &#8211; P\u00e1gina de Acompanhamento\"}]},{\"@type\":\"WebSite\",\"@id\":\"https:\\\/\\\/cebb.org.br\\\/#website\",\"url\":\"https:\\\/\\\/cebb.org.br\\\/\",\"name\":\"Centro de Estudos Budistas Bodisatva\",\"description\":\"Budismo, medita\u00e7\u00e3o e cultura de paz | Lama Padma Samten\",\"publisher\":{\"@id\":\"https:\\\/\\\/cebb.org.br\\\/#organization\"},\"potentialAction\":[{\"@type\":\"SearchAction\",\"target\":{\"@type\":\"EntryPoint\",\"urlTemplate\":\"https:\\\/\\\/cebb.org.br\\\/?s={search_term_string}\"},\"query-input\":{\"@type\":\"PropertyValueSpecification\",\"valueRequired\":true,\"valueName\":\"search_term_string\"}}],\"inLanguage\":\"es\"},{\"@type\":\"Organization\",\"@id\":\"https:\\\/\\\/cebb.org.br\\\/#organization\",\"name\":\"Centro de Estudos Budistas Bodisatva\",\"url\":\"https:\\\/\\\/cebb.org.br\\\/\",\"logo\":{\"@type\":\"ImageObject\",\"inLanguage\":\"es\",\"@id\":\"https:\\\/\\\/cebb.org.br\\\/#\\\/schema\\\/logo\\\/image\\\/\",\"url\":\"http:\\\/\\\/18.230.164.79\\\/wp-content\\\/uploads\\\/2011\\\/03\\\/logosalvador-peq-e1660064979551.jpg\",\"contentUrl\":\"http:\\\/\\\/18.230.164.79\\\/wp-content\\\/uploads\\\/2011\\\/03\\\/logosalvador-peq-e1660064979551.jpg\",\"width\":280,\"height\":231,\"caption\":\"Centro de Estudos Budistas Bodisatva\"},\"image\":{\"@id\":\"https:\\\/\\\/cebb.org.br\\\/#\\\/schema\\\/logo\\\/image\\\/\"},\"sameAs\":[\"https:\\\/\\\/pt-br.facebook.com\\\/cebb108\",\"https:\\\/\\\/www.instagram.com\\\/cebbcaminhodomeio\\\/\"]}]}<\/script>\n<!-- \/ Yoast SEO plugin. -->","yoast_head_json":{"title":"Retiro de Inverno 2022 - 11 a 22 de julho - P\u00e1gina de Acompanhamento - Centro de Estudos Budistas Bodisatva","robots":{"index":"index","follow":"follow","max-snippet":"max-snippet:-1","max-image-preview":"max-image-preview:large","max-video-preview":"max-video-preview:-1"},"canonical":"https:\/\/cebb.org.br\/es\/retiro-de-inverno-2022-11a22jul-pagina-de-acompanhamento\/","og_locale":"es_ES","og_type":"article","og_title":"Retiro de Inverno 2022 - 11 a 22 de julho - P\u00e1gina de Acompanhamento - Centro de Estudos Budistas Bodisatva","og_description":"Ensinamentos com Lama Padma Samten no Retiro de Inverno, transmitido ao vivo nos dias\u00a011 a 22 de julho de 2022 \u2013. Aqui voc\u00ea encontra as grava\u00e7\u00f5es de todas as sess\u00f5es, que permanecer\u00e3o dispon\u00edveis para inscritos &#8211; mesmo os que se inscreverem depois do retiro ter terminado. \u00b7 IMPORTANTE \u00b7 Por favor, n\u00e3o compartilhe esta p\u00e1gina, [&hellip;]","og_url":"https:\/\/cebb.org.br\/es\/retiro-de-inverno-2022-11a22jul-pagina-de-acompanhamento\/","og_site_name":"Centro de Estudos Budistas Bodisatva","article_publisher":"https:\/\/pt-br.facebook.com\/cebb108","article_modified_time":"2022-08-30T12:47:00+00:00","twitter_card":"summary_large_image","twitter_misc":{"Tiempo de lectura":"6 minutos"},"schema":{"@context":"https:\/\/schema.org","@graph":[{"@type":"WebPage","@id":"https:\/\/cebb.org.br\/retiro-de-inverno-2022-11a22jul-pagina-de-acompanhamento\/","url":"https:\/\/cebb.org.br\/retiro-de-inverno-2022-11a22jul-pagina-de-acompanhamento\/","name":"Retiro de Inverno 2022 - 11 a 22 de julho - P\u00e1gina de Acompanhamento - Centro de Estudos Budistas Bodisatva","isPartOf":{"@id":"https:\/\/cebb.org.br\/#website"},"datePublished":"2022-06-13T17:18:43+00:00","dateModified":"2022-08-30T12:47:00+00:00","breadcrumb":{"@id":"https:\/\/cebb.org.br\/retiro-de-inverno-2022-11a22jul-pagina-de-acompanhamento\/#breadcrumb"},"inLanguage":"es","potentialAction":[{"@type":"ReadAction","target":["https:\/\/cebb.org.br\/retiro-de-inverno-2022-11a22jul-pagina-de-acompanhamento\/"]}]},{"@type":"BreadcrumbList","@id":"https:\/\/cebb.org.br\/retiro-de-inverno-2022-11a22jul-pagina-de-acompanhamento\/#breadcrumb","itemListElement":[{"@type":"ListItem","position":1,"name":"Home","item":"https:\/\/cebb.org.br\/"},{"@type":"ListItem","position":2,"name":"Retiro de Inverno 2022 &#8211; 11 a 22 de julho &#8211; P\u00e1gina de Acompanhamento"}]},{"@type":"WebSite","@id":"https:\/\/cebb.org.br\/#website","url":"https:\/\/cebb.org.br\/","name":"Centro de Estudios Budistas Bodisatva","description":"Budismo, meditaci\u00f3n y cultura de paz | Lama Padma Samten","publisher":{"@id":"https:\/\/cebb.org.br\/#organization"},"potentialAction":[{"@type":"SearchAction","target":{"@type":"EntryPoint","urlTemplate":"https:\/\/cebb.org.br\/?s={search_term_string}"},"query-input":{"@type":"PropertyValueSpecification","valueRequired":true,"valueName":"search_term_string"}}],"inLanguage":"es"},{"@type":"Organization","@id":"https:\/\/cebb.org.br\/#organization","name":"Centro de Estudios Budistas Bodisatva","url":"https:\/\/cebb.org.br\/","logo":{"@type":"ImageObject","inLanguage":"es","@id":"https:\/\/cebb.org.br\/#\/schema\/logo\/image\/","url":"http:\/\/18.230.164.79\/wp-content\/uploads\/2011\/03\/logosalvador-peq-e1660064979551.jpg","contentUrl":"http:\/\/18.230.164.79\/wp-content\/uploads\/2011\/03\/logosalvador-peq-e1660064979551.jpg","width":280,"height":231,"caption":"Centro de Estudos Budistas Bodisatva"},"image":{"@id":"https:\/\/cebb.org.br\/#\/schema\/logo\/image\/"},"sameAs":["https:\/\/pt-br.facebook.com\/cebb108","https:\/\/www.instagram.com\/cebbcaminhodomeio\/"]}]}},"_links":{"self":[{"href":"https:\/\/cebb.org.br\/es\/wp-json\/wp\/v2\/pages\/90330","targetHints":{"allow":["GET"]}}],"collection":[{"href":"https:\/\/cebb.org.br\/es\/wp-json\/wp\/v2\/pages"}],"about":[{"href":"https:\/\/cebb.org.br\/es\/wp-json\/wp\/v2\/types\/page"}],"author":[{"embeddable":true,"href":"https:\/\/cebb.org.br\/es\/wp-json\/wp\/v2\/users\/1"}],"replies":[{"embeddable":true,"href":"https:\/\/cebb.org.br\/es\/wp-json\/wp\/v2\/comments?post=90330"}],"version-history":[{"count":3,"href":"https:\/\/cebb.org.br\/es\/wp-json\/wp\/v2\/pages\/90330\/revisions"}],"predecessor-version":[{"id":92275,"href":"https:\/\/cebb.org.br\/es\/wp-json\/wp\/v2\/pages\/90330\/revisions\/92275"}],"wp:attachment":[{"href":"https:\/\/cebb.org.br\/es\/wp-json\/wp\/v2\/media?parent=90330"}],"curies":[{"name":"wp","href":"https:\/\/api.w.org\/{rel}","templated":true}]}}