{"id":32427,"date":"2016-06-01T16:31:46","date_gmt":"2016-06-01T19:31:46","guid":{"rendered":"http:\/\/www.cebb.org.br\/?page_id=32427"},"modified":"2023-08-22T19:09:39","modified_gmt":"2023-08-22T22:09:39","slug":"mandala-das-escolas-antiga","status":"publish","type":"page","link":"https:\/\/cebb.org.br\/fr\/mandala-das-escolas-antiga\/","title":{"rendered":"Mandala das Escolas Antiga"},"content":{"rendered":"<div data-elementor-type=\"wp-page\" data-elementor-id=\"32427\" class=\"elementor elementor-32427\" data-elementor-post-type=\"page\">\n\t\t\t\t\t\t<section class=\"elementor-section elementor-top-section elementor-element elementor-element-57124dcd elementor-section-boxed elementor-section-height-default elementor-section-height-default\" data-id=\"57124dcd\" data-element_type=\"section\" data-e-type=\"section\">\n\t\t\t\t\t\t<div class=\"elementor-container elementor-column-gap-default\">\n\t\t\t\t\t<div class=\"elementor-column elementor-col-100 elementor-top-column elementor-element elementor-element-49a8366f\" data-id=\"49a8366f\" data-element_type=\"column\" data-e-type=\"column\">\n\t\t\t<div class=\"elementor-widget-wrap elementor-element-populated\">\n\t\t\t\t\t\t<div class=\"elementor-element elementor-element-7a7497e elementor-widget elementor-widget-text-editor\" data-id=\"7a7497e\" data-element_type=\"widget\" data-e-type=\"widget\" data-widget_type=\"text-editor.default\">\n\t\t\t\t<div class=\"elementor-widget-container\">\n\t\t\t\t\t\t\t\t\t<p>Como forma de trazer benef\u00edcios amplos atrav\u00e9s da educa\u00e7\u00e3o, o CEBB ap\u00f3ia duas escolas que s\u00e3o mantidas por seu bra\u00e7o social, o Instituto Caminho do Meio, que tem como miss\u00e3o\u00a0 traduzir o\u00a0legado vivo da filosofia budista, de forma n\u00e3o religiosa, para projetos na \u00e1rea social, educacional e ambiental.<br \/>Conhe\u00e7a um pouco mais de cada um dos projetos!<\/p><h3>Escola Caminho do Meio<\/h3><p><a href=\"https:\/\/cebb.org.br\/fr\/mandala-das-escolas\/foto-camila-brum-5\/\" rel=\"attachment wp-att-32043\"><img decoding=\"async\" class=\"alignleft wp-image-32043\" title=\"Foto: Camila Brum\" src=\"http:\/\/www.cebb.org.br\/wp-content\/uploads\/2016\/05\/EscolaCaminhodoMeio_CamilaBrum-55-620x413.jpg\" alt=\"\" width=\"134\" height=\"89\" \/><\/a><br \/>A <strong>Escola Caminho do Meio<\/strong> busca se constituir como uma experi\u00eancia de educa\u00e7\u00e3o diferenciada n\u00e3o apenas para as crian\u00e7as que a frequentam diariamente, mas tamb\u00e9m para a equipe envolvida e as fam\u00edlias. Nosso sonho \u00e9 fazer da escola uma oportunidade para encontros, trocas, aprendizados conjuntos, estabelecendo um tecido comunit\u00e1rio pautado em valores positivos, e um modo de vida mais fraterno e sustent\u00e1vel. Nesse contexto, a educa\u00e7\u00e3o das crian\u00e7as se torna um convite para a auto-educa\u00e7\u00e3o permanente dos adultos. Olhamos assim cada crian\u00e7a como um ser que vem nos ensinar, e nos convidar a sonhar com um mundo melhor.<br \/><a href=\"https:\/\/cebb.org.br\/fr\/mandala-das-escolas\/foto-camila-brum-6\/\" rel=\"attachment wp-att-32044\"><img decoding=\"async\" class=\"alignright wp-image-32044\" title=\"Foto: Camila Brum\" src=\"http:\/\/www.cebb.org.br\/wp-content\/uploads\/2016\/05\/EscolaCaminhodoMeio_CamilaBrum-173-620x413.jpg\" alt=\"\" width=\"134\" height=\"89\" \/><\/a>Estamos situados em uma \u00e1rea rural, dentro da \u00e1rea do Centro de Estudos Budistas Bodisatva \u2013 CEBB Caminho do Meio. Temos como institui\u00e7\u00e3o fundadora e mantenedora o Instituto Caminho do Meio, que tem como miss\u00e3o traduzir o legado vivo, de mais de 2 mil anos, da filosofia budista, de forma n\u00e3o religiosa, para projetos na \u00e1rea social, educacional e ambiental.<br \/><a href=\"https:\/\/cebb.org.br\/fr\/mandala-das-escolas\/foto-camila-brum-7\/\" rel=\"attachment wp-att-32045\"><img decoding=\"async\" class=\"wp-image-32045 alignleft\" title=\"Foto: Camila Brum\" src=\"http:\/\/www.cebb.org.br\/wp-content\/uploads\/2016\/05\/EscolaCaminhodoMeio_CamilaBrum-209-620x413.jpg\" alt=\"\" width=\"134\" height=\"89\" \/><\/a>Essa inspira\u00e7\u00e3o na filosofia budista vem a partir da vis\u00e3o do Lama Padma Samten, fundador do CEBB e tamb\u00e9m da Escola, e refer\u00eancia de sabedoria que sustenta de maneira permanente a vis\u00e3o mais abrangente da nossa Escola.<br \/>A Escola funciona de segunda a sexta no turno da tarde, das 13 \u00e0s 17 horas. <a href=\"https:\/\/cebb.org.br\/fr\/mandala-das-escolas\/foto-camila-brum-8\/\" rel=\"attachment wp-att-32046\"><img loading=\"lazy\" decoding=\"async\" class=\"wp-image-32046 alignright\" title=\"Foto: Camila Brum\" src=\"http:\/\/www.cebb.org.br\/wp-content\/uploads\/2016\/05\/EscolaCaminhodoMeio_CamilaBrum-227-620x413.jpg\" alt=\"\" width=\"134\" height=\"89\" \/><\/a>Oferece a educa\u00e7\u00e3o infantil e o ensino fundamental, com turmas reduzidas e uma equipe dedicada e em forma\u00e7\u00e3o permanente.<br \/><strong><a href=\"https:\/\/educarparaafelicidade.com.br\/apoie\">Torne-se um apoiador da Escola Caminho do Meio &#8211; clique aqui<\/a><\/strong><br \/><strong>Para mais informa\u00e7\u00f5es, visite: <a href=\" https:\/\/escolacaminhodomeio.com.br\">\u00a0escolacaminhodomeio.com.br<\/a><\/strong><\/p><p><strong>Para contribuir para as iniciativas pedag\u00f3gicas sob orienta\u00e7\u00e3o do Lama Padma Samten, independente da escola:<br \/>Banco do Brasil<br \/>Ag\u00eancia 0628-9<br \/>Conta Corrente 39616-8<br \/>Centro de Estudos Budistas Bodisatv<\/strong><\/p>\t\t\t\t\t\t\t\t<\/div>\n\t\t\t\t<\/div>\n\t\t\t\t\t<\/div>\n\t\t<\/div>\n\t\t\t\t\t<\/div>\n\t\t<\/section>\n\t\t\t\t<\/div>","protected":false},"excerpt":{"rendered":"<p>Como forma de trazer benef\u00edcios amplos atrav\u00e9s da educa\u00e7\u00e3o, o CEBB ap\u00f3ia duas escolas que s\u00e3o mantidas por seu bra\u00e7o social, o Instituto Caminho do Meio, que tem como miss\u00e3o\u00a0 traduzir o\u00a0legado vivo da filosofia budista, de forma n\u00e3o religiosa, para projetos na \u00e1rea social, educacional e ambiental.Conhe\u00e7a um pouco mais de cada um dos [&hellip;]<\/p>\n","protected":false},"author":4,"featured_media":32436,"parent":0,"menu_order":0,"comment_status":"closed","ping_status":"closed","template":"","meta":{"footnotes":""},"class_list":["post-32427","page","type-page","status-publish","has-post-thumbnail","hentry"],"yoast_head":"<!-- This site is optimized with the Yoast SEO plugin v27.5 - https:\/\/yoast.com\/product\/yoast-seo-wordpress\/ -->\n<title>Mandala das Escolas Antiga - Centro de Estudos Budistas Bodisatva<\/title>\n<meta name=\"robots\" content=\"index, follow, max-snippet:-1, max-image-preview:large, max-video-preview:-1\" \/>\n<link rel=\"canonical\" href=\"https:\/\/cebb.org.br\/fr\/mandala-das-escolas-antiga\/\" \/>\n<meta property=\"og:locale\" content=\"fr_FR\" \/>\n<meta property=\"og:type\" content=\"article\" \/>\n<meta property=\"og:title\" content=\"Mandala das Escolas Antiga - Centro de Estudos Budistas Bodisatva\" \/>\n<meta property=\"og:description\" content=\"Como forma de trazer benef\u00edcios amplos atrav\u00e9s da educa\u00e7\u00e3o, o CEBB ap\u00f3ia duas escolas que s\u00e3o mantidas por seu bra\u00e7o social, o Instituto Caminho do Meio, que tem como miss\u00e3o\u00a0 traduzir o\u00a0legado vivo da filosofia budista, de forma n\u00e3o religiosa, para projetos na \u00e1rea social, educacional e ambiental.Conhe\u00e7a um pouco mais de cada um dos [&hellip;]\" \/>\n<meta property=\"og:url\" content=\"https:\/\/cebb.org.br\/fr\/mandala-das-escolas-antiga\/\" \/>\n<meta property=\"og:site_name\" content=\"Centro de Estudos Budistas Bodisatva\" \/>\n<meta property=\"article:publisher\" content=\"https:\/\/pt-br.facebook.com\/cebb108\" \/>\n<meta property=\"article:modified_time\" content=\"2023-08-22T22:09:39+00:00\" \/>\n<meta property=\"og:image\" content=\"https:\/\/cebb.org.br\/wp-content\/uploads\/2016\/06\/novo-cabecalho.jpg\" \/>\n\t<meta property=\"og:image:width\" content=\"1280\" \/>\n\t<meta property=\"og:image:height\" content=\"277\" \/>\n\t<meta property=\"og:image:type\" content=\"image\/jpeg\" \/>\n<meta name=\"twitter:card\" content=\"summary_large_image\" \/>\n<meta name=\"twitter:label1\" content=\"Dur\u00e9e de lecture estim\u00e9e\" \/>\n\t<meta name=\"twitter:data1\" content=\"3 minutes\" \/>\n<script type=\"application\/ld+json\" class=\"yoast-schema-graph\">{\"@context\":\"https:\\\/\\\/schema.org\",\"@graph\":[{\"@type\":\"WebPage\",\"@id\":\"https:\\\/\\\/cebb.org.br\\\/mandala-das-escolas-antiga\\\/\",\"url\":\"https:\\\/\\\/cebb.org.br\\\/mandala-das-escolas-antiga\\\/\",\"name\":\"Mandala das Escolas Antiga - Centro de Estudos Budistas Bodisatva\",\"isPartOf\":{\"@id\":\"https:\\\/\\\/cebb.org.br\\\/#website\"},\"primaryImageOfPage\":{\"@id\":\"https:\\\/\\\/cebb.org.br\\\/mandala-das-escolas-antiga\\\/#primaryimage\"},\"image\":{\"@id\":\"https:\\\/\\\/cebb.org.br\\\/mandala-das-escolas-antiga\\\/#primaryimage\"},\"thumbnailUrl\":\"https:\\\/\\\/cebb.org.br\\\/wp-content\\\/uploads\\\/2016\\\/06\\\/novo-cabecalho.jpg\",\"datePublished\":\"2016-06-01T19:31:46+00:00\",\"dateModified\":\"2023-08-22T22:09:39+00:00\",\"breadcrumb\":{\"@id\":\"https:\\\/\\\/cebb.org.br\\\/mandala-das-escolas-antiga\\\/#breadcrumb\"},\"inLanguage\":\"fr-FR\",\"potentialAction\":[{\"@type\":\"ReadAction\",\"target\":[\"https:\\\/\\\/cebb.org.br\\\/mandala-das-escolas-antiga\\\/\"]}]},{\"@type\":\"ImageObject\",\"inLanguage\":\"fr-FR\",\"@id\":\"https:\\\/\\\/cebb.org.br\\\/mandala-das-escolas-antiga\\\/#primaryimage\",\"url\":\"https:\\\/\\\/cebb.org.br\\\/wp-content\\\/uploads\\\/2016\\\/06\\\/novo-cabecalho.jpg\",\"contentUrl\":\"https:\\\/\\\/cebb.org.br\\\/wp-content\\\/uploads\\\/2016\\\/06\\\/novo-cabecalho.jpg\",\"width\":1280,\"height\":277},{\"@type\":\"BreadcrumbList\",\"@id\":\"https:\\\/\\\/cebb.org.br\\\/mandala-das-escolas-antiga\\\/#breadcrumb\",\"itemListElement\":[{\"@type\":\"ListItem\",\"position\":1,\"name\":\"Home\",\"item\":\"https:\\\/\\\/cebb.org.br\\\/\"},{\"@type\":\"ListItem\",\"position\":2,\"name\":\"Mandala das Escolas Antiga\"}]},{\"@type\":\"WebSite\",\"@id\":\"https:\\\/\\\/cebb.org.br\\\/#website\",\"url\":\"https:\\\/\\\/cebb.org.br\\\/\",\"name\":\"Centro de Estudos Budistas Bodisatva\",\"description\":\"Budismo, medita\u00e7\u00e3o e cultura de paz | Lama Padma Samten\",\"publisher\":{\"@id\":\"https:\\\/\\\/cebb.org.br\\\/#organization\"},\"potentialAction\":[{\"@type\":\"SearchAction\",\"target\":{\"@type\":\"EntryPoint\",\"urlTemplate\":\"https:\\\/\\\/cebb.org.br\\\/?s={search_term_string}\"},\"query-input\":{\"@type\":\"PropertyValueSpecification\",\"valueRequired\":true,\"valueName\":\"search_term_string\"}}],\"inLanguage\":\"fr-FR\"},{\"@type\":\"Organization\",\"@id\":\"https:\\\/\\\/cebb.org.br\\\/#organization\",\"name\":\"Centro de Estudos Budistas Bodisatva\",\"url\":\"https:\\\/\\\/cebb.org.br\\\/\",\"logo\":{\"@type\":\"ImageObject\",\"inLanguage\":\"fr-FR\",\"@id\":\"https:\\\/\\\/cebb.org.br\\\/#\\\/schema\\\/logo\\\/image\\\/\",\"url\":\"http:\\\/\\\/18.230.164.79\\\/wp-content\\\/uploads\\\/2011\\\/03\\\/logosalvador-peq-e1660064979551.jpg\",\"contentUrl\":\"http:\\\/\\\/18.230.164.79\\\/wp-content\\\/uploads\\\/2011\\\/03\\\/logosalvador-peq-e1660064979551.jpg\",\"width\":280,\"height\":231,\"caption\":\"Centro de Estudos Budistas Bodisatva\"},\"image\":{\"@id\":\"https:\\\/\\\/cebb.org.br\\\/#\\\/schema\\\/logo\\\/image\\\/\"},\"sameAs\":[\"https:\\\/\\\/pt-br.facebook.com\\\/cebb108\",\"https:\\\/\\\/www.instagram.com\\\/cebbcaminhodomeio\\\/\"]}]}<\/script>\n<!-- \/ Yoast SEO plugin. -->","yoast_head_json":{"title":"Mandala das Escolas Antiga - Centro de Estudos Budistas Bodisatva","robots":{"index":"index","follow":"follow","max-snippet":"max-snippet:-1","max-image-preview":"max-image-preview:large","max-video-preview":"max-video-preview:-1"},"canonical":"https:\/\/cebb.org.br\/fr\/mandala-das-escolas-antiga\/","og_locale":"fr_FR","og_type":"article","og_title":"Mandala das Escolas Antiga - Centro de Estudos Budistas Bodisatva","og_description":"Como forma de trazer benef\u00edcios amplos atrav\u00e9s da educa\u00e7\u00e3o, o CEBB ap\u00f3ia duas escolas que s\u00e3o mantidas por seu bra\u00e7o social, o Instituto Caminho do Meio, que tem como miss\u00e3o\u00a0 traduzir o\u00a0legado vivo da filosofia budista, de forma n\u00e3o religiosa, para projetos na \u00e1rea social, educacional e ambiental.Conhe\u00e7a um pouco mais de cada um dos [&hellip;]","og_url":"https:\/\/cebb.org.br\/fr\/mandala-das-escolas-antiga\/","og_site_name":"Centro de Estudos Budistas Bodisatva","article_publisher":"https:\/\/pt-br.facebook.com\/cebb108","article_modified_time":"2023-08-22T22:09:39+00:00","og_image":[{"width":1280,"height":277,"url":"https:\/\/cebb.org.br\/wp-content\/uploads\/2016\/06\/novo-cabecalho.jpg","type":"image\/jpeg"}],"twitter_card":"summary_large_image","twitter_misc":{"Dur\u00e9e de lecture estim\u00e9e":"3 minutes"},"schema":{"@context":"https:\/\/schema.org","@graph":[{"@type":"WebPage","@id":"https:\/\/cebb.org.br\/mandala-das-escolas-antiga\/","url":"https:\/\/cebb.org.br\/mandala-das-escolas-antiga\/","name":"Mandala das Escolas Antiga - Centro de Estudos Budistas Bodisatva","isPartOf":{"@id":"https:\/\/cebb.org.br\/#website"},"primaryImageOfPage":{"@id":"https:\/\/cebb.org.br\/mandala-das-escolas-antiga\/#primaryimage"},"image":{"@id":"https:\/\/cebb.org.br\/mandala-das-escolas-antiga\/#primaryimage"},"thumbnailUrl":"https:\/\/cebb.org.br\/wp-content\/uploads\/2016\/06\/novo-cabecalho.jpg","datePublished":"2016-06-01T19:31:46+00:00","dateModified":"2023-08-22T22:09:39+00:00","breadcrumb":{"@id":"https:\/\/cebb.org.br\/mandala-das-escolas-antiga\/#breadcrumb"},"inLanguage":"fr-FR","potentialAction":[{"@type":"ReadAction","target":["https:\/\/cebb.org.br\/mandala-das-escolas-antiga\/"]}]},{"@type":"ImageObject","inLanguage":"fr-FR","@id":"https:\/\/cebb.org.br\/mandala-das-escolas-antiga\/#primaryimage","url":"https:\/\/cebb.org.br\/wp-content\/uploads\/2016\/06\/novo-cabecalho.jpg","contentUrl":"https:\/\/cebb.org.br\/wp-content\/uploads\/2016\/06\/novo-cabecalho.jpg","width":1280,"height":277},{"@type":"BreadcrumbList","@id":"https:\/\/cebb.org.br\/mandala-das-escolas-antiga\/#breadcrumb","itemListElement":[{"@type":"ListItem","position":1,"name":"Home","item":"https:\/\/cebb.org.br\/"},{"@type":"ListItem","position":2,"name":"Mandala das Escolas Antiga"}]},{"@type":"WebSite","@id":"https:\/\/cebb.org.br\/#website","url":"https:\/\/cebb.org.br\/","name":"Centre d\u2019\u00c9tudes Bouddhistes Bodisatva (CEBB)","description":"Budismo, medita\u00e7\u00e3o e cultura de paz | Lama Padma Samten","publisher":{"@id":"https:\/\/cebb.org.br\/#organization"},"potentialAction":[{"@type":"SearchAction","target":{"@type":"EntryPoint","urlTemplate":"https:\/\/cebb.org.br\/?s={search_term_string}"},"query-input":{"@type":"PropertyValueSpecification","valueRequired":true,"valueName":"search_term_string"}}],"inLanguage":"fr-FR"},{"@type":"Organization","@id":"https:\/\/cebb.org.br\/#organization","name":"Centre d\u2019\u00c9tudes Bouddhistes Bodisatva (CEBB)","url":"https:\/\/cebb.org.br\/","logo":{"@type":"ImageObject","inLanguage":"fr-FR","@id":"https:\/\/cebb.org.br\/#\/schema\/logo\/image\/","url":"http:\/\/18.230.164.79\/wp-content\/uploads\/2011\/03\/logosalvador-peq-e1660064979551.jpg","contentUrl":"http:\/\/18.230.164.79\/wp-content\/uploads\/2011\/03\/logosalvador-peq-e1660064979551.jpg","width":280,"height":231,"caption":"Centro de Estudos Budistas Bodisatva"},"image":{"@id":"https:\/\/cebb.org.br\/#\/schema\/logo\/image\/"},"sameAs":["https:\/\/pt-br.facebook.com\/cebb108","https:\/\/www.instagram.com\/cebbcaminhodomeio\/"]}]}},"_links":{"self":[{"href":"https:\/\/cebb.org.br\/fr\/wp-json\/wp\/v2\/pages\/32427","targetHints":{"allow":["GET"]}}],"collection":[{"href":"https:\/\/cebb.org.br\/fr\/wp-json\/wp\/v2\/pages"}],"about":[{"href":"https:\/\/cebb.org.br\/fr\/wp-json\/wp\/v2\/types\/page"}],"author":[{"embeddable":true,"href":"https:\/\/cebb.org.br\/fr\/wp-json\/wp\/v2\/users\/4"}],"replies":[{"embeddable":true,"href":"https:\/\/cebb.org.br\/fr\/wp-json\/wp\/v2\/comments?post=32427"}],"version-history":[{"count":5,"href":"https:\/\/cebb.org.br\/fr\/wp-json\/wp\/v2\/pages\/32427\/revisions"}],"predecessor-version":[{"id":97940,"href":"https:\/\/cebb.org.br\/fr\/wp-json\/wp\/v2\/pages\/32427\/revisions\/97940"}],"wp:featuredmedia":[{"embeddable":true,"href":"https:\/\/cebb.org.br\/fr\/wp-json\/wp\/v2\/media\/32436"}],"wp:attachment":[{"href":"https:\/\/cebb.org.br\/fr\/wp-json\/wp\/v2\/media?parent=32427"}],"curies":[{"name":"wp","href":"https:\/\/api.w.org\/{rel}","templated":true}]}}