{"id":79717,"date":"2020-09-14T07:15:53","date_gmt":"2020-09-14T10:15:53","guid":{"rendered":"http:\/\/www.cebb.org.br\/?page_id=79717"},"modified":"2020-09-14T07:15:53","modified_gmt":"2020-09-14T10:15:53","slug":"transmissao-retiro-plena-atencao-lucida","status":"publish","type":"page","link":"https:\/\/cebb.org.br\/fr\/transmissao-retiro-plena-atencao-lucida\/","title":{"rendered":"Transmiss\u00e3o do Retiro de Medita\u00e7\u00e3o on-line &quot;Desenvolvendo a Plena Aten\u00e7\u00e3o L\u00facida&quot;"},"content":{"rendered":"<p>Retiro on-line de Medita\u00e7\u00e3o com Lama Padma Samten, <strong>Desenvolvendo a Plena Aten\u00e7\u00e3o L\u00facida<\/strong>, transmitida ao vivo nos dias 26 e 27 de setembro de 2020. Aqui voc\u00ea encontra a grava\u00e7\u00e3o do evento, que permanecer\u00e1 dispon\u00edveis para inscritos &#8211; mesmo os que se inscreverem depois do retiro ter terminado.<\/p>\n<div class=\"destaq\"><strong>\u00b7 IMPORTANTE \u00b7\u00a0<\/strong>Por favor, n\u00e3o compartilhe esta p\u00e1gina, v\u00eddeos, links ou documentos aqui listados. Cada praticante aproveita melhor os ensinamentos quando manifesta interesse e se alegra em apoiar o movimento dos mestres. Se quiser compartilhar a alegria deste encontro com mais pessoas, convide-as a\u00a0<a href=\"https:\/\/forms.gle\/dwYZnrgtz1FnNjSK6\" target=\"_blank\" rel=\"noopener\">tamb\u00e9m fazer a inscri\u00e7\u00e3o<\/a>, mesmo ap\u00f3s a palestra.<\/div>\n<h3>Lista de Sess\u00f5es<\/h3>\n<p><strong>S\u00e1bado &#8211; 26\/09\/2020<br \/>\n&#8212;<\/strong><br \/>\n<strong>. 10h \u00e0s 12h | Abertura | <a href=\"https:\/\/www.youtube.com\/watch?v=_CJmTVbpkCI&amp;feature=youtu.be\">Sess\u00e3o #1<\/a><\/strong><br \/>\n<strong>. 15h \u00e0s 17h | Tarde | <a href=\"https:\/\/youtu.be\/IiD5Dmm16Ag\">Sess\u00e3o #2<\/a><\/strong><br \/>\n<strong>. 20h \u00e0s 21:30 | Noite | Prajna Paramita e Buda da Medicina &#8211; Perguntas e Respostas | <\/strong><a href=\"https:\/\/youtu.be\/JBRG6LETf8s\"><strong>Sess\u00e3o #3<\/strong><br \/>\n<\/a><br \/>\n<strong>Domingo &#8211; 27\/09\/2020<br \/>\n&#8212;<\/strong><br \/>\n<strong>. 10h \u00e0s 12h | Manh\u00e3 | <a href=\"https:\/\/youtu.be\/fnn7kH503Q8\">Sess\u00e3o #4<\/a><\/strong><br \/>\n<strong>. 15h \u00e0s 17h | Tarde | <\/strong><a href=\"https:\/\/youtu.be\/7-gRgt225ko\"><strong>Sess\u00e3o #5<\/strong> <\/a><br \/>\n<strong>. 20h \u00e0s 21:30 | Noite | Prajna Paramita e Buda da Medicina &#8211; Perguntas e Respostas | <a href=\"https:\/\/youtu.be\/GO-0M6G590Q\">Sess\u00e3o #6<\/a><\/strong><\/p>\n<h3>Pr\u00e1tica de Generosidade<\/h3>\n<p>Tradicionalmente, as atividades do Darma s\u00e3o sustentadas pela pr\u00e1tica da generosidade (Dana paramita), que \u00e9 o que torna poss\u00edvel a continuidade dos ensinamentos desde os tempos do Buda, permitindo o surgimento e a sustenta\u00e7\u00e3o dos centros de estudos, medita\u00e7\u00e3o e acolhimento e as iniciativas de educa\u00e7\u00e3o, prote\u00e7\u00e3o ambiental, Terras Puras e Cultura de Paz. Sua contribui\u00e7\u00e3o apoia diretamente as atividades do Lama Padma Samten e a sustenta\u00e7\u00e3o dos CEBBs Caminho do Meio, Jetavana e Bacupari.<br \/>\nPara contribui\u00e7\u00f5es de dentro do Brasil, os dados banc\u00e1rios para doa\u00e7\u00e3o s\u00e3o:<\/p>\n<blockquote><p><em>Banco do Brasil (001) <\/em><br \/>\n<em>Ag\u00eancia: 0446-4 <\/em><br \/>\n<em>Conta corrente: 37276-5<\/em><br \/>\n<em>Centro de Estudos Budistas Bodisatva Darmata<\/em><br \/>\n<em>CNPJ 11.193.126\/0001-46<\/em><\/p><\/blockquote>\n<p>Para contribui\u00e7\u00f5es de fora do Brasil, entre em contato com <strong>conexaodarmata@gmail.com<\/strong><\/p>\n<h3>Contato<\/h3>\n<p>Se tiver d\u00favidas, conte conosco, escreva para <strong>conexaodarmata@gmail.com<\/strong>\u00a0ou pelo WhatsApp\u00a0<strong>(81) 99229-2904<\/strong>.<\/p>","protected":false},"excerpt":{"rendered":"<p>Retiro on-line de Medita\u00e7\u00e3o com Lama Padma Samten, Desenvolvendo a Plena Aten\u00e7\u00e3o L\u00facida, transmitida ao vivo nos dias 26 e 27 de setembro de 2020. Aqui voc\u00ea encontra a grava\u00e7\u00e3o do evento, que permanecer\u00e1 dispon\u00edveis para inscritos &#8211; mesmo os que se inscreverem depois do retiro ter terminado. \u00b7 IMPORTANTE \u00b7\u00a0Por favor, n\u00e3o compartilhe esta [&hellip;]<\/p>\n","protected":false},"author":1,"featured_media":0,"parent":0,"menu_order":0,"comment_status":"closed","ping_status":"open","template":"template-full.php","meta":{"footnotes":""},"class_list":["post-79717","page","type-page","status-publish","hentry"],"yoast_head":"<!-- This site is optimized with the Yoast SEO plugin v27.5 - https:\/\/yoast.com\/product\/yoast-seo-wordpress\/ -->\n<title>Transmiss\u00e3o do Retiro de Medita\u00e7\u00e3o on-line &quot;Desenvolvendo a Plena Aten\u00e7\u00e3o L\u00facida&quot; - Centro de Estudos Budistas Bodisatva<\/title>\n<meta name=\"robots\" content=\"index, follow, max-snippet:-1, max-image-preview:large, max-video-preview:-1\" \/>\n<link rel=\"canonical\" href=\"https:\/\/cebb.org.br\/fr\/transmissao-retiro-plena-atencao-lucida\/\" \/>\n<meta property=\"og:locale\" content=\"fr_FR\" \/>\n<meta property=\"og:type\" content=\"article\" \/>\n<meta property=\"og:title\" content=\"Transmiss\u00e3o do Retiro de Medita\u00e7\u00e3o on-line &quot;Desenvolvendo a Plena Aten\u00e7\u00e3o L\u00facida&quot; - Centro de Estudos Budistas Bodisatva\" \/>\n<meta property=\"og:description\" content=\"Retiro on-line de Medita\u00e7\u00e3o com Lama Padma Samten, Desenvolvendo a Plena Aten\u00e7\u00e3o L\u00facida, transmitida ao vivo nos dias 26 e 27 de setembro de 2020. Aqui voc\u00ea encontra a grava\u00e7\u00e3o do evento, que permanecer\u00e1 dispon\u00edveis para inscritos &#8211; mesmo os que se inscreverem depois do retiro ter terminado. \u00b7 IMPORTANTE \u00b7\u00a0Por favor, n\u00e3o compartilhe esta [&hellip;]\" \/>\n<meta property=\"og:url\" content=\"https:\/\/cebb.org.br\/fr\/transmissao-retiro-plena-atencao-lucida\/\" \/>\n<meta property=\"og:site_name\" content=\"Centro de Estudos Budistas Bodisatva\" \/>\n<meta property=\"article:publisher\" content=\"https:\/\/pt-br.facebook.com\/cebb108\" \/>\n<meta name=\"twitter:card\" content=\"summary_large_image\" \/>\n<meta name=\"twitter:label1\" content=\"Dur\u00e9e de lecture estim\u00e9e\" \/>\n\t<meta name=\"twitter:data1\" content=\"2 minutes\" \/>\n<script type=\"application\/ld+json\" class=\"yoast-schema-graph\">{\"@context\":\"https:\\\/\\\/schema.org\",\"@graph\":[{\"@type\":\"WebPage\",\"@id\":\"https:\\\/\\\/cebb.org.br\\\/transmissao-retiro-plena-atencao-lucida\\\/\",\"url\":\"https:\\\/\\\/cebb.org.br\\\/transmissao-retiro-plena-atencao-lucida\\\/\",\"name\":\"Transmiss\u00e3o do Retiro de Medita\u00e7\u00e3o on-line &quot;Desenvolvendo a Plena Aten\u00e7\u00e3o L\u00facida&quot; - Centro de Estudos Budistas Bodisatva\",\"isPartOf\":{\"@id\":\"https:\\\/\\\/cebb.org.br\\\/#website\"},\"datePublished\":\"2020-09-14T10:15:53+00:00\",\"breadcrumb\":{\"@id\":\"https:\\\/\\\/cebb.org.br\\\/transmissao-retiro-plena-atencao-lucida\\\/#breadcrumb\"},\"inLanguage\":\"fr-FR\",\"potentialAction\":[{\"@type\":\"ReadAction\",\"target\":[\"https:\\\/\\\/cebb.org.br\\\/transmissao-retiro-plena-atencao-lucida\\\/\"]}]},{\"@type\":\"BreadcrumbList\",\"@id\":\"https:\\\/\\\/cebb.org.br\\\/transmissao-retiro-plena-atencao-lucida\\\/#breadcrumb\",\"itemListElement\":[{\"@type\":\"ListItem\",\"position\":1,\"name\":\"Home\",\"item\":\"https:\\\/\\\/cebb.org.br\\\/\"},{\"@type\":\"ListItem\",\"position\":2,\"name\":\"Transmiss\u00e3o do Retiro de Medita\u00e7\u00e3o on-line &quot;Desenvolvendo a Plena Aten\u00e7\u00e3o L\u00facida&quot;\"}]},{\"@type\":\"WebSite\",\"@id\":\"https:\\\/\\\/cebb.org.br\\\/#website\",\"url\":\"https:\\\/\\\/cebb.org.br\\\/\",\"name\":\"Centro de Estudos Budistas Bodisatva\",\"description\":\"Budismo, medita\u00e7\u00e3o e cultura de paz | Lama Padma Samten\",\"publisher\":{\"@id\":\"https:\\\/\\\/cebb.org.br\\\/#organization\"},\"potentialAction\":[{\"@type\":\"SearchAction\",\"target\":{\"@type\":\"EntryPoint\",\"urlTemplate\":\"https:\\\/\\\/cebb.org.br\\\/?s={search_term_string}\"},\"query-input\":{\"@type\":\"PropertyValueSpecification\",\"valueRequired\":true,\"valueName\":\"search_term_string\"}}],\"inLanguage\":\"fr-FR\"},{\"@type\":\"Organization\",\"@id\":\"https:\\\/\\\/cebb.org.br\\\/#organization\",\"name\":\"Centro de Estudos Budistas Bodisatva\",\"url\":\"https:\\\/\\\/cebb.org.br\\\/\",\"logo\":{\"@type\":\"ImageObject\",\"inLanguage\":\"fr-FR\",\"@id\":\"https:\\\/\\\/cebb.org.br\\\/#\\\/schema\\\/logo\\\/image\\\/\",\"url\":\"http:\\\/\\\/18.230.164.79\\\/wp-content\\\/uploads\\\/2011\\\/03\\\/logosalvador-peq-e1660064979551.jpg\",\"contentUrl\":\"http:\\\/\\\/18.230.164.79\\\/wp-content\\\/uploads\\\/2011\\\/03\\\/logosalvador-peq-e1660064979551.jpg\",\"width\":280,\"height\":231,\"caption\":\"Centro de Estudos Budistas Bodisatva\"},\"image\":{\"@id\":\"https:\\\/\\\/cebb.org.br\\\/#\\\/schema\\\/logo\\\/image\\\/\"},\"sameAs\":[\"https:\\\/\\\/pt-br.facebook.com\\\/cebb108\",\"https:\\\/\\\/www.instagram.com\\\/cebbcaminhodomeio\\\/\"]}]}<\/script>\n<!-- \/ Yoast SEO plugin. -->","yoast_head_json":{"title":"Transmiss\u00e3o do Retiro de Medita\u00e7\u00e3o on-line &quot;Desenvolvendo a Plena Aten\u00e7\u00e3o L\u00facida&quot; - Centro de Estudos Budistas Bodisatva","robots":{"index":"index","follow":"follow","max-snippet":"max-snippet:-1","max-image-preview":"max-image-preview:large","max-video-preview":"max-video-preview:-1"},"canonical":"https:\/\/cebb.org.br\/fr\/transmissao-retiro-plena-atencao-lucida\/","og_locale":"fr_FR","og_type":"article","og_title":"Transmiss\u00e3o do Retiro de Medita\u00e7\u00e3o on-line &quot;Desenvolvendo a Plena Aten\u00e7\u00e3o L\u00facida&quot; - Centro de Estudos Budistas Bodisatva","og_description":"Retiro on-line de Medita\u00e7\u00e3o com Lama Padma Samten, Desenvolvendo a Plena Aten\u00e7\u00e3o L\u00facida, transmitida ao vivo nos dias 26 e 27 de setembro de 2020. Aqui voc\u00ea encontra a grava\u00e7\u00e3o do evento, que permanecer\u00e1 dispon\u00edveis para inscritos &#8211; mesmo os que se inscreverem depois do retiro ter terminado. \u00b7 IMPORTANTE \u00b7\u00a0Por favor, n\u00e3o compartilhe esta [&hellip;]","og_url":"https:\/\/cebb.org.br\/fr\/transmissao-retiro-plena-atencao-lucida\/","og_site_name":"Centro de Estudos Budistas Bodisatva","article_publisher":"https:\/\/pt-br.facebook.com\/cebb108","twitter_card":"summary_large_image","twitter_misc":{"Dur\u00e9e de lecture estim\u00e9e":"2 minutes"},"schema":{"@context":"https:\/\/schema.org","@graph":[{"@type":"WebPage","@id":"https:\/\/cebb.org.br\/transmissao-retiro-plena-atencao-lucida\/","url":"https:\/\/cebb.org.br\/transmissao-retiro-plena-atencao-lucida\/","name":"Transmiss\u00e3o do Retiro de Medita\u00e7\u00e3o on-line &quot;Desenvolvendo a Plena Aten\u00e7\u00e3o L\u00facida&quot; - Centro de Estudos Budistas Bodisatva","isPartOf":{"@id":"https:\/\/cebb.org.br\/#website"},"datePublished":"2020-09-14T10:15:53+00:00","breadcrumb":{"@id":"https:\/\/cebb.org.br\/transmissao-retiro-plena-atencao-lucida\/#breadcrumb"},"inLanguage":"fr-FR","potentialAction":[{"@type":"ReadAction","target":["https:\/\/cebb.org.br\/transmissao-retiro-plena-atencao-lucida\/"]}]},{"@type":"BreadcrumbList","@id":"https:\/\/cebb.org.br\/transmissao-retiro-plena-atencao-lucida\/#breadcrumb","itemListElement":[{"@type":"ListItem","position":1,"name":"Home","item":"https:\/\/cebb.org.br\/"},{"@type":"ListItem","position":2,"name":"Transmiss\u00e3o do Retiro de Medita\u00e7\u00e3o on-line &quot;Desenvolvendo a Plena Aten\u00e7\u00e3o L\u00facida&quot;"}]},{"@type":"WebSite","@id":"https:\/\/cebb.org.br\/#website","url":"https:\/\/cebb.org.br\/","name":"Centre d\u2019\u00c9tudes Bouddhistes Bodisatva (CEBB)","description":"Budismo, medita\u00e7\u00e3o e cultura de paz | Lama Padma Samten","publisher":{"@id":"https:\/\/cebb.org.br\/#organization"},"potentialAction":[{"@type":"SearchAction","target":{"@type":"EntryPoint","urlTemplate":"https:\/\/cebb.org.br\/?s={search_term_string}"},"query-input":{"@type":"PropertyValueSpecification","valueRequired":true,"valueName":"search_term_string"}}],"inLanguage":"fr-FR"},{"@type":"Organization","@id":"https:\/\/cebb.org.br\/#organization","name":"Centre d\u2019\u00c9tudes Bouddhistes Bodisatva (CEBB)","url":"https:\/\/cebb.org.br\/","logo":{"@type":"ImageObject","inLanguage":"fr-FR","@id":"https:\/\/cebb.org.br\/#\/schema\/logo\/image\/","url":"http:\/\/18.230.164.79\/wp-content\/uploads\/2011\/03\/logosalvador-peq-e1660064979551.jpg","contentUrl":"http:\/\/18.230.164.79\/wp-content\/uploads\/2011\/03\/logosalvador-peq-e1660064979551.jpg","width":280,"height":231,"caption":"Centro de Estudos Budistas Bodisatva"},"image":{"@id":"https:\/\/cebb.org.br\/#\/schema\/logo\/image\/"},"sameAs":["https:\/\/pt-br.facebook.com\/cebb108","https:\/\/www.instagram.com\/cebbcaminhodomeio\/"]}]}},"_links":{"self":[{"href":"https:\/\/cebb.org.br\/fr\/wp-json\/wp\/v2\/pages\/79717","targetHints":{"allow":["GET"]}}],"collection":[{"href":"https:\/\/cebb.org.br\/fr\/wp-json\/wp\/v2\/pages"}],"about":[{"href":"https:\/\/cebb.org.br\/fr\/wp-json\/wp\/v2\/types\/page"}],"author":[{"embeddable":true,"href":"https:\/\/cebb.org.br\/fr\/wp-json\/wp\/v2\/users\/1"}],"replies":[{"embeddable":true,"href":"https:\/\/cebb.org.br\/fr\/wp-json\/wp\/v2\/comments?post=79717"}],"version-history":[{"count":0,"href":"https:\/\/cebb.org.br\/fr\/wp-json\/wp\/v2\/pages\/79717\/revisions"}],"wp:attachment":[{"href":"https:\/\/cebb.org.br\/fr\/wp-json\/wp\/v2\/media?parent=79717"}],"curies":[{"name":"wp","href":"https:\/\/api.w.org\/{rel}","templated":true}]}}