{"id":93969,"date":"2022-11-28T16:44:11","date_gmt":"2022-11-28T19:44:11","guid":{"rendered":"https:\/\/cebb.org.br\/?page_id=93969"},"modified":"2022-12-17T08:38:28","modified_gmt":"2022-12-17T11:38:28","slug":"retiro-como-lidar-com-conflitos-e-convergencias-pela-visao-de-terra-pura-pagina-de-acompanhamento","status":"publish","type":"page","link":"https:\/\/cebb.org.br\/fr\/retiro-como-lidar-com-conflitos-e-convergencias-pela-visao-de-terra-pura-pagina-de-acompanhamento\/","title":{"rendered":"RETIRO &#8211; COMO LIDAR COM CONFLITOS E CONVERG\u00caNCIAS PELA VIS\u00c3O DE TERRA PURA? &#8211; P\u00c1GINA DE ACOMPANHAMENTO"},"content":{"rendered":"<p><span style=\"font-weight: 400;\">Ensinamentos com Lama Padma Samten no\u00a0<\/span><b>Retiro | <\/b><b>COMO LIDAR COM CONFLITOS E CONVERG\u00caNCIAS PELA VIS\u00c3O DE TERRA PURA?<\/b><span style=\"font-weight: 400;\">, transmitido ao vivo nos dias\u00a016, 17 e 18\u00a0 de dezembro de\u00a0 2022. Aqui voc\u00ea encontra as grava\u00e7\u00f5es de todas as sess\u00f5es, que permanecer\u00e3o dispon\u00edveis para inscritos \u2013\u00a0<\/span><i><span style=\"font-weight: 400;\">mesmo os que se inscreverem depois do retiro ter terminado.<\/span><\/i><\/p>\n<ul>\n<li><b> IMPORTANTE \u00b7\u00a0<\/b><span style=\"font-weight: 400;\">Por favor, n\u00e3o compartilhe esta p\u00e1gina, v\u00eddeos, links ou documentos aqui listados. Cada praticante aproveita melhor os ensinamentos quando manifesta interesse e se alegra em apoiar o movimento dos mestres. Se quiser compartilhar a alegria deste retiro com mais pessoas, convide-as a\u00a0tamb\u00e9m fazer a inscri\u00e7\u00e3o, mesmo ap\u00f3s o retiro.<\/span><\/li>\n<\/ul>\n<p><span style=\"font-weight: 400;\">Transmiss\u00e3o ao vivo<\/span><\/p>\n<p><span style=\"font-weight: 400;\">Antes de cada sess\u00e3o\u00a0atualize esta p\u00e1gina\u00a0para garantir que esteja visualizando o conte\u00fado mais recente.<\/span><\/p>\n<p><span style=\"font-weight: 400;\">Voc\u00ea pode assistir pela\u00a0<\/span><a href=\"https:\/\/us06web.zoom.us\/j\/86446962968?pwd=OUtqbjVRbE9RS2tiUjJLSjgvbWFlUT09\"><b>Sala do Zoom \u2013 (clique aqui)<\/b><\/a><b>, ID da reuni\u00e3o: 864 4696 2968<\/b><span style=\"font-weight: 400;\">, senha de acesso: 108 e pode acompanhar a pr\u00f3xima sess\u00e3o no v\u00eddeo abaixo ou pode ainda ver diretamente no YouTube.<\/span><\/p>\n<p><span style=\"color: #800000;\"><a style=\"color: #800000;\" href=\"https:\/\/cebb.org.br\/fr\/preces\/\"><b>Preces<\/b><\/a><\/span><span style=\"font-weight: 400;\"><span style=\"color: #800000;\">\u00a0<\/span>\u00a0<\/span><\/p>\n<p><span style=\"color: #800000;\"><b><span style=\"color: #800000;\">Playlist do Youtube<\/span> (clique nos links)<\/b><\/span><br \/>\n<a href=\"https:\/\/youtu.be\/7Rk_RlnyYvM\">Puja da sexta &#8211; 19h<\/a><br \/>\n<a href=\"https:\/\/youtu.be\/jaqU-qAiyno\">S\u00e1bado &#8211; \u00a0manh\u00e3<\/a><br \/>\n<a href=\"https:\/\/youtu.be\/fYEbQfUUT3s\">S\u00e1bado &#8211; \u00a0tarde<\/a><br \/>\n<a href=\"https:\/\/youtu.be\/ZBMiXjIc5iE\">Puja do s\u00e1bado -19h<\/a><br \/>\n<a href=\"https:\/\/youtu.be\/EMXnGQgBJZw\">Domingo &#8211; manh\u00e3<\/a><\/p>\n<h3><b>Programa\u00e7\u00e3o do Retiro<\/b><\/h3>\n<p><span style=\"font-weight: 400;\">Os hor\u00e1rios e a programa\u00e7\u00e3o dos retiros est\u00e3o sujeitos a altera\u00e7\u00f5es<\/span><\/p>\n<p><b><i>Sexta-feira | 16\/12\/22<\/i><\/b><br \/>\n19h \u00e0s 20h \u2013 Puja<br \/>\n20h \u00e0s 21:30 \u2013 <strong>In\u00edcio do Retiro<\/strong> com ensinamentos &#8211;\u00a0\u00a0<a href=\"https:\/\/us06web.zoom.us\/j\/7298927661?pwd=dGZEQlJ1NzNjeWVXWXd2SDlvQ2ZLQT09\"><b>Sala Zoom<\/b><\/a><b> e <a href=\"https:\/\/www.youtube.com\/watch?v=7Rk_RlnyYvM&amp;feature=youtu.be\">Link do Youtube<\/a><br \/>\n<\/b><\/p>\n<p><b><i>S\u00e1bado | 17\/12\/22<\/i><\/b><br \/>\n5h30 \u00e0s\u00a0 6h30 | Puja \u2013 N\u00e3o ser\u00e1 transmitido<br \/>\n08h \u00e0s 09h | Medita\u00e7\u00e3o\u00a0\u2013 <a href=\"https:\/\/us06web.zoom.us\/j\/86446962968?pwd=OUtqbjVRbE9RS2tiUjJLSjgvbWFlUT09\"><b>Sala Zoom<\/b><\/a><br \/>\n9h \u2013 11h | Ensinamentos \u2013 <a href=\"https:\/\/us06web.zoom.us\/j\/86446962968?pwd=OUtqbjVRbE9RS2tiUjJLSjgvbWFlUT09\"><b>Sala Zoom<\/b><b>\u00a0<\/b><\/a> e <strong><a href=\"https:\/\/www.youtube.com\/watch?v=jaqU-qAiyno&amp;feature=youtu.be\">Link do Youtube<\/a><\/strong><br \/>\n14h \u00e0s 15h00 | Medita\u00e7\u00e3o \u00a0&#8211; <a href=\"https:\/\/us06web.zoom.us\/j\/86446962968?pwd=OUtqbjVRbE9RS2tiUjJLSjgvbWFlUT09\"><b>Sala Zoom<\/b><\/a><b>\u00a0<\/b><br \/>\n15h \u00e0s 17h | Ensinamentos \u2013 <a href=\"https:\/\/us06web.zoom.us\/j\/86446962968?pwd=OUtqbjVRbE9RS2tiUjJLSjgvbWFlUT09\"><b>Sala Zoom<\/b><b> <\/b><\/a> e <strong><a href=\"https:\/\/www.youtube.com\/watch?v=fYEbQfUUT3s&amp;feature=youtu.be\">Link do Youtube<\/a><\/strong><br \/>\n19h \u00e0s 20h| Puja da Noite \u2013 Perguntas e Respostas \u2013 <a href=\"https:\/\/us06web.zoom.us\/j\/7298927661?pwd=dGZEQlJ1NzNjeWVXWXd2SDlvQ2ZLQT09\"><b>Sala Zoom<\/b><\/a><b>\u00a0 e <a href=\"https:\/\/www.youtube.com\/watch?v=ZBMiXjIc5iE&amp;feature=youtu.be\">Link do Youtube<\/a><br \/>\n<\/b><\/p>\n<p><b><i>Domingo| 18\/012\/22<\/i><\/b><br \/>\n5h30 \u00e0s\u00a0 6h30 | Puja\u00a0 &#8211; N\u00e3o ser\u00e1 transmitido<br \/>\n08h \u00e0s 09h | Medita\u00e7\u00e3o\u00a0\u2013 <a href=\"https:\/\/us06web.zoom.us\/j\/86446962968?pwd=OUtqbjVRbE9RS2tiUjJLSjgvbWFlUT09\"><b>Sala Zoom<\/b><\/a><b>\u00a0<\/b><br \/>\n9h \u2013 11h | Ensinamentos &#8211;<a href=\"https:\/\/us06web.zoom.us\/j\/86446962968?pwd=OUtqbjVRbE9RS2tiUjJLSjgvbWFlUT09\"> <b>Sala Zoom<\/b><b>\u00a0<\/b><\/a> e <a href=\"https:\/\/www.youtube.com\/watch?v=EMXnGQgBJZw&amp;feature=youtu.be\"><strong>Link do Youtube<\/strong><\/a><br \/>\n12h | Encerramento \u2013 <b><a href=\"https:\/\/us06web.zoom.us\/j\/86446962968?pwd=OUtqbjVRbE9RS2tiUjJLSjgvbWFlUT09\"> Sala Zoom<\/a>\u00a0<\/b><\/p>\n<p><b>Contribui\u00e7\u00e3o<\/b><\/p>\n<p><span style=\"font-weight: 400;\">Sua inscri\u00e7\u00e3o independe de uma contribui\u00e7\u00e3o financeira.<\/span><span style=\"font-weight: 400;\">Caso lhe seja poss\u00edvel contribuir, o valor sugerido do retiro \u00e9 de R$150,00.<\/span><\/p>\n<p><span style=\"font-weight: 400;\">Sua contribui\u00e7\u00e3o apoiar\u00e1 o CEBB de Alto Para\u00edso, as atividades do Lama Padma Samten e os projetos do CEBB Bacopari, um conjunto de constru\u00e7\u00f5es destinadas a apoiar os v\u00e1rios formatos de retiros para o aprofundamento das pr\u00e1ticas de vis\u00e3o, medita\u00e7\u00e3o e a\u00e7\u00e3o l\u00facida sob a condu\u00e7\u00e3o direta do Lama Padma Samten.<\/span><\/p>\n<p><span style=\"font-weight: 400;\">A pr\u00e1tica da Dana Paramita \u2013 perfei\u00e7\u00e3o da generosidade \u2013 torna poss\u00edvel a continuidade dos ensinamentos desde os tempos do Buda. As seis paramitas \u2013 generosidade, moralidade, paz, energia constante, concentra\u00e7\u00e3o e sabedoria \u2013 inspiram a pr\u00e1tica e s\u00e3o a base geradora e sustentadora dos centros de estudos, medita\u00e7\u00e3o, acolhimento e das iniciativas de educa\u00e7\u00e3o, prote\u00e7\u00e3o ambiental, Terras Puras,\u00a0 Cultura de Paz da Sanga CEBB.<\/span><\/p>\n<p><span style=\"font-weight: 400;\">A\u00e7\u00e3o Paramita<\/span><br \/>\n<span style=\"font-weight: 400;\">PIX: CNPJ 34.079.867\/0001-04<\/span><br \/>\n<span style=\"font-weight: 400;\">Banco do Brasil (001)<\/span><br \/>\n<span style=\"font-weight: 400;\">Ag\u00eancia: 0628-9<\/span><br \/>\n<span style=\"font-weight: 400;\">Conta corrente: 108999-4<\/span><\/p>\n<p><b>Contato<\/b><\/p>\n<p><span style=\"font-weight: 400;\">Se tiver d\u00favidas, entre em contato conosco, escreva para\u00a0<\/span><b>eventoscebbco@gmail.com\u00a0<\/b><span style=\"font-weight: 400;\">ou pelo WhatsApp Inez (61) 99954-1400 (11) 9744-68375<\/span><\/p>\n<p>&nbsp;<\/p>","protected":false},"excerpt":{"rendered":"<p>Ensinamentos com Lama Padma Samten no\u00a0Retiro | COMO LIDAR COM CONFLITOS E CONVERG\u00caNCIAS PELA VIS\u00c3O DE TERRA PURA?, transmitido ao vivo nos dias\u00a016, 17 e 18\u00a0 de dezembro de\u00a0 2022. Aqui voc\u00ea encontra as grava\u00e7\u00f5es de todas as sess\u00f5es, que permanecer\u00e3o dispon\u00edveis para inscritos \u2013\u00a0mesmo os que se inscreverem depois do retiro ter terminado. IMPORTANTE [&hellip;]<\/p>\n","protected":false},"author":100,"featured_media":0,"parent":0,"menu_order":0,"comment_status":"closed","ping_status":"closed","template":"","meta":{"footnotes":""},"class_list":["post-93969","page","type-page","status-publish","hentry"],"yoast_head":"<!-- This site is optimized with the Yoast SEO plugin v27.5 - https:\/\/yoast.com\/product\/yoast-seo-wordpress\/ -->\n<title>RETIRO - COMO LIDAR COM CONFLITOS E CONVERG\u00caNCIAS PELA VIS\u00c3O DE TERRA PURA? - P\u00c1GINA DE ACOMPANHAMENTO - Centro de Estudos Budistas Bodisatva<\/title>\n<meta name=\"robots\" content=\"index, follow, max-snippet:-1, max-image-preview:large, max-video-preview:-1\" \/>\n<link rel=\"canonical\" href=\"https:\/\/cebb.org.br\/fr\/retiro-como-lidar-com-conflitos-e-convergencias-pela-visao-de-terra-pura-pagina-de-acompanhamento\/\" \/>\n<meta property=\"og:locale\" content=\"fr_FR\" \/>\n<meta property=\"og:type\" content=\"article\" \/>\n<meta property=\"og:title\" content=\"RETIRO - COMO LIDAR COM CONFLITOS E CONVERG\u00caNCIAS PELA VIS\u00c3O DE TERRA PURA? - P\u00c1GINA DE ACOMPANHAMENTO - Centro de Estudos Budistas Bodisatva\" \/>\n<meta property=\"og:description\" content=\"Ensinamentos com Lama Padma Samten no\u00a0Retiro | COMO LIDAR COM CONFLITOS E CONVERG\u00caNCIAS PELA VIS\u00c3O DE TERRA PURA?, transmitido ao vivo nos dias\u00a016, 17 e 18\u00a0 de dezembro de\u00a0 2022. Aqui voc\u00ea encontra as grava\u00e7\u00f5es de todas as sess\u00f5es, que permanecer\u00e3o dispon\u00edveis para inscritos \u2013\u00a0mesmo os que se inscreverem depois do retiro ter terminado. IMPORTANTE [&hellip;]\" \/>\n<meta property=\"og:url\" content=\"https:\/\/cebb.org.br\/fr\/retiro-como-lidar-com-conflitos-e-convergencias-pela-visao-de-terra-pura-pagina-de-acompanhamento\/\" \/>\n<meta property=\"og:site_name\" content=\"Centro de Estudos Budistas Bodisatva\" \/>\n<meta property=\"article:publisher\" content=\"https:\/\/pt-br.facebook.com\/cebb108\" \/>\n<meta property=\"article:modified_time\" content=\"2022-12-17T11:38:28+00:00\" \/>\n<meta name=\"twitter:card\" content=\"summary_large_image\" \/>\n<meta name=\"twitter:label1\" content=\"Dur\u00e9e de lecture estim\u00e9e\" \/>\n\t<meta name=\"twitter:data1\" content=\"3 minutes\" \/>\n<script type=\"application\/ld+json\" class=\"yoast-schema-graph\">{\"@context\":\"https:\\\/\\\/schema.org\",\"@graph\":[{\"@type\":\"WebPage\",\"@id\":\"https:\\\/\\\/cebb.org.br\\\/retiro-como-lidar-com-conflitos-e-convergencias-pela-visao-de-terra-pura-pagina-de-acompanhamento\\\/\",\"url\":\"https:\\\/\\\/cebb.org.br\\\/retiro-como-lidar-com-conflitos-e-convergencias-pela-visao-de-terra-pura-pagina-de-acompanhamento\\\/\",\"name\":\"RETIRO - COMO LIDAR COM CONFLITOS E CONVERG\u00caNCIAS PELA VIS\u00c3O DE TERRA PURA? - P\u00c1GINA DE ACOMPANHAMENTO - Centro de Estudos Budistas Bodisatva\",\"isPartOf\":{\"@id\":\"https:\\\/\\\/cebb.org.br\\\/#website\"},\"datePublished\":\"2022-11-28T19:44:11+00:00\",\"dateModified\":\"2022-12-17T11:38:28+00:00\",\"breadcrumb\":{\"@id\":\"https:\\\/\\\/cebb.org.br\\\/retiro-como-lidar-com-conflitos-e-convergencias-pela-visao-de-terra-pura-pagina-de-acompanhamento\\\/#breadcrumb\"},\"inLanguage\":\"fr-FR\",\"potentialAction\":[{\"@type\":\"ReadAction\",\"target\":[\"https:\\\/\\\/cebb.org.br\\\/retiro-como-lidar-com-conflitos-e-convergencias-pela-visao-de-terra-pura-pagina-de-acompanhamento\\\/\"]}]},{\"@type\":\"BreadcrumbList\",\"@id\":\"https:\\\/\\\/cebb.org.br\\\/retiro-como-lidar-com-conflitos-e-convergencias-pela-visao-de-terra-pura-pagina-de-acompanhamento\\\/#breadcrumb\",\"itemListElement\":[{\"@type\":\"ListItem\",\"position\":1,\"name\":\"Home\",\"item\":\"https:\\\/\\\/cebb.org.br\\\/\"},{\"@type\":\"ListItem\",\"position\":2,\"name\":\"RETIRO &#8211; COMO LIDAR COM CONFLITOS E CONVERG\u00caNCIAS PELA VIS\u00c3O DE TERRA PURA? &#8211; P\u00c1GINA DE ACOMPANHAMENTO\"}]},{\"@type\":\"WebSite\",\"@id\":\"https:\\\/\\\/cebb.org.br\\\/#website\",\"url\":\"https:\\\/\\\/cebb.org.br\\\/\",\"name\":\"Centro de Estudos Budistas Bodisatva\",\"description\":\"Budismo, medita\u00e7\u00e3o e cultura de paz | Lama Padma Samten\",\"publisher\":{\"@id\":\"https:\\\/\\\/cebb.org.br\\\/#organization\"},\"potentialAction\":[{\"@type\":\"SearchAction\",\"target\":{\"@type\":\"EntryPoint\",\"urlTemplate\":\"https:\\\/\\\/cebb.org.br\\\/?s={search_term_string}\"},\"query-input\":{\"@type\":\"PropertyValueSpecification\",\"valueRequired\":true,\"valueName\":\"search_term_string\"}}],\"inLanguage\":\"fr-FR\"},{\"@type\":\"Organization\",\"@id\":\"https:\\\/\\\/cebb.org.br\\\/#organization\",\"name\":\"Centro de Estudos Budistas Bodisatva\",\"url\":\"https:\\\/\\\/cebb.org.br\\\/\",\"logo\":{\"@type\":\"ImageObject\",\"inLanguage\":\"fr-FR\",\"@id\":\"https:\\\/\\\/cebb.org.br\\\/#\\\/schema\\\/logo\\\/image\\\/\",\"url\":\"http:\\\/\\\/18.230.164.79\\\/wp-content\\\/uploads\\\/2011\\\/03\\\/logosalvador-peq-e1660064979551.jpg\",\"contentUrl\":\"http:\\\/\\\/18.230.164.79\\\/wp-content\\\/uploads\\\/2011\\\/03\\\/logosalvador-peq-e1660064979551.jpg\",\"width\":280,\"height\":231,\"caption\":\"Centro de Estudos Budistas Bodisatva\"},\"image\":{\"@id\":\"https:\\\/\\\/cebb.org.br\\\/#\\\/schema\\\/logo\\\/image\\\/\"},\"sameAs\":[\"https:\\\/\\\/pt-br.facebook.com\\\/cebb108\",\"https:\\\/\\\/www.instagram.com\\\/cebbcaminhodomeio\\\/\"]}]}<\/script>\n<!-- \/ Yoast SEO plugin. -->","yoast_head_json":{"title":"RETIRO - COMO LIDAR COM CONFLITOS E CONVERG\u00caNCIAS PELA VIS\u00c3O DE TERRA PURA? - P\u00c1GINA DE ACOMPANHAMENTO - Centro de Estudos Budistas Bodisatva","robots":{"index":"index","follow":"follow","max-snippet":"max-snippet:-1","max-image-preview":"max-image-preview:large","max-video-preview":"max-video-preview:-1"},"canonical":"https:\/\/cebb.org.br\/fr\/retiro-como-lidar-com-conflitos-e-convergencias-pela-visao-de-terra-pura-pagina-de-acompanhamento\/","og_locale":"fr_FR","og_type":"article","og_title":"RETIRO - COMO LIDAR COM CONFLITOS E CONVERG\u00caNCIAS PELA VIS\u00c3O DE TERRA PURA? - P\u00c1GINA DE ACOMPANHAMENTO - Centro de Estudos Budistas Bodisatva","og_description":"Ensinamentos com Lama Padma Samten no\u00a0Retiro | COMO LIDAR COM CONFLITOS E CONVERG\u00caNCIAS PELA VIS\u00c3O DE TERRA PURA?, transmitido ao vivo nos dias\u00a016, 17 e 18\u00a0 de dezembro de\u00a0 2022. Aqui voc\u00ea encontra as grava\u00e7\u00f5es de todas as sess\u00f5es, que permanecer\u00e3o dispon\u00edveis para inscritos \u2013\u00a0mesmo os que se inscreverem depois do retiro ter terminado. IMPORTANTE [&hellip;]","og_url":"https:\/\/cebb.org.br\/fr\/retiro-como-lidar-com-conflitos-e-convergencias-pela-visao-de-terra-pura-pagina-de-acompanhamento\/","og_site_name":"Centro de Estudos Budistas Bodisatva","article_publisher":"https:\/\/pt-br.facebook.com\/cebb108","article_modified_time":"2022-12-17T11:38:28+00:00","twitter_card":"summary_large_image","twitter_misc":{"Dur\u00e9e de lecture estim\u00e9e":"3 minutes"},"schema":{"@context":"https:\/\/schema.org","@graph":[{"@type":"WebPage","@id":"https:\/\/cebb.org.br\/retiro-como-lidar-com-conflitos-e-convergencias-pela-visao-de-terra-pura-pagina-de-acompanhamento\/","url":"https:\/\/cebb.org.br\/retiro-como-lidar-com-conflitos-e-convergencias-pela-visao-de-terra-pura-pagina-de-acompanhamento\/","name":"RETIRO - COMO LIDAR COM CONFLITOS E CONVERG\u00caNCIAS PELA VIS\u00c3O DE TERRA PURA? - P\u00c1GINA DE ACOMPANHAMENTO - Centro de Estudos Budistas Bodisatva","isPartOf":{"@id":"https:\/\/cebb.org.br\/#website"},"datePublished":"2022-11-28T19:44:11+00:00","dateModified":"2022-12-17T11:38:28+00:00","breadcrumb":{"@id":"https:\/\/cebb.org.br\/retiro-como-lidar-com-conflitos-e-convergencias-pela-visao-de-terra-pura-pagina-de-acompanhamento\/#breadcrumb"},"inLanguage":"fr-FR","potentialAction":[{"@type":"ReadAction","target":["https:\/\/cebb.org.br\/retiro-como-lidar-com-conflitos-e-convergencias-pela-visao-de-terra-pura-pagina-de-acompanhamento\/"]}]},{"@type":"BreadcrumbList","@id":"https:\/\/cebb.org.br\/retiro-como-lidar-com-conflitos-e-convergencias-pela-visao-de-terra-pura-pagina-de-acompanhamento\/#breadcrumb","itemListElement":[{"@type":"ListItem","position":1,"name":"Home","item":"https:\/\/cebb.org.br\/"},{"@type":"ListItem","position":2,"name":"RETIRO &#8211; COMO LIDAR COM CONFLITOS E CONVERG\u00caNCIAS PELA VIS\u00c3O DE TERRA PURA? &#8211; P\u00c1GINA DE ACOMPANHAMENTO"}]},{"@type":"WebSite","@id":"https:\/\/cebb.org.br\/#website","url":"https:\/\/cebb.org.br\/","name":"Centre d\u2019\u00c9tudes Bouddhistes Bodisatva (CEBB)","description":"Budismo, medita\u00e7\u00e3o e cultura de paz | Lama Padma Samten","publisher":{"@id":"https:\/\/cebb.org.br\/#organization"},"potentialAction":[{"@type":"SearchAction","target":{"@type":"EntryPoint","urlTemplate":"https:\/\/cebb.org.br\/?s={search_term_string}"},"query-input":{"@type":"PropertyValueSpecification","valueRequired":true,"valueName":"search_term_string"}}],"inLanguage":"fr-FR"},{"@type":"Organization","@id":"https:\/\/cebb.org.br\/#organization","name":"Centre d\u2019\u00c9tudes Bouddhistes Bodisatva (CEBB)","url":"https:\/\/cebb.org.br\/","logo":{"@type":"ImageObject","inLanguage":"fr-FR","@id":"https:\/\/cebb.org.br\/#\/schema\/logo\/image\/","url":"http:\/\/18.230.164.79\/wp-content\/uploads\/2011\/03\/logosalvador-peq-e1660064979551.jpg","contentUrl":"http:\/\/18.230.164.79\/wp-content\/uploads\/2011\/03\/logosalvador-peq-e1660064979551.jpg","width":280,"height":231,"caption":"Centro de Estudos Budistas Bodisatva"},"image":{"@id":"https:\/\/cebb.org.br\/#\/schema\/logo\/image\/"},"sameAs":["https:\/\/pt-br.facebook.com\/cebb108","https:\/\/www.instagram.com\/cebbcaminhodomeio\/"]}]}},"_links":{"self":[{"href":"https:\/\/cebb.org.br\/fr\/wp-json\/wp\/v2\/pages\/93969","targetHints":{"allow":["GET"]}}],"collection":[{"href":"https:\/\/cebb.org.br\/fr\/wp-json\/wp\/v2\/pages"}],"about":[{"href":"https:\/\/cebb.org.br\/fr\/wp-json\/wp\/v2\/types\/page"}],"author":[{"embeddable":true,"href":"https:\/\/cebb.org.br\/fr\/wp-json\/wp\/v2\/users\/100"}],"replies":[{"embeddable":true,"href":"https:\/\/cebb.org.br\/fr\/wp-json\/wp\/v2\/comments?post=93969"}],"version-history":[{"count":18,"href":"https:\/\/cebb.org.br\/fr\/wp-json\/wp\/v2\/pages\/93969\/revisions"}],"predecessor-version":[{"id":94357,"href":"https:\/\/cebb.org.br\/fr\/wp-json\/wp\/v2\/pages\/93969\/revisions\/94357"}],"wp:attachment":[{"href":"https:\/\/cebb.org.br\/fr\/wp-json\/wp\/v2\/media?parent=93969"}],"curies":[{"name":"wp","href":"https:\/\/api.w.org\/{rel}","templated":true}]}}