{"id":97912,"date":"2023-08-21T12:32:36","date_gmt":"2023-08-21T15:32:36","guid":{"rendered":"https:\/\/cebb.org.br\/?page_id=97912"},"modified":"2023-09-01T12:04:51","modified_gmt":"2023-09-01T15:04:51","slug":"estudo-lucidez-diante-do-bardo-da-morte-29-08-a-13-09-pagina-de-acompanhamento","status":"publish","type":"page","link":"https:\/\/cebb.org.br\/fr\/estudo-lucidez-diante-do-bardo-da-morte-29-08-a-13-09-pagina-de-acompanhamento\/","title":{"rendered":"Estudo &#8220;Lucidez Diante do Bardo da Morte&#8221; &#8211; 29.08 a 13.09 &#8211; P\u00e1gina de Acompanhamento"},"content":{"rendered":"<p>Ensinamentos com Lama Padma Samten no <strong>Estudo de Aprofundamento &#8220;Lucidez Diante do Bardo da Morte (Parte 2)&#8221;<\/strong>, transmitido ao vivo nos dia <strong>29.08 a 13.09 de 2023 (com intervalos nos dias 2, 3, 8, 9 e 10 de setembro)<\/strong> \u2013 Aqui voc\u00ea encontra as grava\u00e7\u00f5es de todas as sess\u00f5es, que permanecer\u00e3o dispon\u00edveis para inscritos &#8211; <em>mesmo os que se inscreverem depois do estudo ter terminado.<\/em><\/p>\n<div><strong> \u00b7 IMPORTANTE \u00b7 <\/strong> Por favor, n\u00e3o compartilhe esta p\u00e1gina, v\u00eddeos, links ou documentos aqui listados. Cada praticante aproveita melhor os ensinamentos quando manifesta interesse e se alegra em apoiar o movimento dos mestres. Se quiser compartilhar a alegria deste estudo com mais pessoas, convide-as a tamb\u00e9m fazer a inscri\u00e7\u00e3o, mesmo ap\u00f3s o estudo.<\/div>\n<h3>Transmiss\u00e3o ao vivo<\/h3>\n<p>Antes de cada sess\u00e3o <a>atualize esta p\u00e1gina<\/a> para garantir que esteja visualizando o conte\u00fado mais recente.<\/p>\n<p>Voc\u00ea pode assistir pela <a href=\"https:\/\/us06web.zoom.us\/j\/87241315443?pwd=ZWNGODRRVGFGaElrTGx1d3lWQlMxUT09\">Sala do Zoom &#8211; (clique aqui)<\/a>, ID da reuni\u00e3o: 872 4131 5443, senha de acesso: 108 e pode acompanhar a pr\u00f3xima sess\u00e3o no v\u00eddeo abaixo ou pode ainda ver diretamente no YouTube.<\/p>\n<a href=\"https:\/\/cebb.org.br\/fr\/preces\/\" class=\"su-button su-button-style-default\" style=\"color:#FFFFFF;background-color:#b8190d;border-color:#94140b;border-radius:5px\" target=\"_blank\" rel=\"noopener noreferrer\"><span style=\"color:#FFFFFF;padding:0px 16px;font-size:13px;line-height:26px;border-color:#ce5e56;border-radius:5px;text-shadow:none\"> Preces<\/span><\/a>\n<a href=\"https:\/\/www.youtube.com\/playlist?list=PLO_7Zoueaxd7o-VpJ6r1JS1K8t_Iw3URv\" class=\"su-button su-button-style-default\" style=\"color:#FFFFFF;background-color:#b8190d;border-color:#94140b;border-radius:5px\" target=\"_blank\" rel=\"noopener noreferrer\"><span style=\"color:#FFFFFF;padding:0px 16px;font-size:13px;line-height:26px;border-color:#ce5e56;border-radius:5px;text-shadow:none\"> Playlist no Youtube<\/span><\/a>\n<p>&nbsp;<\/p>\n<h3><strong>Textos que ser\u00e3o estudados<\/strong><\/h3>\n<p><a href=\"https:\/\/drive.google.com\/file\/d\/1IpVbbuoKt-Dy4mF5Q8uuJaLbTGIbF4CS\/view?usp=drive_link\">The Tibetan Book of the Dead<\/a> &lt;&lt; clique para acessar<br \/>\n<em>Favor n\u00e3o compartilhar. Texto atualizado em 31\/08 com 159 p\u00e1ginas.<\/em><\/p>\n<p><a href=\"https:\/\/drive.google.com\/file\/d\/1Ly2SLH4hZrYVg889x08zNo363tdRvOfB\/view?usp=drive_link\">Preces Livro Tibetano dos Mortos<\/a><em> &lt;&lt; clique para acessar<br \/>\nFavor n\u00e3o compartilhar. Texto atualizado em 31\/08 com 14 p\u00e1ginas.<br \/>\n<\/em><\/p>\n<p><a href=\"https:\/\/drive.google.com\/file\/d\/1chSbeNDfZi9TVZSOVHi8i4R9yfj9Wak6\/view?usp=drive_link\">S\u00faplica do Bardo<\/a><em> &lt;&lt; clique para acessar<br \/>\n<\/em><\/p>\n<p><a href=\"https:\/\/www.chronicleproject.com\/chogyam-trungpa-and-the-tibetan-book-of-the-dead\/\">Ch\u00f6gyam Trungpa and The Tibetan Book of the Dead<\/a>, by Francesca Fremantle<\/p>\n<h3>Lista de sess\u00f5es<\/h3>\n<h4>Os hor\u00e1rios e a programa\u00e7\u00e3o do estudo de aprofundamento est\u00e3o sujeitos a altera\u00e7\u00f5es<\/h4>\n<p>ter\u00e7a | 29\/08\/23<br \/>\n. 9h &#8211; 11h | Ensinamentos \u00b7 <a href=\"https:\/\/us06web.zoom.us\/j\/87241315443?pwd=ZWNGODRRVGFGaElrTGx1d3lWQlMxUT09\">Sala do Zoom<\/a> &#8211; senha: 108 ou <a href=\"https:\/\/youtube.com\/live\/FUBrAbkpeBQ?feature=share\">Sess\u00e3o #1<\/a><br \/>\n. 19h \u00e0s 20h: Puja da Noite \u00b7 <a href=\"https:\/\/us06web.zoom.us\/j\/7298927661?pwd=dGZEQlJ1NzNjeWVXWXd2SDlvQ2ZLQT09\" target=\"_blank\" rel=\"noopener\">Sala do Zoom<\/a> senha: 108<\/p>\n<p>quarta | 30\/08\/23<br \/>\n. 9h &#8211; 11h | Ensinamentos \u00b7 <a href=\"https:\/\/us06web.zoom.us\/j\/87241315443?pwd=ZWNGODRRVGFGaElrTGx1d3lWQlMxUT09\">Sala do Zoom<\/a> &#8211; senha: 108 ou <a href=\"https:\/\/youtube.com\/live\/tnW1vM_FOcE?feature=share\">Sess\u00e3o #2<\/a><br \/>\n. 19h \u00e0s 20h: Puja da Noite \u00b7 <a href=\"https:\/\/us06web.zoom.us\/j\/7298927661?pwd=dGZEQlJ1NzNjeWVXWXd2SDlvQ2ZLQT09\" target=\"_blank\" rel=\"noopener\">Sala do Zoom<\/a> senha: 108<\/p>\n<p>quinta | 31\/08\/23<br \/>\n. 9h &#8211; 11h | Ensinamentos \u00b7 <a href=\"https:\/\/us06web.zoom.us\/j\/87241315443?pwd=ZWNGODRRVGFGaElrTGx1d3lWQlMxUT09\">Sala do Zoom<\/a> &#8211; senha: 108 ou <a href=\"https:\/\/youtube.com\/live\/bKAvXod-Seo?feature=share\">Sess\u00e3o #3<\/a><br \/>\n. 19h \u00e0s 20h: Puja da Noite \u00b7 <a href=\"https:\/\/us06web.zoom.us\/j\/7298927661?pwd=dGZEQlJ1NzNjeWVXWXd2SDlvQ2ZLQT09\" target=\"_blank\" rel=\"noopener\">Sala do Zoom<\/a> senha: 108<\/p>\n<p>sexta | 01\/09\/23<br \/>\n. 9h &#8211; 11h | Ensinamentos \u00b7 <a href=\"https:\/\/us06web.zoom.us\/j\/87241315443?pwd=ZWNGODRRVGFGaElrTGx1d3lWQlMxUT09\">Sala do Zoom<\/a> &#8211; senha: 108 ou <a href=\"https:\/\/youtube.com\/live\/VxS00WU0UKo?feature=share\">Sess\u00e3o #4<\/a><br \/>\n. 19h \u00e0s 20h: Puja da Noite \u00b7 <a href=\"https:\/\/us06web.zoom.us\/j\/7298927661?pwd=dGZEQlJ1NzNjeWVXWXd2SDlvQ2ZLQT09\" target=\"_blank\" rel=\"noopener\">Sala do Zoom<\/a> senha: 108<\/p>\n<p>s\u00e1bado | 02\/09\/23 <em>&gt;&gt; Intervalo<\/em><\/p>\n<p>domingo | 03\/09\/23 <em>&gt;&gt; Intervalo<\/em><\/p>\n<p>segunda | 04\/09\/23<br \/>\n. 9h &#8211; 11h | Ensinamentos \u00b7 <a href=\"https:\/\/us06web.zoom.us\/j\/87241315443?pwd=ZWNGODRRVGFGaElrTGx1d3lWQlMxUT09\">Sala do Zoom<\/a> &#8211; senha: 108 ou <a href=\"https:\/\/youtube.com\/live\/hs6dCuFlE7c?feature=share\">Sess\u00e3o #7<\/a><br \/>\n. 19h \u00e0s 20h: Puja da Noite \u00b7 <a href=\"https:\/\/us06web.zoom.us\/j\/7298927661?pwd=dGZEQlJ1NzNjeWVXWXd2SDlvQ2ZLQT09\" target=\"_blank\" rel=\"noopener\">Sala do Zoom<\/a> senha: 108<\/p>\n<p>ter\u00e7a | 05\/09\/23<br \/>\n. 9h &#8211; 11h | Ensinamentos \u00b7 <a href=\"https:\/\/us06web.zoom.us\/j\/87241315443?pwd=ZWNGODRRVGFGaElrTGx1d3lWQlMxUT09\">Sala do Zoom<\/a> &#8211; senha: 108 ou <a href=\"https:\/\/youtube.com\/live\/0b7zkSlJZS4?feature=share\">Sess\u00e3o #8<\/a><br \/>\n. 19h \u00e0s 20h: Puja da Noite \u00b7 <a href=\"https:\/\/us06web.zoom.us\/j\/7298927661?pwd=dGZEQlJ1NzNjeWVXWXd2SDlvQ2ZLQT09\" target=\"_blank\" rel=\"noopener\">Sala do Zoom<\/a> senha: 108<\/p>\n<p>quarta | 06\/09\/23<br \/>\n. 9h &#8211; 11h | Ensinamentos \u00b7 <a href=\"https:\/\/us06web.zoom.us\/j\/87241315443?pwd=ZWNGODRRVGFGaElrTGx1d3lWQlMxUT09\">Sala do Zoom<\/a> &#8211; senha: 108 ou <a href=\"https:\/\/youtube.com\/live\/ui6JaVTlSd4?feature=share\">Sess\u00e3o #9<\/a><br \/>\n. 19h \u00e0s 20h: Puja da Noite \u00b7 <a href=\"https:\/\/us06web.zoom.us\/j\/7298927661?pwd=dGZEQlJ1NzNjeWVXWXd2SDlvQ2ZLQT09\" target=\"_blank\" rel=\"noopener\">Sala do Zoom<\/a> senha: 108<\/p>\n<p>quinta | 07\/09\/23<br \/>\n. 9h &#8211; 11h | Ensinamentos \u00b7 <a href=\"https:\/\/us06web.zoom.us\/j\/87241315443?pwd=ZWNGODRRVGFGaElrTGx1d3lWQlMxUT09\">Sala do Zoom<\/a> &#8211; senha: 108 ou <a href=\"https:\/\/youtube.com\/live\/c_c7UgkI1Fg?feature=share\">Sess\u00e3o #10<\/a><br \/>\n. 19h \u00e0s 20h: Puja da Noite \u00b7 <a href=\"https:\/\/us06web.zoom.us\/j\/7298927661?pwd=dGZEQlJ1NzNjeWVXWXd2SDlvQ2ZLQT09\" target=\"_blank\" rel=\"noopener\">Sala do Zoom<\/a> senha: 108<\/p>\n<p>sexta | 08\/09\/23 <em>&gt;&gt; Intervalo<\/em><\/p>\n<p>s\u00e1bado | 09\/09\/23 <em>&gt;&gt; Intervalo<\/em><\/p>\n<p>domingo | 10\/09\/23 <em>&gt;&gt; Intervalo<\/em><\/p>\n<p>segunda | 11\/09\/23<br \/>\n. 9h &#8211; 11h | Ensinamentos \u00b7 <a href=\"https:\/\/us06web.zoom.us\/j\/87241315443?pwd=ZWNGODRRVGFGaElrTGx1d3lWQlMxUT09\">Sala do Zoom<\/a> &#8211; senha: 108 ou <a href=\"https:\/\/youtube.com\/live\/ksJRwBkQT5U?feature=share\">Sess\u00e3o #14<\/a><br \/>\n. 19h \u00e0s 20h: Puja da Noite \u00b7 <a href=\"https:\/\/us06web.zoom.us\/j\/7298927661?pwd=dGZEQlJ1NzNjeWVXWXd2SDlvQ2ZLQT09\" target=\"_blank\" rel=\"noopener\">Sala do Zoom<\/a> senha: 108<\/p>\n<p>ter\u00e7a | 12\/09\/23<br \/>\n. 9h &#8211; 11h | Ensinamentos \u00b7 <a href=\"https:\/\/us06web.zoom.us\/j\/87241315443?pwd=ZWNGODRRVGFGaElrTGx1d3lWQlMxUT09\">Sala do Zoom<\/a> &#8211; senha: 108 ou <a href=\"https:\/\/youtube.com\/live\/rL5lRWPjSfw?feature=share\">Sess\u00e3o #15<\/a><br \/>\n. 19h \u00e0s 20h: Puja da Noite \u00b7 <a href=\"https:\/\/us06web.zoom.us\/j\/7298927661?pwd=dGZEQlJ1NzNjeWVXWXd2SDlvQ2ZLQT09\" target=\"_blank\" rel=\"noopener\">Sala do Zoom<\/a> senha: 108<\/p>\n<p>quarta | 13\/09\/23<br \/>\n. 9h &#8211; 11h | Ensinamentos \u00b7 <a href=\"https:\/\/us06web.zoom.us\/j\/87241315443?pwd=ZWNGODRRVGFGaElrTGx1d3lWQlMxUT09\">Sala do Zoom<\/a> &#8211; senha: 108 ou <a href=\"https:\/\/youtube.com\/live\/AsEIkebWFb0?feature=share\">Sess\u00e3o #16<\/a><br \/>\n. 19h \u00e0s 20h: Puja da Noite \u00b7 <a href=\"https:\/\/us06web.zoom.us\/j\/7298927661?pwd=dGZEQlJ1NzNjeWVXWXd2SDlvQ2ZLQT09\" target=\"_blank\" rel=\"noopener\">Sala do Zoom<\/a> senha: 108<\/p>\n<h3><\/h3>\n<h3>Inscri\u00e7\u00e3o Participa\u00e7\u00e3o ONLINE<\/h3>\n<p>Sua inscri\u00e7\u00e3o e participa\u00e7\u00e3o independem de contribui\u00e7\u00e3o financeira.<\/p>\n<h3>Contribui\u00e7\u00f5es<\/h3>\n<p>Sua inscri\u00e7\u00e3o e acesso online a palestra independe de contribui\u00e7\u00e3o financeira.<br \/>\nCaso aspire e lhe seja poss\u00edvel contribuir, sinta-se livre para definir o valor, como refer\u00eancia, sugerimos o valor de R$ 500,00.<br \/>\nSua contribui\u00e7\u00e3o apoiar\u00e1 as atividades do Lama Padma Samten.<\/p>\n<p>A pr\u00e1tica da Dana Paramita \u2013 perfei\u00e7\u00e3o da generosidade \u2013 torna poss\u00edvel a continuidade dos ensinamentos desde os tempos do Buda. As seis paramitas \u2013 generosidade, moralidade, paz, energia constante, concentra\u00e7\u00e3o e sabedoria \u2013 inspiram a pr\u00e1tica e s\u00e3o a base geradora e sustentadora dos centros de estudos, medita\u00e7\u00e3o, acolhimento e das iniciativas de educa\u00e7\u00e3o, prote\u00e7\u00e3o ambiental, Terras Puras e Cultura de Paz da Sanga CEBB.<\/p>\n<p>Para contribui\u00e7\u00f5es de dentro do Brasil, os dados banc\u00e1rios para doa\u00e7\u00e3o s\u00e3o:<\/p>\n<blockquote><p>PIX: CNPJ 34.079.867\/0001-04<br \/>\nBanco do Brasil (001)<br \/>\nAg\u00eancia: 0628-9<br \/>\nConta corrente: 108999-4<br \/>\nA\u00e7\u00e3o Paramita Ensino Budista<br \/>\nCNPJ 34.079.867\/0001-04<\/p><\/blockquote>\n<p>Para contribui\u00e7\u00f5es de fora do Brasil, entre em contato com <strong>acaoparamita@gmail.com<\/strong><\/p>\n<h3>Contato<\/h3>\n<p>Se tiver d\u00favidas, conte conosco: <strong>acaoparamita@gmail.com<\/strong><\/p>","protected":false},"excerpt":{"rendered":"<p>Ensinamentos com Lama Padma Samten no Estudo de Aprofundamento &#8220;Lucidez Diante do Bardo da Morte (Parte 2)&#8221;, transmitido ao vivo nos dia 29.08 a 13.09 de 2023 (com intervalos nos dias 2, 3, 8, 9 e 10 de setembro) \u2013 Aqui voc\u00ea encontra as grava\u00e7\u00f5es de todas as sess\u00f5es, que permanecer\u00e3o dispon\u00edveis para inscritos &#8211; [&hellip;]<\/p>\n","protected":false},"author":48,"featured_media":0,"parent":0,"menu_order":0,"comment_status":"closed","ping_status":"closed","template":"","meta":{"footnotes":""},"class_list":["post-97912","page","type-page","status-publish","hentry"],"yoast_head":"<!-- This site is optimized with the Yoast SEO plugin v27.5 - https:\/\/yoast.com\/product\/yoast-seo-wordpress\/ -->\n<title>Estudo &quot;Lucidez Diante do Bardo da Morte&quot; - 29.08 a 13.09 - P\u00e1gina de Acompanhamento - Centro de Estudos Budistas Bodisatva<\/title>\n<meta name=\"robots\" content=\"index, follow, max-snippet:-1, max-image-preview:large, max-video-preview:-1\" \/>\n<link rel=\"canonical\" href=\"https:\/\/cebb.org.br\/fr\/estudo-lucidez-diante-do-bardo-da-morte-29-08-a-13-09-pagina-de-acompanhamento\/\" \/>\n<meta property=\"og:locale\" content=\"fr_FR\" \/>\n<meta property=\"og:type\" content=\"article\" \/>\n<meta property=\"og:title\" content=\"Estudo &quot;Lucidez Diante do Bardo da Morte&quot; - 29.08 a 13.09 - P\u00e1gina de Acompanhamento - Centro de Estudos Budistas Bodisatva\" \/>\n<meta property=\"og:description\" content=\"Ensinamentos com Lama Padma Samten no Estudo de Aprofundamento &#8220;Lucidez Diante do Bardo da Morte (Parte 2)&#8221;, transmitido ao vivo nos dia 29.08 a 13.09 de 2023 (com intervalos nos dias 2, 3, 8, 9 e 10 de setembro) \u2013 Aqui voc\u00ea encontra as grava\u00e7\u00f5es de todas as sess\u00f5es, que permanecer\u00e3o dispon\u00edveis para inscritos &#8211; [&hellip;]\" \/>\n<meta property=\"og:url\" content=\"https:\/\/cebb.org.br\/fr\/estudo-lucidez-diante-do-bardo-da-morte-29-08-a-13-09-pagina-de-acompanhamento\/\" \/>\n<meta property=\"og:site_name\" content=\"Centro de Estudos Budistas Bodisatva\" \/>\n<meta property=\"article:publisher\" content=\"https:\/\/pt-br.facebook.com\/cebb108\" \/>\n<meta property=\"article:modified_time\" content=\"2023-09-01T15:04:51+00:00\" \/>\n<meta name=\"twitter:card\" content=\"summary_large_image\" \/>\n<meta name=\"twitter:label1\" content=\"Dur\u00e9e de lecture estim\u00e9e\" \/>\n\t<meta name=\"twitter:data1\" content=\"5 minutes\" \/>\n<script type=\"application\/ld+json\" class=\"yoast-schema-graph\">{\"@context\":\"https:\\\/\\\/schema.org\",\"@graph\":[{\"@type\":\"WebPage\",\"@id\":\"https:\\\/\\\/cebb.org.br\\\/estudo-lucidez-diante-do-bardo-da-morte-29-08-a-13-09-pagina-de-acompanhamento\\\/\",\"url\":\"https:\\\/\\\/cebb.org.br\\\/estudo-lucidez-diante-do-bardo-da-morte-29-08-a-13-09-pagina-de-acompanhamento\\\/\",\"name\":\"Estudo \\\"Lucidez Diante do Bardo da Morte\\\" - 29.08 a 13.09 - P\u00e1gina de Acompanhamento - Centro de Estudos Budistas Bodisatva\",\"isPartOf\":{\"@id\":\"https:\\\/\\\/cebb.org.br\\\/#website\"},\"datePublished\":\"2023-08-21T15:32:36+00:00\",\"dateModified\":\"2023-09-01T15:04:51+00:00\",\"breadcrumb\":{\"@id\":\"https:\\\/\\\/cebb.org.br\\\/estudo-lucidez-diante-do-bardo-da-morte-29-08-a-13-09-pagina-de-acompanhamento\\\/#breadcrumb\"},\"inLanguage\":\"fr-FR\",\"potentialAction\":[{\"@type\":\"ReadAction\",\"target\":[\"https:\\\/\\\/cebb.org.br\\\/estudo-lucidez-diante-do-bardo-da-morte-29-08-a-13-09-pagina-de-acompanhamento\\\/\"]}]},{\"@type\":\"BreadcrumbList\",\"@id\":\"https:\\\/\\\/cebb.org.br\\\/estudo-lucidez-diante-do-bardo-da-morte-29-08-a-13-09-pagina-de-acompanhamento\\\/#breadcrumb\",\"itemListElement\":[{\"@type\":\"ListItem\",\"position\":1,\"name\":\"Home\",\"item\":\"https:\\\/\\\/cebb.org.br\\\/\"},{\"@type\":\"ListItem\",\"position\":2,\"name\":\"Estudo &#8220;Lucidez Diante do Bardo da Morte&#8221; &#8211; 29.08 a 13.09 &#8211; P\u00e1gina de Acompanhamento\"}]},{\"@type\":\"WebSite\",\"@id\":\"https:\\\/\\\/cebb.org.br\\\/#website\",\"url\":\"https:\\\/\\\/cebb.org.br\\\/\",\"name\":\"Centro de Estudos Budistas Bodisatva\",\"description\":\"Budismo, medita\u00e7\u00e3o e cultura de paz | Lama Padma Samten\",\"publisher\":{\"@id\":\"https:\\\/\\\/cebb.org.br\\\/#organization\"},\"potentialAction\":[{\"@type\":\"SearchAction\",\"target\":{\"@type\":\"EntryPoint\",\"urlTemplate\":\"https:\\\/\\\/cebb.org.br\\\/?s={search_term_string}\"},\"query-input\":{\"@type\":\"PropertyValueSpecification\",\"valueRequired\":true,\"valueName\":\"search_term_string\"}}],\"inLanguage\":\"fr-FR\"},{\"@type\":\"Organization\",\"@id\":\"https:\\\/\\\/cebb.org.br\\\/#organization\",\"name\":\"Centro de Estudos Budistas Bodisatva\",\"url\":\"https:\\\/\\\/cebb.org.br\\\/\",\"logo\":{\"@type\":\"ImageObject\",\"inLanguage\":\"fr-FR\",\"@id\":\"https:\\\/\\\/cebb.org.br\\\/#\\\/schema\\\/logo\\\/image\\\/\",\"url\":\"http:\\\/\\\/18.230.164.79\\\/wp-content\\\/uploads\\\/2011\\\/03\\\/logosalvador-peq-e1660064979551.jpg\",\"contentUrl\":\"http:\\\/\\\/18.230.164.79\\\/wp-content\\\/uploads\\\/2011\\\/03\\\/logosalvador-peq-e1660064979551.jpg\",\"width\":280,\"height\":231,\"caption\":\"Centro de Estudos Budistas Bodisatva\"},\"image\":{\"@id\":\"https:\\\/\\\/cebb.org.br\\\/#\\\/schema\\\/logo\\\/image\\\/\"},\"sameAs\":[\"https:\\\/\\\/pt-br.facebook.com\\\/cebb108\",\"https:\\\/\\\/www.instagram.com\\\/cebbcaminhodomeio\\\/\"]}]}<\/script>\n<!-- \/ Yoast SEO plugin. -->","yoast_head_json":{"title":"Estudo \"Lucidez Diante do Bardo da Morte\" - 29.08 a 13.09 - P\u00e1gina de Acompanhamento - Centro de Estudos Budistas Bodisatva","robots":{"index":"index","follow":"follow","max-snippet":"max-snippet:-1","max-image-preview":"max-image-preview:large","max-video-preview":"max-video-preview:-1"},"canonical":"https:\/\/cebb.org.br\/fr\/estudo-lucidez-diante-do-bardo-da-morte-29-08-a-13-09-pagina-de-acompanhamento\/","og_locale":"fr_FR","og_type":"article","og_title":"Estudo \"Lucidez Diante do Bardo da Morte\" - 29.08 a 13.09 - P\u00e1gina de Acompanhamento - Centro de Estudos Budistas Bodisatva","og_description":"Ensinamentos com Lama Padma Samten no Estudo de Aprofundamento &#8220;Lucidez Diante do Bardo da Morte (Parte 2)&#8221;, transmitido ao vivo nos dia 29.08 a 13.09 de 2023 (com intervalos nos dias 2, 3, 8, 9 e 10 de setembro) \u2013 Aqui voc\u00ea encontra as grava\u00e7\u00f5es de todas as sess\u00f5es, que permanecer\u00e3o dispon\u00edveis para inscritos &#8211; [&hellip;]","og_url":"https:\/\/cebb.org.br\/fr\/estudo-lucidez-diante-do-bardo-da-morte-29-08-a-13-09-pagina-de-acompanhamento\/","og_site_name":"Centro de Estudos Budistas Bodisatva","article_publisher":"https:\/\/pt-br.facebook.com\/cebb108","article_modified_time":"2023-09-01T15:04:51+00:00","twitter_card":"summary_large_image","twitter_misc":{"Dur\u00e9e de lecture estim\u00e9e":"5 minutes"},"schema":{"@context":"https:\/\/schema.org","@graph":[{"@type":"WebPage","@id":"https:\/\/cebb.org.br\/estudo-lucidez-diante-do-bardo-da-morte-29-08-a-13-09-pagina-de-acompanhamento\/","url":"https:\/\/cebb.org.br\/estudo-lucidez-diante-do-bardo-da-morte-29-08-a-13-09-pagina-de-acompanhamento\/","name":"Estudo \"Lucidez Diante do Bardo da Morte\" - 29.08 a 13.09 - P\u00e1gina de Acompanhamento - Centro de Estudos Budistas Bodisatva","isPartOf":{"@id":"https:\/\/cebb.org.br\/#website"},"datePublished":"2023-08-21T15:32:36+00:00","dateModified":"2023-09-01T15:04:51+00:00","breadcrumb":{"@id":"https:\/\/cebb.org.br\/estudo-lucidez-diante-do-bardo-da-morte-29-08-a-13-09-pagina-de-acompanhamento\/#breadcrumb"},"inLanguage":"fr-FR","potentialAction":[{"@type":"ReadAction","target":["https:\/\/cebb.org.br\/estudo-lucidez-diante-do-bardo-da-morte-29-08-a-13-09-pagina-de-acompanhamento\/"]}]},{"@type":"BreadcrumbList","@id":"https:\/\/cebb.org.br\/estudo-lucidez-diante-do-bardo-da-morte-29-08-a-13-09-pagina-de-acompanhamento\/#breadcrumb","itemListElement":[{"@type":"ListItem","position":1,"name":"Home","item":"https:\/\/cebb.org.br\/"},{"@type":"ListItem","position":2,"name":"Estudo &#8220;Lucidez Diante do Bardo da Morte&#8221; &#8211; 29.08 a 13.09 &#8211; P\u00e1gina de Acompanhamento"}]},{"@type":"WebSite","@id":"https:\/\/cebb.org.br\/#website","url":"https:\/\/cebb.org.br\/","name":"Centre d\u2019\u00c9tudes Bouddhistes Bodisatva (CEBB)","description":"Budismo, medita\u00e7\u00e3o e cultura de paz | Lama Padma Samten","publisher":{"@id":"https:\/\/cebb.org.br\/#organization"},"potentialAction":[{"@type":"SearchAction","target":{"@type":"EntryPoint","urlTemplate":"https:\/\/cebb.org.br\/?s={search_term_string}"},"query-input":{"@type":"PropertyValueSpecification","valueRequired":true,"valueName":"search_term_string"}}],"inLanguage":"fr-FR"},{"@type":"Organization","@id":"https:\/\/cebb.org.br\/#organization","name":"Centre d\u2019\u00c9tudes Bouddhistes Bodisatva (CEBB)","url":"https:\/\/cebb.org.br\/","logo":{"@type":"ImageObject","inLanguage":"fr-FR","@id":"https:\/\/cebb.org.br\/#\/schema\/logo\/image\/","url":"http:\/\/18.230.164.79\/wp-content\/uploads\/2011\/03\/logosalvador-peq-e1660064979551.jpg","contentUrl":"http:\/\/18.230.164.79\/wp-content\/uploads\/2011\/03\/logosalvador-peq-e1660064979551.jpg","width":280,"height":231,"caption":"Centro de Estudos Budistas Bodisatva"},"image":{"@id":"https:\/\/cebb.org.br\/#\/schema\/logo\/image\/"},"sameAs":["https:\/\/pt-br.facebook.com\/cebb108","https:\/\/www.instagram.com\/cebbcaminhodomeio\/"]}]}},"_links":{"self":[{"href":"https:\/\/cebb.org.br\/fr\/wp-json\/wp\/v2\/pages\/97912","targetHints":{"allow":["GET"]}}],"collection":[{"href":"https:\/\/cebb.org.br\/fr\/wp-json\/wp\/v2\/pages"}],"about":[{"href":"https:\/\/cebb.org.br\/fr\/wp-json\/wp\/v2\/types\/page"}],"author":[{"embeddable":true,"href":"https:\/\/cebb.org.br\/fr\/wp-json\/wp\/v2\/users\/48"}],"replies":[{"embeddable":true,"href":"https:\/\/cebb.org.br\/fr\/wp-json\/wp\/v2\/comments?post=97912"}],"version-history":[{"count":9,"href":"https:\/\/cebb.org.br\/fr\/wp-json\/wp\/v2\/pages\/97912\/revisions"}],"predecessor-version":[{"id":97923,"href":"https:\/\/cebb.org.br\/fr\/wp-json\/wp\/v2\/pages\/97912\/revisions\/97923"}],"wp:attachment":[{"href":"https:\/\/cebb.org.br\/fr\/wp-json\/wp\/v2\/media?parent=97912"}],"curies":[{"name":"wp","href":"https:\/\/api.w.org\/{rel}","templated":true}]}}