{"id":99111,"date":"2023-11-15T10:36:47","date_gmt":"2023-11-15T13:36:47","guid":{"rendered":"https:\/\/cebb.org.br\/?page_id=99111"},"modified":"2024-01-26T17:07:07","modified_gmt":"2024-01-26T20:07:07","slug":"pagina-de-acompanhamento-retiro-online-roteiro-dos-21-itens","status":"publish","type":"page","link":"https:\/\/cebb.org.br\/fr\/pagina-de-acompanhamento-retiro-online-roteiro-dos-21-itens\/","title":{"rendered":"P\u00e1gina de Acompanhamento &#8211; Retiro Online | Roteiro dos 21 Itens"},"content":{"rendered":"<p>Ensinamentos com Lama Padma Samten no <strong>Retiro Roteiro dos 21 Itens<\/strong>, transmitido ao vivo nos per\u00edodos de 23 a 26 de janeiro e de 29 janeiro a 02 de fevereiro de 2024. Aqui voc\u00ea encontra as grava\u00e7\u00f5es de todas as sess\u00f5es, que permanecer\u00e3o dispon\u00edveis para inscritos \u2013 mesmo os que se inscreverem depois do retiro ter terminado.<\/p>\n<p><strong>\u00b7 IMPORTANTE \u00b7<\/strong> Por favor, n\u00e3o compartilhe esta p\u00e1gina, v\u00eddeos, links ou documentos aqui listados. Cada praticante aproveita melhor os ensinamentos quando manifesta interesse e se alegra em apoiar o movimento dos mestres. Se quiser compartilhar a alegria deste retiro com mais pessoas, convide-as a tamb\u00e9m fazer a inscri\u00e7\u00e3o, mesmo ap\u00f3s o retiro.<\/p>\n<p><strong>Transmiss\u00e3o ao vivo<\/strong><br \/>\nAntes de cada sess\u00e3o atualize esta p\u00e1gina para garantir que esteja visualizando o conte\u00fado mais recente.<br \/>\nVoc\u00ea pode assistir pela <strong><a href=\"https:\/\/us06web.zoom.us\/j\/87234577202?pwd=qY9H3eHqgToYmnYM4o2rlm2ozwedKZ.1\">Sala do Zoom \u2013 (clique aqui)<\/a><\/strong>, <strong>ID da reuni\u00e3o: 872 3457 7202<\/strong>, senha de acesso: 108 e pode acompanhar a pr\u00f3xima sess\u00e3o no v\u00eddeo abaixo ou pode ainda ver diretamente no YouTube.<\/p>\n<a href=\"https:\/\/cebb.org.br\/fr\/preces\/\" class=\"su-button su-button-style-default\" style=\"color:#FFFFFF;background-color:#b8190d;border-color:#94140b;border-radius:5px\" target=\"_blank\" rel=\"noopener noreferrer\"><span style=\"color:#FFFFFF;padding:0px 16px;font-size:13px;line-height:26px;border-color:#ce5e56;border-radius:5px;text-shadow:none\"> Preces<\/span><\/a>\n<a href=\"https:\/\/www.youtube.com\/playlist?list=PLO_7Zoueaxd4VpkDWZuf9ymehpkPl1Uuq\" class=\"su-button su-button-style-default\" style=\"color:#FFFFFF;background-color:#b8190d;border-color:#94140b;border-radius:5px\" target=\"_self\"><span style=\"color:#FFFFFF;padding:0px 16px;font-size:13px;line-height:26px;border-color:#ce5e56;border-radius:5px;text-shadow:none\"> PLAYLIST<\/span><\/a>\n<p>&nbsp;<\/p>\n<h4>Lista de Sess\u00f5es<\/h4>\n<p><em><strong>PER\u00cdODO 1<\/strong><\/em><\/p>\n<p>ter\u00e7a-feira | 23\/01\/24<br \/>\n. 19h \u00e0s 21h: Puja da Noite e Perguntas e Respostas \u00b7 <a href=\"https:\/\/us06web.zoom.us\/j\/7298927661?pwd=dGZEQlJ1NzNjeWVXWXd2SDlvQ2ZLQT09\" target=\"_blank\" rel=\"noopener\">Sala do Zoom<\/a> senha: 108<\/p>\n<p>quarta-feira| 24\/01\/24<br \/>\n. 5h30 \u2013 7h | Medita\u00e7\u00e3o e Puja \u201cChuva de Ben\u00e7\u00e3os\u201d <a href=\"https:\/\/us06web.zoom.us\/j\/7298927661?pwd=dGZEQlJ1NzNjeWVXWXd2SDlvQ2ZLQT09\" target=\"_blank\" rel=\"noopener\">Sala do Zoom<\/a> senha: 108<br \/>\n. 9h &#8211; 11h | Ensinamentos \u00b7 <a href=\"https:\/\/us06web.zoom.us\/j\/87234577202?pwd=qY9H3eHqgToYmnYM4o2rlm2ozwedKZ.1\">Sala do Zoom<\/a> &#8211; senha 108 | Transmiss\u00e3o pelo Youtube &#8211; <a href=\"https:\/\/youtube.com\/live\/RWC27w_quiI?feature=share\" target=\"_blank\" rel=\"noopener\">Sess\u00e3o #1<\/a><br \/>\n. 14h \u2013 16h | Oficina de Japamala \u2013 Vivi Junqueira \u2013 N\u00e3o ser\u00e1 transmitido<br \/>\n.17h | Longa vida ao Lama \u2013 <a href=\"https:\/\/bit.ly\/zoomcebbpoa\">Sala do Zoom<\/a> &#8211; Anivers\u00e1rio do Lama Samten<br \/>\n. 19h \u00e0s 20h: Puja da Noite \u00b7 <a href=\"https:\/\/us06web.zoom.us\/j\/7298927661?pwd=dGZEQlJ1NzNjeWVXWXd2SDlvQ2ZLQT09\" target=\"_blank\" rel=\"noopener\">Sala do Zoom<\/a> senha: 108<\/p>\n<p>quinta-feira| 25\/01\/24<br \/>\n. 5h30 \u2013 7h | Medita\u00e7\u00e3o e Puja \u201cChuva de Ben\u00e7\u00e3os\u201d <a href=\"https:\/\/us06web.zoom.us\/j\/7298927661?pwd=dGZEQlJ1NzNjeWVXWXd2SDlvQ2ZLQT09\" target=\"_blank\" rel=\"noopener\">Sala do Zoom<\/a> senha: 108<br \/>\n. 9h &#8211; 11h | Ensinamentos \u00b7 <a href=\"https:\/\/us06web.zoom.us\/j\/87234577202?pwd=qY9H3eHqgToYmnYM4o2rlm2ozwedKZ.1\">Sala do Zoom<\/a> &#8211; senha 108 | Transmiss\u00e3o pelo Youtube &#8211; <a href=\"https:\/\/youtube.com\/live\/4rwR0pHxKik?feature=share\">Sess\u00e3o #2<\/a><br \/>\n. 14h &#8211; 17h | Oficina de P\u00e3o \u2013 Dani Sakamoto \u2013 N\u00e3o ser\u00e1 transmitido<br \/>\n. 19h \u00e0s 20h: Puja da Noite \u00b7 <a href=\"https:\/\/us06web.zoom.us\/j\/7298927661?pwd=dGZEQlJ1NzNjeWVXWXd2SDlvQ2ZLQT09\" target=\"_blank\" rel=\"noopener\">Sala do Zoom<\/a> senha: 108<\/p>\n<p>sexta-feira| 26\/01\/24<br \/>\n. 5h30 \u2013 7h | Medita\u00e7\u00e3o e Puja \u201cChuva de Ben\u00e7\u00e3os\u201d <a href=\"https:\/\/us06web.zoom.us\/j\/7298927661?pwd=dGZEQlJ1NzNjeWVXWXd2SDlvQ2ZLQT09\" target=\"_blank\" rel=\"noopener\">Sala do Zoom<\/a> senha: 108<br \/>\n. 9h &#8211; 11h | Ensinamentos \u00b7 <a href=\"https:\/\/us06web.zoom.us\/j\/87234577202?pwd=qY9H3eHqgToYmnYM4o2rlm2ozwedKZ.1\">Sala do Zoom<\/a> &#8211; senha 108 | Transmiss\u00e3o pelo Youtube &#8211; <a href=\"https:\/\/youtube.com\/live\/DoAjHZZ7HM0?feature=share\">Sess\u00e3o #3<\/a><br \/>\n. 14h &#8211; 17h | Viv\u00eancia do Olhar \u2013 N\u00edsia e Olivier B\u00f6els \u2013 N\u00e3o ser\u00e1 transmitido<br \/>\n. 19h \u00e0s 20h: Puja da Noite \u00b7 <a href=\"https:\/\/us06web.zoom.us\/j\/7298927661?pwd=dGZEQlJ1NzNjeWVXWXd2SDlvQ2ZLQT09\" target=\"_blank\" rel=\"noopener\">Sala do Zoom<\/a> senha: 108<\/p>\n<p><em><strong>PER\u00cdODO 2<br \/>\n<\/strong><\/em><\/p>\n<p>segunda-feira| 29\/01\/24<br \/>\n. 5h30 \u2013 7h | Medita\u00e7\u00e3o e Puja \u201cChuva de Ben\u00e7\u00e3os\u201d <a href=\"https:\/\/us06web.zoom.us\/j\/7298927661?pwd=dGZEQlJ1NzNjeWVXWXd2SDlvQ2ZLQT09\" target=\"_blank\" rel=\"noopener\">Sala do Zoom<\/a> senha: 108<br \/>\n. 9h &#8211; 11h | Ensinamentos \u00b7 <a href=\"https:\/\/us06web.zoom.us\/j\/87234577202?pwd=qY9H3eHqgToYmnYM4o2rlm2ozwedKZ.1\">Sala do Zoom<\/a> &#8211; senha 108 | Transmiss\u00e3o pelo Youtube &#8211; <a href=\"https:\/\/youtube.com\/live\/XS0rP4Dg4oE?feature=share\">Sess\u00e3o #4<\/a><br \/>\n. 14h &#8211; 17h | Oficina no Viveiro de Mudas \u2013 Jefferson e Camila Aquemi \u2013 N\u00e3o ser\u00e1 transmitido<br \/>\n. 19h \u00e0s 20h | Puja da Noite \u00b7 <a href=\"https:\/\/us06web.zoom.us\/j\/7298927661?pwd=dGZEQlJ1NzNjeWVXWXd2SDlvQ2ZLQT09\" target=\"_blank\" rel=\"noopener\">Sala do Zoom<\/a> senha: 108<\/p>\n<p>ter\u00e7a-feira| 30\/01\/24<br \/>\n. 5h30 \u2013 7h | Medita\u00e7\u00e3o e Puja \u201cChuva de Ben\u00e7\u00e3os\u201d <a href=\"https:\/\/us06web.zoom.us\/j\/7298927661?pwd=dGZEQlJ1NzNjeWVXWXd2SDlvQ2ZLQT09\" target=\"_blank\" rel=\"noopener\">Sala do Zoom<\/a> senha: 108<br \/>\n. 9h &#8211; 11h | Ensinamentos \u00b7 <a href=\"https:\/\/us06web.zoom.us\/j\/87234577202?pwd=qY9H3eHqgToYmnYM4o2rlm2ozwedKZ.1\">Sala do Zoom<\/a> &#8211; senha 108 | Transmiss\u00e3o pelo Youtube &#8211; <a href=\"https:\/\/youtube.com\/live\/QZmlO6hcEsQ?feature=share\">Sess\u00e3o #5<\/a><br \/>\n. 14h &#8211; 17h | Medita\u00e7\u00e3o silenciosa &#8211; Camila Chamon \u2013 N\u00e3o ser\u00e1 transmitido<br \/>\n. 19h \u00e0s 20h | Puja da Noite \u00b7 <a href=\"https:\/\/us06web.zoom.us\/j\/7298927661?pwd=dGZEQlJ1NzNjeWVXWXd2SDlvQ2ZLQT09\" target=\"_blank\" rel=\"noopener\">Sala do Zoom<\/a> senha: 108<\/p>\n<p>quarta-feira| 31\/01\/24<br \/>\n. 5h30 \u2013 7h | Medita\u00e7\u00e3o e Puja \u201cChuva de Ben\u00e7\u00e3os\u201d <a href=\"https:\/\/us06web.zoom.us\/j\/7298927661?pwd=dGZEQlJ1NzNjeWVXWXd2SDlvQ2ZLQT09\" target=\"_blank\" rel=\"noopener\">Sala do Zoom<\/a> senha: 108<br \/>\n. 9h &#8211; 11h | Ensinamentos \u00b7 <a href=\"https:\/\/us06web.zoom.us\/j\/87234577202?pwd=qY9H3eHqgToYmnYM4o2rlm2ozwedKZ.1\">Sala do Zoom<\/a> &#8211; senha 108 | Transmiss\u00e3o pelo Youtube &#8211; <a href=\"https:\/\/youtube.com\/live\/XJDr6kYqKrQ?feature=share\">Sess\u00e3o #6<\/a><br \/>\n. 14h &#8211; 17h | Viv\u00eancia na Agrofloresta \u2013 Fernando Rebello e Dani Sakamoto \u2013 N\u00e3o ser\u00e1 transmitido<br \/>\n. 19h \u00e0s 20h | Puja da Noite \u00b7 <a href=\"https:\/\/us06web.zoom.us\/j\/7298927661?pwd=dGZEQlJ1NzNjeWVXWXd2SDlvQ2ZLQT09\" target=\"_blank\" rel=\"noopener\">Sala do Zoom<\/a> senha: 108<\/p>\n<p>quinta-feira| 01\/02\/24<br \/>\n. 5h30 \u2013 7h | Medita\u00e7\u00e3o e Puja \u201cChuva de Ben\u00e7\u00e3os\u201d <a href=\"https:\/\/us06web.zoom.us\/j\/7298927661?pwd=dGZEQlJ1NzNjeWVXWXd2SDlvQ2ZLQT09\" target=\"_blank\" rel=\"noopener\">Sala do Zoom<\/a> senha: 108<br \/>\n. 9h &#8211; 11h | Ensinamentos \u00b7 <a href=\"https:\/\/us06web.zoom.us\/j\/87234577202?pwd=qY9H3eHqgToYmnYM4o2rlm2ozwedKZ.1\">Sala do Zoom<\/a> &#8211; senha 108 | Transmiss\u00e3o pelo Youtube &#8211; <a href=\"https:\/\/youtube.com\/live\/Amt2JM3K-QE?feature=share\">Sess\u00e3o #7<\/a><br \/>\n. 14h &#8211; 17h | Passeio Cicl\u00edstico com Lama e sanga \u2013 N\u00e3o ser\u00e1 transmitido<br \/>\n. 19h \u00e0s 20h | Puja da Noite \u00b7 <a href=\"https:\/\/us06web.zoom.us\/j\/7298927661?pwd=dGZEQlJ1NzNjeWVXWXd2SDlvQ2ZLQT09\" target=\"_blank\" rel=\"noopener\">Sala do Zoom<\/a> senha: 108<\/p>\n<p>sexta-feira| 02\/02\/24<br \/>\n. 5h30 \u2013 7h | Medita\u00e7\u00e3o e Puja \u201cChuva de Ben\u00e7\u00e3os\u201d <a href=\"https:\/\/us06web.zoom.us\/j\/7298927661?pwd=dGZEQlJ1NzNjeWVXWXd2SDlvQ2ZLQT09\" target=\"_blank\" rel=\"noopener\">Sala do Zoom<\/a> senha: 108<br \/>\n. 9h &#8211; 11h | Ensinamentos \u00b7 <a href=\"https:\/\/us06web.zoom.us\/j\/87234577202?pwd=qY9H3eHqgToYmnYM4o2rlm2ozwedKZ.1\">Sala do Zoom<\/a> &#8211; senha 108 | Transmiss\u00e3o pelo Youtube &#8211; <a href=\"https:\/\/youtube.com\/live\/j4Rz2KTgUDs?feature=share\">Sess\u00e3o #8<\/a><br \/>\n. 14h &#8211; 17h | Viv\u00eancias: Taketina (Rafael Longo) e Agrofloresta (Fernando Rebello e Dani Sakamoto) \u2013 N\u00e3o ser\u00e1 transmitido<br \/>\n. 19h \u00e0s 20h | Puja da Noite \u00b7 <a href=\"https:\/\/us06web.zoom.us\/j\/7298927661?pwd=dGZEQlJ1NzNjeWVXWXd2SDlvQ2ZLQT09\" target=\"_blank\" rel=\"noopener\">Sala do Zoom<\/a> senha: 108<\/p>\n<h4>Contribui\u00e7\u00e3o<\/h4>\n<p>Sua inscri\u00e7\u00e3o independe de uma contribui\u00e7\u00e3o financeira.<br \/>\nCaso lhe seja poss\u00edvel contribuir, o valor sugerido do retiro \u00e9 de R$250,00.<br \/>\nSua contribui\u00e7\u00e3o apoiar\u00e1 o CEBB de Alto Para\u00edso, as atividades do Lama Padma Samten.<br \/>\n<em>A pr\u00e1tica da Dana Paramita \u2013 perfei\u00e7\u00e3o da generosidade \u2013 torna poss\u00edvel a continuidade dos ensinamentos desde os tempos do Buda. As seis paramitas \u2013 generosidade, moralidade, paz, energia constante, concentra\u00e7\u00e3o e sabedoria \u2013 inspiram a pr\u00e1tica e s\u00e3o a base geradora e sustentadora dos centros de estudos, medita\u00e7\u00e3o, acolhimento e das iniciativas de educa\u00e7\u00e3o, prote\u00e7\u00e3o ambiental, Terras Puras, Cultura de Paz da Sanga CEBB.<\/em><\/p>\n<p>A\u00e7\u00e3o Paramita<br \/>\nPIX: CNPJ 34.079.867\/0001-04<br \/>\nBanco do Brasil (001)<br \/>\nAg\u00eancia: 0628-9<br \/>\nConta corrente: 108999-4<br \/>\nContato: Se tiver d\u00favidas, entre em contato conosco, escreva para acaoparamita@gmail.com<\/p>","protected":false},"excerpt":{"rendered":"<p>Ensinamentos com Lama Padma Samten no Retiro Roteiro dos 21 Itens, transmitido ao vivo nos per\u00edodos de 23 a 26 de janeiro e de 29 janeiro a 02 de fevereiro de 2024. Aqui voc\u00ea encontra as grava\u00e7\u00f5es de todas as sess\u00f5es, que permanecer\u00e3o dispon\u00edveis para inscritos \u2013 mesmo os que se inscreverem depois do retiro [&hellip;]<\/p>\n","protected":false},"author":100,"featured_media":0,"parent":0,"menu_order":0,"comment_status":"closed","ping_status":"closed","template":"","meta":{"footnotes":""},"class_list":["post-99111","page","type-page","status-publish","hentry"],"yoast_head":"<!-- This site is optimized with the Yoast SEO plugin v27.5 - https:\/\/yoast.com\/product\/yoast-seo-wordpress\/ -->\n<title>P\u00e1gina de Acompanhamento - Retiro Online | Roteiro dos 21 Itens - Centro de Estudos Budistas Bodisatva<\/title>\n<meta name=\"robots\" content=\"index, follow, max-snippet:-1, max-image-preview:large, max-video-preview:-1\" \/>\n<link rel=\"canonical\" href=\"https:\/\/cebb.org.br\/fr\/pagina-de-acompanhamento-retiro-online-roteiro-dos-21-itens\/\" \/>\n<meta property=\"og:locale\" content=\"fr_FR\" \/>\n<meta property=\"og:type\" content=\"article\" \/>\n<meta property=\"og:title\" content=\"P\u00e1gina de Acompanhamento - Retiro Online | Roteiro dos 21 Itens - Centro de Estudos Budistas Bodisatva\" \/>\n<meta property=\"og:description\" content=\"Ensinamentos com Lama Padma Samten no Retiro Roteiro dos 21 Itens, transmitido ao vivo nos per\u00edodos de 23 a 26 de janeiro e de 29 janeiro a 02 de fevereiro de 2024. Aqui voc\u00ea encontra as grava\u00e7\u00f5es de todas as sess\u00f5es, que permanecer\u00e3o dispon\u00edveis para inscritos \u2013 mesmo os que se inscreverem depois do retiro [&hellip;]\" \/>\n<meta property=\"og:url\" content=\"https:\/\/cebb.org.br\/fr\/pagina-de-acompanhamento-retiro-online-roteiro-dos-21-itens\/\" \/>\n<meta property=\"og:site_name\" content=\"Centro de Estudos Budistas Bodisatva\" \/>\n<meta property=\"article:publisher\" content=\"https:\/\/pt-br.facebook.com\/cebb108\" \/>\n<meta property=\"article:modified_time\" content=\"2024-01-26T20:07:07+00:00\" \/>\n<meta name=\"twitter:card\" content=\"summary_large_image\" \/>\n<meta name=\"twitter:label1\" content=\"Dur\u00e9e de lecture estim\u00e9e\" \/>\n\t<meta name=\"twitter:data1\" content=\"5 minutes\" \/>\n<script type=\"application\/ld+json\" class=\"yoast-schema-graph\">{\"@context\":\"https:\\\/\\\/schema.org\",\"@graph\":[{\"@type\":\"WebPage\",\"@id\":\"https:\\\/\\\/cebb.org.br\\\/pagina-de-acompanhamento-retiro-online-roteiro-dos-21-itens\\\/\",\"url\":\"https:\\\/\\\/cebb.org.br\\\/pagina-de-acompanhamento-retiro-online-roteiro-dos-21-itens\\\/\",\"name\":\"P\u00e1gina de Acompanhamento - Retiro Online | Roteiro dos 21 Itens - Centro de Estudos Budistas Bodisatva\",\"isPartOf\":{\"@id\":\"https:\\\/\\\/cebb.org.br\\\/#website\"},\"datePublished\":\"2023-11-15T13:36:47+00:00\",\"dateModified\":\"2024-01-26T20:07:07+00:00\",\"breadcrumb\":{\"@id\":\"https:\\\/\\\/cebb.org.br\\\/pagina-de-acompanhamento-retiro-online-roteiro-dos-21-itens\\\/#breadcrumb\"},\"inLanguage\":\"fr-FR\",\"potentialAction\":[{\"@type\":\"ReadAction\",\"target\":[\"https:\\\/\\\/cebb.org.br\\\/pagina-de-acompanhamento-retiro-online-roteiro-dos-21-itens\\\/\"]}]},{\"@type\":\"BreadcrumbList\",\"@id\":\"https:\\\/\\\/cebb.org.br\\\/pagina-de-acompanhamento-retiro-online-roteiro-dos-21-itens\\\/#breadcrumb\",\"itemListElement\":[{\"@type\":\"ListItem\",\"position\":1,\"name\":\"Home\",\"item\":\"https:\\\/\\\/cebb.org.br\\\/\"},{\"@type\":\"ListItem\",\"position\":2,\"name\":\"P\u00e1gina de Acompanhamento &#8211; Retiro Online | Roteiro dos 21 Itens\"}]},{\"@type\":\"WebSite\",\"@id\":\"https:\\\/\\\/cebb.org.br\\\/#website\",\"url\":\"https:\\\/\\\/cebb.org.br\\\/\",\"name\":\"Centro de Estudos Budistas Bodisatva\",\"description\":\"Budismo, medita\u00e7\u00e3o e cultura de paz | Lama Padma Samten\",\"publisher\":{\"@id\":\"https:\\\/\\\/cebb.org.br\\\/#organization\"},\"potentialAction\":[{\"@type\":\"SearchAction\",\"target\":{\"@type\":\"EntryPoint\",\"urlTemplate\":\"https:\\\/\\\/cebb.org.br\\\/?s={search_term_string}\"},\"query-input\":{\"@type\":\"PropertyValueSpecification\",\"valueRequired\":true,\"valueName\":\"search_term_string\"}}],\"inLanguage\":\"fr-FR\"},{\"@type\":\"Organization\",\"@id\":\"https:\\\/\\\/cebb.org.br\\\/#organization\",\"name\":\"Centro de Estudos Budistas Bodisatva\",\"url\":\"https:\\\/\\\/cebb.org.br\\\/\",\"logo\":{\"@type\":\"ImageObject\",\"inLanguage\":\"fr-FR\",\"@id\":\"https:\\\/\\\/cebb.org.br\\\/#\\\/schema\\\/logo\\\/image\\\/\",\"url\":\"http:\\\/\\\/18.230.164.79\\\/wp-content\\\/uploads\\\/2011\\\/03\\\/logosalvador-peq-e1660064979551.jpg\",\"contentUrl\":\"http:\\\/\\\/18.230.164.79\\\/wp-content\\\/uploads\\\/2011\\\/03\\\/logosalvador-peq-e1660064979551.jpg\",\"width\":280,\"height\":231,\"caption\":\"Centro de Estudos Budistas Bodisatva\"},\"image\":{\"@id\":\"https:\\\/\\\/cebb.org.br\\\/#\\\/schema\\\/logo\\\/image\\\/\"},\"sameAs\":[\"https:\\\/\\\/pt-br.facebook.com\\\/cebb108\",\"https:\\\/\\\/www.instagram.com\\\/cebbcaminhodomeio\\\/\"]}]}<\/script>\n<!-- \/ Yoast SEO plugin. -->","yoast_head_json":{"title":"P\u00e1gina de Acompanhamento - Retiro Online | Roteiro dos 21 Itens - Centro de Estudos Budistas Bodisatva","robots":{"index":"index","follow":"follow","max-snippet":"max-snippet:-1","max-image-preview":"max-image-preview:large","max-video-preview":"max-video-preview:-1"},"canonical":"https:\/\/cebb.org.br\/fr\/pagina-de-acompanhamento-retiro-online-roteiro-dos-21-itens\/","og_locale":"fr_FR","og_type":"article","og_title":"P\u00e1gina de Acompanhamento - Retiro Online | Roteiro dos 21 Itens - Centro de Estudos Budistas Bodisatva","og_description":"Ensinamentos com Lama Padma Samten no Retiro Roteiro dos 21 Itens, transmitido ao vivo nos per\u00edodos de 23 a 26 de janeiro e de 29 janeiro a 02 de fevereiro de 2024. Aqui voc\u00ea encontra as grava\u00e7\u00f5es de todas as sess\u00f5es, que permanecer\u00e3o dispon\u00edveis para inscritos \u2013 mesmo os que se inscreverem depois do retiro [&hellip;]","og_url":"https:\/\/cebb.org.br\/fr\/pagina-de-acompanhamento-retiro-online-roteiro-dos-21-itens\/","og_site_name":"Centro de Estudos Budistas Bodisatva","article_publisher":"https:\/\/pt-br.facebook.com\/cebb108","article_modified_time":"2024-01-26T20:07:07+00:00","twitter_card":"summary_large_image","twitter_misc":{"Dur\u00e9e de lecture estim\u00e9e":"5 minutes"},"schema":{"@context":"https:\/\/schema.org","@graph":[{"@type":"WebPage","@id":"https:\/\/cebb.org.br\/pagina-de-acompanhamento-retiro-online-roteiro-dos-21-itens\/","url":"https:\/\/cebb.org.br\/pagina-de-acompanhamento-retiro-online-roteiro-dos-21-itens\/","name":"P\u00e1gina de Acompanhamento - Retiro Online | Roteiro dos 21 Itens - Centro de Estudos Budistas Bodisatva","isPartOf":{"@id":"https:\/\/cebb.org.br\/#website"},"datePublished":"2023-11-15T13:36:47+00:00","dateModified":"2024-01-26T20:07:07+00:00","breadcrumb":{"@id":"https:\/\/cebb.org.br\/pagina-de-acompanhamento-retiro-online-roteiro-dos-21-itens\/#breadcrumb"},"inLanguage":"fr-FR","potentialAction":[{"@type":"ReadAction","target":["https:\/\/cebb.org.br\/pagina-de-acompanhamento-retiro-online-roteiro-dos-21-itens\/"]}]},{"@type":"BreadcrumbList","@id":"https:\/\/cebb.org.br\/pagina-de-acompanhamento-retiro-online-roteiro-dos-21-itens\/#breadcrumb","itemListElement":[{"@type":"ListItem","position":1,"name":"Home","item":"https:\/\/cebb.org.br\/"},{"@type":"ListItem","position":2,"name":"P\u00e1gina de Acompanhamento &#8211; Retiro Online | Roteiro dos 21 Itens"}]},{"@type":"WebSite","@id":"https:\/\/cebb.org.br\/#website","url":"https:\/\/cebb.org.br\/","name":"Centre d\u2019\u00c9tudes Bouddhistes Bodisatva (CEBB)","description":"Budismo, medita\u00e7\u00e3o e cultura de paz | Lama Padma Samten","publisher":{"@id":"https:\/\/cebb.org.br\/#organization"},"potentialAction":[{"@type":"SearchAction","target":{"@type":"EntryPoint","urlTemplate":"https:\/\/cebb.org.br\/?s={search_term_string}"},"query-input":{"@type":"PropertyValueSpecification","valueRequired":true,"valueName":"search_term_string"}}],"inLanguage":"fr-FR"},{"@type":"Organization","@id":"https:\/\/cebb.org.br\/#organization","name":"Centre d\u2019\u00c9tudes Bouddhistes Bodisatva (CEBB)","url":"https:\/\/cebb.org.br\/","logo":{"@type":"ImageObject","inLanguage":"fr-FR","@id":"https:\/\/cebb.org.br\/#\/schema\/logo\/image\/","url":"http:\/\/18.230.164.79\/wp-content\/uploads\/2011\/03\/logosalvador-peq-e1660064979551.jpg","contentUrl":"http:\/\/18.230.164.79\/wp-content\/uploads\/2011\/03\/logosalvador-peq-e1660064979551.jpg","width":280,"height":231,"caption":"Centro de Estudos Budistas Bodisatva"},"image":{"@id":"https:\/\/cebb.org.br\/#\/schema\/logo\/image\/"},"sameAs":["https:\/\/pt-br.facebook.com\/cebb108","https:\/\/www.instagram.com\/cebbcaminhodomeio\/"]}]}},"_links":{"self":[{"href":"https:\/\/cebb.org.br\/fr\/wp-json\/wp\/v2\/pages\/99111","targetHints":{"allow":["GET"]}}],"collection":[{"href":"https:\/\/cebb.org.br\/fr\/wp-json\/wp\/v2\/pages"}],"about":[{"href":"https:\/\/cebb.org.br\/fr\/wp-json\/wp\/v2\/types\/page"}],"author":[{"embeddable":true,"href":"https:\/\/cebb.org.br\/fr\/wp-json\/wp\/v2\/users\/100"}],"replies":[{"embeddable":true,"href":"https:\/\/cebb.org.br\/fr\/wp-json\/wp\/v2\/comments?post=99111"}],"version-history":[{"count":29,"href":"https:\/\/cebb.org.br\/fr\/wp-json\/wp\/v2\/pages\/99111\/revisions"}],"predecessor-version":[{"id":99895,"href":"https:\/\/cebb.org.br\/fr\/wp-json\/wp\/v2\/pages\/99111\/revisions\/99895"}],"wp:attachment":[{"href":"https:\/\/cebb.org.br\/fr\/wp-json\/wp\/v2\/media?parent=99111"}],"curies":[{"name":"wp","href":"https:\/\/api.w.org\/{rel}","templated":true}]}}